{"id":1057,"date":"2016-08-21T14:07:37","date_gmt":"2016-08-21T14:07:37","guid":{"rendered":"http:\/\/moverdb.com\/?page_id=1057"},"modified":"2026-01-08T15:20:46","modified_gmt":"2026-01-08T15:20:46","slug":"stevens-worldwide-van-lines","status":"publish","type":"page","link":"https:\/\/moverdb.com\/hu\/stevens-worldwide-van-lines\/","title":{"rendered":"Stevens Worldwide Van Lines: Nemzetk\u00f6zi K\u00f6lt\u00f6ztet\u00e9s V\u00e9lem\u00e9nyek"},"content":{"rendered":"<p>A Stevens Worldwide Van Lines sz\u00e9khelye Saginaw MI. A v\u00e1llalat az al\u00e1bbiakban felsorolt szolg\u00e1ltat\u00e1sok sz\u00e9les sk\u00e1l\u00e1j\u00e1t k\u00edn\u00e1lja \u00fcgyfeleinek. Tov\u00e1bb\u00e1 k\u00f6vetkezik egy c\u00e9gprofil \u00e9s \u00e9rt\u00e9kel\u00e9sek.<\/p>\n<p><strong>Nemzetk\u00f6zi k\u00f6lt\u00f6z\u00e9s<\/strong><\/p>\n<ul>\n<li> Szem\u00e9lyes h\u00e1ztart\u00e1si k\u00f6lt\u00f6z\u00e9s<\/li>\n<li> V\u00e9delmi Miniszt\u00e9rium nemzetk\u00f6zi k\u00f6lt\u00f6z\u00e9se<\/li>\n<li> GSA nemzetk\u00f6zi k\u00f6lt\u00f6ztet\u00e9s<\/li>\n<li> V\u00e1llalati k\u00f6lt\u00f6z\u00e9s<\/li>\n<li> <a href=\"https:\/\/moverdb.com\/hu\/szallitmanyozo\/\">Sz\u00e1ll\u00edtm\u00e1nyoz\u00e1s<\/a><\/li>\n<li> Teljes k\u00f6r\u0171 h\u00e1zhoz men\u0151 szolg\u00e1ltat\u00e1s<\/li>\n<li> Stevens nemzetk\u00f6zi k\u00f6lt\u00f6ztet\u00e9si szakemberek minden orsz\u00e1g sz\u00e1m\u00e1ra.<\/li>\n<li> Seg\u00edtsen meghat\u00e1rozni az \u00fcgyf\u00e9l ig\u00e9nyeit<\/li>\n<li> Elmagyar\u00e1zza az \u00f6sszes el\u00e9rhet\u0151 nemzetk\u00f6zi k\u00f6lt\u00f6z\u00e9si \u00e9s \u00e1ttelep\u00fcl\u00e9si szolg\u00e1ltat\u00e1st, mint p\u00e9ld\u00e1ul a csomagol\u00e1st, k\u00f6lt\u00f6z\u00e9st, sz\u00e1ll\u00edtm\u00e1nyoz\u00e1st, <a href=\"https:\/\/moverdb.com\/hu\/kontenerszallitas\/\">sz\u00e1ll\u00edt\u00e1s<\/a>, t\u00e1rol\u00e1s \u00e9s biztos\u00edt\u00e1s<\/li>\n<li> A Stevens International k\u00f6telezetts\u00e9geinek \u00e9s az \u00fcgyf\u00e9l felel\u0151ss\u00e9g\u00e9nek felv\u00e1zol\u00e1sa az \u00e1thelyez\u00e9s el\u0151tt, alatt \u00e9s ut\u00e1n.<\/li>\n<li> Adjon meg egy <a href=\"https:\/\/moverdb.com\/hu\/idezi\/\">pontos becsl\u00e9s<\/a><\/li>\n<li> Tervezze meg a k\u00f6lt\u00f6z\u00e9s teljes logisztik\u00e1j\u00e1t<\/li>\n<li> T\u00e1rgyaljon a <a href=\"https:\/\/moverdb.com\/hu\/koltozesi-koltsegek\/\">legjobb \u00e1rak<\/a><\/li>\n<li> fel\u00fcgyeli az alkalmazott fuvaroz\u00f3kat \u00e9s \u00fcgyn\u00f6k\u00f6ket, \u00e9s figyelemmel k\u00eds\u00e9ri az \u00e1thelyez\u00e9s minden egyes f\u00e1zis\u00e1t<\/li>\n<li> Gy\u0151z\u0151dj\u00f6n meg arr\u00f3l, hogy minden dokument\u00e1ci\u00f3t pontosan \u00e9s id\u0151ben kit\u00f6lt\u00f6ttek \u00e9s beny\u00fajtottak.<\/li>\n<li> tov\u00e1bbra is felel\u0151s a k\u00fcldem\u00e9ny kiszolg\u00e1l\u00e1s\u00e1\u00e9rt a sz\u00e1ll\u00edtm\u00e1nyoz\u00e1si tan\u00e1csad\u00f3 vagy a tengerent\u00fali \u00fcgyn\u00f6k utas\u00edt\u00e1sai szerint.<\/li>\n<li> a megfelel\u0151 anyagok, munkaer\u0151 \u00e9s berendez\u00e9sek kik\u00fcld\u00e9se<\/li>\n<\/ul>\n<p><strong>Stevens nemzetk\u00f6zi k\u00f6lt\u00f6z\u00e9si koordin\u00e1torok<\/strong><\/p>\n<ul>\n<li> Tapasztaltak a nemzetk\u00f6zi sz\u00e1ll\u00edtm\u00e1nyoz\u00e1sban \u00e9s a k\u00f6lt\u00f6ztet\u00e9si ipar\u00e1gban.<\/li>\n<li> T\u00f6bbnyelv\u0171s\u00e9g<\/li>\n<li> Ismerik a v\u00e1mszab\u00e1lyokat \u00e9s egy\u00e9b fontos inform\u00e1ci\u00f3kat, \u00e9s tudnak seg\u00edteni a dokumentumok kezel\u00e9s\u00e9ben \u00e9s feldolgoz\u00e1s\u00e1ban.<\/li>\n<li> Egys\u00e9ges szolg\u00e1ltat\u00e1si ellen\u0151rz\u00e9s biztos\u00edt\u00e1sa<\/li>\n<li> K\u00f6lt\u00f6z\u00e9s el\u0151tti \u00e9s folyamatos tan\u00e1csad\u00e1s ny\u00fajt\u00e1sa<\/li>\n<li> Seg\u00edthet a c\u00e9lorsz\u00e1ggal \u00e9s a v\u00e1minform\u00e1ci\u00f3kkal kapcsolatban<\/li>\n<li> Folyamatos kommunik\u00e1ci\u00f3 \u00e9s szolg\u00e1ltat\u00e1si fel\u00fcgyelet biztos\u00edt\u00e1sa<\/li>\n<li> Egy\u00e9rtelm\u0171en meghat\u00e1rozott el\u0151k\u00e9sz\u00edt\u00e9si \u00e9s kezel\u00e9si elj\u00e1r\u00e1sok k\u00f6vet\u00e9se<\/li>\n<li> \u00c1tfog\u00f3, gyors\u00edtott \u00e9s m\u00e9lt\u00e1nyos k\u00e1rrendez\u00e9si gyakorlatok alkalmaz\u00e1sa<\/li>\n<\/ul>\n<p><strong>H\u00e1ztart\u00e1si k\u00f6lt\u00f6z\u00e9s<\/strong><\/p>\n<ul>\n<li> Helyi k\u00f6lt\u00f6z\u00e9s<\/li>\n<li> Az \u00e1llamon k\u00edv\u00fclre k\u00f6lt\u00f6z\u00e9s<\/li>\n<li> Hossz\u00fa t\u00e1v\u00fa mozgat\u00e1s<\/li>\n<li> \u00c1llamk\u00f6zi k\u00f6lt\u00f6z\u00e9s<\/li>\n<li> Orsz\u00e1ghat\u00e1rokon \u00e1tny\u00fal\u00f3 k\u00f6lt\u00f6z\u00e9s<\/li>\n<li> Kis k\u00f6lt\u00f6z\u00e9si program<\/li>\n<li> Csomagol\u00e1s \u00e9s kicsomagol\u00e1s<\/li>\n<li> Sz\u00e1ll\u00edtott dobozok \u00e9s csomagol\u00f3anyagok<\/li>\n<li> R\u00f6vid \u00e9s hossz\u00fa t\u00e1v\u00fa t\u00e1rol\u00e1s el\u00e9rhet\u0151<\/li>\n<\/ul>\n<p><strong>V\u00e1llalati k\u00f6lt\u00f6ztet\u00e9s<\/strong><\/p>\n<ul>\n<li> Teljes k\u00f6r\u0171 szolg\u00e1ltat\u00e1s el\u00e9rhet\u0151<\/li>\n<li> Dedik\u00e1lt k\u00f6lt\u00f6z\u00e9si tan\u00e1csad\u00f3<\/li>\n<li> Sz\u00e1m\u00edt\u00f3g\u00e9pes rendszerek mozgat\u00e1sa<\/li>\n<li> Projektmenedzsment<\/li>\n<li> Irodai \u00e9s ipari k\u00f6lt\u00f6ztet\u00e9s<\/li>\n<li> Eszk\u00f6zkezel\u00e9s\/t\u00e1rol\u00e1s<\/li>\n<li> Nemzeti k\u00f6lt\u00f6z\u00e9si menedzsment<\/li>\n<li> MAC szolg\u00e1ltat\u00e1sok<\/li>\n<li> Iratkezel\u00e9s<\/li>\n<li> Berendez\u00e9sek mozgat\u00e1sa<\/li>\n<li> F\u00e1jl \u00e1thelyez\u00e9s<\/li>\n<li> Laborat\u00f3riumi mozg\u00e1sok<\/li>\n<\/ul>\n<p><strong>Korm\u00e1nyzati \u00e9s katonai k\u00f6lt\u00f6ztet\u00e9s<\/strong><\/p>\n<p><strong>Lelk\u00e9szek k\u00f6lt\u00f6z\u00e9se<\/strong><\/p>\n<h2>Stevens Worldwide Van Lines c\u00e9gprofil<\/h2>\n<p>Frederick H. Stevens Jr. 1905-ben ind\u00edtotta el a Stevens Worldwide Van Lines v\u00e1llalatot. Egy l\u00f3 \u00e9s egy kocsi seg\u00edts\u00e9g\u00e9vel sz\u00e1ll\u00edtotta a poggy\u00e1szokat a <a href=\"https:\/\/moverdb.com\/hu\/moving-to-the-united-states\/moving-to-michigan\/\" data-internallinksmanager029f6b8e52c=\"414\" title=\"Michiganbe k\u00f6lt\u00f6zik? 2023 Lakhat\u00e1si k\u00f6lts\u00e9gek \u00e9s k\u00f6lt\u00f6z\u00e9si tippek\">Michigan<\/a> Saginaw-i k\u00f6zponti szem\u00e9lysz\u00e1ll\u00edt\u00f3 rakt\u00e1r. Ma a Stevensnek 125 \u00fcgyn\u00f6ke van az eg\u00e9sz orsz\u00e1gban. <a href=\"https:\/\/moverdb.com\/hu\/moving-to-the-united-states\/\" data-internallinksmanager029f6b8e52c=\"94\" title=\"Az Egyes\u00fclt \u00c1llamokba k\u00f6lt\u00f6zik? 2022 Meg\u00e9lhet\u00e9si k\u00f6lts\u00e9gek \u00e9s k\u00f6lt\u00f6z\u00e9si tippek\">Egyes\u00fclt \u00c1llamok<\/a> \u00e9s egy \u00e1tfog\u00f3 nemzetk\u00f6zi r\u00e9szleg. A v\u00e1llalaton bel\u00fcl Stevens negyedik \u00e9s \u00f6t\u00f6dik gener\u00e1ci\u00f3ja t\u00f6lt be vezet\u0151i poz\u00edci\u00f3t.<\/p>\n<p>A Stevens Worldwide Van Lines h\u00e1ztart\u00e1sokat, v\u00e1llalkoz\u00e1sokat, korm\u00e1nyzati \u00e9s katonai szem\u00e9lyzetet, valamint papokat sz\u00e1ll\u00edt az Egyes\u00fclt \u00c1llamokban \u00e9s vil\u00e1gszerte. A v\u00e1llalat sz\u00e1mos z\u00f6ld kezdem\u00e9nyez\u00e9st hajtott v\u00e9gre, hogy cs\u00f6kkentse sz\u00e9nl\u00e1bnyom\u00e1t. Emellett k\u00fcl\u00f6nb\u00f6z\u0151 j\u00f3t\u00e9konys\u00e1gi szervezeteket t\u00e1mogat nemzetk\u00f6zi \u00e9s helyi szinten egyar\u00e1nt.<\/p>\n<p>A Stevens Worldwide Van Lines a k\u00f6vetkez\u0151 akkredit\u00e1ci\u00f3kkal \u00e9s kapcsolatokkal rendelkezik:<\/p>\n<ul>\n<li> ISO 9001<\/li>\n<li> <a href=\"https:\/\/moverdb.com\/hu\/fidi-faim\/\">FIDI<\/a><\/li>\n<li> <a href=\"https:\/\/moverdb.com\/hu\/fidi-faim\/\" data-internallinksmanager029f6b8e52c=\"16\" title=\"FIDI &amp; FAIM (FIDI akkredit\u00e1lt nemzetk\u00f6zi fuvaroz\u00f3) magyar\u00e1zata\">FAIM<\/a><\/li>\n<li> <a href=\"https:\/\/moverdb.com\/hu\/en-vagyok\/\">K\u00f6lt\u00f6ztet\u0151k Nemzetk\u00f6zi Sz\u00f6vets\u00e9ge<\/a> (<a href=\"https:\/\/moverdb.com\/hu\/iam\/\" data-internallinksmanager029f6b8e52c=\"23\" title=\"A K\u00f6lt\u00f6ztet\u0151k Nemzetk\u00f6zi Sz\u00f6vets\u00e9ge (IAM) magyar\u00e1zata\">IAM<\/a>)<\/li>\n<li> <a href=\"https:\/\/moverdb.com\/hu\/lacma\/\">Latin-Amerikai \u00e9s Karibi Nemzetk\u00f6zi K\u00f6lt\u00f6ztet\u0151k Sz\u00f6vets\u00e9ge<\/a> (<a href=\"https:\/\/moverdb.com\/hu\/lacma\/\" data-internallinksmanager029f6b8e52c=\"28\" title=\"Latin-amerikai \u00e9s Karibi Nemzetk\u00f6zi K\u00f6lt\u00f6ztet\u0151k Sz\u00f6vets\u00e9ge (LACMA)\">LACMA<\/a>)<\/li>\n<li> <a href=\"https:\/\/moverdb.com\/hu\/amsa\/\">Amerikai K\u00f6lt\u00f6ztet\u0151 \u00e9s Rakt\u00e1roz\u00e1si Sz\u00f6vets\u00e9g<\/a> (<a href=\"https:\/\/moverdb.com\/hu\/amsa\/\" data-internallinksmanager029f6b8e52c=\"5\" title=\"Az Amerikai K\u00f6lt\u00f6ztet\u0151 \u00e9s T\u00e1rol\u00f3 Sz\u00f6vets\u00e9g (AMSA) magyar\u00e1zata\">AMSA<\/a>) - <a href=\"https:\/\/moverdb.com\/hu\/felni-elorejelzo\/\">ProMover<\/a><\/li>\n<li> BBB A+<\/li>\n<\/ul>\n<h2>Stevens Worldwide Van Lines V\u00e9lem\u00e9nyek<\/h2>\n<p><strong>Pozit\u00edv:<\/strong><\/p>\n<ul>\n<li> <em>\"Az elej\u00e9t\u0151l a v\u00e9g\u00e9ig, a Stevens-szel val\u00f3 k\u00f6lt\u00f6z\u00e9si tapasztalatunk kiemelked\u0151 volt!\"<\/em> - Martin via <a href=\"http:\/\/stevensworldwide.com\/testimonials\" target=\"_blank\" rel=\"noopener\">Stevens v\u00e1s\u00e1rl\u00f3i v\u00e9lem\u00e9nyek<\/a><\/li>\n<li> \"<em>A Stevens Worldwide-dal szerzett tapasztalataink az elej\u00e9t\u0151l a v\u00e9g\u00e9ig els\u0151rang\u00faak voltak.\" <\/em> - Michael via <a href=\"http:\/\/www.yelp.com\/biz\/stevens-worldwide-van-lines-saginaw-4?hrid=IQoARxOFSez8PQ9c5gUSmQ&#038;utm_campaign=www_review_share_popup&#038;utm_medium=copy_link&#038;utm_source=(direct)\" target=\"_blank\" rel=\"noopener\">Yelp<\/a><\/li>\n<li> \"<em>A tapasztalat meghaladta a v\u00e1rakoz\u00e1sokat. Nagyon fontos, hogy az elad\u00e1si \u00e1raj\u00e1nlat \u00f6sszhangban volt a t\u00e9nyleges \u00e1rral. M\u00e1sodszor, el voltunk havazva a csomagol\u00e1ssal. A k\u00f6lt\u00f6ztet\u0151 megk\u00e9rt minket, hogy el\u0151z\u0151 nap mondjuk el nekik az ig\u00e9nyeinket, \u00e9s \u0151k biztos\u00edtott\u00e1k a munkaer\u0151t, hogy mindent elv\u00e9gezz\u00fcnk. \"<\/em> - Bill Counts via <a href=\"http:\/\/www.mymovingreviews.com\/movers\/stevens-van-lines-825#49902\" target=\"_blank\" rel=\"noopener\">MyMovingReviews.com<\/a><\/li>\n<li> \"<em>Nagyon bar\u00e1ts\u00e1gos szem\u00e9lyzet.\"<\/em> - A Google felhaszn\u00e1l\u00f3 via <a href=\"http:\/\/reviews.birdeye.com\/stevens-worldwide-van-lines-951509696\" target=\"_blank\" rel=\"noopener\">BirdEye<\/a> <\/li>\n<\/ul>\n<p><strong>Negat\u00edv:<\/strong><\/p>\n<ul>\n<li> <em>\"Egy csillag m\u00e9g nekik is sok.\"<\/em> - Michael M kereszt\u00fcl <a href=\"http:\/\/www.yelp.com\/biz\/stevens-worldwide-van-lines-saginaw-4?hrid=7erY_4bReACOHR_0idQdUQ&#038;utm_campaign=www_review_share_popup&#038;utm_medium=copy_link&#038;utm_source=(direct)\" target=\"_blank\" rel=\"noopener\">Yelp<\/a><\/li>\n<li> <em>\"Az amat\u0151r sof\u0151r 3 haszontalan seg\u00edt\u0151vel 14 \u00f3r\u00e1n \u00e1t rakodott egy 2 h\u00e1l\u00f3szob\u00e1s, pinc\u00e9vel rendelkez\u0151 h\u00e1zba.\"<\/em> - Steve via <a href=\"http:\/\/www.mymovingreviews.com\/movers\/stevens-van-lines-825#55538\" target=\"_blank\" rel=\"noopener\">MyMovingReviews.com<\/a> <\/li>\n<li> \"<em>Enn\u00e9l kellemetlenebb \u00e9lm\u00e9nyben nem is lehetett volna r\u00e9sz\u00fcnk.\"<\/em> - Brian Gibson kereszt\u00fcl <a href=\"http:\/\/reviews.birdeye.com\/stevens-worldwide-van-lines-951509696\" target=\"_blank\" rel=\"noopener\">BirdEye<\/a> <\/li>\n<\/ul>\n<div itemprop=\"review\" itemscope itemtype=\"http:\/\/schema.org\/Review\">\n<span itemprop=\"author\" itemscope=\"\" itemtype=\"http:\/\/schema.org\/Organization\"><span itemprop=\"name\">MoverDB.com<\/span><\/span> Online weboldal-fel\u00fclvizsg\u00e1lat a <span itemprop=\"itemreviewed\" itemscope=\"\" itemtype=\"http:\/\/schema.org\/Brand\"><span itemprop=\"name\">Stevens Worldwide Van Lines<\/span><\/span>:<\/p>\n<ol>\n<li> Egy\u00e9rtelm\u0171 el\u00e9rhet\u0151s\u00e9gek a weboldalon (bele\u00e9rtve a telefonsz\u00e1mot is): <strong>Igen<\/strong><\/li>\n<li> K\u00f6nnyen beszerezhet\u0151 <a href=\"https:\/\/moverdb.com\/hu\/idezi\/\">nemzetk\u00f6zi mozg\u00f3 \u00e1raj\u00e1nlatok<\/a>? (Online \u00e1raj\u00e1nlatk\u00e9r\u0151 \u0171rlap): <strong>Igen<\/strong><\/li>\n<li> Egy\u00e9rtelm\u0171 inform\u00e1ci\u00f3k a honlapon: <strong>Igen,<\/strong> j\u00f3 mennyis\u00e9g\u0171 inform\u00e1ci\u00f3 arr\u00f3l, hogy mit kell tennie a k\u00f6lt\u00f6z\u00e9s el\u0151tt.<\/li>\n<li> Tags\u00e1g nemzetk\u00f6zi elismert mozgat\u00f3 szervezetekben: <strong>Igen<\/strong>, sokan l\u00e1sd fentebb<\/li>\n<li> \u00dcgyfelek list\u00e1ja \u00e9s\/vagy kor\u00e1bbi v\u00e1s\u00e1rl\u00f3i aj\u00e1nl\u00e1sok. <strong>Igen,<\/strong> Sz\u00e1mos pozit\u00edv \u00fcgyf\u00e9l\u00e9rt\u00e9kel\u00e9s \u00e9s aj\u00e1nl\u00e1s tal\u00e1lhat\u00f3 az oldalon.<\/li>\n<\/ol>\n<div itemprop=\"reviewRating\" itemscope itemtype=\"http:\/\/schema.org\/Rating\"><meta itemprop=\"worstRating\" content = \"0\" \/><meta itemprop=\"bestRating\" content=\"5\" \/><meta itemprop=\"ratingValue\" content=\"4.5\"><\/div>\n<p><strong>\u00c1ltal\u00e1nos pontsz\u00e1m: 4.5\/5<\/strong><br \/>\n<strong>Fel\u00fclvizsg\u00e1lat d\u00e1tuma:<\/strong> <span itemprop=\"datePublished\" content=\"2016-08-21\">21\/08\/2016<\/span>\n<\/div>\n<p>Tov\u00e1bbi inform\u00e1ci\u00f3 <a href=\"https:\/\/moverdb.com\/hu\/koltozteto-cegek\/\">nemzetk\u00f6zi k\u00f6lt\u00f6ztet\u0151 c\u00e9gek<\/a>, <a href=\"https:\/\/moverdb.com\/hu\/us-canada-movers\/\">Amerikai k\u00f6lt\u00f6ztet\u0151 c\u00e9gek<\/a> \u00e9s a mi <a href=\"https:\/\/moverdb.com\/hu\/ertekelesek\/\">a fel\u00fclvizsg\u00e1lati folyamat magyar\u00e1zata<\/a>.<\/p>\n<p><strong>Weboldal:<\/strong> <a href=\"http:\/\/stevensworldwide.com\/\" target=\"_blank\" rel=\"noopener\">http:\/\/stevensworldwide.com<\/a><\/p>","protected":false},"excerpt":{"rendered":"<p>Stevens Worldwide Van Lines is based in Saginaw MI. The company offers its customers a wide range of services which are listed below. There also follows a company profile and reviews. International Moving Personal household moving DOD international moving GSA international moving Corporate moving Freight forwarding Full door to door service Stevens International relocation specialists [&hellip;]<\/p>\n","protected":false},"author":1,"featured_media":0,"parent":0,"menu_order":0,"comment_status":"closed","ping_status":"closed","template":"","meta":{"_genesis_hide_title":false,"_genesis_hide_breadcrumbs":false,"_genesis_hide_singular_image":false,"_genesis_hide_footer_widgets":false,"_genesis_custom_body_class":"","_genesis_custom_post_class":"","_genesis_layout":"","footnotes":""},"class_list":{"0":"post-1057","1":"page","2":"type-page","3":"status-publish","5":"entry"},"_links":{"self":[{"href":"https:\/\/moverdb.com\/hu\/wp-json\/wp\/v2\/pages\/1057","targetHints":{"allow":["GET"]}}],"collection":[{"href":"https:\/\/moverdb.com\/hu\/wp-json\/wp\/v2\/pages"}],"about":[{"href":"https:\/\/moverdb.com\/hu\/wp-json\/wp\/v2\/types\/page"}],"author":[{"embeddable":true,"href":"https:\/\/moverdb.com\/hu\/wp-json\/wp\/v2\/users\/1"}],"replies":[{"embeddable":true,"href":"https:\/\/moverdb.com\/hu\/wp-json\/wp\/v2\/comments?post=1057"}],"version-history":[{"count":7,"href":"https:\/\/moverdb.com\/hu\/wp-json\/wp\/v2\/pages\/1057\/revisions"}],"predecessor-version":[{"id":6241,"href":"https:\/\/moverdb.com\/hu\/wp-json\/wp\/v2\/pages\/1057\/revisions\/6241"}],"wp:attachment":[{"href":"https:\/\/moverdb.com\/hu\/wp-json\/wp\/v2\/media?parent=1057"}],"curies":[{"name":"wp","href":"https:\/\/api.w.org\/{rel}","templated":true}]}}