{"id":10255,"date":"2023-11-22T15:17:48","date_gmt":"2023-11-22T15:17:48","guid":{"rendered":"https:\/\/moverdb.com\/?page_id=10255"},"modified":"2026-01-08T15:29:27","modified_gmt":"2026-01-08T15:29:27","slug":"moving-companies-venezuela","status":"publish","type":"page","link":"https:\/\/moverdb.com\/hu\/moving-companies\/moving-companies-venezuela\/","title":{"rendered":"6 legjobb nemzetk\u00f6zi k\u00f6lt\u00f6ztet\u0151 c\u00e9gek Venezuel\u00e1ban"},"content":{"rendered":"<p>A k\u00f6lt\u00f6z\u00e9s \u00f6sszetett lehet, k\u00fcl\u00f6n\u00f6sen, ha orsz\u00e1gon bel\u00fclre k\u00f6lt\u00f6zik. Teh\u00e1t, ha Venezuel\u00e1n bel\u00fcl, Venezuel\u00e1ba vagy Venezuel\u00e1b\u00f3l tervezi a k\u00f6lt\u00f6z\u00e9st, akkor \u00e9rdemes lehet ig\u00e9nybe venni egy <a href=\"https:\/\/moverdb.com\/hu\/moving-companies\/\" data-internallinksmanager029f6b8e52c=\"79\" title=\"Top 25 nemzetk\u00f6zi k\u00f6lt\u00f6ztet\u0151 c\u00e9gek online\">k\u00f6lt\u00f6ztet\u0151 c\u00e9g<\/a> hogy seg\u00edtsen \u00d6nnek a k\u00f6lt\u00f6z\u00e9sben. Az al\u00e1bbiakban \u00f6ssze\u00e1ll\u00edtottunk egy list\u00e1t a venezuelai sz\u00e9khely\u0171 <a href=\"https:\/\/moverdb.com\/hu\/international-removals\/\" data-internallinksmanager029f6b8e52c=\"27\" title=\"36 legjobb nemzetk\u00f6zi k\u00f6lt\u00f6ztet\u0151 c\u00e9gek az Egyes\u00fclt Kir\u00e1lys\u00e1gban\">k\u00f6lt\u00f6ztet\u0151 c\u00e9gek<\/a> amelyek tagjai a <a href=\"https:\/\/moverdb.com\/hu\/iam\/\" data-internallinksmanager029f6b8e52c=\"23\" title=\"A K\u00f6lt\u00f6ztet\u0151k Nemzetk\u00f6zi Sz\u00f6vets\u00e9ge (IAM) magyar\u00e1zata\">K\u00f6lt\u00f6ztet\u0151k Nemzetk\u00f6zi Sz\u00f6vets\u00e9ge<\/a> (IAM) \u00e9s\/vagy <a href=\"https:\/\/moverdb.com\/hu\/fidi-faim\/\" data-internallinksmanager029f6b8e52c=\"16\" title=\"FIDI &amp; FAIM (FIDI akkredit\u00e1lt nemzetk\u00f6zi fuvaroz\u00f3) magyar\u00e1zata\">FIDI<\/a> Akkredit\u00e1lt nemzetk\u00f6zi k\u00f6lt\u00f6ztet\u0151 (FAIM), aki seg\u00edthet \u00d6nnek a k\u00f6lt\u00f6z\u00e9sben.<\/p>\n<div id=\"ez-toc-container\" class=\"ez-toc-v2_0_82_2 ez-toc-wrap-left counter-hierarchy ez-toc-counter ez-toc-transparent ez-toc-container-direction\">\n<div class=\"ez-toc-title-container\">\n<p class=\"ez-toc-title\" style=\"cursor:inherit\">Szakaszok<\/p>\n<span class=\"ez-toc-title-toggle\"><a href=\"#\" class=\"ez-toc-pull-right ez-toc-btn ez-toc-btn-xs ez-toc-btn-default ez-toc-toggle\" aria-label=\"Toggle Tartalomjegyz\u00e9k\"><span class=\"ez-toc-js-icon-con\"><span class=\"\"><span class=\"eztoc-hide\" style=\"display:none;\">Toggle<\/span><span class=\"ez-toc-icon-toggle-span\"><svg style=\"fill: #999;color:#999\" xmlns=\"http:\/\/www.w3.org\/2000\/svg\" class=\"list-377408\" width=\"20px\" height=\"20px\" viewbox=\"0 0 24 24\" fill=\"none\"><path d=\"M6 6H4v2h2V6zm14 0H8v2h12V6zM4 11h2v2H4v-2zm16 0H8v2h12v-2zM4 16h2v2H4v-2zm16 0H8v2h12v-2z\" fill=\"currentColor\"><\/path><\/svg><svg style=\"fill: #999;color:#999\" class=\"arrow-unsorted-368013\" xmlns=\"http:\/\/www.w3.org\/2000\/svg\" width=\"10px\" height=\"10px\" viewbox=\"0 0 24 24\" version=\"1.2\" baseprofile=\"tiny\"><path d=\"M18.2 9.3l-6.2-6.3-6.2 6.3c-.2.2-.3.4-.3.7s.1.5.3.7c.2.2.4.3.7.3h11c.3 0 .5-.1.7-.3.2-.2.3-.5.3-.7s-.1-.5-.3-.7zM5.8 14.7l6.2 6.3 6.2-6.3c.2-.2.3-.5.3-.7s-.1-.5-.3-.7c-.2-.2-.4-.3-.7-.3h-11c-.3 0-.5.1-.7.3-.2.2-.3.5-.3.7s.1.5.3.7z\"\/><\/svg><\/span><\/span><\/span><\/a><\/span><\/div>\n<nav><ul class='ez-toc-list ez-toc-list-level-1 eztoc-toggle-hide-by-default' ><li class='ez-toc-page-1 ez-toc-heading-level-2'><a class=\"ez-toc-link ez-toc-heading-1\" href=\"https:\/\/moverdb.com\/hu\/moving-companies\/moving-companies-venezuela\/#1_AMP_Movers_International\" >1. AMP Movers International<\/a><\/li><li class='ez-toc-page-1 ez-toc-heading-level-2'><a class=\"ez-toc-link ez-toc-heading-2\" href=\"https:\/\/moverdb.com\/hu\/moving-companies\/moving-companies-venezuela\/#2_Clover_International\" >2. Clover International<\/a><\/li><li class='ez-toc-page-1 ez-toc-heading-level-2'><a class=\"ez-toc-link ez-toc-heading-3\" href=\"https:\/\/moverdb.com\/hu\/moving-companies\/moving-companies-venezuela\/#3_Equixpress\" >3. Equixpress<\/a><\/li><li class='ez-toc-page-1 ez-toc-heading-level-2'><a class=\"ez-toc-link ez-toc-heading-4\" href=\"https:\/\/moverdb.com\/hu\/moving-companies\/moving-companies-venezuela\/#4_JJ_Mari_International_Movers\" >4. JJ Mari nemzetk\u00f6zi k\u00f6lt\u00f6ztet\u0151k<\/a><\/li><li class='ez-toc-page-1 ez-toc-heading-level-2'><a class=\"ez-toc-link ez-toc-heading-5\" href=\"https:\/\/moverdb.com\/hu\/moving-companies\/moving-companies-venezuela\/#5_Moving_Life\" >5. Mozg\u00f3 \u00e9let<\/a><\/li><li class='ez-toc-page-1 ez-toc-heading-level-2'><a class=\"ez-toc-link ez-toc-heading-6\" href=\"https:\/\/moverdb.com\/hu\/moving-companies\/moving-companies-venezuela\/#6_Mudanzas_Internacionales_Global\" >6. Mudanzas Internacionales Global<\/a><\/li><\/ul><\/nav><\/div>\n<h2><span class=\"ez-toc-section\" id=\"1_AMP_Movers_International\"><\/span><strong>1. AMP Movers International<\/strong><span class=\"ez-toc-section-end\"><\/span><\/h2>\n<p><img loading=\"lazy\" decoding=\"async\" class=\"alignnone size-full wp-image-10077\" src=\"https:\/\/moverdb.com\/wp-content\/uploads\/AMP-Movers-International-moving-company.png\" alt=\"AMP Movers nemzetk\u00f6zi k\u00f6lt\u00f6ztet\u0151 c\u00e9g\" width=\"1440\" height=\"680\" data-wp-pid=\"10077\" srcset=\"https:\/\/moverdb.com\/wp-content\/uploads\/AMP-Movers-International-moving-company.png 1440w, https:\/\/moverdb.com\/wp-content\/uploads\/AMP-Movers-International-moving-company-300x142.png 300w, https:\/\/moverdb.com\/wp-content\/uploads\/AMP-Movers-International-moving-company-1024x484.png 1024w, https:\/\/moverdb.com\/wp-content\/uploads\/AMP-Movers-International-moving-company-18x9.png 18w, https:\/\/moverdb.com\/wp-content\/uploads\/AMP-Movers-International-moving-company-600x283.png 600w\" sizes=\"auto, (max-width: 1440px) 100vw, 1440px\" \/><\/p>\n<ul>\n<li>Nemzeti l\u00e9p\u00e9sek<\/li>\n<li>Nemzetk\u00f6zi k\u00f6lt\u00f6z\u00e9sek<\/li>\n<li>H\u00e1ztart\u00e1si k\u00f6lt\u00f6z\u00e9sek<\/li>\n<li>Csomagol\u00e1si szolg\u00e1ltat\u00e1s<\/li>\n<li>A sz\u00e1ll\u00edt\u00e1s megszervez\u00e9se<\/li>\n<li>V\u00e1melj\u00e1r\u00e1sok<\/li>\n<li>M\u0171v\u00e9szeti alkot\u00e1sok kezel\u00e9se<\/li>\n<li>J\u00e1rm\u0171sz\u00e1ll\u00edt\u00e1s<\/li>\n<li>Biztos\u00edt\u00e1s<\/li>\n<li>Rakt\u00e1roz\u00e1si lehet\u0151s\u00e9gek<\/li>\n<\/ul>\n<p>Az AMP Movers International egy t\u00f6bb mint 10 \u00e9ves tapasztalattal rendelkez\u0151, Caracasban sz\u00e9khellyel rendelkez\u0151 nemzeti \u00e9s nemzetk\u00f6zi k\u00f6lt\u00f6ztet\u0151 c\u00e9g. Vil\u00e1gszerte k\u00f6lt\u00f6ztet\u0151i h\u00e1l\u00f3zattal rendelkeznek, amelyek t\u00e1mogatj\u00e1k \u0151ket a nemzetk\u00f6zi szolg\u00e1ltat\u00e1saik ny\u00fajt\u00e1s\u00e1ban. Az IAM tagja.<\/p>\n<p>Az AMP Movers International szem\u00e9lyre szabott k\u00f6lt\u00f6ztet\u00e9si t\u00e1mogat\u00e1st k\u00edn\u00e1l, amely a k\u00f6lt\u00f6z\u00e9s el\u0151tti felm\u00e9r\u00e9ssel \u00e9s \u00e1raj\u00e1nlattal kezd\u0151dik. Professzion\u00e1lis csomagol\u00e1si szolg\u00e1ltat\u00e1st ny\u00fajtanak, amely speci\u00e1lis, a tartalomra tervezett csomagol\u00f3anyagokat haszn\u00e1l, bele\u00e9rtve a t\u00f6r\u00e9keny t\u00e1rgyak extra v\u00e9delm\u00e9t is. \u00c9rkez\u00e9skor seg\u00edtenek a kicsomagol\u00e1sban, a b\u00fatorok elhelyez\u00e9s\u00e9ben \u00e9s az anyagok elt\u00e1vol\u00edt\u00e1s\u00e1ban. Emellett m\u0171t\u00e1rgyak \u00e9s r\u00e9gis\u00e9gek kezel\u00e9s\u00e9re, j\u00e1rm\u0171sz\u00e1ll\u00edt\u00e1sra \u00e9s t\u00e1rol\u00e1sra is k\u00edn\u00e1lnak szolg\u00e1ltat\u00e1sokat.<\/p>\n<p>Weboldal: <a href=\"http:\/\/www.ampmovers.com\" target=\"_blank\" rel=\"noopener\">http:\/\/www.ampmovers.com<\/a><\/p>\n<h2><span class=\"ez-toc-section\" id=\"2_Clover_International\"><\/span><strong>2. Clover International<\/strong><span class=\"ez-toc-section-end\"><\/span><\/h2>\n<p><img loading=\"lazy\" decoding=\"async\" class=\"alignnone size-full wp-image-10094\" src=\"https:\/\/moverdb.com\/wp-content\/uploads\/Clover-International-moving-company.png\" alt=\"Clover Nemzetk\u00f6zi k\u00f6lt\u00f6ztet\u0151 c\u00e9g\" width=\"1440\" height=\"684\" data-wp-pid=\"10094\" srcset=\"https:\/\/moverdb.com\/wp-content\/uploads\/Clover-International-moving-company.png 1440w, https:\/\/moverdb.com\/wp-content\/uploads\/Clover-International-moving-company-300x143.png 300w, https:\/\/moverdb.com\/wp-content\/uploads\/Clover-International-moving-company-1024x486.png 1024w, https:\/\/moverdb.com\/wp-content\/uploads\/Clover-International-moving-company-18x9.png 18w, https:\/\/moverdb.com\/wp-content\/uploads\/Clover-International-moving-company-600x285.png 600w\" sizes=\"auto, (max-width: 1440px) 100vw, 1440px\" \/><\/p>\n<ul>\n<li>Nemzeti l\u00e9p\u00e9sek<\/li>\n<li>Nemzetk\u00f6zi k\u00f6lt\u00f6z\u00e9sek<\/li>\n<li>Lakoss\u00e1gi k\u00f6lt\u00f6z\u00e9sek<\/li>\n<li>V\u00e1llalati \u00e9s irodai k\u00f6lt\u00f6z\u00e9sek<\/li>\n<li>Csomagol\u00e1si szolg\u00e1ltat\u00e1s<\/li>\n<li>V\u00e1migazgat\u00e1s<\/li>\n<li>H\u00e1zi\u00e1llat- \u00e9s j\u00e1rm\u0171sz\u00e1ll\u00edt\u00e1s<\/li>\n<li>Takar\u00edt\u00e1si szolg\u00e1ltat\u00e1sok<\/li>\n<li>Biztos\u00edt\u00e1s<\/li>\n<li>Rakt\u00e1roz\u00e1si lehet\u0151s\u00e9gek<\/li>\n<\/ul>\n<p>A Clover International egy k\u00f6zel 60 \u00e9ves tapasztalattal rendelkez\u0151 logisztikai \u00e9s k\u00f6lt\u00f6ztet\u0151 c\u00e9g, amelynek sz\u00e9khelye Caracasban tal\u00e1lhat\u00f3. Az 59 \u00e9ves tapasztalattal rendelkez\u0151 IAM tagja, \u00e9s a FIDI \u00e1ltal akkredit\u00e1lt, ami azt jelenti, hogy magas sz\u00ednvonalon dolgoznak, \u00e9s rendelkeznek egy olyan k\u00f6lt\u00f6ztet\u0151i h\u00e1l\u00f3zattal, amely szint\u00e9n ezen a szinten m\u0171k\u00f6dik.<\/p>\n<p>A Clover International speci\u00e1lis k\u00f6lt\u00f6ztet\u00e9si szolg\u00e1ltat\u00e1sokat k\u00edn\u00e1l h\u00e1ztart\u00e1si \u00e9s \u00fczleti t\u00e1rgyak, valamint h\u00e1zi\u00e1llatok \u00e9s j\u00e1rm\u0171vek sz\u00e1m\u00e1ra Venezuel\u00e1n bel\u00fcl, Venezuel\u00e1ba \u00e9s Venezuel\u00e1b\u00f3l. Megszervezik az \u00d6n t\u00e1rgyainak sz\u00e1ll\u00edt\u00e1s\u00e1t \u00e9s v\u00e1mkezel\u00e9s\u00e9t a c\u00e9l\u00e1llom\u00e1sra, biztos\u00edt\u00e1ssal egy\u00fctt. Kiv\u00e1l\u00f3 min\u0151s\u00e9g\u0171 anyagokat \u00e9s biztons\u00e1gi szabv\u00e1nyokat haszn\u00e1lnak a t\u00e1rgyak v\u00e9delme \u00e9rdek\u00e9ben.<\/p>\n<p>Weboldal: <a href=\"https:\/\/www.cloverve.com\/\" target=\"_blank\" rel=\"noopener\">https:\/\/www.cloverve.com\/<\/a><\/p>\n<h2><span class=\"ez-toc-section\" id=\"3_Equixpress\"><\/span><strong>3. Equixpress<\/strong><span class=\"ez-toc-section-end\"><\/span><\/h2>\n<p><img loading=\"lazy\" decoding=\"async\" class=\"alignnone size-full wp-image-10112\" src=\"https:\/\/moverdb.com\/wp-content\/uploads\/Equixpress-international-moving-company.png\" alt=\"Equixpress nemzetk\u00f6zi k\u00f6lt\u00f6ztet\u0151 c\u00e9g\" width=\"1440\" height=\"680\" data-wp-pid=\"10112\" srcset=\"https:\/\/moverdb.com\/wp-content\/uploads\/Equixpress-international-moving-company.png 1440w, https:\/\/moverdb.com\/wp-content\/uploads\/Equixpress-international-moving-company-300x142.png 300w, https:\/\/moverdb.com\/wp-content\/uploads\/Equixpress-international-moving-company-1024x484.png 1024w, https:\/\/moverdb.com\/wp-content\/uploads\/Equixpress-international-moving-company-18x9.png 18w, https:\/\/moverdb.com\/wp-content\/uploads\/Equixpress-international-moving-company-600x283.png 600w\" sizes=\"auto, (max-width: 1440px) 100vw, 1440px\" \/><\/p>\n<ul>\n<li>Nemzeti l\u00e9p\u00e9sek<\/li>\n<li>Nemzetk\u00f6zi k\u00f6lt\u00f6z\u00e9sek<\/li>\n<li>H\u00e1ztart\u00e1si k\u00f6lt\u00f6z\u00e9sek<\/li>\n<li>Kereskedelmi logisztika<\/li>\n<li>Csomagol\u00e1si szolg\u00e1ltat\u00e1s<\/li>\n<li>L\u00e9gi, tengeri \u00e9s sz\u00e1razf\u00f6ldi sz\u00e1ll\u00edt\u00e1s<\/li>\n<li>V\u00e1m\u00fcgyn\u00f6ki tev\u00e9kenys\u00e9g<\/li>\n<li><a href=\"https:\/\/moverdb.com\/hu\/car-transport-shipping\/\" data-internallinksmanager029f6b8e52c=\"2\" title=\"2026 Nemzetk\u00f6zi aut\u00f3sz\u00e1ll\u00edt\u00e1s \u00e9s j\u00e1rm\u0171sz\u00e1ll\u00edt\u00e1s \u00e1raj\u00e1nlatok\">J\u00e1rm\u0171sz\u00e1ll\u00edt\u00e1s<\/a><\/li>\n<li>Minden kock\u00e1zatra sz\u00f3l\u00f3 biztos\u00edt\u00e1s<\/li>\n<li>Rakt\u00e1roz\u00e1si lehet\u0151s\u00e9gek<\/li>\n<\/ul>\n<p>Az Equixpress egy 1963-ban alap\u00edtott nemzetk\u00f6zi k\u00f6lt\u00f6ztet\u0151 c\u00e9g, amelynek sz\u00e9khelye Caracasban tal\u00e1lhat\u00f3. Az IAM tagja, 60 \u00e9ves tapasztalattal rendelkezik, ami lehet\u0151v\u00e9 teszi sz\u00e1mukra, hogy hozz\u00e1f\u00e9rjenek a k\u00f6lt\u00f6ztet\u0151\u00fcgyn\u00f6k\u00f6k nemzetk\u00f6zi h\u00e1l\u00f3zat\u00e1hoz, hogy a vil\u00e1g b\u00e1rmely pontj\u00e1n ny\u00fajthassanak szolg\u00e1ltat\u00e1sokat.<\/p>\n<p>Az Equixpress szem\u00e9lyre szabott k\u00f6lt\u00f6ztet\u00e9si szolg\u00e1ltat\u00e1st ny\u00fajt, amely a k\u00f6lt\u00f6z\u00e9si folyamat minden aspektus\u00e1t kezeli. Biztons\u00e1gosan becsomagolj\u00e1k a holmij\u00e1t, \u00e9s megszervezik a l\u00e9gi, tengeri vagy k\u00f6z\u00fati sz\u00e1ll\u00edt\u00e1st a c\u00e9l\u00e1llom\u00e1sra, v\u00e1m\u00fcgyint\u00e9z\u00e9ssel \u00e9s minden kock\u00e1zatra kiterjed\u0151 biztos\u00edt\u00e1ssal. A legmagasabb min\u0151s\u00e9g\u0171 csomagol\u00f3anyagokat \u00e9s dobozokat haszn\u00e1lj\u00e1k, \u00e9s k\u00fcl\u00f6n\u00f6s gondot ford\u00edtanak a t\u00f6r\u00e9keny t\u00e1rgyakra, t\u00f6bbek k\u00f6z\u00f6tt egyedi fa l\u00e1d\u00e1kat k\u00e9sz\u00edtenek.<\/p>\n<p>Weboldal: <a href=\"http:\/\/www.equixpress.com\" target=\"_blank\" rel=\"noopener\">http:\/\/www.equixpress.com<\/a><\/p>\n<h2><span class=\"ez-toc-section\" id=\"4_JJ_Mari_International_Movers\"><\/span><strong>4. JJ Mari nemzetk\u00f6zi k\u00f6lt\u00f6ztet\u0151k<\/strong><span class=\"ez-toc-section-end\"><\/span><\/h2>\n<p><img loading=\"lazy\" decoding=\"async\" class=\"alignnone size-full wp-image-10142\" src=\"https:\/\/moverdb.com\/wp-content\/uploads\/JJ-Mari-International-Movers-moving-company.png\" alt=\"JJ Mari International Movers k\u00f6lt\u00f6ztet\u0151 c\u00e9g\" width=\"1440\" height=\"680\" data-wp-pid=\"10142\" srcset=\"https:\/\/moverdb.com\/wp-content\/uploads\/JJ-Mari-International-Movers-moving-company.png 1440w, https:\/\/moverdb.com\/wp-content\/uploads\/JJ-Mari-International-Movers-moving-company-300x142.png 300w, https:\/\/moverdb.com\/wp-content\/uploads\/JJ-Mari-International-Movers-moving-company-1024x484.png 1024w, https:\/\/moverdb.com\/wp-content\/uploads\/JJ-Mari-International-Movers-moving-company-18x9.png 18w, https:\/\/moverdb.com\/wp-content\/uploads\/JJ-Mari-International-Movers-moving-company-600x283.png 600w\" sizes=\"auto, (max-width: 1440px) 100vw, 1440px\" \/><\/p>\n<ul>\n<li>Helyi k\u00f6lt\u00f6ztet\u00e9sek<\/li>\n<li>Nemzetk\u00f6zi k\u00f6lt\u00f6z\u00e9sek<\/li>\n<li>H\u00e1ztart\u00e1si k\u00f6lt\u00f6z\u00e9sek<\/li>\n<li>V\u00e1llalati k\u00f6lt\u00f6ztet\u00e9sek<\/li>\n<li>Csomagol\u00e1si szolg\u00e1ltat\u00e1s<\/li>\n<li>L\u00e9gi \u00e9s tengeri \u00e1rufuvaroz\u00e1s<\/li>\n<li>V\u00e1m\u00fcgyn\u00f6ki tev\u00e9kenys\u00e9g<\/li>\n<li>M\u0171v\u00e9szeti alkot\u00e1sok kezel\u00e9se<\/li>\n<li>J\u00e1rm\u0171transzferek<\/li>\n<li>Rakt\u00e1roz\u00e1si lehet\u0151s\u00e9gek<\/li>\n<\/ul>\n<p>A JJ Mari International Movers egy t\u00f6bb mint 35 \u00e9ves tapasztalattal rendelkez\u0151 nemzetk\u00f6zi logisztikai \u00e9s sz\u00e1ll\u00edtm\u00e1nyoz\u00e1si v\u00e1llalat, amelynek sz\u00e9khelye Caracasban tal\u00e1lhat\u00f3. Az IAM tagja, 23 \u00e9ves tapasztalattal rendelkezik, \u00e9s a FIDI \u00e1ltal akkredit\u00e1lt, ami hozz\u00e1f\u00e9r\u00e9st biztos\u00edt a magas sz\u00ednvonalon m\u0171k\u00f6d\u0151 nemzetk\u00f6zi k\u00f6lt\u00f6ztet\u0151i h\u00e1l\u00f3zatokhoz.<\/p>\n<p>A JJ Mari International Movers h\u00e1zt\u00f3l h\u00e1zig tart\u00f3 k\u00f6lt\u00f6ztet\u00e9si szolg\u00e1ltat\u00e1sokat k\u00edn\u00e1l h\u00e1ztart\u00e1sok, v\u00e1llalatok \u00e9s diplomat\u00e1k sz\u00e1m\u00e1ra. Magasan k\u00e9pzett szem\u00e9lyzetet biztos\u00edtanak, akik be- \u00e9s kicsomagolj\u00e1k az \u00d6n holmij\u00e1t, \u00e9s k\u00fcl\u00f6n\u00f6s gondoss\u00e1ggal b\u00e1nnak a t\u00f6r\u00e9keny t\u00e1rgyakkal, bele\u00e9rtve a m\u0171t\u00e1rgyakat \u00e9s r\u00e9gis\u00e9geket is. Megszervezik a nemzetk\u00f6zi l\u00e9gi vagy tengeri sz\u00e1ll\u00edt\u00e1st v\u00e1m\u00fcgyn\u00f6ki tev\u00e9kenys\u00e9ggel, amely mag\u00e1ban foglalhatja a j\u00e1rm\u0171sz\u00e1ll\u00edt\u00e1st is.<\/p>\n<p>Weboldal: <a href=\"http:\/\/www.jjmarimovers.net\" target=\"_blank\" rel=\"noopener\">http:\/\/www.jjmarimovers.net<\/a><\/p>\n<h2><span class=\"ez-toc-section\" id=\"5_Moving_Life\"><\/span><strong>5. Mozg\u00f3 \u00e9let<\/strong><span class=\"ez-toc-section-end\"><\/span><\/h2>\n<p><img loading=\"lazy\" decoding=\"async\" class=\"alignnone size-full wp-image-10160\" src=\"https:\/\/moverdb.com\/wp-content\/uploads\/Moving-Life-international-moving-company.png\" alt=\"Moving Life nemzetk\u00f6zi k\u00f6lt\u00f6ztet\u0151 c\u00e9g\" width=\"1440\" height=\"679\" data-wp-pid=\"10160\" srcset=\"https:\/\/moverdb.com\/wp-content\/uploads\/Moving-Life-international-moving-company.png 1440w, https:\/\/moverdb.com\/wp-content\/uploads\/Moving-Life-international-moving-company-300x141.png 300w, https:\/\/moverdb.com\/wp-content\/uploads\/Moving-Life-international-moving-company-1024x483.png 1024w, https:\/\/moverdb.com\/wp-content\/uploads\/Moving-Life-international-moving-company-18x8.png 18w, https:\/\/moverdb.com\/wp-content\/uploads\/Moving-Life-international-moving-company-600x283.png 600w\" sizes=\"auto, (max-width: 1440px) 100vw, 1440px\" \/><\/p>\n<ul>\n<li>Helyi \u00e9s orsz\u00e1gos k\u00f6lt\u00f6z\u00e9sek<\/li>\n<li>Nemzetk\u00f6zi k\u00f6lt\u00f6z\u00e9sek<\/li>\n<li>H\u00e1ztart\u00e1si k\u00f6lt\u00f6z\u00e9sek<\/li>\n<li>Irodai k\u00f6lt\u00f6z\u00e9sek<\/li>\n<li>H\u00e1zt\u00f3l-h\u00e1zig szolg\u00e1ltat\u00e1s<\/li>\n<li>Csomagol\u00e1si szolg\u00e1ltat\u00e1s<\/li>\n<li>L\u00e9gi \u00e9s tengeri sz\u00e1ll\u00edt\u00e1s<\/li>\n<li>V\u00e1melj\u00e1r\u00e1sok<\/li>\n<li>M\u0171v\u00e9szet kezel\u00e9se<\/li>\n<li>J\u00e1rm\u0171transzferek<\/li>\n<\/ul>\n<p>A Moving Life nemzetk\u00f6zi k\u00f6lt\u00f6ztet\u0151 c\u00e9g t\u00f6bb mint 19 \u00e9ves tapasztalattal rendelkezik, sz\u00e9khelye Caracasban tal\u00e1lhat\u00f3. T\u00f6bb mint 2000 tagb\u00f3l \u00e1ll\u00f3, 170 orsz\u00e1got lefed\u0151 h\u00e1l\u00f3zat t\u00e1mogatja \u0151ket, hogy vil\u00e1gszerte szolg\u00e1ltat\u00e1sokat ny\u00fajthassanak. Nyolc\u00e9ves tapasztalattal az IAM tagja.<\/p>\n<p>A Moving Life h\u00e1zt\u00f3l-h\u00e1zig tart\u00f3 k\u00f6lt\u00f6ztet\u00e9si szolg\u00e1ltat\u00e1sokat k\u00edn\u00e1l, amelyek egy k\u00f6lt\u00f6z\u00e9s el\u0151tti l\u00e1togat\u00e1ssal kezd\u0151dnek, hogy meg\u00e1llap\u00edtsuk az \u00d6n k\u00f6lt\u00f6z\u00e9si ig\u00e9nyeit. A nemzetk\u00f6zi szabv\u00e1nyok \u00e1ltal elismert professzion\u00e1lis technik\u00e1kkal csomagolj\u00e1k be a holmij\u00e1t, \u00e9s lelt\u00e1rt k\u00e9sz\u00edtenek. A csomagolt t\u00e1rgyakat l\u00e9gi sz\u00e1ll\u00edt\u00e1s eset\u00e9n egyedi gy\u00e1rt\u00e1s\u00fa f\u00e1b\u00f3l k\u00e9sz\u00fclt furgonokba, tengeri sz\u00e1ll\u00edt\u00e1s eset\u00e9n f\u00e9mkont\u00e9nerekbe rakodj\u00e1k, \u00e9s elv\u00e9gzik a v\u00e1melj\u00e1r\u00e1sokat.<\/p>\n<p>Weboldal: <a href=\"http:\/\/www.movinglife.com.ve\" target=\"_blank\" rel=\"noopener\">http:\/\/www.movinglife.com.ve<\/a><\/p>\n<h2><span class=\"ez-toc-section\" id=\"6_Mudanzas_Internacionales_Global\"><\/span><strong>6. Mudanzas Internacionales Global<\/strong><span class=\"ez-toc-section-end\"><\/span><\/h2>\n<p><img loading=\"lazy\" decoding=\"async\" class=\"alignnone size-full wp-image-10162\" src=\"https:\/\/moverdb.com\/wp-content\/uploads\/Mudanzas-Internacionales-Global-moving-company.png\" alt=\"Mudanzas Internacionales Glob\u00e1lis k\u00f6lt\u00f6ztet\u0151 c\u00e9g\" width=\"1440\" height=\"682\" data-wp-pid=\"10162\" srcset=\"https:\/\/moverdb.com\/wp-content\/uploads\/Mudanzas-Internacionales-Global-moving-company.png 1440w, https:\/\/moverdb.com\/wp-content\/uploads\/Mudanzas-Internacionales-Global-moving-company-300x142.png 300w, https:\/\/moverdb.com\/wp-content\/uploads\/Mudanzas-Internacionales-Global-moving-company-1024x485.png 1024w, https:\/\/moverdb.com\/wp-content\/uploads\/Mudanzas-Internacionales-Global-moving-company-18x9.png 18w, https:\/\/moverdb.com\/wp-content\/uploads\/Mudanzas-Internacionales-Global-moving-company-600x284.png 600w\" sizes=\"auto, (max-width: 1440px) 100vw, 1440px\" \/><\/p>\n<ul>\n<li>Helyi \u00e9s orsz\u00e1gos k\u00f6lt\u00f6z\u00e9sek<\/li>\n<li>Nemzetk\u00f6zi k\u00f6lt\u00f6z\u00e9sek<\/li>\n<li>Lakoss\u00e1gi k\u00f6lt\u00f6z\u00e9sek<\/li>\n<li>K\u00f6lt\u00f6z\u00e9s el\u0151tti felm\u00e9r\u00e9s<\/li>\n<li>Csomagol\u00e1si szolg\u00e1ltat\u00e1s<\/li>\n<li>Sz\u00e1ll\u00edt\u00e1si szab\u00e1lyok<\/li>\n<li>V\u00e1mt\u00e1mogat\u00e1s<\/li>\n<li>Mozg\u00e1sk\u00f6vet\u00e9s<\/li>\n<li>Megfelel a nemzetk\u00f6zi szabv\u00e1nyoknak<\/li>\n<li>Ideiglenes t\u00e1rol\u00e1s<\/li>\n<\/ul>\n<p>A Mudanzas Internacionales Global egy 1988-ban alap\u00edtott, caracasi sz\u00e9khely\u0171 k\u00f6lt\u00f6ztet\u0151 c\u00e9g. Az IAM tagja, 35 \u00e9ves tapasztalattal rendelkezik, \u00e9s a FIDI \u00e1ltal akkredit\u00e1lt. Ezek a tags\u00e1gok lehet\u0151v\u00e9 teszik sz\u00e1mukra, hogy nemzetk\u00f6zi k\u00f6lt\u00f6ztet\u0151 c\u00e9gek h\u00e1l\u00f3zat\u00e1val dolgozzanak egy\u00fctt, hogy t\u00e1mogass\u00e1k \u0151ket a k\u00f6lt\u00f6z\u00e9sekben szerte a vil\u00e1gon.<\/p>\n<p>A Mudanzas Internacionales Global szem\u00e9lyre szabott k\u00f6lt\u00f6ztet\u00e9si szolg\u00e1ltat\u00e1st k\u00edn\u00e1l, amelyet nemzetk\u00f6zi szabv\u00e1nyok szerint ny\u00fajtanak. El\u0151zetes felm\u00e9r\u00e9st k\u00edn\u00e1lnak, hogy felm\u00e9rj\u00e9k az \u00d6n k\u00f6lt\u00f6z\u00e9si ig\u00e9nyeit, \u00e9s aj\u00e1nl\u00e1sokat tegyenek a legjobb k\u00f6lt\u00f6z\u00e9si lehet\u0151s\u00e9gekr\u0151l. Tapasztalt csomagol\u00f3ik a legjobb min\u0151s\u00e9g\u0171 csomagol\u00f3anyagokat haszn\u00e1lj\u00e1k, amelyek megfelelnek a nemzetk\u00f6zi el\u0151\u00edr\u00e1soknak, hogy megv\u00e9dj\u00e9k t\u00e1rgyait.<\/p>\n<p>Weboldal: <a href=\"http:\/\/www.miglobal.com\" target=\"_blank\" rel=\"noopener\">http:\/\/www.miglobal.com<\/a><\/p>","protected":false},"excerpt":{"rendered":"<p>Moving can be complex especially if you are moving country. So, if you are planning on moving within, to or from Venezuela, then you may want to engage a moving company to assist you with your move. Below we have compiled a list of Venezuela based removal companies that are members of the International Association [&hellip;]<\/p>\n","protected":false},"author":4,"featured_media":10077,"parent":190,"menu_order":0,"comment_status":"closed","ping_status":"closed","template":"","meta":{"_genesis_hide_title":false,"_genesis_hide_breadcrumbs":false,"_genesis_hide_singular_image":false,"_genesis_hide_footer_widgets":false,"_genesis_custom_body_class":"","_genesis_custom_post_class":"","_genesis_layout":"","footnotes":""},"class_list":{"0":"post-10255","1":"page","2":"type-page","3":"status-publish","4":"has-post-thumbnail","6":"entry"},"_links":{"self":[{"href":"https:\/\/moverdb.com\/hu\/wp-json\/wp\/v2\/pages\/10255","targetHints":{"allow":["GET"]}}],"collection":[{"href":"https:\/\/moverdb.com\/hu\/wp-json\/wp\/v2\/pages"}],"about":[{"href":"https:\/\/moverdb.com\/hu\/wp-json\/wp\/v2\/types\/page"}],"author":[{"embeddable":true,"href":"https:\/\/moverdb.com\/hu\/wp-json\/wp\/v2\/users\/4"}],"replies":[{"embeddable":true,"href":"https:\/\/moverdb.com\/hu\/wp-json\/wp\/v2\/comments?post=10255"}],"version-history":[{"count":1,"href":"https:\/\/moverdb.com\/hu\/wp-json\/wp\/v2\/pages\/10255\/revisions"}],"predecessor-version":[{"id":10256,"href":"https:\/\/moverdb.com\/hu\/wp-json\/wp\/v2\/pages\/10255\/revisions\/10256"}],"up":[{"embeddable":true,"href":"https:\/\/moverdb.com\/hu\/wp-json\/wp\/v2\/pages\/190"}],"wp:featuredmedia":[{"embeddable":true,"href":"https:\/\/moverdb.com\/hu\/wp-json\/wp\/v2\/media\/10077"}],"wp:attachment":[{"href":"https:\/\/moverdb.com\/hu\/wp-json\/wp\/v2\/media?parent=10255"}],"curies":[{"name":"wp","href":"https:\/\/api.w.org\/{rel}","templated":true}]}}