{"id":10246,"date":"2023-06-22T15:40:58","date_gmt":"2023-06-22T15:40:58","guid":{"rendered":"https:\/\/moverdb.com\/?page_id=10246"},"modified":"2026-01-08T15:25:00","modified_gmt":"2026-01-08T15:25:00","slug":"moving-companies-uae","status":"publish","type":"page","link":"https:\/\/moverdb.com\/hu\/moving-companies\/moving-companies-uae\/","title":{"rendered":"48 Legjobb nemzetk\u00f6zi k\u00f6lt\u00f6ztet\u0151 c\u00e9gek Dubaiban \u00e9s az Egyes\u00fclt Arab Em\u00edrs\u00e9gekben"},"content":{"rendered":"<p>A k\u00f6lt\u00f6z\u00e9s \u00f6sszetett \u00e9s stresszes lehet, \u00edgy a k\u00f6lt\u00f6ztet\u0151 megtal\u00e1l\u00e1sa <a href=\"https:\/\/moverdb.com\/hu\/moving-companies\/\" data-internallinksmanager029f6b8e52c=\"79\" title=\"Top 25 nemzetk\u00f6zi k\u00f6lt\u00f6ztet\u0151 c\u00e9gek online\">k\u00f6lt\u00f6ztet\u0151 c\u00e9g<\/a> amelyre t\u00e1maszkodhat, seg\u00edthet k\u00f6nny\u00edteni a terheken. Seg\u00edts\u00e9get ny\u00fajthatnak a tervez\u00e9sben, a csomagol\u00e1sban, a sz\u00e1ll\u00edt\u00e1ssal kapcsolatos int\u00e9zked\u00e9sekben \u00e9s a v\u00e1m\u00fcgyekben, ha orsz\u00e1gokba k\u00f6lt\u00f6zik. Az al\u00e1bbiakban \u00f6ssze\u00e1ll\u00edtottunk egy list\u00e1t a <a href=\"https:\/\/moverdb.com\/hu\/moving-to-the-uae\/\" data-internallinksmanager029f6b8e52c=\"329\" title=\"Az Egyes\u00fclt Arab Em\u00edrs\u00e9gekbe (UAE) k\u00f6lt\u00f6zik? 2024 Meg\u00e9lhet\u00e9si k\u00f6lts\u00e9gek \u00e9s k\u00f6lt\u00f6z\u00e9si tippek\">Egyes\u00fclt Arab Em\u00edrs\u00e9gek<\/a> alap\u00fa <a href=\"https:\/\/moverdb.com\/hu\/international-removals\/\" data-internallinksmanager029f6b8e52c=\"27\" title=\"36 legjobb nemzetk\u00f6zi k\u00f6lt\u00f6ztet\u0151 c\u00e9gek az Egyes\u00fclt Kir\u00e1lys\u00e1gban\">k\u00f6lt\u00f6ztet\u0151 c\u00e9gek<\/a> amelyek tagjai a <a href=\"https:\/\/moverdb.com\/hu\/iam\/\" data-internallinksmanager029f6b8e52c=\"23\" title=\"A K\u00f6lt\u00f6ztet\u0151k Nemzetk\u00f6zi Sz\u00f6vets\u00e9ge (IAM) magyar\u00e1zata\">K\u00f6lt\u00f6ztet\u0151k Nemzetk\u00f6zi Sz\u00f6vets\u00e9ge<\/a> (IAM) \u00e9s\/vagy <a href=\"https:\/\/moverdb.com\/hu\/fidi-faim\/\" data-internallinksmanager029f6b8e52c=\"16\" title=\"FIDI &amp; FAIM (FIDI akkredit\u00e1lt nemzetk\u00f6zi fuvaroz\u00f3) magyar\u00e1zata\">FIDI<\/a> Akkredit\u00e1lt nemzetk\u00f6zi k\u00f6lt\u00f6ztet\u0151 (FAIM), aki seg\u00edthet \u00d6nnek a k\u00f6lt\u00f6z\u00e9sben.<\/p>\n<div id=\"ez-toc-container\" class=\"ez-toc-v2_0_82_2 ez-toc-wrap-left counter-hierarchy ez-toc-counter ez-toc-transparent ez-toc-container-direction\">\n<div class=\"ez-toc-title-container\">\n<p class=\"ez-toc-title\" style=\"cursor:inherit\">Szakaszok<\/p>\n<span class=\"ez-toc-title-toggle\"><a href=\"#\" class=\"ez-toc-pull-right ez-toc-btn ez-toc-btn-xs ez-toc-btn-default ez-toc-toggle\" aria-label=\"Toggle Tartalomjegyz\u00e9k\"><span class=\"ez-toc-js-icon-con\"><span class=\"\"><span class=\"eztoc-hide\" style=\"display:none;\">Toggle<\/span><span class=\"ez-toc-icon-toggle-span\"><svg style=\"fill: #999;color:#999\" xmlns=\"http:\/\/www.w3.org\/2000\/svg\" class=\"list-377408\" width=\"20px\" height=\"20px\" viewbox=\"0 0 24 24\" fill=\"none\"><path d=\"M6 6H4v2h2V6zm14 0H8v2h12V6zM4 11h2v2H4v-2zm16 0H8v2h12v-2zM4 16h2v2H4v-2zm16 0H8v2h12v-2z\" fill=\"currentColor\"><\/path><\/svg><svg style=\"fill: #999;color:#999\" class=\"arrow-unsorted-368013\" xmlns=\"http:\/\/www.w3.org\/2000\/svg\" width=\"10px\" height=\"10px\" viewbox=\"0 0 24 24\" version=\"1.2\" baseprofile=\"tiny\"><path d=\"M18.2 9.3l-6.2-6.3-6.2 6.3c-.2.2-.3.4-.3.7s.1.5.3.7c.2.2.4.3.7.3h11c.3 0 .5-.1.7-.3.2-.2.3-.5.3-.7s-.1-.5-.3-.7zM5.8 14.7l6.2 6.3 6.2-6.3c.2-.2.3-.5.3-.7s-.1-.5-.3-.7c-.2-.2-.4-.3-.7-.3h-11c-.3 0-.5.1-.7.3-.2.2-.3.5-.3.7s.1.5.3.7z\"\/><\/svg><\/span><\/span><\/span><\/a><\/span><\/div>\n<nav><ul class='ez-toc-list ez-toc-list-level-1 eztoc-toggle-hide-by-default' ><li class='ez-toc-page-1 ez-toc-heading-level-2'><a class=\"ez-toc-link ez-toc-heading-1\" href=\"https:\/\/moverdb.com\/hu\/moving-companies\/moving-companies-uae\/#1_Allied\" >1. Sz\u00f6vets\u00e9gesek<\/a><\/li><li class='ez-toc-page-1 ez-toc-heading-level-2'><a class=\"ez-toc-link ez-toc-heading-2\" href=\"https:\/\/moverdb.com\/hu\/moving-companies\/moving-companies-uae\/#2_Atlas_International\" >2. Atlas International<\/a><\/li><li class='ez-toc-page-1 ez-toc-heading-level-2'><a class=\"ez-toc-link ez-toc-heading-3\" href=\"https:\/\/moverdb.com\/hu\/moving-companies\/moving-companies-uae\/#3_Bridgeway_Relocations\" >3. Bridgeway \u00e1thelyez\u00e9sek<\/a><\/li><li class='ez-toc-page-1 ez-toc-heading-level-2'><a class=\"ez-toc-link ez-toc-heading-4\" href=\"https:\/\/moverdb.com\/hu\/moving-companies\/moving-companies-uae\/#4_Delight_International_Movers\" >4. Delight Nemzetk\u00f6zi k\u00f6lt\u00f6ztet\u0151k<\/a><\/li><li class='ez-toc-page-1 ez-toc-heading-level-2'><a class=\"ez-toc-link ez-toc-heading-5\" href=\"https:\/\/moverdb.com\/hu\/moving-companies\/moving-companies-uae\/#5_E-Movers\" >5. E-Movers<\/a><\/li><li class='ez-toc-page-1 ez-toc-heading-level-2'><a class=\"ez-toc-link ez-toc-heading-6\" href=\"https:\/\/moverdb.com\/hu\/moving-companies\/moving-companies-uae\/#6_Emirates_Logistics\" >6. Emirates Logistics<\/a><\/li><li class='ez-toc-page-1 ez-toc-heading-level-2'><a class=\"ez-toc-link ez-toc-heading-7\" href=\"https:\/\/moverdb.com\/hu\/moving-companies\/moving-companies-uae\/#7_Frontline_Relocations\" >7. Frontline \u00e1thelyez\u00e9sek<\/a><\/li><li class='ez-toc-page-1 ez-toc-heading-level-2'><a class=\"ez-toc-link ez-toc-heading-8\" href=\"https:\/\/moverdb.com\/hu\/moving-companies\/moving-companies-uae\/#8_GI_Movers\" >8. GI Movers<\/a><\/li><li class='ez-toc-page-1 ez-toc-heading-level-2'><a class=\"ez-toc-link ez-toc-heading-9\" href=\"https:\/\/moverdb.com\/hu\/moving-companies\/moving-companies-uae\/#9_ISS_Relocations\" >9. ISS \u00e1thelyez\u00e9sek<\/a><\/li><li class='ez-toc-page-1 ez-toc-heading-level-2'><a class=\"ez-toc-link ez-toc-heading-10\" href=\"https:\/\/moverdb.com\/hu\/moving-companies\/moving-companies-uae\/#10_Leader_Relocations\" >10. Vezet\u0151 \u00e1thelyez\u00e9sek<\/a><\/li><li class='ez-toc-page-1 ez-toc-heading-level-2'><a class=\"ez-toc-link ez-toc-heading-11\" href=\"https:\/\/moverdb.com\/hu\/moving-companies\/moving-companies-uae\/#11_Safeway_International_Moving_Shipping\" >11. Safeway Nemzetk\u00f6zi k\u00f6lt\u00f6ztet\u00e9s \u00e9s sz\u00e1ll\u00edt\u00e1s<\/a><\/li><li class='ez-toc-page-1 ez-toc-heading-level-2'><a class=\"ez-toc-link ez-toc-heading-12\" href=\"https:\/\/moverdb.com\/hu\/moving-companies\/moving-companies-uae\/#12_Thames_Shipping\" >12. Temze Haj\u00f3z\u00e1s<\/a><\/li><li class='ez-toc-page-1 ez-toc-heading-level-2'><a class=\"ez-toc-link ez-toc-heading-13\" href=\"https:\/\/moverdb.com\/hu\/moving-companies\/moving-companies-uae\/#13_The_Box\" >13. A doboz<\/a><\/li><li class='ez-toc-page-1 ez-toc-heading-level-2'><a class=\"ez-toc-link ez-toc-heading-14\" href=\"https:\/\/moverdb.com\/hu\/moving-companies\/moving-companies-uae\/#14_Union_Movers\" >14. Uni\u00f3s k\u00f6lt\u00f6ztet\u0151k<\/a><\/li><li class='ez-toc-page-1 ez-toc-heading-level-2'><a class=\"ez-toc-link ez-toc-heading-15\" href=\"https:\/\/moverdb.com\/hu\/moving-companies\/moving-companies-uae\/#15_Rajab_Xpress\" >15. Rajab Xpress<\/a><\/li><li class='ez-toc-page-1 ez-toc-heading-level-2'><a class=\"ez-toc-link ez-toc-heading-16\" href=\"https:\/\/moverdb.com\/hu\/moving-companies\/moving-companies-uae\/#16_Adore_Freight\" >16. Adore Freight<\/a><\/li><li class='ez-toc-page-1 ez-toc-heading-level-2'><a class=\"ez-toc-link ez-toc-heading-17\" href=\"https:\/\/moverdb.com\/hu\/moving-companies\/moving-companies-uae\/#17_Aeon_Shipping\" >17. Aeon Shipping<\/a><\/li><li class='ez-toc-page-1 ez-toc-heading-level-2'><a class=\"ez-toc-link ez-toc-heading-18\" href=\"https:\/\/moverdb.com\/hu\/moving-companies\/moving-companies-uae\/#18_Air_Sea_Logistics\" >18. L\u00e9gi \u00e9s tengeri logisztika<\/a><\/li><li class='ez-toc-page-1 ez-toc-heading-level-2'><a class=\"ez-toc-link ez-toc-heading-19\" href=\"https:\/\/moverdb.com\/hu\/moving-companies\/moving-companies-uae\/#19_Airtrans_Cargo\" >19. Airtrans Cargo<\/a><\/li><li class='ez-toc-page-1 ez-toc-heading-level-2'><a class=\"ez-toc-link ez-toc-heading-20\" href=\"https:\/\/moverdb.com\/hu\/moving-companies\/moving-companies-uae\/#20_DASA\" >20. DASA<\/a><\/li><li class='ez-toc-page-1 ez-toc-heading-level-2'><a class=\"ez-toc-link ez-toc-heading-21\" href=\"https:\/\/moverdb.com\/hu\/moving-companies\/moving-companies-uae\/#21_DTD_Worldwide\" >21. DTD vil\u00e1gszerte<\/a><\/li><li class='ez-toc-page-1 ez-toc-heading-level-2'><a class=\"ez-toc-link ez-toc-heading-22\" href=\"https:\/\/moverdb.com\/hu\/moving-companies\/moving-companies-uae\/#22_DULOG_Removals\" >22. DULOG k\u00f6lt\u00f6ztet\u00e9s<\/a><\/li><li class='ez-toc-page-1 ez-toc-heading-level-2'><a class=\"ez-toc-link ez-toc-heading-23\" href=\"https:\/\/moverdb.com\/hu\/moving-companies\/moving-companies-uae\/#23_DXI_Logistics\" >23. DXI Logisztika<\/a><\/li><li class='ez-toc-page-1 ez-toc-heading-level-2'><a class=\"ez-toc-link ez-toc-heading-24\" href=\"https:\/\/moverdb.com\/hu\/moving-companies\/moving-companies-uae\/#24_Elite_Shipping\" >24. Elite Shipping<\/a><\/li><li class='ez-toc-page-1 ez-toc-heading-level-2'><a class=\"ez-toc-link ez-toc-heading-25\" href=\"https:\/\/moverdb.com\/hu\/moving-companies\/moving-companies-uae\/#25_Executive_Movers_Worldwide\" >25. Executive Movers Worldwide<\/a><\/li><li class='ez-toc-page-1 ez-toc-heading-level-2'><a class=\"ez-toc-link ez-toc-heading-26\" href=\"https:\/\/moverdb.com\/hu\/moving-companies\/moving-companies-uae\/#26_Freight_International\" >26. Freight International<\/a><\/li><li class='ez-toc-page-1 ez-toc-heading-level-2'><a class=\"ez-toc-link ez-toc-heading-27\" href=\"https:\/\/moverdb.com\/hu\/moving-companies\/moving-companies-uae\/#27_Freightworks\" >27. Freightworks<\/a><\/li><li class='ez-toc-page-1 ez-toc-heading-level-2'><a class=\"ez-toc-link ez-toc-heading-28\" href=\"https:\/\/moverdb.com\/hu\/moving-companies\/moving-companies-uae\/#28_Fusion_Relocations\" >28. F\u00fazi\u00f3s \u00e1thelyez\u00e9sek<\/a><\/li><li class='ez-toc-page-1 ez-toc-heading-level-2'><a class=\"ez-toc-link ez-toc-heading-29\" href=\"https:\/\/moverdb.com\/hu\/moving-companies\/moving-companies-uae\/#29_GAC_Shipping_and_Logistics\" >29. GAC Sz\u00e1ll\u00edt\u00e1s \u00e9s logisztika<\/a><\/li><li class='ez-toc-page-1 ez-toc-heading-level-2'><a class=\"ez-toc-link ez-toc-heading-30\" href=\"https:\/\/moverdb.com\/hu\/moving-companies\/moving-companies-uae\/#30_Innovation_Mobility\" >30. Innov\u00e1ci\u00f3s mobilit\u00e1s<\/a><\/li><li class='ez-toc-page-1 ez-toc-heading-level-2'><a class=\"ez-toc-link ez-toc-heading-31\" href=\"https:\/\/moverdb.com\/hu\/moving-companies\/moving-companies-uae\/#31_Integrated_Freight_Logistics\" >31. Integr\u00e1lt \u00e1rusz\u00e1ll\u00edt\u00e1si logisztika<\/a><\/li><li class='ez-toc-page-1 ez-toc-heading-level-2'><a class=\"ez-toc-link ez-toc-heading-32\" href=\"https:\/\/moverdb.com\/hu\/moving-companies\/moving-companies-uae\/#32_Interem\" >32. Interem<\/a><\/li><li class='ez-toc-page-1 ez-toc-heading-level-2'><a class=\"ez-toc-link ez-toc-heading-33\" href=\"https:\/\/moverdb.com\/hu\/moving-companies\/moving-companies-uae\/#33_Mac_Pack_Removals\" >33. Mac Pack k\u00f6lt\u00f6ztet\u00e9s<\/a><\/li><li class='ez-toc-page-1 ez-toc-heading-level-2'><a class=\"ez-toc-link ez-toc-heading-34\" href=\"https:\/\/moverdb.com\/hu\/moving-companies\/moving-companies-uae\/#34_Mac_World_Logistics\" >34. Mac World Logistics<\/a><\/li><li class='ez-toc-page-1 ez-toc-heading-level-2'><a class=\"ez-toc-link ez-toc-heading-35\" href=\"https:\/\/moverdb.com\/hu\/moving-companies\/moving-companies-uae\/#35_Masstrans_Freight\" >35. Masstrans Freight<\/a><\/li><li class='ez-toc-page-1 ez-toc-heading-level-2'><a class=\"ez-toc-link ez-toc-heading-36\" href=\"https:\/\/moverdb.com\/hu\/moving-companies\/moving-companies-uae\/#36_Move_Hub\" >36. Hub mozgat\u00e1sa<\/a><\/li><li class='ez-toc-page-1 ez-toc-heading-level-2'><a class=\"ez-toc-link ez-toc-heading-37\" href=\"https:\/\/moverdb.com\/hu\/moving-companies\/moving-companies-uae\/#37_Move_One\" >37. Move One<\/a><\/li><li class='ez-toc-page-1 ez-toc-heading-level-2'><a class=\"ez-toc-link ez-toc-heading-38\" href=\"https:\/\/moverdb.com\/hu\/moving-companies\/moving-companies-uae\/#38_OCS_Relocations\" >38. OCS \u00e1thelyez\u00e9sek<\/a><\/li><li class='ez-toc-page-1 ez-toc-heading-level-2'><a class=\"ez-toc-link ez-toc-heading-39\" href=\"https:\/\/moverdb.com\/hu\/moving-companies\/moving-companies-uae\/#39_On_The_Move\" >39. Mozg\u00e1sban<\/a><\/li><li class='ez-toc-page-1 ez-toc-heading-level-2'><a class=\"ez-toc-link ez-toc-heading-40\" href=\"https:\/\/moverdb.com\/hu\/moving-companies\/moving-companies-uae\/#40_Ozone_Cargo\" >40. \u00d3zon Cargo<\/a><\/li><li class='ez-toc-page-1 ez-toc-heading-level-2'><a class=\"ez-toc-link ez-toc-heading-41\" href=\"https:\/\/moverdb.com\/hu\/moving-companies\/moving-companies-uae\/#41_Queens_Cargo_Packaging\" >41. Queens Cargo Packaging<\/a><\/li><li class='ez-toc-page-1 ez-toc-heading-level-2'><a class=\"ez-toc-link ez-toc-heading-42\" href=\"https:\/\/moverdb.com\/hu\/moving-companies\/moving-companies-uae\/#42_QuickServe_Relocations\" >42. QuickServe \u00e1thelyez\u00e9sek<\/a><\/li><li class='ez-toc-page-1 ez-toc-heading-level-2'><a class=\"ez-toc-link ez-toc-heading-43\" href=\"https:\/\/moverdb.com\/hu\/moving-companies\/moving-companies-uae\/#43_Sealine_Shipping_Removals\" >43. Sealine Sz\u00e1ll\u00edt\u00e1s \u00e9s k\u00f6lt\u00f6ztet\u00e9s<\/a><\/li><li class='ez-toc-page-1 ez-toc-heading-level-2'><a class=\"ez-toc-link ez-toc-heading-44\" href=\"https:\/\/moverdb.com\/hu\/moving-companies\/moving-companies-uae\/#44_Team_Mobility\" >44. Csapat mobilit\u00e1s<\/a><\/li><li class='ez-toc-page-1 ez-toc-heading-level-2'><a class=\"ez-toc-link ez-toc-heading-45\" href=\"https:\/\/moverdb.com\/hu\/moving-companies\/moving-companies-uae\/#45_TransOn\" >45. TransOn<\/a><\/li><li class='ez-toc-page-1 ez-toc-heading-level-2'><a class=\"ez-toc-link ez-toc-heading-46\" href=\"https:\/\/moverdb.com\/hu\/moving-companies\/moving-companies-uae\/#46_Vega_Star_Shipping\" >46. Vega Star Shipping<\/a><\/li><li class='ez-toc-page-1 ez-toc-heading-level-2'><a class=\"ez-toc-link ez-toc-heading-47\" href=\"https:\/\/moverdb.com\/hu\/moving-companies\/moving-companies-uae\/#47_Zuhal_Pack_International\" >47. Zuhal Pack International<\/a><\/li><li class='ez-toc-page-1 ez-toc-heading-level-2'><a class=\"ez-toc-link ez-toc-heading-48\" href=\"https:\/\/moverdb.com\/hu\/moving-companies\/moving-companies-uae\/#48_Tamam_Movers\" >48. Tamam Movers<\/a><\/li><li class='ez-toc-page-1 ez-toc-heading-level-2'><a class=\"ez-toc-link ez-toc-heading-49\" href=\"https:\/\/moverdb.com\/hu\/moving-companies\/moving-companies-uae\/#Other_Useful_Guides_to_the_United_Arab_Emirates\" >Egy\u00e9b hasznos \u00fatmutat\u00f3k az Egyes\u00fclt Arab Em\u00edrs\u00e9gekr\u0151l<\/a><\/li><\/ul><\/nav><\/div>\n<h2><span class=\"ez-toc-section\" id=\"1_Allied\"><\/span><strong>1. Sz\u00f6vets\u00e9gesek<\/strong><span class=\"ez-toc-section-end\"><\/span><\/h2>\n<p><img loading=\"lazy\" decoding=\"async\" class=\"alignnone size-full wp-image-10076\" src=\"https:\/\/moverdb.com\/wp-content\/uploads\/Allied-UAE-international-moving-company.png\" alt=\"Allied UAE nemzetk\u00f6zi k\u00f6lt\u00f6ztet\u0151 c\u00e9g\" width=\"1440\" height=\"683\" data-wp-pid=\"10076\" srcset=\"https:\/\/moverdb.com\/wp-content\/uploads\/Allied-UAE-international-moving-company.png 1440w, https:\/\/moverdb.com\/wp-content\/uploads\/Allied-UAE-international-moving-company-300x142.png 300w, https:\/\/moverdb.com\/wp-content\/uploads\/Allied-UAE-international-moving-company-1024x486.png 1024w, https:\/\/moverdb.com\/wp-content\/uploads\/Allied-UAE-international-moving-company-18x9.png 18w, https:\/\/moverdb.com\/wp-content\/uploads\/Allied-UAE-international-moving-company-600x285.png 600w\" sizes=\"auto, (max-width: 1440px) 100vw, 1440px\" \/><\/p>\n<ul>\n<li>Nemzeti l\u00e9p\u00e9sek<\/li>\n<li>Nemzetk\u00f6zi k\u00f6lt\u00f6z\u00e9sek<\/li>\n<li>H\u00e1ztart\u00e1si k\u00f6lt\u00f6z\u00e9sek<\/li>\n<li>Irodai k\u00f6lt\u00f6z\u00e9sek<\/li>\n<li>K\u00f6lt\u00f6ztet\u00e9si szolg\u00e1ltat\u00e1sok<\/li>\n<li>Csomagol\u00e1si szolg\u00e1ltat\u00e1s<\/li>\n<li>K\u00f6z\u00fati, tengeri \u00e9s l\u00e9gi sz\u00e1ll\u00edt\u00e1s<\/li>\n<li>K\u00f6vesse nyomon a mozg\u00e1s\u00e1t<\/li>\n<li>H\u00e1zi\u00e1llatok \u00e9s j\u00e1rm\u0171vek \u00e1thelyez\u00e9se<\/li>\n<li>T\u00e1rol\u00e1si szolg\u00e1ltat\u00e1s<\/li>\n<\/ul>\n<p>Az Allied egy t\u00f6bb mint 400 \u00e9ves m\u00faltra visszatekint\u0151 nemzetk\u00f6zi k\u00f6lt\u00f6ztet\u0151 \u00e9s csomagol\u00f3 c\u00e9g, amely glob\u00e1lis jelenl\u00e9ttel rendelkezik, bele\u00e9rtve az Egyes\u00fclt Arab Em\u00edrs\u00e9geket is. <a href=\"https:\/\/moverdb.com\/hu\/moving-to-dubai\/\" data-internallinksmanager029f6b8e52c=\"246\" title=\"K\u00f6lt\u00f6z\u00e9s Dubaiba? 2023 Lakhat\u00e1si k\u00f6lts\u00e9gek \u00e9s k\u00f6lt\u00f6z\u00e9si tippek\">Dubai<\/a> \u00e9s <a href=\"https:\/\/moverdb.com\/hu\/moving-to-abu-dhabi\/\" data-internallinksmanager029f6b8e52c=\"241\" title=\"Abu Dhabiba k\u00f6lt\u00f6zik? 2023 Lakhat\u00e1si k\u00f6lts\u00e9gek \u00e9s k\u00f6lt\u00f6z\u00e9si tippek\">Abu Dhabi<\/a>. A v\u00e1llalaton bel\u00fcl irodah\u00e1l\u00f3zat t\u00e1mogatja \u0151ket, \u00e9s az anyav\u00e1llalatuk, a SIRVA nemzetk\u00f6zi szinten t\u00f6bb mint 200 orsz\u00e1gban ny\u00fajtja szolg\u00e1ltat\u00e1sait. A FIDI akkredit\u00e1lta \u0151ket.<\/p>\n<p>Az Allied szem\u00e9lyre szabott \u00e9s szem\u00e9lyre szabott k\u00f6lt\u00f6ztet\u00e9si megold\u00e1sokat k\u00edn\u00e1l h\u00e1ztart\u00e1sok, alkalmazottak \u00e9s v\u00e1llalkoz\u00e1sok sz\u00e1m\u00e1ra. K\u00f6lt\u00f6z\u00e9si tan\u00e1csad\u00f3ik lelt\u00e1rt k\u00e9sz\u00edtenek a holmij\u00e1r\u00f3l, \u00e9s seg\u00edtenek megtervezni a k\u00f6lt\u00f6z\u00e9st. K\u00f6lt\u00f6ztet\u00e9si szolg\u00e1ltat\u00e1saik k\u00f6z\u00e9 tartozik a bev\u00e1ndorl\u00e1si \u00e9s v\u00edzumt\u00e1mogat\u00e1s, az otthon- \u00e9s iskolakeres\u00e9s, az ideiglenes sz\u00e1ll\u00e1s \u00e9s a ford\u00edt\u00e1s.<\/p>\n<p>Weboldal: <a href=\"https:\/\/www.allied.com\/ae\/\" target=\"_blank\" rel=\"noopener\">https:\/\/www.allied.com\/ae\/<\/a><\/p>\n<h2><span class=\"ez-toc-section\" id=\"2_Atlas_International\"><\/span><strong>2. Atlas International<\/strong><span class=\"ez-toc-section-end\"><\/span><\/h2>\n<p><img loading=\"lazy\" decoding=\"async\" class=\"alignnone size-full wp-image-10084\" src=\"https:\/\/moverdb.com\/wp-content\/uploads\/Atlas-International-moving-company-2.png\" alt=\"Atlas Nemzetk\u00f6zi k\u00f6lt\u00f6ztet\u0151 c\u00e9g\" width=\"1440\" height=\"681\" data-wp-pid=\"10084\" srcset=\"https:\/\/moverdb.com\/wp-content\/uploads\/Atlas-International-moving-company-2.png 1440w, https:\/\/moverdb.com\/wp-content\/uploads\/Atlas-International-moving-company-2-300x142.png 300w, https:\/\/moverdb.com\/wp-content\/uploads\/Atlas-International-moving-company-2-1024x484.png 1024w, https:\/\/moverdb.com\/wp-content\/uploads\/Atlas-International-moving-company-2-18x9.png 18w, https:\/\/moverdb.com\/wp-content\/uploads\/Atlas-International-moving-company-2-600x284.png 600w\" sizes=\"auto, (max-width: 1440px) 100vw, 1440px\" \/><\/p>\n<ul>\n<li>Nemzeti l\u00e9p\u00e9sek<\/li>\n<li>Nemzetk\u00f6zi k\u00f6lt\u00f6z\u00e9sek<\/li>\n<li>H\u00e1ztart\u00e1si k\u00f6lt\u00f6z\u00e9sek<\/li>\n<li>V\u00e1llalati \u00e1thelyez\u00e9sek<\/li>\n<li>H\u00e1zt\u00f3l-h\u00e1zig szolg\u00e1ltat\u00e1s<\/li>\n<li>Csomagol\u00e1si szolg\u00e1ltat\u00e1s<\/li>\n<li>L\u00e9gi \u00e9s tengeri sz\u00e1ll\u00edtm\u00e1nyok<\/li>\n<li>V\u00e1mt\u00e1mogat\u00e1s<\/li>\n<li>\u00c1tfog\u00f3 biztos\u00edt\u00e1s<\/li>\n<li>Rakt\u00e1roz\u00e1si lehet\u0151s\u00e9gek<\/li>\n<\/ul>\n<p>Az Atlas International egy 2003-ban alap\u00edtott vil\u00e1gm\u00e9ret\u0171 fuvaroz\u00f3 \u00e9s tehersz\u00e1ll\u00edt\u00f3 v\u00e1llalat, amelynek telephelyei Dubaiban \u00e9s Sharjahban tal\u00e1lhat\u00f3k. Az IAM tagja, ami hozz\u00e1f\u00e9r\u00e9st biztos\u00edt sz\u00e1mukra a k\u00f6lt\u00f6ztet\u0151 \u00fcgyn\u00f6k\u00f6k vil\u00e1gm\u00e9ret\u0171 h\u00e1l\u00f3zat\u00e1hoz, akik nemzetk\u00f6zi szolg\u00e1ltat\u00e1sokkal t\u00e1mogatj\u00e1k \u0151ket.<\/p>\n<p>Az Atlas International szem\u00e9lyre szabott k\u00f6lt\u00f6ztet\u00e9si megold\u00e1sokat k\u00edn\u00e1l, amelyek megfelelnek az \u00d6n k\u00f6lt\u00f6ztet\u00e9si ig\u00e9nyeinek \u00e9s a magas sz\u00ednvonal\u00fa szabv\u00e1nyoknak. El\u0151zetes tervez\u00e9si t\u00e1mogat\u00e1st ny\u00fajtanak, bele\u00e9rtve az indul\u00e1s el\u0151tti felm\u00e9r\u00e9st a h\u00e1zt\u00f3l h\u00e1zig t\u00f6rt\u00e9n\u0151 k\u00f6lt\u00f6z\u00e9shez. \u0150k csomagolj\u00e1k be a holmij\u00e1t, rakodj\u00e1k, sz\u00e1ll\u00edtj\u00e1k, sz\u00e1ll\u00edtj\u00e1k, kirakodj\u00e1k, kicsomagolj\u00e1k \u00e9s elrendezik. Ir\u00e1ny\u00edtj\u00e1k a sz\u00e1ll\u00edt\u00e1si folyamatot, biztos\u00edtva, hogy holmijai biztons\u00e1gban \u00e9rkezzenek meg a c\u00e9l\u00e1llom\u00e1sra.<\/p>\n<p>Weboldal: <a href=\"http:\/\/www.atlasintlmovers.com\/\" target=\"_blank\" rel=\"noopener\">http:\/\/www.atlasintlmovers.com\/<\/a><\/p>\n<h2><span class=\"ez-toc-section\" id=\"3_Bridgeway_Relocations\"><\/span><strong>3. Bridgeway \u00e1thelyez\u00e9sek<\/strong><span class=\"ez-toc-section-end\"><\/span><\/h2>\n<p><img loading=\"lazy\" decoding=\"async\" class=\"alignnone size-full wp-image-10093\" src=\"https:\/\/moverdb.com\/wp-content\/uploads\/Chavilon-International-moving-company.png\" alt=\"Bridgeway Relocations nemzetk\u00f6zi k\u00f6lt\u00f6ztet\u0151 c\u00e9g\" width=\"1440\" height=\"679\" data-wp-pid=\"10093\" srcset=\"https:\/\/moverdb.com\/wp-content\/uploads\/Chavilon-International-moving-company.png 1440w, https:\/\/moverdb.com\/wp-content\/uploads\/Chavilon-International-moving-company-300x141.png 300w, https:\/\/moverdb.com\/wp-content\/uploads\/Chavilon-International-moving-company-1024x483.png 1024w, https:\/\/moverdb.com\/wp-content\/uploads\/Chavilon-International-moving-company-18x8.png 18w, https:\/\/moverdb.com\/wp-content\/uploads\/Chavilon-International-moving-company-600x283.png 600w\" sizes=\"auto, (max-width: 1440px) 100vw, 1440px\" \/><\/p>\n<ul>\n<li>Helyi \u00e9s orsz\u00e1gos k\u00f6lt\u00f6ztet\u00e9sek<\/li>\n<li>Nemzetk\u00f6zi k\u00f6lt\u00f6ztet\u00e9sek<\/li>\n<li>Lakoss\u00e1gi \u00e1thelyez\u00e9sek<\/li>\n<li>Kereskedelmi \u00e9s ipari \u00e1thelyez\u00e9sek<\/li>\n<li>Testreszabhat\u00f3 szolg\u00e1ltat\u00e1sok<\/li>\n<li>Csomagol\u00e1si szolg\u00e1ltat\u00e1s<\/li>\n<li>V\u00e1mkezel\u00e9s<\/li>\n<li>J\u00e1rm\u0171 \u00e1thelyez\u00e9s<\/li>\n<li>Tranzitv\u00e9delem<\/li>\n<li>Rakt\u00e1roz\u00e1si lehet\u0151s\u00e9gek<\/li>\n<\/ul>\n<p>A Bridgeway Relocations egy 1974-ben alap\u00edtott nemzeti \u00e9s nemzetk\u00f6zi k\u00f6lt\u00f6ztet\u0151 c\u00e9g, melynek telephelyei Dubaiban \u00e9s <a href=\"https:\/\/moverdb.com\/hu\/moving-to-qatar\/\" data-internallinksmanager029f6b8e52c=\"334\" title=\"Katarba k\u00f6lt\u00f6zik? 2023 Meg\u00e9lhet\u00e9si k\u00f6lts\u00e9gek \u00e9s k\u00f6lt\u00f6z\u00e9si tippek\">Katar<\/a>. \u00d6sszekapcsolt glob\u00e1lis k\u00f6lt\u00f6ztet\u0151 c\u00e9gek h\u00e1l\u00f3zata seg\u00edti \u0151ket a nemzetk\u00f6zi szolg\u00e1ltat\u00e1sokban. Tagjai az IAM-nek 32 \u00e9ves szolg\u00e1lati id\u0151vel, \u00e9s a FIDI \u00e1ltal akkredit\u00e1ltak.<\/p>\n<p>A Bridgeway Relocations szem\u00e9lyre szabhat\u00f3 szolg\u00e1ltat\u00e1sokat k\u00edn\u00e1l, amelyek az \u00d6n k\u00f6lts\u00e9gvet\u00e9s\u00e9hez \u00e9s ig\u00e9nyeihez igazodnak, v\u00e9gpontt\u00f3l v\u00e9gpontig tart\u00f3 t\u00e1mogat\u00e1ssal \u00e9s egy kapcsolattart\u00e1si ponttal. Szolg\u00e1ltat\u00e1saikhoz biztos\u00edt\u00e1s, v\u00e1mkezel\u00e9s, region\u00e1lis v\u00e1mok \u00e9s a holmij\u00e1nak val\u00f3s idej\u0171 nyomon k\u00f6vet\u00e9se is tartozik. Csomagjaik tartalmazz\u00e1k a holmik biztons\u00e1gos becsomagol\u00e1s\u00e1t, sz\u00e1ll\u00edt\u00e1s\u00e1t \u00e9s sz\u00fcks\u00e9g eset\u00e9n t\u00e1rol\u00e1st is.<\/p>\n<p>Weboldal: <a href=\"http:\/\/www.bridgewayrelo.com\" target=\"_blank\" rel=\"noopener\">http:\/\/www.bridgewayrelo.com<\/a><\/p>\n<h2><span class=\"ez-toc-section\" id=\"4_Delight_International_Movers\"><\/span><strong>4. Delight Nemzetk\u00f6zi k\u00f6lt\u00f6ztet\u0151k<\/strong><span class=\"ez-toc-section-end\"><\/span><\/h2>\n<p><img loading=\"lazy\" decoding=\"async\" class=\"alignnone size-full wp-image-10099\" src=\"https:\/\/moverdb.com\/wp-content\/uploads\/Delight-International-Movers-moving-company.png\" alt=\"Delight International Movers k\u00f6lt\u00f6ztet\u0151 c\u00e9g\" width=\"1440\" height=\"681\" data-wp-pid=\"10099\" srcset=\"https:\/\/moverdb.com\/wp-content\/uploads\/Delight-International-Movers-moving-company.png 1440w, https:\/\/moverdb.com\/wp-content\/uploads\/Delight-International-Movers-moving-company-300x142.png 300w, https:\/\/moverdb.com\/wp-content\/uploads\/Delight-International-Movers-moving-company-1024x484.png 1024w, https:\/\/moverdb.com\/wp-content\/uploads\/Delight-International-Movers-moving-company-18x9.png 18w, https:\/\/moverdb.com\/wp-content\/uploads\/Delight-International-Movers-moving-company-600x284.png 600w\" sizes=\"auto, (max-width: 1440px) 100vw, 1440px\" \/><\/p>\n<ul>\n<li>Helyi \u00e9s orsz\u00e1gos k\u00f6lt\u00f6z\u00e9sek<\/li>\n<li>Nemzetk\u00f6zi k\u00f6lt\u00f6ztet\u00e9sek<\/li>\n<li>Lakoss\u00e1gi k\u00f6lt\u00f6z\u00e9sek<\/li>\n<li>Irod\u00e1k \u00e9s kereskedelmi l\u00e9tes\u00edtm\u00e9nyek \u00e1thelyez\u00e9se<\/li>\n<li>Csomagol\u00e1si szolg\u00e1ltat\u00e1s<\/li>\n<li>K\u00f6z\u00fati, l\u00e9gi \u00e9s tengeri sz\u00e1ll\u00edt\u00e1s<\/li>\n<li>V\u00e1mkezel\u00e9s<\/li>\n<li>Ezermester \u00e9s takar\u00edt\u00e1s<\/li>\n<li>H\u00e1zi\u00e1llat- \u00e9s aut\u00f3sz\u00e1ll\u00edt\u00e1s<\/li>\n<li>Biztons\u00e1gos t\u00e1rol\u00e1s<\/li>\n<\/ul>\n<p>A Delight International Movers egy 1989-ben alap\u00edtott k\u00f6lt\u00f6ztet\u0151, k\u00f6lt\u00f6ztet\u0151 \u00e9s t\u00e1rol\u00f3 c\u00e9g, amelynek telephelyei Abu-Dzabiban, Dubajban \u00e9s Katarban tal\u00e1lhat\u00f3k. Tagjai olyan partnerh\u00e1l\u00f3zatoknak, amelyek seg\u00edtik \u0151ket a k\u00f6lt\u00f6ztet\u00e9sek lebonyol\u00edt\u00e1s\u00e1ban a vil\u00e1g szinte b\u00e1rmely pontj\u00e1ra. Az IAM tagjak\u00e9nt 11 \u00e9ves szolg\u00e1lati id\u0151vel rendelkeznek.<\/p>\n<p>A Delight International Movers felm\u00e9r\u0151t biztos\u00edt, aki felm\u00e9ri az \u00d6n k\u00f6lt\u00f6z\u00e9si ig\u00e9nyeit, \u00e9s egy k\u00f6lt\u00f6z\u00e9s el\u0151tti tervet k\u00e9sz\u00edt, hogy seg\u00edtse a z\u00f6kken\u0151mentes k\u00f6lt\u00f6z\u00e9st. Seg\u00edtenek a holmij\u00e1nak biztons\u00e1gos csomagol\u00e1s\u00e1ban a sz\u00e1ll\u00edt\u00e1shoz, \u00e9s megszervezik a sz\u00e1ll\u00edt\u00e1st a v\u00e1mkezel\u00e9ssel egy\u00fctt. Tov\u00e1bbi szolg\u00e1ltat\u00e1sokat ny\u00fajtanak, bele\u00e9rtve a h\u00e1zi\u00e1llatok k\u00f6lt\u00f6ztet\u00e9s\u00e9t is, <a href=\"https:\/\/moverdb.com\/hu\/car-transport-shipping\/\" data-internallinksmanager029f6b8e52c=\"2\" title=\"2026 Nemzetk\u00f6zi aut\u00f3sz\u00e1ll\u00edt\u00e1s \u00e9s j\u00e1rm\u0171sz\u00e1ll\u00edt\u00e1s \u00e1raj\u00e1nlatok\">aut\u00f3sz\u00e1ll\u00edt\u00e1s<\/a>, takar\u00edt\u00e1s, k\u00e1rtev\u0151irt\u00e1s, jav\u00edt\u00e1si szolg\u00e1ltat\u00e1sok, szobal\u00e1ny \u00e9s b\u00e9rleti szolg\u00e1ltat\u00e1sok.<\/p>\n<p>Weboldal: <a href=\"http:\/\/www.delightmovers.com\" target=\"_blank\" rel=\"noopener\">http:\/\/www.delightmovers.com<\/a><\/p>\n<h2><span class=\"ez-toc-section\" id=\"5_E-Movers\"><\/span><strong>5. E-Movers<\/strong><span class=\"ez-toc-section-end\"><\/span><\/h2>\n<p><img loading=\"lazy\" decoding=\"async\" class=\"alignnone size-full wp-image-10108\" src=\"https:\/\/moverdb.com\/wp-content\/uploads\/E-Movers-UAE-international-moving-company.png\" alt=\"E Movers UAE nemzetk\u00f6zi k\u00f6lt\u00f6ztet\u0151 c\u00e9g\" width=\"1440\" height=\"679\" data-wp-pid=\"10108\" srcset=\"https:\/\/moverdb.com\/wp-content\/uploads\/E-Movers-UAE-international-moving-company.png 1440w, https:\/\/moverdb.com\/wp-content\/uploads\/E-Movers-UAE-international-moving-company-300x141.png 300w, https:\/\/moverdb.com\/wp-content\/uploads\/E-Movers-UAE-international-moving-company-1024x483.png 1024w, https:\/\/moverdb.com\/wp-content\/uploads\/E-Movers-UAE-international-moving-company-18x8.png 18w, https:\/\/moverdb.com\/wp-content\/uploads\/E-Movers-UAE-international-moving-company-600x283.png 600w\" sizes=\"auto, (max-width: 1440px) 100vw, 1440px\" \/><\/p>\n<ul>\n<li>Helyi k\u00f6lt\u00f6z\u00e9sek<\/li>\n<li>Nemzetk\u00f6zi \u00e1thelyez\u00e9sek<\/li>\n<li>H\u00e1ztart\u00e1s \u00e1thelyez\u00e9se<\/li>\n<li>Irod\u00e1k \u00e1thelyez\u00e9se<\/li>\n<li>K\u00f6lt\u00f6z\u00e9s el\u0151tti felm\u00e9r\u00e9s<\/li>\n<li>Csomagol\u00e1si szolg\u00e1ltat\u00e1s<\/li>\n<li>K\u00f6zleked\u00e9sszervez\u00e9s<\/li>\n<li>V\u00e1mkezel\u00e9s<\/li>\n<li>Tov\u00e1bbfejlesztett szolg\u00e1ltat\u00e1sok<\/li>\n<li>Rakt\u00e1roz\u00e1si lehet\u0151s\u00e9gek<\/li>\n<\/ul>\n<p>Az E-Movers egy 2003-ban alap\u00edtott helyi \u00e9s nemzetk\u00f6zi k\u00f6lt\u00f6ztet\u0151 \u00e9s rakt\u00e1roz\u00e1si v\u00e1llalat, melynek telephelyei az Egyes\u00fclt Arab Em\u00edrs\u00e9gekben, Katarban \u00e9s a D\u00e9l-afrikai K\u00f6zt\u00e1rsas\u00e1gban vannak. <a href=\"https:\/\/moverdb.com\/hu\/moving-to-india\/\" data-internallinksmanager029f6b8e52c=\"356\" title=\"Indi\u00e1ba k\u00f6lt\u00f6zik? 2023 \u00c9letk\u00f6lts\u00e9gek \u00e9s k\u00f6lt\u00f6z\u00e9si tippek\">India<\/a>. Az Egyes\u00fclt Arab Em\u00edrs\u00e9gekbeli helysz\u00ednek Dubaiban, Abu Dhabiban \u00e9s Sharjahban vannak. Az IAM tagja 20 \u00e9ves szolg\u00e1lati id\u0151vel, \u00e9s a FIDI \u00e1ltal akkredit\u00e1ltak. A FIDI \u00e1ltal akkredit\u00e1lt k\u00f6lt\u00f6ztet\u0151kkel \u00e9s csomagol\u00f3kkal egy\u00fcttm\u0171k\u00f6dve t\u00f6bb mint 165 orsz\u00e1gban ny\u00fajtanak szolg\u00e1ltat\u00e1sokat.<\/p>\n<p>Az E-Movers a k\u00f6lt\u00f6z\u00e9s el\u0151tti felm\u00e9r\u00e9st ny\u00fajt az \u00d6n k\u00f6lt\u00f6z\u00e9si ig\u00e9nyeinek meg\u00e1llap\u00edt\u00e1s\u00e1hoz. Gondosan becsomagolj\u00e1k a holmij\u00e1t \u00e9s sz\u00e9tszerelik a b\u00fatorokat, megszervezik a sz\u00e1ll\u00edt\u00e1st, gondoskodnak a v\u00e1mkezel\u00e9sr\u0151l, majd kisz\u00e1ll\u00edtj\u00e1k, kicsomagolj\u00e1k \u00e9s \u00fajra \u00f6sszeszerelik a b\u00fatorokat. Pr\u00e9mium Plus szolg\u00e1ltat\u00e1suk ezenk\u00edv\u00fcl ezermester-szolg\u00e1ltat\u00e1sokat, m\u00e9lytakar\u00edt\u00e1st, k\u00e1rtev\u0151irt\u00e1st \u00e9s ablaktiszt\u00edt\u00e1st is tartalmaz.<\/p>\n<p>Weboldal: <a href=\"http:\/\/www.emoversuae.com\" target=\"_blank\" rel=\"noopener\">http:\/\/www.emoversuae.com<\/a><\/p>\n<h2><span class=\"ez-toc-section\" id=\"6_Emirates_Logistics\"><\/span><strong>6. Emirates Logistics<\/strong><span class=\"ez-toc-section-end\"><\/span><\/h2>\n<p><img loading=\"lazy\" decoding=\"async\" class=\"alignnone size-full wp-image-10111\" src=\"https:\/\/moverdb.com\/wp-content\/uploads\/Emirates-Logistics-international-moving-company.png\" alt=\"Emirates Logistics nemzetk\u00f6zi k\u00f6lt\u00f6ztet\u0151 c\u00e9g\" width=\"1440\" height=\"683\" data-wp-pid=\"10111\" srcset=\"https:\/\/moverdb.com\/wp-content\/uploads\/Emirates-Logistics-international-moving-company.png 1440w, https:\/\/moverdb.com\/wp-content\/uploads\/Emirates-Logistics-international-moving-company-300x142.png 300w, https:\/\/moverdb.com\/wp-content\/uploads\/Emirates-Logistics-international-moving-company-1024x486.png 1024w, https:\/\/moverdb.com\/wp-content\/uploads\/Emirates-Logistics-international-moving-company-18x9.png 18w, https:\/\/moverdb.com\/wp-content\/uploads\/Emirates-Logistics-international-moving-company-600x285.png 600w\" sizes=\"auto, (max-width: 1440px) 100vw, 1440px\" \/><\/p>\n<ul>\n<li>Helyi k\u00f6lt\u00f6z\u00e9sek<\/li>\n<li>Nemzetk\u00f6zi k\u00f6lt\u00f6z\u00e9sek<\/li>\n<li>K\u00f6lt\u00f6ztet\u00e9s<\/li>\n<li>Irod\u00e1k \u00e1thelyez\u00e9se<\/li>\n<li>Csomagol\u00e1si szolg\u00e1ltat\u00e1s<\/li>\n<li>Tengeri \u00e9s l\u00e9gi sz\u00e1ll\u00edtm\u00e1nyoz\u00e1s<\/li>\n<li>J\u00e1rm\u0171sz\u00e1ll\u00edt\u00e1s<\/li>\n<li>Tov\u00e1bbfejlesztett szolg\u00e1ltat\u00e1sok<\/li>\n<li>Biztos\u00edt\u00e1s<\/li>\n<li>Biztons\u00e1gos rakt\u00e1rhelyis\u00e9gek<\/li>\n<\/ul>\n<p>Az Emirates Logistics egy fuvaroz\u00e1si \u00e9s logisztikai megold\u00e1sokkal foglalkoz\u00f3 v\u00e1llalat, amelynek sz\u00e9khelye Dubajban, irod\u00e1i pedig Sharjahban, Dzsebel Aliban, Dafz\u00e1ban \u00e9s Abu Dhabiban tal\u00e1lhat\u00f3k. Vil\u00e1gm\u00e9ret\u0171 \u00fcgyn\u00f6kh\u00e1l\u00f3zattal rendelkeznek, amely lehet\u0151v\u00e9 teszi sz\u00e1mukra, hogy 123 orsz\u00e1gban sikeresen ny\u00fajtsanak szolg\u00e1ltat\u00e1sokat. Az IAM tagjak\u00e9nt 21 \u00e9ves szolg\u00e1lati id\u0151vel rendelkeznek.<\/p>\n<p>Az Emirates Logistics teljes k\u00f6r\u0171 csomagol\u00e1si szolg\u00e1ltat\u00e1st k\u00edn\u00e1l, amely speci\u00e1lis csomagol\u00e1si technik\u00e1kat alkalmaz a t\u00e1rgyak v\u00e9delme \u00e9rdek\u00e9ben, \u00e9s sz\u00e1mos csomagol\u00e1si m\u00f3dot haszn\u00e1l, t\u00f6bbek k\u00f6z\u00f6tt l\u00e1d\u00e1kat \u00e9s kartondobozokat. B\u00fatorok sz\u00e9tszerel\u00e9s\u00e9t \u00e9s telep\u00edt\u00e9si szolg\u00e1ltat\u00e1sokat is k\u00edn\u00e1lnak. Tov\u00e1bbi szolg\u00e1ltat\u00e1sokat is k\u00edn\u00e1lnak, t\u00f6bbek k\u00f6z\u00f6tt biztos\u00edt\u00e1s, rakt\u00e1roz\u00e1s, takar\u00edt\u00f3, takar\u00edt\u00f3n\u0151, ezermester, h\u00e1z- \u00e9s iskolakeres\u00e9s, valamint dokument\u00e1ci\u00f3s t\u00e1mogat\u00e1s.<\/p>\n<p>Weboldal: <a href=\"http:\/\/www.emirateslogistics.net\" target=\"_blank\" rel=\"noopener\">http:\/\/www.emirateslogistics.net<\/a><\/p>\n<h2><span class=\"ez-toc-section\" id=\"7_Frontline_Relocations\"><\/span><strong>7. Frontline \u00e1thelyez\u00e9sek<\/strong><span class=\"ez-toc-section-end\"><\/span><\/h2>\n<p><img loading=\"lazy\" decoding=\"async\" class=\"alignnone size-full wp-image-10120\" src=\"https:\/\/moverdb.com\/wp-content\/uploads\/Frontline-Relocations-international-moving-company.png\" alt=\"Frontline Relocations nemzetk\u00f6zi k\u00f6lt\u00f6ztet\u0151 c\u00e9g\" width=\"1440\" height=\"683\" data-wp-pid=\"10120\" srcset=\"https:\/\/moverdb.com\/wp-content\/uploads\/Frontline-Relocations-international-moving-company.png 1440w, https:\/\/moverdb.com\/wp-content\/uploads\/Frontline-Relocations-international-moving-company-300x142.png 300w, https:\/\/moverdb.com\/wp-content\/uploads\/Frontline-Relocations-international-moving-company-1024x486.png 1024w, https:\/\/moverdb.com\/wp-content\/uploads\/Frontline-Relocations-international-moving-company-18x9.png 18w, https:\/\/moverdb.com\/wp-content\/uploads\/Frontline-Relocations-international-moving-company-600x285.png 600w\" sizes=\"auto, (max-width: 1440px) 100vw, 1440px\" \/><\/p>\n<ul>\n<li>Helyi k\u00f6lt\u00f6z\u00e9sek<\/li>\n<li>Nemzetk\u00f6zi \u00e1thelyez\u00e9sek<\/li>\n<li>H\u00e1ztart\u00e1s \u00e1thelyez\u00e9se<\/li>\n<li>Irodai k\u00f6lt\u00f6z\u00e9sek<\/li>\n<li>Csomagol\u00e1si szolg\u00e1ltat\u00e1s<\/li>\n<li>L\u00e9gi \u00e9s tengeri sz\u00e1ll\u00edt\u00e1s<\/li>\n<li>V\u00e1mdokument\u00e1ci\u00f3<\/li>\n<li>K\u00e9pz\u0151m\u0171v\u00e9szeti \u00e9s antikvit\u00e1s<\/li>\n<li>J\u00e1rm\u0171sz\u00e1ll\u00edt\u00e1s<\/li>\n<li>Biztons\u00e1gos t\u00e1rol\u00e1s<\/li>\n<\/ul>\n<p>A Frontline Relocations egy k\u00f6lt\u00f6ztet\u0151 \u00e9s k\u00f6lt\u00f6ztet\u0151 c\u00e9g, amelynek telephelyei az Egyes\u00fclt Arab Em\u00edrs\u00e9gekben tal\u00e1lhat\u00f3k, <a href=\"https:\/\/moverdb.com\/hu\/moving-to-kuwait\/\" data-internallinksmanager029f6b8e52c=\"354\" title=\"Kuvaitba k\u00f6lt\u00f6zik? 2023 \u00c9letk\u00f6lts\u00e9gek \u00e9s k\u00f6lt\u00f6z\u00e9si tippek\">Kuvait<\/a> \u00e9s <a href=\"https:\/\/moverdb.com\/hu\/moving-to-bahrain\/\" data-internallinksmanager029f6b8e52c=\"358\" title=\"Bahreinbe k\u00f6lt\u00f6zik? 2023 Lakhat\u00e1si k\u00f6lts\u00e9gek \u00e9s k\u00f6lt\u00f6z\u00e9si tippek\">Bahrein<\/a>. Az Egyes\u00fclt Arab Em\u00edrs\u00e9gekbeli irod\u00e1juk Dubaiban tal\u00e1lhat\u00f3 Al Qouzban \u00e9s Jafz\u00e1ban. Az IAM tagjak\u00e9nt 18 \u00e9ves szolg\u00e1lati id\u0151vel rendelkeznek.<\/p>\n<p>A Frontline Relocations k\u00f6lt\u00f6ztet\u00e9si szolg\u00e1ltat\u00e1sokat k\u00edn\u00e1l h\u00e1ztart\u00e1sok \u00e9s v\u00e1llalatok sz\u00e1m\u00e1ra, bele\u00e9rtve a k\u00e9pz\u0151m\u0171v\u00e9szeti \u00e9s r\u00e9gis\u00e9geket, valamint a j\u00e1rm\u0171veket. A folyamat a k\u00f6lt\u00f6z\u00e9s el\u0151tti felm\u00e9r\u00e9ssel \u00e9s \u00e1raj\u00e1nlattal kezd\u0151dik. A k\u00f6lt\u00f6z\u00e9s megtervez\u00e9s\u00e9hez \u00e9s a k\u00f6lt\u00f6z\u00e9s fel\u00fcgyelet\u00e9hez koordin\u00e1tort biztos\u00edtanak, bele\u00e9rtve a t\u00e1rgyak biztons\u00e1gos csomagol\u00e1s\u00e1t, valamint a biztos\u00edt\u00e1ssal \u00e9s v\u00e1mkezel\u00e9ssel t\u00f6rt\u00e9n\u0151 sz\u00e1ll\u00edt\u00e1st. K\u00f6lt\u00f6ztet\u00e9si szolg\u00e1ltat\u00e1sokat k\u00edn\u00e1lnak, amelyek magukban foglalj\u00e1k az otthon- \u00e9s iskolakeres\u00e9st, a v\u00edzum- \u00e9s bev\u00e1ndorl\u00e1si, valamint a leteleped\u00e9si szolg\u00e1ltat\u00e1sokat.<\/p>\n<p>Weboldal: <a href=\"http:\/\/www.frontlinerelo.net\" target=\"_blank\" rel=\"noopener\">http:\/\/www.frontlinerelo.net<\/a><\/p>\n<h2><span class=\"ez-toc-section\" id=\"8_GI_Movers\"><\/span><strong>8. GI Movers<\/strong><span class=\"ez-toc-section-end\"><\/span><\/h2>\n<p><img loading=\"lazy\" decoding=\"async\" class=\"alignnone size-full wp-image-10126\" src=\"https:\/\/moverdb.com\/wp-content\/uploads\/GI-Movers-international-moving-company.png\" alt=\"GI Movers nemzetk\u00f6zi k\u00f6lt\u00f6ztet\u0151 c\u00e9g\" width=\"1440\" height=\"680\" data-wp-pid=\"10126\" srcset=\"https:\/\/moverdb.com\/wp-content\/uploads\/GI-Movers-international-moving-company.png 1440w, https:\/\/moverdb.com\/wp-content\/uploads\/GI-Movers-international-moving-company-300x142.png 300w, https:\/\/moverdb.com\/wp-content\/uploads\/GI-Movers-international-moving-company-1024x484.png 1024w, https:\/\/moverdb.com\/wp-content\/uploads\/GI-Movers-international-moving-company-18x9.png 18w, https:\/\/moverdb.com\/wp-content\/uploads\/GI-Movers-international-moving-company-600x283.png 600w\" sizes=\"auto, (max-width: 1440px) 100vw, 1440px\" \/><\/p>\n<ul>\n<li>Helyi \u00e1thelyez\u00e9sek<\/li>\n<li>Nemzetk\u00f6zi \u00e1thelyez\u00e9sek<\/li>\n<li>Lakoss\u00e1gi \u00e1thelyez\u00e9sek<\/li>\n<li>Irod\u00e1k \u00e1thelyez\u00e9se<\/li>\n<li>Csomagol\u00e1si szolg\u00e1ltat\u00e1sok<\/li>\n<li>A sz\u00e1ll\u00edt\u00e1s megszervez\u00e9se<\/li>\n<li>V\u00e1m\u00fcgyi alakis\u00e1gok<\/li>\n<li>Ezermester szolg\u00e1ltat\u00e1sok<\/li>\n<li>Biztos\u00edt\u00e1s<\/li>\n<li>Biztons\u00e1gos hossz\u00fa \u00e9s r\u00f6vid t\u00e1v\u00fa t\u00e1rol\u00e1s<\/li>\n<\/ul>\n<p>A GI Movers egy k\u00f6lt\u00f6ztet\u0151 \u00e9s csomagol\u00f3 c\u00e9g, amely Dubaiban \u00e9s Abu Dhabiban van telephellyel. Kilenc\u00e9ves IAM tags\u00e1ggal rendelkeznek, ami hozz\u00e1f\u00e9r\u00e9st biztos\u00edt sz\u00e1mukra a k\u00f6lt\u00f6ztet\u0151\u00fcgyn\u00f6k\u00f6k nemzetk\u00f6zi h\u00e1l\u00f3zat\u00e1hoz.<\/p>\n<p>A GI Movers helyi \u00e9s nemzetk\u00f6zi k\u00f6lt\u00f6ztet\u00e9si szolg\u00e1ltat\u00e1sokat k\u00edn\u00e1l, amelyek a k\u00f6lt\u00f6z\u00e9si ig\u00e9nyek megbesz\u00e9l\u00e9s\u00e9vel \u00e9s a k\u00f6lt\u00f6z\u00e9s megtervez\u00e9s\u00e9vel kezd\u0151dnek. K\u00e9pzett \u00e9s szervezett csomagol\u00f3kat \u00e9s k\u00f6lt\u00f6ztet\u0151ket biztos\u00edtanak, akik megv\u00e9dik a holmij\u00e1t a sz\u00e1ll\u00edt\u00e1s sor\u00e1n. Megszervezik a holmij\u00e1nak sz\u00e1ll\u00edt\u00e1s\u00e1t saj\u00e1t flott\u00e1jukban vagy sz\u00e1ll\u00edt\u00e1si szolg\u00e1ltat\u00e1sokkal, valamint tan\u00e1csot adnak a v\u00e1malakis\u00e1gokkal \u00e9s utas\u00edt\u00e1sokkal kapcsolatban.<\/p>\n<p>Weboldal: <a href=\"http:\/\/www.gimoversuae.com\" target=\"_blank\" rel=\"noopener\">http:\/\/www.gimoversuae.com<\/a><\/p>\n<h2><span class=\"ez-toc-section\" id=\"9_ISS_Relocations\"><\/span><strong>9. ISS \u00e1thelyez\u00e9sek<\/strong><span class=\"ez-toc-section-end\"><\/span><\/h2>\n<p><img loading=\"lazy\" decoding=\"async\" class=\"alignnone size-full wp-image-10140\" src=\"https:\/\/moverdb.com\/wp-content\/uploads\/ISS-Relocations-international-moving-company-2.png\" alt=\"ISS Relocations nemzetk\u00f6zi k\u00f6lt\u00f6ztet\u0151 c\u00e9g\" width=\"1440\" height=\"680\" data-wp-pid=\"10140\" srcset=\"https:\/\/moverdb.com\/wp-content\/uploads\/ISS-Relocations-international-moving-company-2.png 1440w, https:\/\/moverdb.com\/wp-content\/uploads\/ISS-Relocations-international-moving-company-2-300x142.png 300w, https:\/\/moverdb.com\/wp-content\/uploads\/ISS-Relocations-international-moving-company-2-1024x484.png 1024w, https:\/\/moverdb.com\/wp-content\/uploads\/ISS-Relocations-international-moving-company-2-18x9.png 18w, https:\/\/moverdb.com\/wp-content\/uploads\/ISS-Relocations-international-moving-company-2-600x283.png 600w\" sizes=\"auto, (max-width: 1440px) 100vw, 1440px\" \/><\/p>\n<ul>\n<li>Nemzeti \u00e1thelyez\u00e9sek<\/li>\n<li>Nemzetk\u00f6zi \u00e1thelyez\u00e9sek<\/li>\n<li>H\u00e1ztart\u00e1s \u00e1thelyez\u00e9se<\/li>\n<li>Irodai k\u00f6lt\u00f6z\u00e9sek<\/li>\n<li>Csomagol\u00e1si szolg\u00e1ltat\u00e1s<\/li>\n<li>Sz\u00e1ll\u00edt\u00e1si meg\u00e1llapod\u00e1sok<\/li>\n<li>V\u00e1mkezel\u00e9s<\/li>\n<li>H\u00e1zi\u00e1llat \u00e1thelyez\u00e9s<\/li>\n<li>Tranzitbiztos\u00edt\u00e1s<\/li>\n<li>Rakt\u00e1roz\u00e1si lehet\u0151s\u00e9gek<\/li>\n<\/ul>\n<p>Az ISS Relocations egy 1996-ban alakult k\u00f6lt\u00f6ztet\u0151 \u00e9s k\u00f6lt\u00f6ztet\u0151 c\u00e9g, amelynek telephelyei Abu Dhabiban \u00e9s Dubaiban vannak az Egyes\u00fclt Arab Em\u00edrs\u00e9gekben, <a href=\"https:\/\/moverdb.com\/hu\/moving-to-oman\/\" data-internallinksmanager029f6b8e52c=\"355\" title=\"Om\u00e1nba k\u00f6lt\u00f6zik? 2023 Lakhat\u00e1si k\u00f6lts\u00e9gek \u00e9s k\u00f6lt\u00f6z\u00e9si tippek\">Om\u00e1n<\/a>, Katar, Bahrein, Kuvait \u00e9s India. Helyi \u00e9s vil\u00e1gszint\u0171 szolg\u00e1ltat\u00f3kkal k\u00f6t\u00f6ttek partners\u00e9get, hogy seg\u00edts\u00e9k \u0151ket. Az IAM n\u00e9gy\u00e9ves tags\u00e1ggal rendelkez\u0151 tagja, \u00e9s a FIDI \u00e1ltal akkredit\u00e1ltak.<\/p>\n<p>Az ISS Relocations h\u00e1zt\u00f3l h\u00e1zig tart\u00f3 k\u00f6lt\u00f6ztet\u00e9si szolg\u00e1ltat\u00e1st k\u00edn\u00e1l teljes k\u00f6r\u0171 szolg\u00e1ltat\u00e1si lehet\u0151s\u00e9ggel. Csomagol\u00e1si szolg\u00e1ltat\u00e1st ny\u00fajtanak, amely kiv\u00e1l\u00f3 min\u0151s\u00e9g\u0171 anyagokat \u00e9s fadobozokat haszn\u00e1l a t\u00e1rgyak sz\u00e1ll\u00edt\u00e1s k\u00f6zbeni v\u00e9delme \u00e9rdek\u00e9ben, amelyet szakk\u00e9pzett szem\u00e9lyzet v\u00e9gez. Tov\u00e1bbi szolg\u00e1ltat\u00e1sokat ny\u00fajtanak, amelyek magukban foglalj\u00e1k a tranzitbiztos\u00edt\u00e1st, a h\u00e1zi\u00e1llatok \u00e1thelyez\u00e9s\u00e9t, az aut\u00f3sz\u00e1ll\u00edt\u00e1st, az ezermester-szolg\u00e1ltat\u00e1st \u00e9s a rakt\u00e1roz\u00e1st.<\/p>\n<p>Weboldal: <a href=\"http:\/\/www.iss-relocations.com\/\" target=\"_blank\" rel=\"noopener\">http:\/\/www.iss-relocations.com\/<\/a><\/p>\n<h2><span class=\"ez-toc-section\" id=\"10_Leader_Relocations\"><\/span><strong>10. Vezet\u0151 \u00e1thelyez\u00e9sek<\/strong><span class=\"ez-toc-section-end\"><\/span><\/h2>\n<p><img loading=\"lazy\" decoding=\"async\" class=\"alignnone size-full wp-image-10148\" src=\"https:\/\/moverdb.com\/wp-content\/uploads\/Leader-Relocations-international-moving-company.png\" alt=\"Leader Relocations nemzetk\u00f6zi k\u00f6lt\u00f6ztet\u0151 c\u00e9g\" width=\"1440\" height=\"681\" data-wp-pid=\"10148\" srcset=\"https:\/\/moverdb.com\/wp-content\/uploads\/Leader-Relocations-international-moving-company.png 1440w, https:\/\/moverdb.com\/wp-content\/uploads\/Leader-Relocations-international-moving-company-300x142.png 300w, https:\/\/moverdb.com\/wp-content\/uploads\/Leader-Relocations-international-moving-company-1024x484.png 1024w, https:\/\/moverdb.com\/wp-content\/uploads\/Leader-Relocations-international-moving-company-18x9.png 18w, https:\/\/moverdb.com\/wp-content\/uploads\/Leader-Relocations-international-moving-company-600x284.png 600w\" sizes=\"auto, (max-width: 1440px) 100vw, 1440px\" \/><\/p>\n<ul>\n<li>Helyi k\u00f6lt\u00f6z\u00e9sek<\/li>\n<li>Nemzetk\u00f6zi k\u00f6lt\u00f6z\u00e9sek<\/li>\n<li>H\u00e1ztart\u00e1si k\u00f6lt\u00f6z\u00e9sek<\/li>\n<li>\u00dczleti k\u00f6lt\u00f6z\u00e9sek<\/li>\n<li>H\u00e1zt\u00f3l-h\u00e1zig szolg\u00e1ltat\u00e1s<\/li>\n<li>Csomagol\u00e1si lehet\u0151s\u00e9gek<\/li>\n<li>K\u00f6z\u00fati, tengeri vagy l\u00e9gi sz\u00e1ll\u00edt\u00e1s<\/li>\n<li>V\u00e1mt\u00e1mogat\u00e1s<\/li>\n<li>J\u00e1rm\u0171sz\u00e1ll\u00edt\u00e1s<\/li>\n<li>Rakt\u00e1roz\u00e1si lehet\u0151s\u00e9gek<\/li>\n<\/ul>\n<p>A Leader Relocations egy 1991-ben alap\u00edtott k\u00f6lt\u00f6ztet\u0151 \u00e9s k\u00f6lt\u00f6ztet\u0151 c\u00e9g, amely Dubaiban, Abu Dhabiban \u00e9s Sharjahban van jelen. Megb\u00edzhat\u00f3 glob\u00e1lis k\u00f6lt\u00f6ztet\u0151 partnerh\u00e1l\u00f3zattal rendelkeznek, amelyek vil\u00e1gszerte seg\u00edtik \u0151ket a k\u00f6lt\u00f6z\u00e9sekben. Az IAM tagjak\u00e9nt 31 \u00e9ves szolg\u00e1lati id\u0151vel rendelkeznek.<\/p>\n<p>A Leader Relocations a k\u00f6lt\u00f6z\u00e9s el\u0151tti felm\u00e9r\u00e9st \u00e9s becsl\u00e9st k\u00edn\u00e1l, amely aj\u00e1nl\u00e1sokat tartalmaz a leggazdas\u00e1gosabb sz\u00e1ll\u00edt\u00e1si m\u00f3dszerre vonatkoz\u00f3an, legyen az k\u00f6z\u00fati, tengeri, l\u00e9gi vagy kombin\u00e1lt sz\u00e1ll\u00edt\u00e1s. Olyan csomagol\u00e1si szolg\u00e1ltat\u00e1st ny\u00fajtanak, amely a legjobb technik\u00e1kat \u00e9s anyagokat haszn\u00e1lja a t\u00e1rgyak v\u00e9delm\u00e9re, \u00e9s a t\u00f6r\u00e9keny t\u00e1rgyak eset\u00e9ben f\u00e1b\u00f3l k\u00e9sz\u00fclt l\u00e1d\u00e1kat haszn\u00e1l. \u00d6n\u00e1ll\u00f3 csomagol\u00e1si lehet\u0151s\u00e9geket is k\u00edn\u00e1lnak.<\/p>\n<p>Weboldal: <a href=\"http:\/\/www.leaderrelocations.com\" target=\"_blank\" rel=\"noopener\">http:\/\/www.leaderrelocations.com<\/a><\/p>\n<h2><span class=\"ez-toc-section\" id=\"11_Safeway_International_Moving_Shipping\"><\/span><strong>11. Safeway Nemzetk\u00f6zi k\u00f6lt\u00f6ztet\u00e9s \u00e9s sz\u00e1ll\u00edt\u00e1s<\/strong><span class=\"ez-toc-section-end\"><\/span><\/h2>\n<p><img loading=\"lazy\" decoding=\"async\" class=\"alignnone size-full wp-image-10177\" src=\"https:\/\/moverdb.com\/wp-content\/uploads\/Safeway-International-moving-company.png\" alt=\"Safeway Nemzetk\u00f6zi k\u00f6lt\u00f6ztet\u0151 c\u00e9g\" width=\"1440\" height=\"677\" data-wp-pid=\"10177\" srcset=\"https:\/\/moverdb.com\/wp-content\/uploads\/Safeway-International-moving-company.png 1440w, https:\/\/moverdb.com\/wp-content\/uploads\/Safeway-International-moving-company-300x141.png 300w, https:\/\/moverdb.com\/wp-content\/uploads\/Safeway-International-moving-company-1024x481.png 1024w, https:\/\/moverdb.com\/wp-content\/uploads\/Safeway-International-moving-company-18x8.png 18w, https:\/\/moverdb.com\/wp-content\/uploads\/Safeway-International-moving-company-600x282.png 600w\" sizes=\"auto, (max-width: 1440px) 100vw, 1440px\" \/><\/p>\n<ul>\n<li>Nemzeti \u00e1thelyez\u00e9sek<\/li>\n<li>Nemzetk\u00f6zi \u00e1thelyez\u00e9sek<\/li>\n<li>Lakoss\u00e1gi k\u00f6lt\u00f6ztet\u00e9s<\/li>\n<li>Irodai k\u00f6lt\u00f6ztet\u00e9s<\/li>\n<li>H\u00e1zr\u00f3l h\u00e1zra t\u00f6rt\u00e9n\u0151 \u00e1thelyez\u00e9sek<\/li>\n<li>Csomagol\u00e1si szolg\u00e1ltat\u00e1s<\/li>\n<li>Tengeri, l\u00e9gi \u00e9s sz\u00e1razf\u00f6ldi sz\u00e1ll\u00edt\u00e1s<\/li>\n<li>V\u00e1mkezel\u00e9s<\/li>\n<li>Aut\u00f3sz\u00e1ll\u00edt\u00e1s<\/li>\n<li>R\u00f6vid \u00e9s hossz\u00fa t\u00e1v\u00fa t\u00e1rol\u00e1s<\/li>\n<\/ul>\n<p>A Safeway International Moving &amp; Shipping egy 2008-ban alakult nemzetk\u00f6zi k\u00f6lt\u00f6ztet\u0151 \u00e9s k\u00f6lt\u00f6ztet\u00e9si v\u00e1llalat, amelynek telephelyei Sharjahban \u00e9s Dubaiban tal\u00e1lhat\u00f3k. T\u00f6bb mint 40 orsz\u00e1gban ny\u00fajtj\u00e1k szolg\u00e1ltat\u00e1saikat, \u00e9s tengerent\u00fali partnereik is vannak, akik seg\u00edtik \u0151ket a nemzetk\u00f6zi szolg\u00e1ltat\u00e1saik ny\u00fajt\u00e1s\u00e1ban. Az IAM tagjak\u00e9nt 14 \u00e9ves szolg\u00e1lati id\u0151vel rendelkeznek.<\/p>\n<p>A Safeway International Moving &amp; Shipping h\u00e1zr\u00f3l h\u00e1zra t\u00f6rt\u00e9n\u0151 k\u00f6lt\u00f6ztet\u00e9si szolg\u00e1ltat\u00e1sokat k\u00edn\u00e1l lakoss\u00e1gi \u00e9s kereskedelmi \u00fcgyfelek sz\u00e1m\u00e1ra, valamint sz\u00e1ll\u00edt\u00f3j\u00e1rm\u0171vek sz\u00e1ll\u00edt\u00e1s\u00e1t, ami felm\u00e9r\u00e9ssel \u00e9s becsl\u00e9ssel kezd\u0151dik. Csomagol\u00e1si szolg\u00e1ltat\u00e1st ny\u00fajtanak, amely speci\u00e1lisan kialak\u00edtott kartondobozokat haszn\u00e1l, \u00e9s speci\u00e1lis k\u00e9szs\u00e9gekkel rendelkezik a nemzetk\u00f6zi utaz\u00e1shoz sz\u00fcks\u00e9ges t\u00e1rgyak csomagol\u00e1s\u00e1hoz.<\/p>\n<p>Weboldal: <a href=\"http:\/\/www.safewayintlshipping.com\" target=\"_blank\" rel=\"noopener\">http:\/\/www.safewayintlshipping.com<\/a><\/p>\n<h2><span class=\"ez-toc-section\" id=\"12_Thames_Shipping\"><\/span><strong>12. Temze Haj\u00f3z\u00e1s<\/strong><span class=\"ez-toc-section-end\"><\/span><\/h2>\n<p><img loading=\"lazy\" decoding=\"async\" class=\"alignnone size-full wp-image-10194\" src=\"https:\/\/moverdb.com\/wp-content\/uploads\/Thames-Shipping-international-moving-company.png\" alt=\"Thames Shipping nemzetk\u00f6zi k\u00f6lt\u00f6ztet\u0151 c\u00e9g\" width=\"1440\" height=\"683\" data-wp-pid=\"10194\" srcset=\"https:\/\/moverdb.com\/wp-content\/uploads\/Thames-Shipping-international-moving-company.png 1440w, https:\/\/moverdb.com\/wp-content\/uploads\/Thames-Shipping-international-moving-company-300x142.png 300w, https:\/\/moverdb.com\/wp-content\/uploads\/Thames-Shipping-international-moving-company-1024x486.png 1024w, https:\/\/moverdb.com\/wp-content\/uploads\/Thames-Shipping-international-moving-company-18x9.png 18w, https:\/\/moverdb.com\/wp-content\/uploads\/Thames-Shipping-international-moving-company-600x285.png 600w\" sizes=\"auto, (max-width: 1440px) 100vw, 1440px\" \/><\/p>\n<ul>\n<li>Nemzeti \u00e1thelyez\u00e9sek<\/li>\n<li>Nemzetk\u00f6zi \u00e1thelyez\u00e9sek<\/li>\n<li>Otthoni k\u00f6lt\u00f6z\u00e9sek<\/li>\n<li>Irodai \u00e9s ipari k\u00f6lt\u00f6ztet\u00e9s<\/li>\n<li>H\u00e1zt\u00f3l-h\u00e1zig szolg\u00e1ltat\u00e1s<\/li>\n<li>Csomagol\u00e1si szolg\u00e1ltat\u00e1s<\/li>\n<li>Sz\u00e1razf\u00f6ldi, l\u00e9gi \u00e9s tengeri \u00e1rusz\u00e1ll\u00edt\u00e1s<\/li>\n<li>Kont\u00e9ner opci\u00f3k<\/li>\n<li>V\u00e1mkezel\u00e9s<\/li>\n<li>R\u00f6vid \u00e9s hossz\u00fa t\u00e1v\u00fa t\u00e1rol\u00e1si lehet\u0151s\u00e9gek<\/li>\n<\/ul>\n<p>A Thames Shipping egy 1994-ben alap\u00edtott, Dubaib\u00f3l \u00e9s Abu Dhabib\u00f3l m\u0171k\u00f6d\u0151 sz\u00e1ll\u00edtm\u00e1nyoz\u00e1si \u00e9s k\u00f6lt\u00f6ztet\u00e9si v\u00e1llalat. Az IAM tagjak\u00e9nt 29 \u00e9ves tags\u00e1ggal rendelkeznek, ez a tags\u00e1g hozz\u00e1f\u00e9r\u00e9st biztos\u00edt sz\u00e1mukra a k\u00f6lt\u00f6ztet\u0151 c\u00e9gek nemzetk\u00f6zi h\u00e1l\u00f3zat\u00e1hoz, amely az eg\u00e9sz vil\u00e1gon t\u00e1mogatni tudja \u0151ket.<\/p>\n<p>A Thames Shipping szem\u00e9lyre szabott \u00e9s \u00e1tfog\u00f3 k\u00f6lt\u00f6ztet\u00e9si szolg\u00e1ltat\u00e1sokat k\u00edn\u00e1l lak\u00e1sok, irod\u00e1k \u00e9s ipari v\u00e1llalatok sz\u00e1m\u00e1ra h\u00e1zt\u00f3l-h\u00e1zig szolg\u00e1ltat\u00e1ssal. Professzion\u00e1lis csomagol\u00f3ik k\u00e9pzettek, hogy min\u0151s\u00e9gi csomagol\u00f3anyagok haszn\u00e1lat\u00e1val megv\u00e9dj\u00e9k t\u00e1rgyait. Olyan sz\u00e1ll\u00edt\u00e1si lehet\u0151s\u00e9geket k\u00edn\u00e1lnak, amelyek magukban foglalj\u00e1k a sz\u00e1razf\u00f6ldi, l\u00e9gi \u00e9s tengeri sz\u00e1ll\u00edt\u00e1sokat, mint p\u00e9ld\u00e1ul a teljes kont\u00e9nerrakom\u00e1nyok \u00e9s a kont\u00e9nern\u00e9l kisebb rakom\u00e1nyok.<\/p>\n<p>Weboldal: <a href=\"http:\/\/www.thamesshippingintl.com\" target=\"_blank\" rel=\"noopener\">http:\/\/www.thamesshippingintl.com<\/a><\/p>\n<h2><span class=\"ez-toc-section\" id=\"13_The_Box\"><\/span><strong>13. A doboz<\/strong><span class=\"ez-toc-section-end\"><\/span><\/h2>\n<p><img loading=\"lazy\" decoding=\"async\" class=\"alignnone size-full wp-image-10195\" src=\"https:\/\/moverdb.com\/wp-content\/uploads\/The-Box-international-moving-company.png\" alt=\"The Box nemzetk\u00f6zi k\u00f6lt\u00f6ztet\u0151 c\u00e9g\" width=\"1440\" height=\"683\" data-wp-pid=\"10195\" srcset=\"https:\/\/moverdb.com\/wp-content\/uploads\/The-Box-international-moving-company.png 1440w, https:\/\/moverdb.com\/wp-content\/uploads\/The-Box-international-moving-company-300x142.png 300w, https:\/\/moverdb.com\/wp-content\/uploads\/The-Box-international-moving-company-1024x486.png 1024w, https:\/\/moverdb.com\/wp-content\/uploads\/The-Box-international-moving-company-18x9.png 18w, https:\/\/moverdb.com\/wp-content\/uploads\/The-Box-international-moving-company-600x285.png 600w\" sizes=\"auto, (max-width: 1440px) 100vw, 1440px\" \/><\/p>\n<ul>\n<li>Helyi k\u00f6lt\u00f6z\u00e9sek<\/li>\n<li>Nemzetk\u00f6zi k\u00f6lt\u00f6z\u00e9sek<\/li>\n<li>H\u00e1ztart\u00e1si k\u00f6lt\u00f6z\u00e9sek<\/li>\n<li>Irod\u00e1k \u00e1thelyez\u00e9se<\/li>\n<li>H\u00e1zt\u00f3l-h\u00e1zig szolg\u00e1ltat\u00e1s<\/li>\n<li>Csomagol\u00e1si lehet\u0151s\u00e9gek<\/li>\n<li>Sz\u00e1ll\u00edt\u00e1si meg\u00e1llapod\u00e1sok<\/li>\n<li>Ezermester szolg\u00e1ltat\u00e1s<\/li>\n<li>Biztos\u00edt\u00e1s<\/li>\n<li>Biztons\u00e1gos t\u00e1rol\u00e1si megold\u00e1sok<\/li>\n<\/ul>\n<p>A Box egy 2007-ben alap\u00edtott k\u00f6lt\u00f6ztet\u0151 \u00e9s rakt\u00e1roz\u00e1si c\u00e9g, amely az Egyes\u00fclt Arab Em\u00edrs\u00e9gekben, Dubaiban \u00e9s Abu Dhabiban, valamint Bejr\u00fatban rendelkezik telephellyel. Az IAM tagja, 16 \u00e9ves szolg\u00e1lati id\u0151vel, ami a k\u00f6lt\u00f6ztet\u0151 c\u00e9gek nemzetk\u00f6zi h\u00e1l\u00f3zat\u00e1t k\u00edn\u00e1lja sz\u00e1mukra, amellyel egy\u00fctt dolgozhatnak.<\/p>\n<p>A The Box olyan k\u00f6lt\u00f6z\u00e9si megold\u00e1st k\u00edn\u00e1l azok sz\u00e1m\u00e1ra, akiknek az \u00faj otthona m\u00e9g nincs k\u00e9sz, \u00edgy az \u00d6n holmij\u00e1t a rakt\u00e1rukba k\u00f6lt\u00f6ztetik, \u00e9s addig vigy\u00e1znak r\u00e1, am\u00edg az \u00faj otthona k\u00e9szen nem \u00e1ll, majd elsz\u00e1ll\u00edtj\u00e1k \u00d6nnek. \u00d6n\u00e1ll\u00f3 k\u00f6lt\u00f6z\u00e9si lehet\u0151s\u00e9get is k\u00edn\u00e1lnak. Az ingatlan felm\u00e9r\u00e9s\u00e9vel \u00e9s az \u00d6n ig\u00e9nyeinek meg\u00e1llap\u00edt\u00e1s\u00e1val kezdik, hogy a k\u00f6lt\u00f6ztet\u00e9s minden l\u00e9p\u00e9s\u00e9t h\u00e1zt\u00f3l-h\u00e1zig lebonyol\u00edthass\u00e1k.<\/p>\n<p>Weboldal: <a href=\"http:\/\/theboxme.com\" target=\"_blank\" rel=\"noopener\">http:\/\/theboxme.com<\/a><\/p>\n<h2><span class=\"ez-toc-section\" id=\"14_Union_Movers\"><\/span><strong>14. Uni\u00f3s k\u00f6lt\u00f6ztet\u0151k<\/strong><span class=\"ez-toc-section-end\"><\/span><\/h2>\n<p><img loading=\"lazy\" decoding=\"async\" class=\"alignnone size-full wp-image-10200\" src=\"https:\/\/moverdb.com\/wp-content\/uploads\/Union-Movers-international-moving-company.png\" alt=\"Union Movers nemzetk\u00f6zi k\u00f6lt\u00f6ztet\u0151 c\u00e9g\" width=\"1440\" height=\"678\" data-wp-pid=\"10200\" srcset=\"https:\/\/moverdb.com\/wp-content\/uploads\/Union-Movers-international-moving-company.png 1440w, https:\/\/moverdb.com\/wp-content\/uploads\/Union-Movers-international-moving-company-300x141.png 300w, https:\/\/moverdb.com\/wp-content\/uploads\/Union-Movers-international-moving-company-1024x482.png 1024w, https:\/\/moverdb.com\/wp-content\/uploads\/Union-Movers-international-moving-company-18x8.png 18w, https:\/\/moverdb.com\/wp-content\/uploads\/Union-Movers-international-moving-company-600x283.png 600w\" sizes=\"auto, (max-width: 1440px) 100vw, 1440px\" \/><\/p>\n<ul>\n<li>Helyi k\u00f6lt\u00f6z\u00e9sek<\/li>\n<li>Nemzetk\u00f6zi k\u00f6lt\u00f6z\u00e9sek<\/li>\n<li>H\u00e1ztart\u00e1si k\u00f6lt\u00f6z\u00e9sek<\/li>\n<li>Irod\u00e1k \u00e1thelyez\u00e9se<\/li>\n<li>H\u00e1zt\u00f3l-h\u00e1zig szolg\u00e1ltat\u00e1s<\/li>\n<li>Egyetlen kapcsolattart\u00f3 pont<\/li>\n<li>Csomagol\u00e1si szolg\u00e1ltat\u00e1s<\/li>\n<li>V\u00e1mkezel\u00e9s<\/li>\n<li>Ezermester szolg\u00e1ltat\u00e1s<\/li>\n<li>R\u00f6vid \u00e9s hossz\u00fa t\u00e1v\u00fa t\u00e1rol\u00e1si szolg\u00e1ltat\u00e1sok<\/li>\n<\/ul>\n<p>Az Union Movers egy 1999-ben alakult helyi \u00e9s nemzetk\u00f6zi k\u00f6lt\u00f6ztet\u0151 c\u00e9g, amely Dubaiban, Abu Dhabiban \u00e9s Sharjahban van jelen. Er\u0151s glob\u00e1lis h\u00e1l\u00f3zattal rendelkeznek tan\u00fas\u00edtott k\u00f6lt\u00f6ztet\u0151 \u00e9s logisztikai c\u00e9gekb\u0151l, amelyek lehet\u0151v\u00e9 teszik sz\u00e1mukra, hogy az eg\u00e9sz vil\u00e1gon szolg\u00e1ltat\u00e1sokat ny\u00fajtsanak. Tagjai az IAM-nek, \u00e9s 24 \u00e9ves szolg\u00e1lati id\u0151vel rendelkeznek.<\/p>\n<p>Az Union Movers egy k\u00f6lt\u00f6z\u00e9s el\u0151tti felm\u00e9r\u00e9st k\u00edn\u00e1l, hogy meg\u00e1llap\u00edtsa az \u00d6n ig\u00e9nyeit, \u00e9s a leghat\u00e9konyabb \u00e9s leggazdas\u00e1gosabb, az \u00d6n ig\u00e9nyeihez igazod\u00f3 szolg\u00e1ltat\u00e1st ny\u00fajtsa. Egyetlen kapcsolattart\u00e1si pontot biztos\u00edtanak, amely t\u00e1mogatja \u00d6nt a k\u00f6lt\u00f6z\u00e9s sor\u00e1n. Szak\u00e9rt\u0151 csomagol\u00f3kat biztos\u00edtanak, akik min\u0151s\u00e9gi csomagol\u00f3anyagokat haszn\u00e1lnak, sz\u00e9tszerelik \u00e9s \u00f6sszeszerelik a b\u00fatorokat.<\/p>\n<p>Weboldal: <a href=\"http:\/\/www.unionmovers.ae\" target=\"_blank\" rel=\"noopener\">http:\/\/www.unionmovers.ae<\/a><\/p>\n<h2><span class=\"ez-toc-section\" id=\"15_Rajab_Xpress\"><\/span><strong>15. Rajab Xpress<\/strong><span class=\"ez-toc-section-end\"><\/span><\/h2>\n<p><img loading=\"lazy\" decoding=\"async\" class=\"alignnone size-full wp-image-10173\" src=\"https:\/\/moverdb.com\/wp-content\/uploads\/Rajab-Xpress-international-moving-company.png\" alt=\"Rajab Xpress nemzetk\u00f6zi k\u00f6lt\u00f6ztet\u0151 c\u00e9g\" width=\"1440\" height=\"682\" data-wp-pid=\"10173\" srcset=\"https:\/\/moverdb.com\/wp-content\/uploads\/Rajab-Xpress-international-moving-company.png 1440w, https:\/\/moverdb.com\/wp-content\/uploads\/Rajab-Xpress-international-moving-company-300x142.png 300w, https:\/\/moverdb.com\/wp-content\/uploads\/Rajab-Xpress-international-moving-company-1024x485.png 1024w, https:\/\/moverdb.com\/wp-content\/uploads\/Rajab-Xpress-international-moving-company-18x9.png 18w, https:\/\/moverdb.com\/wp-content\/uploads\/Rajab-Xpress-international-moving-company-600x284.png 600w\" sizes=\"auto, (max-width: 1440px) 100vw, 1440px\" \/><\/p>\n<ul>\n<li>Nemzeti l\u00e9p\u00e9sek<\/li>\n<li>Nemzetk\u00f6zi k\u00f6lt\u00f6z\u00e9sek<\/li>\n<li>H\u00e1ztart\u00e1s \u00e1thelyez\u00e9se<\/li>\n<li>Irod\u00e1k \u00e1thelyez\u00e9se<\/li>\n<li>H\u00e1zr\u00f3l h\u00e1zra \u00e9s h\u00e1zr\u00f3l h\u00e1zra<a href=\"https:\/\/moverdb.com\/hu\/top-49-container-ports\/\" data-internallinksmanager029f6b8e52c=\"80\" title=\"Top 49 legnagyobb \u00e9s legforgalmasabb kont\u00e9nerkik\u00f6t\u0151 2025-ben\">port<\/a><\/li>\n<li>Csomagol\u00e1si szolg\u00e1ltat\u00e1s<\/li>\n<li>Sz\u00e1razf\u00f6ldi, tengeri \u00e9s l\u00e9gi sz\u00e1ll\u00edtm\u00e1nyok<\/li>\n<li>V\u00e1mkezel\u00e9s<\/li>\n<li>Biztos\u00edt\u00e1s<\/li>\n<li>Biztons\u00e1gos t\u00e1rol\u00e1s<\/li>\n<\/ul>\n<p>Rajab Xpress egy nemzetk\u00f6zi <a href=\"https:\/\/moverdb.com\/hu\/freight-forwarder\/\" data-internallinksmanager029f6b8e52c=\"17\" title=\"Sz\u00e1ll\u00edtm\u00e1nyoz\u00f3 \u00e9s NVOCC nemzetk\u00f6zi k\u00f6lts\u00e9g \u00e9s c\u00e9gek \u00fatmutat\u00f3ja\">sz\u00e1ll\u00edtm\u00e1nyoz\u00f3<\/a> 2001-ben alap\u00edtott\u00e1k, sz\u00e9khelye Abu-Dzabiban tal\u00e1lhat\u00f3. Az IAM 19 \u00e9ves tags\u00e1ggal rendelkezik, ami hozz\u00e1f\u00e9r\u00e9st biztos\u00edt sz\u00e1mukra a k\u00f6lt\u00f6ztet\u0151 c\u00e9gek vil\u00e1gm\u00e9ret\u0171 h\u00e1l\u00f3zat\u00e1hoz.<\/p>\n<p>A Rajab Xpress szem\u00e9lyre szabott k\u00f6lt\u00f6ztet\u00e9si szolg\u00e1ltat\u00e1sokat k\u00edn\u00e1l, amelyek h\u00e1zt\u00f3l-h\u00e1zig vagy h\u00e1zt\u00f3l-kik\u00f6t\u0151ig szolg\u00e1ltat\u00e1st ny\u00fajtanak. Professzion\u00e1lis csomagol\u00f3csapatot biztos\u00edtanak, amely az \u00d6n t\u00e1rgyait az utaz\u00e1si m\u00f3dnak \u00e9s t\u00e1vols\u00e1gnak megfelel\u0151en csomagolja be. A sz\u00e1ll\u00edt\u00e1si szolg\u00e1ltat\u00e1sok k\u00f6z\u00e9 tartozik a k\u00f6z\u00fati, l\u00e9gi \u00e9s tengeri sz\u00e1ll\u00edt\u00e1s, kevesebb mint kont\u00e9nerterhel\u00e9ssel \u00e9s teljes kont\u00e9nerterhel\u00e9ssel. Az import \u00e9s export v\u00e1mkezel\u00e9s\u00e9t is \u0151k v\u00e9gzik, \u00e9s biztos\u00edt\u00e1st is tudnak ny\u00fajtani.<\/p>\n<p>Weboldal: <a href=\"http:\/\/www.rajabxpress.com\" target=\"_blank\" rel=\"noopener\">http:\/\/www.rajabxpress.com<\/a><\/p>\n<h2><span class=\"ez-toc-section\" id=\"16_Adore_Freight\"><\/span><strong>16. Adore Freight<\/strong><span class=\"ez-toc-section-end\"><\/span><\/h2>\n<p><img loading=\"lazy\" decoding=\"async\" class=\"alignnone size-full wp-image-10067\" src=\"https:\/\/moverdb.com\/wp-content\/uploads\/Adore-Freight-international-moving-company.png\" alt=\"Adore Freight nemzetk\u00f6zi k\u00f6lt\u00f6ztet\u0151 c\u00e9g\" width=\"1440\" height=\"678\" data-wp-pid=\"10067\" srcset=\"https:\/\/moverdb.com\/wp-content\/uploads\/Adore-Freight-international-moving-company.png 1440w, https:\/\/moverdb.com\/wp-content\/uploads\/Adore-Freight-international-moving-company-300x141.png 300w, https:\/\/moverdb.com\/wp-content\/uploads\/Adore-Freight-international-moving-company-1024x482.png 1024w, https:\/\/moverdb.com\/wp-content\/uploads\/Adore-Freight-international-moving-company-18x8.png 18w, https:\/\/moverdb.com\/wp-content\/uploads\/Adore-Freight-international-moving-company-600x283.png 600w\" sizes=\"auto, (max-width: 1440px) 100vw, 1440px\" \/><\/p>\n<ul>\n<li>Helyi \u00e1thelyez\u00e9sek<\/li>\n<li>Nemzetk\u00f6zi \u00e1thelyez\u00e9sek<\/li>\n<li>H\u00e1ztart\u00e1s \u00e1thelyez\u00e9se<\/li>\n<li>Irod\u00e1k \u00e1thelyez\u00e9se<\/li>\n<li>H\u00e1zt\u00f3l-h\u00e1zig szolg\u00e1ltat\u00e1s<\/li>\n<li>Sz\u00e1ll\u00edt\u00e1si meg\u00e1llapod\u00e1sok<\/li>\n<li>V\u00e1m\u00fcgyn\u00f6ki tev\u00e9kenys\u00e9g<\/li>\n<li>J\u00e1rm\u0171 \u00e1thelyez\u00e9sek<\/li>\n<li>C\u00e9l\u00e1llom\u00e1si szolg\u00e1ltat\u00e1sok<\/li>\n<li>Rakt\u00e1roz\u00e1si lehet\u0151s\u00e9gek<\/li>\n<\/ul>\n<p>Az Adore Freight egy nemzetk\u00f6zi logisztikai \u00e9s k\u00f6lt\u00f6ztet\u00e9si v\u00e1llalat, amelynek sz\u00e9khelye Dubaiban tal\u00e1lhat\u00f3. Az IAM tagjak\u00e9nt nyolc\u00e9ves szolg\u00e1lati id\u0151vel rendelkeznek, ami hozz\u00e1f\u00e9r\u00e9st biztos\u00edt sz\u00e1mukra a k\u00f6lt\u00f6ztet\u0151 c\u00e9gek nemzetk\u00f6zi h\u00e1l\u00f3zat\u00e1hoz a vil\u00e1gm\u00e9ret\u0171 k\u00f6lt\u00f6ztet\u00e9sek t\u00e1mogat\u00e1sa \u00e9rdek\u00e9ben.<\/p>\n<p>Az Adore Freight helyi \u00e9s nemzetk\u00f6zi k\u00f6lt\u00f6ztet\u00e9si szolg\u00e1ltat\u00e1sokat k\u00edn\u00e1l h\u00e1zt\u00f3l-h\u00e1zig alapon, \u00e9s a k\u00f6lt\u00f6z\u00e9s minden aspektus\u00e1t egy k\u00f6lt\u00f6z\u00e9si koordin\u00e1tor t\u00e1mogat\u00e1s\u00e1val kezeli. K\u00f6lt\u00f6z\u00e9s el\u0151tti felm\u00e9r\u00e9st k\u00edn\u00e1lnak, hogy felm\u00e9rj\u00e9k az \u00d6n ig\u00e9nyeit, \u00e9s tan\u00e1csot adnak a csomagol\u00e1ssal, sz\u00e1ll\u00edt\u00e1ssal, biztos\u00edt\u00e1ssal \u00e9s v\u00e1mokkal kapcsolatban. Tov\u00e1bbi szolg\u00e1ltat\u00e1sokat k\u00edn\u00e1lnak, t\u00f6bbek k\u00f6z\u00f6tt ezermester-szolg\u00e1ltat\u00e1sokat, j\u00e1rm\u0171\u00e1tk\u00f6lt\u00f6ztet\u00e9st, c\u00e9l\u00e1llom\u00e1s-szolg\u00e1ltat\u00e1sokat \u00e9s rakt\u00e1roz\u00e1si lehet\u0151s\u00e9geket.<\/p>\n<p>Weboldal: <a href=\"http:\/\/www.adorefreight.com\" target=\"_blank\" rel=\"noopener\">http:\/\/www.adorefreight.com<\/a><\/p>\n<h2><span class=\"ez-toc-section\" id=\"17_Aeon_Shipping\"><\/span><strong>17. Aeon Shipping<\/strong><span class=\"ez-toc-section-end\"><\/span><\/h2>\n<p><img loading=\"lazy\" decoding=\"async\" class=\"alignnone size-full wp-image-10068\" src=\"https:\/\/moverdb.com\/wp-content\/uploads\/Aeon-Shipping-international-moving-company.png\" alt=\"Aeon Shipping nemzetk\u00f6zi k\u00f6lt\u00f6ztet\u0151 c\u00e9g\" width=\"1440\" height=\"678\" data-wp-pid=\"10068\" srcset=\"https:\/\/moverdb.com\/wp-content\/uploads\/Aeon-Shipping-international-moving-company.png 1440w, https:\/\/moverdb.com\/wp-content\/uploads\/Aeon-Shipping-international-moving-company-300x141.png 300w, https:\/\/moverdb.com\/wp-content\/uploads\/Aeon-Shipping-international-moving-company-1024x482.png 1024w, https:\/\/moverdb.com\/wp-content\/uploads\/Aeon-Shipping-international-moving-company-18x8.png 18w, https:\/\/moverdb.com\/wp-content\/uploads\/Aeon-Shipping-international-moving-company-600x283.png 600w\" sizes=\"auto, (max-width: 1440px) 100vw, 1440px\" \/><\/p>\n<ul>\n<li>Nemzeti l\u00e9p\u00e9sek<\/li>\n<li>Nemzetk\u00f6zi k\u00f6lt\u00f6z\u00e9sek<\/li>\n<li>H\u00e1ztart\u00e1si k\u00f6lt\u00f6z\u00e9sek<\/li>\n<li>Teljes k\u00f6r\u0171 sz\u00e1ll\u00edt\u00e1si lehet\u0151s\u00e9gek<\/li>\n<li>Csomagol\u00e1si szolg\u00e1ltat\u00e1s<\/li>\n<li>K\u00f6z\u00fati, tengeri \u00e9s l\u00e9gi sz\u00e1ll\u00edtm\u00e1nyoz\u00e1s<\/li>\n<li>V\u00e1mkezel\u00e9s<\/li>\n<li>H\u00e1zi\u00e1llat \u00e1thelyez\u00e9s<\/li>\n<li>Aut\u00f3, motorker\u00e9kp\u00e1r \u00e9s haj\u00f3 sz\u00e1ll\u00edt\u00e1sa<\/li>\n<li>Rakt\u00e1roz\u00e1si lehet\u0151s\u00e9gek<\/li>\n<\/ul>\n<p>Az Aeon Shipping egy nemzetk\u00f6zi k\u00f6lt\u00f6ztet\u0151 \u00e9s aut\u00f3s <a href=\"https:\/\/moverdb.com\/hu\/shipping-companies\/\" data-internallinksmanager029f6b8e52c=\"4\" title=\"Top 10 nemzetk\u00f6zi kont\u00e9nersz\u00e1ll\u00edt\u00f3 c\u00e9gek\">haj\u00f3z\u00e1si v\u00e1llalat<\/a> Dubaiban tal\u00e1lhat\u00f3, \u00e9s t\u00f6bb mint 130 orsz\u00e1got szolg\u00e1l ki. Nemzetk\u00f6zi k\u00f6lt\u00f6ztet\u0151 c\u00e9gek kiterjedt h\u00e1l\u00f3zat\u00e1val rendelkeznek, amelyek seg\u00edts\u00e9get ny\u00fajthatnak a Dubaiba \u00e9s Dubaib\u00f3l t\u00f6rt\u00e9n\u0151 sz\u00e1ll\u00edt\u00e1si szolg\u00e1ltat\u00e1sokban. Tagjai az IAM-nek 10 \u00e9ves szolg\u00e1lati id\u0151vel.<\/p>\n<p>Az Aeon Shipping teljes k\u00f6r\u0171 k\u00f6lt\u00f6ztet\u00e9si szolg\u00e1ltat\u00e1st k\u00edn\u00e1l, amely a h\u00e1ztart\u00e1si cikkek, h\u00e1zi\u00e1llatok, aut\u00f3k, motorker\u00e9kp\u00e1rok \u00e9s haj\u00f3k k\u00f6lt\u00f6ztet\u00e9s\u00e9nek minden aspektus\u00e1t k\u00e9pes kezelni. Sz\u00e1mos tan\u00e1csot \u00e9s t\u00e1mogat\u00e1st ny\u00fajtanak a v\u00e1mokkal, ad\u00f3kkal, csomagol\u00e1ssal \u00e9s egyebekkel kapcsolatban. Csomagol\u00e1si szolg\u00e1ltat\u00e1sokat ny\u00fajtanak a holmik biztons\u00e1ga \u00e9rdek\u00e9ben, \u00e9s megszervezik a k\u00f6z\u00fati, tengeri \u00e9s l\u00e9gi sz\u00e1ll\u00edt\u00e1st v\u00e1mkezel\u00e9ssel egy\u00fctt.<\/p>\n<p>Weboldal: <a href=\"https:\/\/www.aeon-shipping.com\" target=\"_blank\" rel=\"noopener\">https:\/\/www.aeon-shipping.com<\/a><\/p>\n<h2><span class=\"ez-toc-section\" id=\"18_Air_Sea_Logistics\"><\/span><strong>18. L\u00e9gi \u00e9s tengeri logisztika<\/strong><span class=\"ez-toc-section-end\"><\/span><\/h2>\n<p><img loading=\"lazy\" decoding=\"async\" class=\"alignnone size-full wp-image-10069\" src=\"https:\/\/moverdb.com\/wp-content\/uploads\/Air-Sea-Logistics-international-moving-company.png\" alt=\"Air &amp; Sea Logistics nemzetk\u00f6zi k\u00f6lt\u00f6ztet\u0151 c\u00e9g\" width=\"1440\" height=\"677\" data-wp-pid=\"10069\" srcset=\"https:\/\/moverdb.com\/wp-content\/uploads\/Air-Sea-Logistics-international-moving-company.png 1440w, https:\/\/moverdb.com\/wp-content\/uploads\/Air-Sea-Logistics-international-moving-company-300x141.png 300w, https:\/\/moverdb.com\/wp-content\/uploads\/Air-Sea-Logistics-international-moving-company-1024x481.png 1024w, https:\/\/moverdb.com\/wp-content\/uploads\/Air-Sea-Logistics-international-moving-company-18x8.png 18w, https:\/\/moverdb.com\/wp-content\/uploads\/Air-Sea-Logistics-international-moving-company-600x282.png 600w\" sizes=\"auto, (max-width: 1440px) 100vw, 1440px\" \/><\/p>\n<ul>\n<li>Nemzeti \u00e1thelyez\u00e9sek<\/li>\n<li>Nemzetk\u00f6zi \u00e1thelyez\u00e9sek<\/li>\n<li>H\u00e1ztart\u00e1s \u00e1thelyez\u00e9se<\/li>\n<li>Irod\u00e1k \u00e1thelyez\u00e9se<\/li>\n<li>Csomagol\u00e1si szolg\u00e1ltat\u00e1sok<\/li>\n<li>K\u00f6z\u00fati, tengeri \u00e9s l\u00e9gi sz\u00e1ll\u00edtm\u00e1nyoz\u00e1s<\/li>\n<li>V\u00e1mkezel\u00e9s<\/li>\n<li>C\u00e9l\u00e1llom\u00e1si logisztika<\/li>\n<li>Biztos\u00edt\u00e1s<\/li>\n<li>Rakt\u00e1roz\u00e1si lehet\u0151s\u00e9gek<\/li>\n<\/ul>\n<p>Az Air &amp; Sea Logistics egy 2006-ban alap\u00edtott glob\u00e1lis sz\u00e1ll\u00edtm\u00e1nyoz\u00f3 \u00e9s logisztikai v\u00e1llalat, amelynek sz\u00e9khelye Dubaiban tal\u00e1lhat\u00f3. Sz\u00e1ll\u00edtm\u00e1nyoz\u00f3 c\u00e9gek h\u00e1l\u00f3zat\u00e1val rendelkeznek, amelyek nemzetk\u00f6zi szolg\u00e1ltat\u00e1sokkal t\u00e1mogatj\u00e1k \u0151ket. Az IAM tagjak\u00e9nt 17 \u00e9ves szolg\u00e1lati id\u0151vel rendelkeznek.<\/p>\n<p>Az Air &amp; Sea Logistics szem\u00e9lyre szabott k\u00f6lt\u00f6ztet\u00e9sszervez\u00e9si szolg\u00e1ltat\u00e1st k\u00edn\u00e1l h\u00e1ztart\u00e1sok \u00e9s irodai k\u00f6lt\u00f6ztet\u00e9sek sz\u00e1m\u00e1ra, amely a k\u00f6lt\u00f6z\u00e9s el\u0151tti felm\u00e9r\u00e9ssel kezd\u0151dik. Csomagol\u00e1si szolg\u00e1ltat\u00e1st ny\u00fajtanak, amely megv\u00e9di az \u00d6n holmij\u00e1t, valamint lelt\u00e1rt \u00e9s c\u00edmk\u00e9z\u00e9st k\u00e9sz\u00edt a t\u00e1rgyakr\u00f3l. Megszervezik a sz\u00e1ll\u00edt\u00e1st biztos\u00edt\u00e1ssal, v\u00e1mkezel\u00e9ssel \u00e9s dokument\u00e1ci\u00f3val egy\u00fctt. \u00c9rkez\u00e9skor seg\u00edtenek kicsomagolni \u00e9s berendezni otthon\u00e1t.<\/p>\n<p>Weboldal: <a href=\"http:\/\/www.airsealogistics-me.com\" target=\"_blank\" rel=\"noopener\">http:\/\/www.airsealogistics-me.com<\/a><\/p>\n<h2><span class=\"ez-toc-section\" id=\"19_Airtrans_Cargo\"><\/span><strong>19. Airtrans Cargo<\/strong><span class=\"ez-toc-section-end\"><\/span><\/h2>\n<p><img loading=\"lazy\" decoding=\"async\" class=\"alignnone size-full wp-image-10070\" src=\"https:\/\/moverdb.com\/wp-content\/uploads\/Airtrans-Cargo-international-moving-company.png\" alt=\"Airtrans Cargo nemzetk\u00f6zi k\u00f6lt\u00f6ztet\u0151 c\u00e9g\" width=\"1440\" height=\"680\" data-wp-pid=\"10070\" srcset=\"https:\/\/moverdb.com\/wp-content\/uploads\/Airtrans-Cargo-international-moving-company.png 1440w, https:\/\/moverdb.com\/wp-content\/uploads\/Airtrans-Cargo-international-moving-company-300x142.png 300w, https:\/\/moverdb.com\/wp-content\/uploads\/Airtrans-Cargo-international-moving-company-1024x484.png 1024w, https:\/\/moverdb.com\/wp-content\/uploads\/Airtrans-Cargo-international-moving-company-18x9.png 18w, https:\/\/moverdb.com\/wp-content\/uploads\/Airtrans-Cargo-international-moving-company-600x283.png 600w\" sizes=\"auto, (max-width: 1440px) 100vw, 1440px\" \/><\/p>\n<ul>\n<li>Helyi k\u00f6lt\u00f6z\u00e9sek<\/li>\n<li>Nemzetk\u00f6zi k\u00f6lt\u00f6z\u00e9sek<\/li>\n<li>H\u00e1ztart\u00e1si k\u00f6lt\u00f6z\u00e9sek<\/li>\n<li>Kereskedelmi szolg\u00e1ltat\u00e1sok<\/li>\n<li>H\u00e1zt\u00f3l-h\u00e1zig szolg\u00e1ltat\u00e1s<\/li>\n<li>K\u00f6lts\u00e9ghat\u00e9kony sz\u00e1ll\u00edt\u00e1s<\/li>\n<li>L\u00e9gi, tengeri \u00e9s sz\u00e1razf\u00f6ldi sz\u00e1ll\u00edt\u00e1s<\/li>\n<li>Tart\u00e1lyok v\u00e1laszt\u00e9ka<\/li>\n<li>V\u00e1mkezel\u00e9s<\/li>\n<li>Rakt\u00e1roz\u00e1si lehet\u0151s\u00e9gek<\/li>\n<\/ul>\n<p>Az Airtrans Cargo egy 2011-ben alap\u00edtott sz\u00e1ll\u00edtm\u00e1nyoz\u00e1si \u00e9s logisztikai v\u00e1llalat, amely Dubaiban tal\u00e1lhat\u00f3, \u00e9s irod\u00e1val rendelkezik Dubajban is. <a href=\"https:\/\/moverdb.com\/hu\/moving-to-singapore\/\" data-internallinksmanager029f6b8e52c=\"68\" title=\"Szingap\u00farba k\u00f6lt\u00f6zik? 2022 \u00c9letk\u00f6lts\u00e9gek \u00e9s k\u00f6lt\u00f6z\u00e9si tippek\">Szingap\u00far<\/a>. Minden nagyobb l\u00e9gi \u00e9s tengeri fuvaroz\u00f3val szerz\u0151d\u00e9st k\u00f6t\u00f6ttek, \u00e9s szolg\u00e1ltat\u00e1saik ny\u00fajt\u00e1s\u00e1hoz k\u00f6lt\u00f6ztet\u0151 \u00fcgyn\u00f6k\u00f6k h\u00e1l\u00f3zata \u00e1ll rendelkez\u00e9s\u00fckre. Tagjai az IAM-nek 12 \u00e9ves szolg\u00e1lati id\u0151vel.<\/p>\n<p>Az Airtrans Cargo \u00fcgyf\u00e9lmenedzserei egy\u00fcttm\u0171k\u00f6dnek \u00d6nnel a legk\u00f6lts\u00e9ghat\u00e9konyabb sz\u00e1ll\u00edt\u00e1si m\u00f3dszerek kiv\u00e1laszt\u00e1s\u00e1ban. H\u00e1zr\u00f3l h\u00e1zra, h\u00e1zr\u00f3l kik\u00f6t\u0151be vagy rep\u00fcl\u0151t\u00e9rr\u0151l, illetve kik\u00f6t\u0151b\u0151l\/rep\u00fcl\u0151t\u00e9rr\u0151l h\u00e1zra t\u00f6rt\u00e9n\u0151 sz\u00e1ll\u00edt\u00e1st k\u00edn\u00e1lnak. T\u00f6bbf\u00e9le sz\u00e1ll\u00edt\u00e1si lehet\u0151s\u00e9get k\u00edn\u00e1lnak, bele\u00e9rtve a k\u00f6z\u00fati, l\u00e9gi \u00e9s tengeri sz\u00e1ll\u00edt\u00e1st, teljes kont\u00e9nerrakom\u00e1nyokkal \u00e9s kont\u00e9nern\u00e9l kisebb rakom\u00e1nyokkal, valamint k\u00fcl\u00f6nb\u00f6z\u0151 j\u00e1rm\u0171m\u00e9retekkel.<\/p>\n<p>Weboldal: <a href=\"http:\/\/www.airtranscargollc.com\" target=\"_blank\" rel=\"noopener\">http:\/\/www.airtranscargollc.com<\/a><\/p>\n<h2><span class=\"ez-toc-section\" id=\"20_DASA\"><\/span><strong>20. DASA<\/strong><span class=\"ez-toc-section-end\"><\/span><\/h2>\n<p><img loading=\"lazy\" decoding=\"async\" class=\"alignnone size-full wp-image-10098\" src=\"https:\/\/moverdb.com\/wp-content\/uploads\/DASA-international-moving-company.png\" alt=\"DASA nemzetk\u00f6zi k\u00f6lt\u00f6ztet\u0151 c\u00e9g\" width=\"1440\" height=\"683\" data-wp-pid=\"10098\" srcset=\"https:\/\/moverdb.com\/wp-content\/uploads\/DASA-international-moving-company.png 1440w, https:\/\/moverdb.com\/wp-content\/uploads\/DASA-international-moving-company-300x142.png 300w, https:\/\/moverdb.com\/wp-content\/uploads\/DASA-international-moving-company-1024x486.png 1024w, https:\/\/moverdb.com\/wp-content\/uploads\/DASA-international-moving-company-18x9.png 18w, https:\/\/moverdb.com\/wp-content\/uploads\/DASA-international-moving-company-600x285.png 600w\" sizes=\"auto, (max-width: 1440px) 100vw, 1440px\" \/><\/p>\n<ul>\n<li>Nemzeti l\u00e9p\u00e9sek<\/li>\n<li>Nemzetk\u00f6zi \u00e1thelyez\u00e9sek<\/li>\n<li>H\u00e1ztart\u00e1si k\u00f6lt\u00f6z\u00e9sek<\/li>\n<li>Irodai k\u00f6lt\u00f6z\u00e9sek<\/li>\n<li>H\u00e1zt\u00f3l-h\u00e1zig szolg\u00e1ltat\u00e1s<\/li>\n<li>Professzion\u00e1lis csomagol\u00e1si szolg\u00e1ltat\u00e1s<\/li>\n<li>Sz\u00e1ll\u00edt\u00e1si szab\u00e1lyok<\/li>\n<li>H\u00e1zi\u00e1llat \u00e1thelyez\u00e9s<\/li>\n<li>Otthoni \u00e9s iskolai keres\u00e9sek<\/li>\n<li>R\u00f6vid \u00e9s hossz\u00fa t\u00e1v\u00fa t\u00e1rol\u00e1s<\/li>\n<\/ul>\n<p>A DASA egy olyan k\u00f6lt\u00f6ztet\u0151 c\u00e9g, amely a r\u00e9gi\u00f3 egyik legr\u00e9gebben alap\u00edtott, 1979-ben alap\u00edtott, dubaji sz\u00e9khely\u0171 v\u00e1llalata. Egy glob\u00e1lis k\u00f6lt\u00f6ztet\u0151i h\u00e1l\u00f3zat r\u00e9szei, amely lehet\u0151v\u00e9 teszi sz\u00e1mukra, hogy az eg\u00e9sz vil\u00e1gon szolg\u00e1ltat\u00e1sokat ny\u00fajtsanak. Az IAM tagjak\u00e9nt 29 \u00e9ves szolg\u00e1lati id\u0151vel rendelkeznek, \u00e9s a FIDI \u00e1ltal akkredit\u00e1ltak.<\/p>\n<p>A DASA v\u00e9gpontt\u00f3l v\u00e9gpontig tart\u00f3 mobilit\u00e1si szolg\u00e1ltat\u00e1sokat k\u00edn\u00e1l, amelyek az \u00d6n ig\u00e9nyeihez \u00e9s k\u00f6lts\u00e9gvet\u00e9s\u00e9hez igaz\u00edthat\u00f3k. Professzion\u00e1lis csomagol\u00e1si szolg\u00e1ltat\u00e1st ny\u00fajtanak, hogy megv\u00e9dj\u00e9k holmij\u00e1t a sz\u00e1ll\u00edt\u00e1s sor\u00e1n, \u00e9s seg\u00edts\u00e9get ny\u00fajtanak h\u00e1zi\u00e1llatainak mag\u00e1valvitel\u00e9ben is. K\u00f6lt\u00f6z\u00e9si szolg\u00e1ltat\u00e1saik k\u00f6z\u00e9 tartozik az otthon- \u00e9s iskolakeres\u00e9s, a nyelvtanul\u00e1s, a t\u00e1j\u00e9koz\u00f3d\u00e1s \u00e9s a beilleszked\u00e9s t\u00e1mogat\u00e1sa.<\/p>\n<p>Weboldal: <a href=\"http:\/\/www.dasadxb.com\" target=\"_blank\" rel=\"noopener\">http:\/\/www.dasadxb.com<\/a><\/p>\n<h2><span class=\"ez-toc-section\" id=\"21_DTD_Worldwide\"><\/span><strong>21. DTD vil\u00e1gszerte<\/strong><span class=\"ez-toc-section-end\"><\/span><\/h2>\n<p><img loading=\"lazy\" decoding=\"async\" class=\"alignnone size-full wp-image-10103\" src=\"https:\/\/moverdb.com\/wp-content\/uploads\/DTD-Worldwide-international-moving-company.png\" alt=\"DTD Worldwide nemzetk\u00f6zi k\u00f6lt\u00f6ztet\u0151 c\u00e9g\" width=\"1440\" height=\"679\" data-wp-pid=\"10103\" srcset=\"https:\/\/moverdb.com\/wp-content\/uploads\/DTD-Worldwide-international-moving-company.png 1440w, https:\/\/moverdb.com\/wp-content\/uploads\/DTD-Worldwide-international-moving-company-300x141.png 300w, https:\/\/moverdb.com\/wp-content\/uploads\/DTD-Worldwide-international-moving-company-1024x483.png 1024w, https:\/\/moverdb.com\/wp-content\/uploads\/DTD-Worldwide-international-moving-company-18x8.png 18w, https:\/\/moverdb.com\/wp-content\/uploads\/DTD-Worldwide-international-moving-company-600x283.png 600w\" sizes=\"auto, (max-width: 1440px) 100vw, 1440px\" \/><\/p>\n<ul>\n<li>Helyi \u00e9s orsz\u00e1gos k\u00f6lt\u00f6z\u00e9sek<\/li>\n<li>Nemzetk\u00f6zi k\u00f6lt\u00f6z\u00e9sek<\/li>\n<li>H\u00e1ztart\u00e1si k\u00f6lt\u00f6z\u00e9sek<\/li>\n<li>Irod\u00e1k \u00e1thelyez\u00e9se<\/li>\n<li>Csomagol\u00e1si szolg\u00e1ltat\u00e1s<\/li>\n<li>L\u00e9gi, tengeri \u00e9s \u00e1rusz\u00e1ll\u00edt\u00e1s<\/li>\n<li>V\u00e1mkezel\u00e9s<\/li>\n<li>J\u00e1rm\u0171- \u00e9s kis\u00e1llatsz\u00e1ll\u00edt\u00e1s<\/li>\n<li>C\u00e9l\u00e1llom\u00e1si szolg\u00e1ltat\u00e1sok<\/li>\n<li>T\u00e1rol\u00e1si szolg\u00e1ltat\u00e1sok<\/li>\n<\/ul>\n<p>A DTD Worldwide egy dubaji sz\u00e9khely\u0171, t\u00f6bb mint 10 \u00e9ve pr\u00e9mium min\u0151s\u00e9g\u0171 k\u00f6lt\u00f6ztet\u00e9si szolg\u00e1ltat\u00e1sokat ny\u00fajt\u00f3 sz\u00e1ll\u00edtm\u00e1nyoz\u00e1si, logisztikai \u00e9s k\u00f6lt\u00f6ztet\u00e9si v\u00e1llalat. Az IAM tagja 12 \u00e9ves szolg\u00e1lati id\u0151vel, ami hozz\u00e1f\u00e9r\u00e9st biztos\u00edt sz\u00e1mukra a k\u00f6lt\u00f6ztet\u0151 c\u00e9gek nemzetk\u00f6zi h\u00e1l\u00f3zat\u00e1hoz.<\/p>\n<p>A DTD Worldwide k\u00f6lt\u00f6z\u00e9s el\u0151tti felm\u00e9r\u00e9st biztos\u00edt az \u00d6n ig\u00e9nyeinek felm\u00e9r\u00e9s\u00e9hez \u00e9s a k\u00f6lt\u00f6z\u00e9s megtervez\u00e9s\u00e9hez. Seg\u00edtenek a t\u00e1rgyak csomagol\u00e1s\u00e1ban, ami mag\u00e1ban foglalja a t\u00e1rgyak rendszerez\u00e9s\u00e9t, csomagol\u00e1s\u00e1t, c\u00edmk\u00e9z\u00e9s\u00e9t \u00e9s a t\u00f6r\u00e9keny t\u00e1rgyak gondoz\u00e1s\u00e1t. \u00c9rkez\u00e9skor seg\u00edtenek a kicsomagol\u00e1sban \u00e9s az otthon\u00e1nak berendez\u00e9s\u00e9ben. Tov\u00e1bbi szolg\u00e1ltat\u00e1sokat ny\u00fajtanak, amelyek magukban foglalj\u00e1k a h\u00e1zi\u00e1llat-\u00e1thelyez\u00e9st, a j\u00e1rm\u0171sz\u00e1ll\u00edt\u00e1st, az ezermester-szolg\u00e1ltat\u00e1sokat \u00e9s a c\u00e9l\u00e1llom\u00e1s-szolg\u00e1ltat\u00e1sokat.<\/p>\n<p>Weboldal: <a href=\"http:\/\/www.dtdworldwide.com\" target=\"_blank\" rel=\"noopener\">http:\/\/www.dtdworldwide.com<\/a><\/p>\n<h2><span class=\"ez-toc-section\" id=\"22_DULOG_Removals\"><\/span><strong>22. DULOG k\u00f6lt\u00f6ztet\u00e9s<\/strong><span class=\"ez-toc-section-end\"><\/span><\/h2>\n<p><img loading=\"lazy\" decoding=\"async\" class=\"alignnone size-full wp-image-10105\" src=\"https:\/\/moverdb.com\/wp-content\/uploads\/DULOG-Removals-international-moving-company.png\" alt=\"DULOG Removals nemzetk\u00f6zi k\u00f6lt\u00f6ztet\u0151 c\u00e9g\" width=\"1440\" height=\"681\" data-wp-pid=\"10105\" srcset=\"https:\/\/moverdb.com\/wp-content\/uploads\/DULOG-Removals-international-moving-company.png 1440w, https:\/\/moverdb.com\/wp-content\/uploads\/DULOG-Removals-international-moving-company-300x142.png 300w, https:\/\/moverdb.com\/wp-content\/uploads\/DULOG-Removals-international-moving-company-1024x484.png 1024w, https:\/\/moverdb.com\/wp-content\/uploads\/DULOG-Removals-international-moving-company-18x9.png 18w, https:\/\/moverdb.com\/wp-content\/uploads\/DULOG-Removals-international-moving-company-600x284.png 600w\" sizes=\"auto, (max-width: 1440px) 100vw, 1440px\" \/><\/p>\n<ul>\n<li>Helyi k\u00f6lt\u00f6ztet\u00e9sek<\/li>\n<li>Nemzetk\u00f6zi \u00e1thelyez\u00e9sek<\/li>\n<li>Lakoss\u00e1gi k\u00f6lt\u00f6ztet\u00e9s<\/li>\n<li>Kereskedelmi \u00e9s irodai k\u00f6lt\u00f6z\u00e9sek<\/li>\n<li>Szem\u00e9lyre szabott szolg\u00e1ltat\u00e1s<\/li>\n<li>Csomagol\u00e1si szolg\u00e1ltat\u00e1sok<\/li>\n<li>Tengeri, l\u00e9gi \u00e9s sz\u00e1razf\u00f6ldi \u00e1rusz\u00e1ll\u00edt\u00e1s<\/li>\n<li>V\u00e1mkezel\u00e9s<\/li>\n<li>Biztos\u00edt\u00e1s<\/li>\n<li>Rakt\u00e1roz\u00e1si lehet\u0151s\u00e9gek<\/li>\n<\/ul>\n<p>A DULOG Removals egy dubaji sz\u00e9khely\u0171 integr\u00e1lt logisztikai v\u00e1llalat. Partnerek h\u00e1l\u00f3zata t\u00e1mogatja \u0151ket vil\u00e1gszerte, amelyek sz\u00e1ll\u00edt\u00e1ssal, rakt\u00e1roz\u00e1ssal, eloszt\u00e1ssal \u00e9s menedzsmenttel seg\u00edtik \u0151ket, hogy nemzetk\u00f6zi szolg\u00e1ltat\u00e1sokat ny\u00fajthassanak t\u00f6bb mint 170 orsz\u00e1gban. Az IAM tagjak\u00e9nt 17 \u00e9ves szolg\u00e1lati id\u0151vel rendelkeznek.<\/p>\n<p>A DULOG Removals szem\u00e9lyre szabott k\u00f6lt\u00f6z\u00e9si \u00e9s k\u00f6lt\u00f6ztet\u00e9si szolg\u00e1ltat\u00e1sokat k\u00edn\u00e1l. Csomagol\u00e1si szolg\u00e1ltat\u00e1st k\u00edn\u00e1lnak, amelyet export min\u0151s\u00e9g\u0171 anyagokkal sz\u00e1ll\u00edtanak, ami mag\u00e1ban foglalhatja a b\u00fatorok sz\u00e9tszerel\u00e9s\u00e9t, \u00e9rkez\u00e9skor pedig kicsomagolj\u00e1k, \u00f6sszeszerelik a b\u00fatorokat \u00e9s elt\u00e1vol\u00edtj\u00e1k a t\u00f6rmel\u00e9ket. Megszervezik a tengeri, l\u00e9gi vagy sz\u00e1razf\u00f6ldi sz\u00e1ll\u00edt\u00e1st a megfelel\u0151 v\u00e1mkezel\u00e9ssel egy\u00fctt.<\/p>\n<p>Weboldal: <a href=\"http:\/\/www.duloggroup.com\" target=\"_blank\" rel=\"noopener\">http:\/\/www.duloggroup.com<\/a><\/p>\n<h2><span class=\"ez-toc-section\" id=\"23_DXI_Logistics\"><\/span><strong>23. DXI Logisztika<\/strong><span class=\"ez-toc-section-end\"><\/span><\/h2>\n<p><img loading=\"lazy\" decoding=\"async\" class=\"alignnone size-full wp-image-10107\" src=\"https:\/\/moverdb.com\/wp-content\/uploads\/DXI-Logistics-international-moving-company.png\" alt=\"DXI Logistics nemzetk\u00f6zi k\u00f6lt\u00f6ztet\u0151 c\u00e9g\" width=\"1440\" height=\"680\" data-wp-pid=\"10107\" srcset=\"https:\/\/moverdb.com\/wp-content\/uploads\/DXI-Logistics-international-moving-company.png 1440w, https:\/\/moverdb.com\/wp-content\/uploads\/DXI-Logistics-international-moving-company-300x142.png 300w, https:\/\/moverdb.com\/wp-content\/uploads\/DXI-Logistics-international-moving-company-1024x484.png 1024w, https:\/\/moverdb.com\/wp-content\/uploads\/DXI-Logistics-international-moving-company-18x9.png 18w, https:\/\/moverdb.com\/wp-content\/uploads\/DXI-Logistics-international-moving-company-600x283.png 600w\" sizes=\"auto, (max-width: 1440px) 100vw, 1440px\" \/><\/p>\n<ul>\n<li>Nemzeti k\u00f6lt\u00f6ztet\u00e9sek<\/li>\n<li>Nemzetk\u00f6zi k\u00f6lt\u00f6ztet\u00e9sek<\/li>\n<li>H\u00e1ztart\u00e1si k\u00f6lt\u00f6ztet\u00e9sek<\/li>\n<li>Projekt- \u00e9s ki\u00e1ll\u00edt\u00e1si logisztika<\/li>\n<li>Egyedi \u00e9s testre szabott megold\u00e1sok<\/li>\n<li>Csomagol\u00e1si szolg\u00e1ltat\u00e1s<\/li>\n<li>V\u00e1migazgat\u00e1s<\/li>\n<li>K\u00e9pz\u0151m\u0171v\u00e9szeti logisztika<\/li>\n<li>Aut\u00f3- \u00e9s ker\u00e9kp\u00e1rsz\u00e1ll\u00edt\u00e1s<\/li>\n<li>T\u00e1rol\u00e1si megold\u00e1sok<\/li>\n<\/ul>\n<p>A DXI Logistics egy 2013-ban Dubaiban alap\u00edtott k\u00f6lt\u00f6ztet\u0151 \u00e9s rakt\u00e1roz\u00e1si v\u00e1llalat. Egy glob\u00e1lis k\u00f6lt\u00f6ztet\u0151 c\u00e9gh\u00e1l\u00f3zat r\u00e9szei, amely lehet\u0151v\u00e9 teszi sz\u00e1mukra, hogy vil\u00e1gszerte szolg\u00e1ltat\u00e1sokat ny\u00fajtsanak. Kilenc \u00e9ves szolg\u00e1lati id\u0151vel az IAM tagja.<\/p>\n<p>A DXI Logistics az \u00d6n ig\u00e9nyeihez igazod\u00f3, h\u00e1zt\u00f3l-h\u00e1zig vagy h\u00e1zt\u00f3l-rep\u00fcl\u0151t\u00e9rig tart\u00f3 mozgat\u00e1si szolg\u00e1ltat\u00e1sokat k\u00edn\u00e1l. Professzion\u00e1lis csomagol\u00e1si szolg\u00e1ltat\u00e1st ny\u00fajtanak, export min\u0151s\u00e9g\u0171 csomagol\u00f3anyagokat haszn\u00e1lva, hogy megv\u00e9dj\u00e9k t\u00e1rgyait. Sz\u00e1ll\u00edt\u00e1si lehet\u0151s\u00e9geket k\u00edn\u00e1lnak, bele\u00e9rtve a k\u00f6z\u00fati, l\u00e9gi \u00e9s tengeri sz\u00e1ll\u00edt\u00e1st, teljes \u00e9s kev\u00e9sb\u00e9 teljes kont\u00e9nerrakom\u00e1nyokkal \u00e9s gy\u0171jt\u0151fuvarokkal. V\u00e1mkezel\u00e9si szolg\u00e1ltat\u00e1sokat \u00e9s nyomon k\u00f6vet\u00e9si lehet\u0151s\u00e9geket biztos\u00edtanak.<\/p>\n<p>Weboldal: <a href=\"http:\/\/www.dxilogistics.com\" target=\"_blank\" rel=\"noopener\">http:\/\/www.dxilogistics.com<\/a><\/p>\n<h2><span class=\"ez-toc-section\" id=\"24_Elite_Shipping\"><\/span><strong>24. Elite Shipping<\/strong><span class=\"ez-toc-section-end\"><\/span><\/h2>\n<p><img loading=\"lazy\" decoding=\"async\" class=\"alignnone size-full wp-image-10110\" src=\"https:\/\/moverdb.com\/wp-content\/uploads\/Elite-Shipping-international-moving-company.png\" alt=\"Elite Shipping nemzetk\u00f6zi k\u00f6lt\u00f6ztet\u0151 c\u00e9g\" width=\"1440\" height=\"682\" data-wp-pid=\"10110\" srcset=\"https:\/\/moverdb.com\/wp-content\/uploads\/Elite-Shipping-international-moving-company.png 1440w, https:\/\/moverdb.com\/wp-content\/uploads\/Elite-Shipping-international-moving-company-300x142.png 300w, https:\/\/moverdb.com\/wp-content\/uploads\/Elite-Shipping-international-moving-company-1024x485.png 1024w, https:\/\/moverdb.com\/wp-content\/uploads\/Elite-Shipping-international-moving-company-18x9.png 18w, https:\/\/moverdb.com\/wp-content\/uploads\/Elite-Shipping-international-moving-company-600x284.png 600w\" sizes=\"auto, (max-width: 1440px) 100vw, 1440px\" \/><\/p>\n<ul>\n<li>Helyi k\u00f6lt\u00f6z\u00e9sek<\/li>\n<li>Nemzetk\u00f6zi k\u00f6lt\u00f6z\u00e9sek<\/li>\n<li>H\u00e1ztart\u00e1si k\u00f6lt\u00f6z\u00e9sek<\/li>\n<li>Irodai \u00e9s ipari k\u00f6lt\u00f6ztet\u00e9s<\/li>\n<li>Szem\u00e9lyre szabott szolg\u00e1ltat\u00e1s<\/li>\n<li>Csomagol\u00e1si szolg\u00e1ltat\u00e1s<\/li>\n<li>Sz\u00e1razf\u00f6ldi, l\u00e9gi \u00e9s tengeri \u00e1rusz\u00e1ll\u00edt\u00e1s<\/li>\n<li>V\u00e1mkezel\u00e9s<\/li>\n<li>J\u00e1rm\u0171 \u00e1thelyez\u00e9s<\/li>\n<li>Rakt\u00e1roz\u00e1si lehet\u0151s\u00e9gek<\/li>\n<\/ul>\n<p>Az Elite Shipping egy 1997-ben alap\u00edtott multimod\u00e1lis sz\u00e1ll\u00edt\u00e1si \u00e9s logisztikai v\u00e1llalat, amelynek sz\u00e9khelye Dubaiban tal\u00e1lhat\u00f3. Nemzetk\u00f6zi k\u00f6lt\u00f6ztet\u0151i h\u00e1l\u00f3zattal dolgoznak egy\u00fctt, amely 116 orsz\u00e1got \u00f6lel fel a legt\u00f6bb fontos c\u00e9l\u00e1llom\u00e1son. Az IAM tagjak\u00e9nt 26 \u00e9ves szolg\u00e1lati id\u0151vel rendelkeznek.<\/p>\n<p>Az Elite Shipping szem\u00e9lyre szabott k\u00f6lt\u00f6ztet\u00e9si szolg\u00e1ltat\u00e1st k\u00edn\u00e1l mag\u00e1nszem\u00e9lyeknek \u00e9s v\u00e1llalatoknak h\u00e1zt\u00f3l-h\u00e1zig alapon. Csomagol\u00e1si szolg\u00e1ltat\u00e1st ny\u00fajtanak, hogy megv\u00e9dj\u00e9k a holmij\u00e1t, profi csomagol\u00f3kkal. Megszervezik a sz\u00e1razf\u00f6ldi, l\u00e9gi vagy tengeri sz\u00e1ll\u00edt\u00e1st, \u00e9s int\u00e9zik a v\u00e1mkezel\u00e9seket. Sz\u00fcks\u00e9g eset\u00e9n aut\u00f3- \u00e9s ker\u00e9kp\u00e1r\u00e1tk\u00f6lt\u00f6ztet\u00e9ssel \u00e9s t\u00e1rol\u00e1si lehet\u0151s\u00e9gekkel is tudnak seg\u00edteni.<\/p>\n<p>Weboldal: <a href=\"http:\/\/www.eliteshippingdubai.com\" target=\"_blank\" rel=\"noopener\">http:\/\/www.eliteshippingdubai.com<\/a><\/p>\n<h2><span class=\"ez-toc-section\" id=\"25_Executive_Movers_Worldwide\"><\/span><strong>25. Executive Movers Worldwide<\/strong><span class=\"ez-toc-section-end\"><\/span><\/h2>\n<p><img loading=\"lazy\" decoding=\"async\" class=\"alignnone size-full wp-image-10116\" src=\"https:\/\/moverdb.com\/wp-content\/uploads\/Executive-Movers-Worldwide-international-moving-company.png\" alt=\"Executive Movers Worldwide nemzetk\u00f6zi k\u00f6lt\u00f6ztet\u0151 c\u00e9g\" width=\"1440\" height=\"680\" data-wp-pid=\"10116\" srcset=\"https:\/\/moverdb.com\/wp-content\/uploads\/Executive-Movers-Worldwide-international-moving-company.png 1440w, https:\/\/moverdb.com\/wp-content\/uploads\/Executive-Movers-Worldwide-international-moving-company-300x142.png 300w, https:\/\/moverdb.com\/wp-content\/uploads\/Executive-Movers-Worldwide-international-moving-company-1024x484.png 1024w, https:\/\/moverdb.com\/wp-content\/uploads\/Executive-Movers-Worldwide-international-moving-company-18x9.png 18w, https:\/\/moverdb.com\/wp-content\/uploads\/Executive-Movers-Worldwide-international-moving-company-600x283.png 600w\" sizes=\"auto, (max-width: 1440px) 100vw, 1440px\" \/><\/p>\n<ul>\n<li>Helyi k\u00f6lt\u00f6z\u00e9sek<\/li>\n<li>Nemzetk\u00f6zi \u00e1thelyez\u00e9sek<\/li>\n<li>H\u00e1ztart\u00e1si k\u00f6lt\u00f6z\u00e9sek<\/li>\n<li>Irodai k\u00f6lt\u00f6z\u00e9sek<\/li>\n<li>H\u00e1zr\u00f3l h\u00e1zra t\u00f6rt\u00e9n\u0151 k\u00f6lt\u00f6z\u00e9sek<\/li>\n<li>Mozg\u00e1skoordin\u00e1tor<\/li>\n<li>Professzion\u00e1lis csomagol\u00e1si szolg\u00e1ltat\u00e1s<\/li>\n<li>Sz\u00e1ll\u00edt\u00e1si meg\u00e1llapod\u00e1sok<\/li>\n<li>J\u00e1rm\u0171kivitel<\/li>\n<li>Biztons\u00e1gos r\u00f6vid \u00e9s hossz\u00fa t\u00e1v\u00fa t\u00e1rol\u00e1s<\/li>\n<\/ul>\n<p>Az Executive Movers Worldwide egy 1999-ben alap\u00edtott nemzetk\u00f6zi k\u00f6lt\u00f6ztet\u0151 \u00e9s k\u00f6lt\u00f6ztet\u0151 c\u00e9g, amelynek sz\u00e9khelye Dubaiban tal\u00e1lhat\u00f3. Nemzetk\u00f6zi szolg\u00e1ltat\u00e1saikat vil\u00e1gszerte m\u0171k\u00f6d\u0151 partnerh\u00e1l\u00f3zatuk seg\u00edts\u00e9g\u00e9vel ny\u00fajtj\u00e1k. Az IAM tagjak\u00e9nt 29 \u00e9ves szolg\u00e1lati id\u0151vel rendelkeznek.<\/p>\n<p>Az Executive Movers Worldwide h\u00e1zt\u00f3l h\u00e1zig tart\u00f3 k\u00f6lt\u00f6ztet\u00e9si szolg\u00e1ltat\u00e1st k\u00edn\u00e1l egy k\u00f6lt\u00f6z\u00e9si koordin\u00e1torral, aki egyetlen kapcsolattart\u00f3k\u00e9nt t\u00e1mogatja \u00d6nt a k\u00f6lt\u00f6z\u00e9si folyamat sor\u00e1n, \u00e9s minden l\u00e9p\u00e9st ir\u00e1ny\u00edt. A k\u00f6lt\u00f6z\u00e9s el\u0151tt felm\u00e9r\u00e9st v\u00e9geznek, hogy felm\u00e9rj\u00e9k az \u00d6n ig\u00e9nyeit. Magasan k\u00e9pzett csomagol\u00f3kat biztos\u00edtanak, akik kiv\u00e1l\u00f3 min\u0151s\u00e9g\u0171 anyagok \u00e9s l\u00e1d\u00e1k seg\u00edts\u00e9g\u00e9vel biztons\u00e1gosan becsomagolj\u00e1k t\u00e1rgyait.<\/p>\n<p>Weboldal: <a href=\"http:\/\/www.executive-movers.com\" target=\"_blank\" rel=\"noopener\">http:\/\/www.executive-movers.com<\/a><\/p>\n<h2><span class=\"ez-toc-section\" id=\"26_Freight_International\"><\/span><strong>26. Freight International<\/strong><span class=\"ez-toc-section-end\"><\/span><\/h2>\n<p><img loading=\"lazy\" decoding=\"async\" class=\"alignnone size-full wp-image-10117\" src=\"https:\/\/moverdb.com\/wp-content\/uploads\/Freight-International-UAE-moving-company.png\" alt=\"Freight International UAE mozg\u00f3 c\u00e9g\" width=\"1440\" height=\"685\" data-wp-pid=\"10117\" srcset=\"https:\/\/moverdb.com\/wp-content\/uploads\/Freight-International-UAE-moving-company.png 1440w, https:\/\/moverdb.com\/wp-content\/uploads\/Freight-International-UAE-moving-company-300x143.png 300w, https:\/\/moverdb.com\/wp-content\/uploads\/Freight-International-UAE-moving-company-1024x487.png 1024w, https:\/\/moverdb.com\/wp-content\/uploads\/Freight-International-UAE-moving-company-18x9.png 18w, https:\/\/moverdb.com\/wp-content\/uploads\/Freight-International-UAE-moving-company-600x285.png 600w\" sizes=\"auto, (max-width: 1440px) 100vw, 1440px\" \/><\/p>\n<ul>\n<li>Helyi k\u00f6lt\u00f6z\u00e9sek<\/li>\n<li>Nemzetk\u00f6zi k\u00f6lt\u00f6z\u00e9sek<\/li>\n<li>H\u00e1ztart\u00e1si k\u00f6lt\u00f6z\u00e9sek<\/li>\n<li>Irodai k\u00f6lt\u00f6z\u00e9sek<\/li>\n<li>Teljes k\u00f6r\u0171 szolg\u00e1ltat\u00e1si k\u00f6lt\u00f6z\u00e9sek<\/li>\n<li>Csomagol\u00e1si szolg\u00e1ltat\u00e1s<\/li>\n<li>Tengeri, l\u00e9gi \u00e9s k\u00f6z\u00fati fuvaroz\u00e1s<\/li>\n<li>V\u00e1mkezel\u00e9s<\/li>\n<li>J\u00e1rm\u0171sz\u00e1ll\u00edt\u00e1s<\/li>\n<li>Biztons\u00e1gos t\u00e1rol\u00e1s<\/li>\n<\/ul>\n<p>A Freight International 1975-ben alap\u00edtott, dubaji sz\u00e9khely\u0171 sz\u00e1ll\u00edtm\u00e1nyoz\u00f3 \u00e9s k\u00f6lt\u00f6ztet\u0151 c\u00e9g. Az IAM tagja 31 \u00e9ves szolg\u00e1lati id\u0151vel, \u00e9s a FIDI \u00e1ltal akkredit\u00e1lt, ami hozz\u00e1f\u00e9r\u00e9st biztos\u00edt sz\u00e1mukra a k\u00f6lt\u00f6ztet\u0151 c\u00e9gek vil\u00e1gm\u00e9ret\u0171 h\u00e1l\u00f3zat\u00e1hoz.<\/p>\n<p>A Freight International ingyenes felm\u00e9r\u00e9st biztos\u00edt, hogy felm\u00e9rje az \u00d6n holmij\u00e1t \u00e9s ig\u00e9nyeit, miel\u0151tt \u00e1raj\u00e1nlatot adna. Teljes k\u00f6r\u0171 k\u00f6lt\u00f6ztet\u00e9si csomagot k\u00edn\u00e1lnak, amely mag\u00e1ban foglalja a holmik modern anyagokba \u00e9s speci\u00e1lis dobozokba t\u00f6rt\u00e9n\u0151 csomagol\u00e1s\u00e1t, t\u00f6r\u00e9keny t\u00e1rgyak dobozol\u00e1s\u00e1t, b\u00fatorok sz\u00e9tszerel\u00e9s\u00e9t \u00e9s lelt\u00e1rlista k\u00e9sz\u00edt\u00e9s\u00e9t. Megszervezik a fuvaroz\u00e1st, a v\u00e1mkezel\u00e9st \u00e9s a sz\u00e1ll\u00edt\u00e1st az \u00faj lak\u00f3hely\u00e9re.<\/p>\n<p>Weboldal: <a href=\"http:\/\/www.freightinternational.ae\" target=\"_blank\" rel=\"noopener\">http:\/\/www.freightinternational.ae<\/a><\/p>\n<h2><span class=\"ez-toc-section\" id=\"27_Freightworks\"><\/span><strong>27. Freightworks<\/strong><span class=\"ez-toc-section-end\"><\/span><\/h2>\n<p><img loading=\"lazy\" decoding=\"async\" class=\"alignnone size-full wp-image-10118\" src=\"https:\/\/moverdb.com\/wp-content\/uploads\/Freightworks-international-moving-company.png\" alt=\"Freightworks nemzetk\u00f6zi k\u00f6lt\u00f6ztet\u0151 c\u00e9g\" width=\"1440\" height=\"682\" data-wp-pid=\"10118\" srcset=\"https:\/\/moverdb.com\/wp-content\/uploads\/Freightworks-international-moving-company.png 1440w, https:\/\/moverdb.com\/wp-content\/uploads\/Freightworks-international-moving-company-300x142.png 300w, https:\/\/moverdb.com\/wp-content\/uploads\/Freightworks-international-moving-company-1024x485.png 1024w, https:\/\/moverdb.com\/wp-content\/uploads\/Freightworks-international-moving-company-18x9.png 18w, https:\/\/moverdb.com\/wp-content\/uploads\/Freightworks-international-moving-company-600x284.png 600w\" sizes=\"auto, (max-width: 1440px) 100vw, 1440px\" \/><\/p>\n<ul>\n<li>Helyi k\u00f6lt\u00f6z\u00e9sek<\/li>\n<li>Nemzetk\u00f6zi k\u00f6lt\u00f6z\u00e9sek<\/li>\n<li>Lakoss\u00e1gi k\u00f6lt\u00f6z\u00e9sek<\/li>\n<li>H\u00e1zt\u00f3l-h\u00e1zig szolg\u00e1ltat\u00e1s<\/li>\n<li>K\u00f6lt\u00f6z\u00e9s el\u0151tti felm\u00e9r\u00e9s<\/li>\n<li>Csomagol\u00e1si szolg\u00e1ltat\u00e1s<\/li>\n<li>Tengeri, l\u00e9gi \u00e9s k\u00f6z\u00fati fuvaroz\u00e1s<\/li>\n<li>V\u00e1mkezel\u00e9s<\/li>\n<li>H\u00e1zi\u00e1llat \u00e1thelyez\u00e9s<\/li>\n<li>Rakt\u00e1roz\u00e1si lehet\u0151s\u00e9gek<\/li>\n<\/ul>\n<p>A Freightworks egy 1975-ben alap\u00edtott nemzetk\u00f6zi sz\u00e1ll\u00edtm\u00e1nyoz\u00f3 \u00e9s logisztikai v\u00e1llalat, amelynek sz\u00e9khelye Dubaiban tal\u00e1lhat\u00f3. Tulajdonosa a Dnata Emirates Group. Vil\u00e1gszerte kiterjedt \u00fczleti partnerh\u00e1l\u00f3zattal rendelkeznek, amely t\u00e1mogatja \u0151ket a nemzetk\u00f6zi szolg\u00e1ltat\u00e1sok ny\u00fajt\u00e1s\u00e1ban. Az IAM tagjak\u00e9nt 17 \u00e9ves szolg\u00e1lati id\u0151vel rendelkeznek.<\/p>\n<p>A Freightworks a k\u00f6lt\u00f6z\u00e9s el\u0151tti felm\u00e9r\u00e9st \u00e9s \u00e1raj\u00e1nlatot k\u00edn\u00e1l. \u0150k k\u00e9sz\u00edtik el a k\u00f6lt\u00f6z\u00e9s \u00fctemterv\u00e9t, \u00e9s professzion\u00e1lis csomagol\u00e1si szolg\u00e1ltat\u00e1st ny\u00fajtanak, hogy megv\u00e9dj\u00e9k a holmij\u00e1t a tengeri, l\u00e9gi \u00e9s k\u00f6z\u00fati sz\u00e1ll\u00edt\u00e1s sor\u00e1n, v\u00e1mkezel\u00e9ssel egy\u00fctt. Tov\u00e1bbi szolg\u00e1ltat\u00e1sokat k\u00edn\u00e1lnak, amelyek magukban foglalj\u00e1k a m\u0171t\u00e1rgyak kezel\u00e9s\u00e9t, a h\u00e1zi\u00e1llatok k\u00f6lt\u00f6ztet\u00e9s\u00e9t, a biztos\u00edt\u00e1st \u00e9s a t\u00e1rol\u00e1st.<\/p>\n<p>Weboldal: <a href=\"http:\/\/www.freightworks.com\" target=\"_blank\" rel=\"noopener\">http:\/\/www.freightworks.com<\/a><\/p>\n<h2><span class=\"ez-toc-section\" id=\"28_Fusion_Relocations\"><\/span><strong>28. F\u00fazi\u00f3s \u00e1thelyez\u00e9sek<\/strong><span class=\"ez-toc-section-end\"><\/span><\/h2>\n<p><img loading=\"lazy\" decoding=\"async\" class=\"alignnone size-full wp-image-10121\" src=\"https:\/\/moverdb.com\/wp-content\/uploads\/Fusion-Relocations-international-moving-company.png\" alt=\"Fusion Relocations nemzetk\u00f6zi k\u00f6lt\u00f6ztet\u0151 c\u00e9g\" width=\"1440\" height=\"681\" data-wp-pid=\"10121\" srcset=\"https:\/\/moverdb.com\/wp-content\/uploads\/Fusion-Relocations-international-moving-company.png 1440w, https:\/\/moverdb.com\/wp-content\/uploads\/Fusion-Relocations-international-moving-company-300x142.png 300w, https:\/\/moverdb.com\/wp-content\/uploads\/Fusion-Relocations-international-moving-company-1024x484.png 1024w, https:\/\/moverdb.com\/wp-content\/uploads\/Fusion-Relocations-international-moving-company-18x9.png 18w, https:\/\/moverdb.com\/wp-content\/uploads\/Fusion-Relocations-international-moving-company-600x284.png 600w\" sizes=\"auto, (max-width: 1440px) 100vw, 1440px\" \/><\/p>\n<ul>\n<li>Helyi k\u00f6lt\u00f6z\u00e9sek<\/li>\n<li>Nemzetk\u00f6zi k\u00f6lt\u00f6z\u00e9sek<\/li>\n<li>Lakoss\u00e1gi k\u00f6lt\u00f6z\u00e9sek<\/li>\n<li>\u00dczleti \u00e1thelyez\u00e9sek<\/li>\n<li>Csomagol\u00e1si szolg\u00e1ltat\u00e1s<\/li>\n<li>Tengeri, l\u00e9gi \u00e9s sz\u00e1razf\u00f6ldi \u00e1rusz\u00e1ll\u00edt\u00e1s<\/li>\n<li>V\u00e1mkezel\u00e9s<\/li>\n<li>J\u00e1rm\u0171vek \u00e9s kis\u00e1llatok \u00e1thelyez\u00e9se<\/li>\n<li>Biztos\u00edt\u00e1s<\/li>\n<li>Rakt\u00e1roz\u00e1si lehet\u0151s\u00e9gek<\/li>\n<\/ul>\n<p>A Fusion Relocations egy 2010-ben alap\u00edtott nemzetk\u00f6zi k\u00f6lt\u00f6ztet\u0151 c\u00e9g, amelynek sz\u00e9khelye Dubaiban tal\u00e1lhat\u00f3. T\u00f6bb mint 100 nemzetk\u00f6zi partnerrel \u00e1llnak kapcsolatban, amelyek vil\u00e1gszerte akkredit\u00e1lt k\u00f6lt\u00f6ztet\u0151\u00fcgyn\u00f6k\u00f6k. Tagjai az IAM-nek 13 \u00e9ves szolg\u00e1lati id\u0151vel.<\/p>\n<p>A Fusion Relocations mind a mag\u00e1nszem\u00e9lyek, mind a v\u00e1llalatok sz\u00e1m\u00e1ra seg\u00edts\u00e9get ny\u00fajt a k\u00f6lt\u00f6z\u00e9sben \u00e9s az \u00e1ttelep\u00fcl\u00e9sben a vil\u00e1g minden t\u00e1j\u00e1n, hozz\u00e1\u00e9rt\u0151 tan\u00e1csad\u00f3ik t\u00e1mogat\u00e1s\u00e1val. Csomagol\u00e1si szolg\u00e1ltat\u00e1st ny\u00fajtanak a holmij\u00e1nak biztons\u00e1gos, v\u00e1mkezel\u00e9ssel \u00e9s biztos\u00edt\u00e1ssal ell\u00e1tott c\u00e9l\u00e1llom\u00e1sra t\u00f6rt\u00e9n\u0151 sz\u00e1ll\u00edt\u00e1s\u00e1hoz. Tov\u00e1bbi k\u00f6lt\u00f6ztet\u00e9si szolg\u00e1ltat\u00e1sokat is k\u00edn\u00e1lnak, amelyek k\u00f6z\u00e9 tartozik a k\u00e9pz\u0151m\u0171v\u00e9szeti \u00e9s ki\u00e1ll\u00edt\u00e1sok kezel\u00e9se, j\u00e1rm\u0171mozgat\u00e1s, h\u00e1zi\u00e1llatok k\u00f6lt\u00f6ztet\u00e9se, beilleszked\u00e9si \u00e9s leteleped\u00e9si szolg\u00e1ltat\u00e1sok, ezermester szolg\u00e1ltat\u00e1sok \u00e9s rakt\u00e1roz\u00e1s.<\/p>\n<p>Weboldal: <a href=\"http:\/\/www.fusionrelocations.com\" target=\"_blank\" rel=\"noopener\">http:\/\/www.fusionrelocations.com<\/a><\/p>\n<h2><span class=\"ez-toc-section\" id=\"29_GAC_Shipping_and_Logistics\"><\/span><strong>29. GAC Sz\u00e1ll\u00edt\u00e1s \u00e9s logisztika<\/strong><span class=\"ez-toc-section-end\"><\/span><\/h2>\n<p><img loading=\"lazy\" decoding=\"async\" class=\"alignnone size-full wp-image-10123\" src=\"https:\/\/moverdb.com\/wp-content\/uploads\/GAC-UAE-international-moving-company.png\" alt=\"GAC UAE nemzetk\u00f6zi k\u00f6lt\u00f6ztet\u0151 c\u00e9g\" width=\"1440\" height=\"676\" data-wp-pid=\"10123\" srcset=\"https:\/\/moverdb.com\/wp-content\/uploads\/GAC-UAE-international-moving-company.png 1440w, https:\/\/moverdb.com\/wp-content\/uploads\/GAC-UAE-international-moving-company-300x141.png 300w, https:\/\/moverdb.com\/wp-content\/uploads\/GAC-UAE-international-moving-company-1024x481.png 1024w, https:\/\/moverdb.com\/wp-content\/uploads\/GAC-UAE-international-moving-company-18x8.png 18w, https:\/\/moverdb.com\/wp-content\/uploads\/GAC-UAE-international-moving-company-600x282.png 600w\" sizes=\"auto, (max-width: 1440px) 100vw, 1440px\" \/><\/p>\n<ul>\n<li>Helyi k\u00f6lt\u00f6z\u00e9sek<\/li>\n<li>Nemzetk\u00f6zi k\u00f6lt\u00f6z\u00e9sek<\/li>\n<li>Lakoss\u00e1gi k\u00f6lt\u00f6z\u00e9sek<\/li>\n<li>Irod\u00e1k \u00e1thelyez\u00e9se<\/li>\n<li>H\u00e1zt\u00f3l-h\u00e1zig szolg\u00e1ltat\u00e1s<\/li>\n<li>Csomagol\u00e1si szolg\u00e1ltat\u00e1s<\/li>\n<li>Tengeri, l\u00e9gi \u00e9s k\u00f6z\u00fati fuvaroz\u00e1s<\/li>\n<li>M\u0171v\u00e9szi munka kezel\u00e9se<\/li>\n<li>Biztos\u00edt\u00e1s<\/li>\n<li>Biztons\u00e1gos t\u00e1rol\u00e1s<\/li>\n<\/ul>\n<p>A GAC Shipping and Logistics egy 1956-ban alap\u00edtott nemzetk\u00f6zi k\u00f6lt\u00f6ztet\u0151 \u00e9s csomagol\u00f3 c\u00e9g, amelynek sz\u00e9khelye Dubaiban tal\u00e1lhat\u00f3, \u00e9s telephelyei Kuvaitban, Bahreinben, Katarban, Om\u00e1nban \u00e9s a k\u00f6vetkez\u0151 orsz\u00e1gokban vannak <a href=\"https:\/\/moverdb.com\/hu\/moving-to-saudi-arabia\/\" data-internallinksmanager029f6b8e52c=\"319\" title=\"Sza\u00fad-Ar\u00e1bi\u00e1ba k\u00f6lt\u00f6zik? 2023 Meg\u00e9lhet\u00e9si k\u00f6lts\u00e9gek \u00e9s k\u00f6lt\u00f6z\u00e9si tippek\">Sza\u00fad-Ar\u00e1bia<\/a>. Az IAM 40 \u00e9ves tagjak\u00e9nt a FIDI akkredit\u00e1lta \u0151ket, ami nemzetk\u00f6zi k\u00f6lt\u00f6ztet\u0151i h\u00e1l\u00f3zatot biztos\u00edt sz\u00e1mukra.<\/p>\n<p>A GAC Shipping and Logistics teljes k\u00f6r\u0171 csomagol\u00e1si szolg\u00e1ltat\u00e1st k\u00edn\u00e1l, amely a legmodernebb csomagol\u00f3anyagokat \u00e9s tapasztalt csomagol\u00f3kat haszn\u00e1l. Sz\u00e1razf\u00f6ldi, l\u00e9gi \u00e9s tengeri fuvaroz\u00e1si szolg\u00e1ltat\u00e1sokat k\u00edn\u00e1lnak teljes kont\u00e9nerrakom\u00e1nyokkal, kevesebb mint teljes kont\u00e9nerrakom\u00e1nyokkal \u00e9s gy\u0171jt\u0151fuvarokkal. Kieg\u00e9sz\u00edt\u0151 szolg\u00e1ltat\u00e1sokat k\u00edn\u00e1lnak, amelyek magukban foglalj\u00e1k az inasszolg\u00e1latot \u00e9s a biztos\u00edt\u00e1st.<\/p>\n<p>Weboldal: <a href=\"http:\/\/moving.gac.com\/\" target=\"_blank\" rel=\"noopener\">http:\/\/moving.gac.com\/<\/a><\/p>\n<h2><span class=\"ez-toc-section\" id=\"30_Innovation_Mobility\"><\/span><strong>30. Innov\u00e1ci\u00f3s mobilit\u00e1s<\/strong><span class=\"ez-toc-section-end\"><\/span><\/h2>\n<p><img loading=\"lazy\" decoding=\"async\" class=\"alignnone size-full wp-image-10137\" src=\"https:\/\/moverdb.com\/wp-content\/uploads\/Innovation-Mobility-international-moving-company.png\" alt=\"Innovation Mobility nemzetk\u00f6zi k\u00f6lt\u00f6ztet\u0151 c\u00e9g\" width=\"1440\" height=\"676\" data-wp-pid=\"10137\" srcset=\"https:\/\/moverdb.com\/wp-content\/uploads\/Innovation-Mobility-international-moving-company.png 1440w, https:\/\/moverdb.com\/wp-content\/uploads\/Innovation-Mobility-international-moving-company-300x141.png 300w, https:\/\/moverdb.com\/wp-content\/uploads\/Innovation-Mobility-international-moving-company-1024x481.png 1024w, https:\/\/moverdb.com\/wp-content\/uploads\/Innovation-Mobility-international-moving-company-18x8.png 18w, https:\/\/moverdb.com\/wp-content\/uploads\/Innovation-Mobility-international-moving-company-600x282.png 600w\" sizes=\"auto, (max-width: 1440px) 100vw, 1440px\" \/><\/p>\n<ul>\n<li>Helyi k\u00f6lt\u00f6z\u00e9sek<\/li>\n<li>Nemzetk\u00f6zi k\u00f6lt\u00f6z\u00e9sek<\/li>\n<li>H\u00e1ztart\u00e1si k\u00f6lt\u00f6z\u00e9sek<\/li>\n<li>V\u00e1llalati k\u00f6lt\u00f6z\u00e9sek<\/li>\n<li>V\u00e9gpontt\u00f3l v\u00e9gpontig terjed\u0151 megold\u00e1sok<\/li>\n<li>Csomagol\u00f3anyagok<\/li>\n<li>A sz\u00e1ll\u00edt\u00e1s megszervez\u00e9se<\/li>\n<li>Beilleszked\u00e9si szolg\u00e1ltat\u00e1sok<\/li>\n<li>Kultur\u00e1lis t\u00e1mogat\u00e1s<\/li>\n<li>Rakt\u00e1roz\u00e1si lehet\u0151s\u00e9gek<\/li>\n<\/ul>\n<p>Az Innovation Mobility egy 2022-ben alakult k\u00f6lt\u00f6ztet\u0151 \u00e9s k\u00f6lt\u00f6ztet\u0151 c\u00e9g, amelynek sz\u00e9khelye Dubajban tal\u00e1lhat\u00f3. V\u00e1llalkoz\u00e1sok \u00e9s partnerek h\u00e1l\u00f3zata seg\u00edti \u0151ket a szolg\u00e1ltat\u00e1sok ny\u00fajt\u00e1s\u00e1ban vil\u00e1gszerte \u00e9s az Egyes\u00fclt Arab Em\u00edrs\u00e9gekben. Az IAM tagjak\u00e9nt nyolc\u00e9ves szolg\u00e1lati id\u0151vel rendelkeznek.<\/p>\n<p>Az Innovation Mobility szem\u00e9lyre szabott, v\u00e9gpontt\u00f3l v\u00e9gpontig tart\u00f3 k\u00f6lt\u00f6z\u00e9si megold\u00e1sokat k\u00edn\u00e1l minden \u00fcgyf\u00e9l sz\u00e1m\u00e1ra. Tud\u00e1sukat megfelel\u0151 eszk\u00f6z\u00f6kkel \u00e9s megfelel\u0151 csomagol\u00e1ssal kombin\u00e1lva haszn\u00e1lj\u00e1k fel a sikeres k\u00f6lt\u00f6ztet\u00e9s \u00e9rdek\u00e9ben. Beilleszked\u00e9si szolg\u00e1ltat\u00e1sokat is k\u00edn\u00e1lnak, amelyek magukban foglalj\u00e1k az otthon- vagy iskolakeres\u00e9st, az aut\u00f3 beszerz\u00e9s\u00e9t \u00e9s m\u00e9g sok m\u00e1st.<\/p>\n<p>Weboldal: <a href=\"http:\/\/www.innovationmobility.ae\" target=\"_blank\" rel=\"noopener\">http:\/\/www.innovationmobility.ae<\/a><\/p>\n<h2><span class=\"ez-toc-section\" id=\"31_Integrated_Freight_Logistics\"><\/span><strong>31. Integr\u00e1lt \u00e1rusz\u00e1ll\u00edt\u00e1si logisztika<\/strong><span class=\"ez-toc-section-end\"><\/span><\/h2>\n<p><img loading=\"lazy\" decoding=\"async\" class=\"alignnone size-full wp-image-10138\" src=\"https:\/\/moverdb.com\/wp-content\/uploads\/Integrated-Freight-Logistics-international-moving-company.png\" alt=\"Integr\u00e1lt Freight Logistics nemzetk\u00f6zi k\u00f6lt\u00f6ztet\u0151 c\u00e9g\" width=\"1440\" height=\"681\" data-wp-pid=\"10138\" srcset=\"https:\/\/moverdb.com\/wp-content\/uploads\/Integrated-Freight-Logistics-international-moving-company.png 1440w, https:\/\/moverdb.com\/wp-content\/uploads\/Integrated-Freight-Logistics-international-moving-company-300x142.png 300w, https:\/\/moverdb.com\/wp-content\/uploads\/Integrated-Freight-Logistics-international-moving-company-1024x484.png 1024w, https:\/\/moverdb.com\/wp-content\/uploads\/Integrated-Freight-Logistics-international-moving-company-18x9.png 18w, https:\/\/moverdb.com\/wp-content\/uploads\/Integrated-Freight-Logistics-international-moving-company-600x284.png 600w\" sizes=\"auto, (max-width: 1440px) 100vw, 1440px\" \/><\/p>\n<ul>\n<li>Helyi k\u00f6lt\u00f6z\u00e9sek<\/li>\n<li>Nemzetk\u00f6zi k\u00f6lt\u00f6z\u00e9sek<\/li>\n<li>H\u00e1ztart\u00e1s \u00e1thelyez\u00e9se<\/li>\n<li>Irod\u00e1k \u00e1thelyez\u00e9se<\/li>\n<li>V\u00e9gpontt\u00f3l v\u00e9gpontig tart\u00f3 logisztika<\/li>\n<li>Csomagol\u00e1si szolg\u00e1ltat\u00e1sok<\/li>\n<li>L\u00e9gi, tengeri \u00e9s sz\u00e1razf\u00f6ldi \u00e1rusz\u00e1ll\u00edt\u00e1s<\/li>\n<li>V\u00e1m\u00fcgyn\u00f6ki tev\u00e9kenys\u00e9g<\/li>\n<li>R\u00e9gis\u00e9gek \u00e9s hangszerek kezel\u00e9se<\/li>\n<li>R\u00f6vid \u00e9s hossz\u00fa t\u00e1v\u00fa t\u00e1rol\u00e1s<\/li>\n<\/ul>\n<p>Az Integrated Freight Logistics egy 2003-ban alap\u00edtott fuvaroz\u00e1si \u00e9s logisztikai v\u00e1llalat, amelynek sz\u00e9khelye Dubaiban tal\u00e1lhat\u00f3. Kiterjedt, 120 orsz\u00e1gra kiterjed\u0151 k\u00f6lt\u00f6ztet\u0151 c\u00e9gh\u00e1l\u00f3zatuk van, \u00e9s t\u00f6bb mint 300 \u00fcgyn\u00f6k seg\u00edti \u0151ket a nemzetk\u00f6zi szolg\u00e1ltat\u00e1sok ny\u00fajt\u00e1s\u00e1ban. Az IAM tagjak\u00e9nt 20 \u00e9ves szolg\u00e1lati id\u0151vel rendelkeznek.<\/p>\n<p>Az integr\u00e1lt \u00e1rusz\u00e1ll\u00edt\u00e1si logisztika v\u00e9gpontt\u00f3l v\u00e9gpontig tart\u00f3 logisztikai megold\u00e1sokat k\u00edn\u00e1l helyi \u00e9s nemzetk\u00f6zi k\u00f6lt\u00f6ztet\u00e9sekhez lak\u00e1sok, irod\u00e1k \u00e9s ipari egys\u00e9gek sz\u00e1m\u00e1ra. Csomagol\u00e1si szolg\u00e1ltat\u00e1st ny\u00fajtanak, amely megv\u00e9di az \u00d6n holmij\u00e1t a sz\u00e1ll\u00edt\u00e1s sor\u00e1n, a t\u00f6r\u00e9keny t\u00e1rgyakra k\u00fcl\u00f6n\u00f6s gonddal \u00fcgyelve.  Megszervezik a holmij\u00e1nak l\u00e9gi, tengeri vagy k\u00f6z\u00fati sz\u00e1ll\u00edt\u00e1s\u00e1t, v\u00e1m\u00fcgyn\u00f6ki tev\u00e9kenys\u00e9ggel egy\u00fctt.<\/p>\n<p>Weboldal: <a href=\"http:\/\/www.iflme.com\" target=\"_blank\" rel=\"noopener\">http:\/\/www.iflme.com<\/a><\/p>\n<h2><span class=\"ez-toc-section\" id=\"32_Interem\"><\/span><strong>32. Interem<\/strong><span class=\"ez-toc-section-end\"><\/span><\/h2>\n<p><img loading=\"lazy\" decoding=\"async\" class=\"alignnone size-full wp-image-10139\" src=\"https:\/\/moverdb.com\/wp-content\/uploads\/Interem-international-moving-company-1.png\" alt=\"Interem nemzetk\u00f6zi k\u00f6lt\u00f6ztet\u0151 c\u00e9g\" width=\"1440\" height=\"683\" data-wp-pid=\"10139\" srcset=\"https:\/\/moverdb.com\/wp-content\/uploads\/Interem-international-moving-company-1.png 1440w, https:\/\/moverdb.com\/wp-content\/uploads\/Interem-international-moving-company-1-300x142.png 300w, https:\/\/moverdb.com\/wp-content\/uploads\/Interem-international-moving-company-1-1024x486.png 1024w, https:\/\/moverdb.com\/wp-content\/uploads\/Interem-international-moving-company-1-18x9.png 18w, https:\/\/moverdb.com\/wp-content\/uploads\/Interem-international-moving-company-1-600x285.png 600w\" sizes=\"auto, (max-width: 1440px) 100vw, 1440px\" \/><\/p>\n<ul>\n<li>Helyi k\u00f6lt\u00f6z\u00e9sek<\/li>\n<li>Nemzetk\u00f6zi k\u00f6lt\u00f6z\u00e9sek<\/li>\n<li>H\u00e1ztart\u00e1si k\u00f6lt\u00f6z\u00e9sek<\/li>\n<li>\u00dczleti l\u00e9p\u00e9sek<\/li>\n<li>K\u00f6lt\u00f6ztet\u00e9si szolg\u00e1ltat\u00e1sok<\/li>\n<li>Csomagol\u00e1si szolg\u00e1ltat\u00e1sok<\/li>\n<li>V\u00e1mkezel\u00e9s<\/li>\n<li>H\u00e1zi\u00e1llat- \u00e9s aut\u00f3sz\u00e1ll\u00edt\u00e1s<\/li>\n<li>Beilleszked\u00e9si szolg\u00e1ltat\u00e1sok<\/li>\n<li>T\u00e1rol\u00e1si megold\u00e1sok<\/li>\n<\/ul>\n<p>Az Interem egy 1995-ben alap\u00edtott glob\u00e1lis k\u00f6lt\u00f6ztet\u00e9si szolg\u00e1ltat\u00e1sokat ny\u00fajt\u00f3 v\u00e1llalat, amelynek sz\u00e9khelye Dubajban tal\u00e1lhat\u00f3. Irod\u00e1ik vannak Indi\u00e1ban, Kuvaitban \u00e9s Katarban. K\u00f6lt\u00f6ztet\u0151 c\u00e9gek \u00e9s \u00fcgyn\u00f6k\u00f6k h\u00e1l\u00f3zata seg\u00edti \u0151ket a vil\u00e1g m\u00e1s r\u00e9szeinek el\u00e9r\u00e9s\u00e9ben. Az IAM tagjak\u00e9nt 28 \u00e9ves szolg\u00e1lati id\u0151vel rendelkeznek, \u00e9s a FIDI \u00e1ltal akkredit\u00e1ltak.<\/p>\n<p>Az Interem olyan k\u00f6lt\u00f6ztet\u00e9si szolg\u00e1ltat\u00e1sokat k\u00edn\u00e1l, amelyek magukban foglalhatj\u00e1k az aut\u00f3 \u00e9s a h\u00e1zi\u00e1llat k\u00f6lt\u00f6ztet\u00e9s\u00e9t is. A k\u00f6lt\u00f6z\u00e9s el\u0151tti felm\u00e9r\u00e9st k\u00edn\u00e1lnak, hogy felm\u00e9rj\u00e9k az \u00d6n ig\u00e9nyeit, \u00e9s szolg\u00e1ltat\u00e1saik k\u00f6z\u00e9 tartozik a t\u00e1rgyak biztons\u00e1gos csomagol\u00e1sa, a fuvaroz\u00e1s megszervez\u00e9se, a v\u00e1mkezel\u00e9s \u00e9s a sz\u00e1ll\u00edt\u00e1s. Olyan k\u00f6lt\u00f6z\u00e9si szolg\u00e1ltat\u00e1sokat k\u00edn\u00e1lnak, amelyek magukban foglalj\u00e1k a leteleped\u00e9si szolg\u00e1ltat\u00e1sokat, a t\u00e1j\u00e9koz\u00f3d\u00e1st, a bev\u00e1ndorl\u00e1si t\u00e1mogat\u00e1st, az otthon- \u00e9s iskolakeres\u00e9st.<\/p>\n<p>Weboldal: <a href=\"http:\/\/www.interemrelocations.com\" target=\"_blank\" rel=\"noopener\">http:\/\/www.interemrelocations.com<\/a><\/p>\n<h2><span class=\"ez-toc-section\" id=\"33_Mac_Pack_Removals\"><\/span><strong>33. Mac Pack k\u00f6lt\u00f6ztet\u00e9s<\/strong><span class=\"ez-toc-section-end\"><\/span><\/h2>\n<p><img loading=\"lazy\" decoding=\"async\" class=\"alignnone size-full wp-image-10151\" src=\"https:\/\/moverdb.com\/wp-content\/uploads\/Mac-Pack-Removals-international-moving-company.png\" alt=\"Mac Pack Removals nemzetk\u00f6zi k\u00f6lt\u00f6ztet\u0151 c\u00e9g\" width=\"1440\" height=\"683\" data-wp-pid=\"10151\" srcset=\"https:\/\/moverdb.com\/wp-content\/uploads\/Mac-Pack-Removals-international-moving-company.png 1440w, https:\/\/moverdb.com\/wp-content\/uploads\/Mac-Pack-Removals-international-moving-company-300x142.png 300w, https:\/\/moverdb.com\/wp-content\/uploads\/Mac-Pack-Removals-international-moving-company-1024x486.png 1024w, https:\/\/moverdb.com\/wp-content\/uploads\/Mac-Pack-Removals-international-moving-company-18x9.png 18w, https:\/\/moverdb.com\/wp-content\/uploads\/Mac-Pack-Removals-international-moving-company-600x285.png 600w\" sizes=\"auto, (max-width: 1440px) 100vw, 1440px\" \/><\/p>\n<ul>\n<li>Nemzeti l\u00e9p\u00e9sek<\/li>\n<li>Nemzetk\u00f6zi k\u00f6lt\u00f6z\u00e9sek<\/li>\n<li>H\u00e1ztart\u00e1si k\u00f6lt\u00f6z\u00e9sek<\/li>\n<li>Kereskedelmi k\u00f6lt\u00f6z\u00e9sek<\/li>\n<li>Szem\u00e9lyes k\u00f6lt\u00f6z\u00e9s menedzser<\/li>\n<li>Csomagol\u00e1si szolg\u00e1ltat\u00e1s<\/li>\n<li>Dokument\u00e1ci\u00f3 kezel\u00e9se<\/li>\n<li>H\u00e1zi\u00e1llat \u00e1thelyez\u00e9s<\/li>\n<li>Ezermester \u00e9s takar\u00edt\u00e1si szolg\u00e1ltat\u00e1sok<\/li>\n<li>T\u00e1rol\u00e1si megold\u00e1sok<\/li>\n<\/ul>\n<p>A Mac Pack Removals egy 2013-ban alap\u00edtott, Dubaiban sz\u00e9khellyel rendelkez\u0151 k\u00f6lt\u00f6ztet\u0151 \u00e9s csomagol\u00f3 c\u00e9g. Kapcsolatokat tartanak fenn olyan \u00fcgyn\u00f6k\u00f6kkel szerte a vil\u00e1gon, akik ugyanazt a min\u0151s\u00e9gi szolg\u00e1ltat\u00e1st ny\u00fajtj\u00e1k, hogy seg\u00edts\u00e9k \u0151ket a nemzetk\u00f6zi szolg\u00e1ltat\u00e1sok ny\u00fajt\u00e1s\u00e1ban. Az IAM tagjak\u00e9nt 10 \u00e9ves szolg\u00e1lati id\u0151vel rendelkeznek.<\/p>\n<p>A Mac Pack K\u00f6lt\u00f6ztet\u00e9si szolg\u00e1ltat\u00e1sok egy kezdeti felm\u00e9r\u00e9st k\u00edn\u00e1lnak az \u00d6n k\u00f6lt\u00f6z\u00e9si ig\u00e9nyeinek meg\u00e1llap\u00edt\u00e1s\u00e1hoz. Csomagol\u00e1si szolg\u00e1ltat\u00e1saikat az \u00d6n k\u00f6lt\u00f6z\u00e9s\u00e9re szabj\u00e1k, legyen az helyi vagy nemzetk\u00f6zi, valamint a sz\u00e1ll\u00edt\u00e1si m\u00f3dra. K\u00e9pzett szem\u00e9lyzet\u00fck min\u0151s\u00e9gi \u00e9s megfelel\u0151 csomagol\u00f3anyagokba \u00e9s dobozokba csomagolja a holmikat, a t\u00f6r\u00e9keny t\u00e1rgyakra k\u00fcl\u00f6n\u00f6s gonddal \u00fcgyelve.<\/p>\n<p>Weboldal: <a href=\"http:\/\/macpackdubai.com\" target=\"_blank\" rel=\"noopener\">http:\/\/macpackdubai.com<\/a><\/p>\n<h2><span class=\"ez-toc-section\" id=\"34_Mac_World_Logistics\"><\/span><strong>34. Mac World Logistics<\/strong><span class=\"ez-toc-section-end\"><\/span><\/h2>\n<p><img loading=\"lazy\" decoding=\"async\" class=\"alignnone size-full wp-image-10152\" src=\"https:\/\/moverdb.com\/wp-content\/uploads\/Mac-World-Logistics-international-moving-company.png\" alt=\"Mac World Logistics nemzetk\u00f6zi k\u00f6lt\u00f6ztet\u0151 c\u00e9g\" width=\"1440\" height=\"680\" data-wp-pid=\"10152\" srcset=\"https:\/\/moverdb.com\/wp-content\/uploads\/Mac-World-Logistics-international-moving-company.png 1440w, https:\/\/moverdb.com\/wp-content\/uploads\/Mac-World-Logistics-international-moving-company-300x142.png 300w, https:\/\/moverdb.com\/wp-content\/uploads\/Mac-World-Logistics-international-moving-company-1024x484.png 1024w, https:\/\/moverdb.com\/wp-content\/uploads\/Mac-World-Logistics-international-moving-company-18x9.png 18w, https:\/\/moverdb.com\/wp-content\/uploads\/Mac-World-Logistics-international-moving-company-600x283.png 600w\" sizes=\"auto, (max-width: 1440px) 100vw, 1440px\" \/><\/p>\n<ul>\n<li>Helyi \u00e9s orsz\u00e1gos k\u00f6lt\u00f6z\u00e9sek<\/li>\n<li>Nemzetk\u00f6zi k\u00f6lt\u00f6z\u00e9sek<\/li>\n<li>H\u00e1ztart\u00e1s \u00e1thelyez\u00e9se<\/li>\n<li>Kereskedelmi \u00e1thelyez\u00e9sek<\/li>\n<li>Tan\u00e1csad\u00f3i t\u00e1mogat\u00e1s<\/li>\n<li>Csomagol\u00e1si szolg\u00e1ltat\u00e1s<\/li>\n<li>L\u00e9gi, tengeri \u00e9s sz\u00e1razf\u00f6ldi \u00e1rusz\u00e1ll\u00edt\u00e1s<\/li>\n<li>V\u00e1melj\u00e1r\u00e1sok<\/li>\n<li>Biztos\u00edt\u00e1s<\/li>\n<li>Biztons\u00e1gos t\u00e1rol\u00e1s<\/li>\n<\/ul>\n<p>A Mac World Logistics egy sz\u00e1ll\u00edtm\u00e1nyoz\u00e1si, logisztikai \u00e9s k\u00f6lt\u00f6ztet\u0151 c\u00e9g dubai \u00e9s dubaji irod\u00e1kkal. <a href=\"https:\/\/moverdb.com\/hu\/moving-to-china\/\" data-internallinksmanager029f6b8e52c=\"357\" title=\"K\u00edn\u00e1ba k\u00f6lt\u00f6zik? 2023 Meg\u00e9lhet\u00e9si k\u00f6lts\u00e9gek \u00e9s k\u00f6lt\u00f6z\u00e9si tippek\">K\u00edna<\/a>. Glob\u00e1lis kapcsolatokkal \u00e9s integr\u00e1lt technol\u00f3gi\u00e1val rendelkeznek, amelyek seg\u00edts\u00e9g\u00e9vel z\u00f6kken\u0151mentes szolg\u00e1ltat\u00e1sokat ny\u00fajtanak az eg\u00e9sz vil\u00e1gon. Az IAM tagja, 16 \u00e9ves szolg\u00e1lati id\u0151vel.<\/p>\n<p>A Mac World Logistics k\u00f6lt\u00f6z\u00e9si \u00e9s csomagol\u00e1si tan\u00e1csad\u00f3ja felm\u00e9r\u00e9st \u00e9s becsl\u00e9st k\u00e9sz\u00edt az \u00d6n k\u00f6lt\u00f6z\u00e9s\u00e9re vonatkoz\u00f3an, \u00e9s tervet k\u00e9sz\u00edt. Csomagol\u00e1si szolg\u00e1ltat\u00e1st ny\u00fajtanak, amely becsomagolja, szalaggal, dobozokkal \u00e9s l\u00e1d\u00e1kkal l\u00e1tja el, valamint felc\u00edmk\u00e9zi azokat. Megszervezik a holmij\u00e1nak l\u00e9gi, tengeri vagy k\u00f6z\u00fati sz\u00e1ll\u00edt\u00e1s\u00e1t, v\u00e1mkezel\u00e9ssel \u00e9s biztos\u00edt\u00e1ssal.<\/p>\n<p>Weboldal: <a href=\"http:\/\/www.macworldlogistic.com\" target=\"_blank\" rel=\"noopener\">http:\/\/www.macworldlogistic.com<\/a><\/p>\n<h2><span class=\"ez-toc-section\" id=\"35_Masstrans_Freight\"><\/span><strong>35. Masstrans Freight<\/strong><span class=\"ez-toc-section-end\"><\/span><\/h2>\n<p><img loading=\"lazy\" decoding=\"async\" class=\"alignnone size-full wp-image-10153\" src=\"https:\/\/moverdb.com\/wp-content\/uploads\/Masstrans-Freight-international-moving-company.png\" alt=\"Masstrans Freight nemzetk\u00f6zi k\u00f6lt\u00f6ztet\u0151 c\u00e9g\" width=\"1440\" height=\"678\" data-wp-pid=\"10153\" srcset=\"https:\/\/moverdb.com\/wp-content\/uploads\/Masstrans-Freight-international-moving-company.png 1440w, https:\/\/moverdb.com\/wp-content\/uploads\/Masstrans-Freight-international-moving-company-300x141.png 300w, https:\/\/moverdb.com\/wp-content\/uploads\/Masstrans-Freight-international-moving-company-1024x482.png 1024w, https:\/\/moverdb.com\/wp-content\/uploads\/Masstrans-Freight-international-moving-company-18x8.png 18w, https:\/\/moverdb.com\/wp-content\/uploads\/Masstrans-Freight-international-moving-company-600x283.png 600w\" sizes=\"auto, (max-width: 1440px) 100vw, 1440px\" \/><\/p>\n<ul>\n<li>Helyi \u00e1thelyez\u00e9sek<\/li>\n<li>Nemzetk\u00f6zi \u00e1thelyez\u00e9sek<\/li>\n<li>Lakoss\u00e1gi \u00e1thelyez\u00e9sek<\/li>\n<li>Irod\u00e1k \u00e9s ipari l\u00e9tes\u00edtm\u00e9nyek \u00e1thelyez\u00e9se<\/li>\n<li>H\u00e1zt\u00f3l-h\u00e1zig szolg\u00e1ltat\u00e1s<\/li>\n<li>Csomagol\u00e1si szolg\u00e1ltat\u00e1s<\/li>\n<li>Tengeri, l\u00e9gi \u00e9s k\u00f6z\u00fati sz\u00e1ll\u00edt\u00e1s<\/li>\n<li>V\u00e1m\u00fcgyn\u00f6ki tev\u00e9kenys\u00e9g<\/li>\n<li>J\u00e1rm\u0171vek \u00e9s kis\u00e1llatok \u00e1thelyez\u00e9se<\/li>\n<li>Rakt\u00e1roz\u00e1si lehet\u0151s\u00e9gek<\/li>\n<\/ul>\n<p>A Masstrans Freight egy t\u00f6bbfunkci\u00f3s sz\u00e1ll\u00edtm\u00e1nyoz\u00e1si v\u00e1llalat, amelynek sz\u00e9khelye Dubaiban tal\u00e1lhat\u00f3. Az IAM tagja 13 \u00e9ves szolg\u00e1lati id\u0151vel, ami hozz\u00e1f\u00e9r\u00e9st biztos\u00edt sz\u00e1mukra a vil\u00e1g mozg\u00f3 orsz\u00e1gainak nemzetk\u00f6zi h\u00e1l\u00f3zat\u00e1hoz.<\/p>\n<p>A Masstrans Freight \u00e1tfog\u00f3 h\u00e1zt\u00f3l-h\u00e1zig tart\u00f3 k\u00f6lt\u00f6z\u00e9si \u00e9s \u00e1thelyez\u00e9si szolg\u00e1ltat\u00e1sokat k\u00edn\u00e1l az Egyes\u00fclt Arab Em\u00edrs\u00e9gekben, az Egyes\u00fclt Arab Em\u00edrs\u00e9gekben \u00e9s az Egyes\u00fclt Arab Em\u00edrs\u00e9gekb\u0151l. Szolg\u00e1ltat\u00e1saik k\u00f6z\u00e9 tartozik a holmij\u00e1nak biztons\u00e1gos csomagol\u00e1sa a sz\u00e1ll\u00edt\u00e1shoz, a tengeri, l\u00e9gi vagy k\u00f6z\u00fati sz\u00e1ll\u00edt\u00e1s megszervez\u00e9se, p\u00e9ld\u00e1ul teljes kont\u00e9nerek, kont\u00e9nern\u00e9l kisebb rakom\u00e1nyok \u00e9s gy\u0171jt\u0151fuvarok sz\u00e1ll\u00edt\u00e1sa. Tov\u00e1bbi k\u00f6lt\u00f6ztet\u00e9si szolg\u00e1ltat\u00e1sokat ny\u00fajtanak, amelyek magukban foglalj\u00e1k a g\u00e9pj\u00e1rm\u0171vek, haj\u00f3k \u00e9s p\u00f3tkocsik k\u00f6lt\u00f6ztet\u00e9s\u00e9t, h\u00e1zi\u00e1llatok k\u00f6lt\u00f6ztet\u00e9s\u00e9t, m\u0171t\u00e1rgyak \u00e9s r\u00e9gis\u00e9gek kezel\u00e9s\u00e9t \u00e9s t\u00e1rol\u00e1s\u00e1t.<\/p>\n<p>Weboldal: <a href=\"http:\/\/www.masstransfreight.com\" target=\"_blank\" rel=\"noopener\">http:\/\/www.masstransfreight.com<\/a><\/p>\n<h2><span class=\"ez-toc-section\" id=\"36_Move_Hub\"><\/span><strong>36. Hub mozgat\u00e1sa<\/strong><span class=\"ez-toc-section-end\"><\/span><\/h2>\n<p><img loading=\"lazy\" decoding=\"async\" class=\"alignnone size-full wp-image-10158\" src=\"https:\/\/moverdb.com\/wp-content\/uploads\/Move-Hub-international-moving-company.png\" alt=\"Move Hub nemzetk\u00f6zi k\u00f6lt\u00f6ztet\u0151 c\u00e9g\" width=\"1440\" height=\"677\" data-wp-pid=\"10158\" srcset=\"https:\/\/moverdb.com\/wp-content\/uploads\/Move-Hub-international-moving-company.png 1440w, https:\/\/moverdb.com\/wp-content\/uploads\/Move-Hub-international-moving-company-300x141.png 300w, https:\/\/moverdb.com\/wp-content\/uploads\/Move-Hub-international-moving-company-1024x481.png 1024w, https:\/\/moverdb.com\/wp-content\/uploads\/Move-Hub-international-moving-company-18x8.png 18w, https:\/\/moverdb.com\/wp-content\/uploads\/Move-Hub-international-moving-company-600x282.png 600w\" sizes=\"auto, (max-width: 1440px) 100vw, 1440px\" \/><\/p>\n<ul>\n<li>Nemzeti l\u00e9p\u00e9sek<\/li>\n<li>Nemzetk\u00f6zi k\u00f6lt\u00f6z\u00e9sek<\/li>\n<li>H\u00e1ztart\u00e1si k\u00f6lt\u00f6z\u00e9sek<\/li>\n<li>Irodai k\u00f6lt\u00f6z\u00e9sek<\/li>\n<li>Csomagol\u00e1si szolg\u00e1ltat\u00e1s<\/li>\n<li>Sz\u00e1razf\u00f6ldi, l\u00e9gi \u00e9s tengeri sz\u00e1ll\u00edt\u00e1s<\/li>\n<li>V\u00e1mkezel\u00e9s<\/li>\n<li>K\u00e9pz\u0151m\u0171v\u00e9szeti \u00e9s r\u00e9gis\u00e9gek kezel\u00e9se<\/li>\n<li>H\u00e1zi\u00e1llat- \u00e9s g\u00e9pj\u00e1rm\u0171-\u00e1thelyez\u00e9sek<\/li>\n<li>Biztons\u00e1gos r\u00f6vid \u00e9s hossz\u00fa t\u00e1v\u00fa t\u00e1rol\u00e1s<\/li>\n<\/ul>\n<p>A Move Hub egy 2010-ben alap\u00edtott, Dubaiban sz\u00e9khellyel rendelkez\u0151 k\u00f6lt\u00f6ztet\u0151 \u00e9s csomagol\u00f3 c\u00e9g. Megb\u00edzhat\u00f3 glob\u00e1lis k\u00f6lt\u00f6ztet\u0151 h\u00e1l\u00f3zatot haszn\u00e1lnak, hogy seg\u00edtsenek az embereknek t\u00f6bb mint 120 orsz\u00e1gba k\u00f6lt\u00f6zni. Az IAM tagjak\u00e9nt 12 \u00e9ves tapasztalattal rendelkeznek.<\/p>\n<p>A Move Hub ingyenes konzult\u00e1ci\u00f3t k\u00edn\u00e1l az \u00d6n ig\u00e9nyeinek felm\u00e9r\u00e9s\u00e9hez \u00e9s \u00e1raj\u00e1nlatot ad. Biztons\u00e1gosan becsomagolj\u00e1k a holmij\u00e1t, \u00e9s bepakolj\u00e1k a speci\u00e1lisan erre a c\u00e9lra kialak\u00edtott teheraut\u00f3ikba. Sz\u00e1razf\u00f6ld\u00f6n, l\u00e9gi vagy tengeri \u00faton is elsz\u00e1ll\u00edthatj\u00e1k holmij\u00e1t, \u00e9s az \u00d6n ig\u00e9nyeinek legk\u00f6lts\u00e9ghat\u00e9konyabb \u00e9s legmegfelel\u0151bb m\u00f3dot aj\u00e1nlj\u00e1k. Emellett minden dokument\u00e1ci\u00f3t kezelnek, \u00e9s \u00e9rkez\u00e9skor kicsomagolj\u00e1k \u00e9s elrendezik a b\u00fatorokat.<\/p>\n<p>Weboldal: <a href=\"https:\/\/www.movehub.ae\/\" target=\"_blank\" rel=\"noopener\">https:\/\/www.movehub.ae\/<\/a><\/p>\n<h2><span class=\"ez-toc-section\" id=\"37_Move_One\"><\/span><strong>37. Move One<\/strong><span class=\"ez-toc-section-end\"><\/span><\/h2>\n<p><img loading=\"lazy\" decoding=\"async\" class=\"alignnone size-full wp-image-10159\" src=\"https:\/\/moverdb.com\/wp-content\/uploads\/Move-One-international-moving-company-1.png\" alt=\"Move One nemzetk\u00f6zi k\u00f6lt\u00f6ztet\u0151 c\u00e9g\" width=\"1440\" height=\"676\" data-wp-pid=\"10159\" srcset=\"https:\/\/moverdb.com\/wp-content\/uploads\/Move-One-international-moving-company-1.png 1440w, https:\/\/moverdb.com\/wp-content\/uploads\/Move-One-international-moving-company-1-300x141.png 300w, https:\/\/moverdb.com\/wp-content\/uploads\/Move-One-international-moving-company-1-1024x481.png 1024w, https:\/\/moverdb.com\/wp-content\/uploads\/Move-One-international-moving-company-1-18x8.png 18w, https:\/\/moverdb.com\/wp-content\/uploads\/Move-One-international-moving-company-1-600x282.png 600w\" sizes=\"auto, (max-width: 1440px) 100vw, 1440px\" \/><\/p>\n<ul>\n<li>Nemzetk\u00f6zi k\u00f6lt\u00f6z\u00e9sek<\/li>\n<li>H\u00e1ztart\u00e1si k\u00f6lt\u00f6z\u00e9sek<\/li>\n<li>Kereskedelmi logisztika<\/li>\n<li>\u00c1thelyez\u00e9sek<\/li>\n<li>Csomagol\u00e1si szolg\u00e1ltat\u00e1s<\/li>\n<li>Sz\u00e1ll\u00edt\u00e1s megszervez\u00e9se<\/li>\n<li>V\u00e1mkezel\u00e9s<\/li>\n<li>H\u00e1zi\u00e1llatok \u00e9s j\u00e1rm\u0171vek \u00e1thelyez\u00e9se<\/li>\n<li>Bev\u00e1ndorl\u00e1s \u00e9s v\u00edzumok<\/li>\n<li>Rakt\u00e1roz\u00e1si lehet\u0151s\u00e9gek<\/li>\n<\/ul>\n<p>A Move One egy 1992-ben alap\u00edtott, dubaji sz\u00e9khely\u0171 logisztikai \u00e9s glob\u00e1lis mobilit\u00e1si megold\u00e1sokkal foglalkoz\u00f3 v\u00e1llalat. Sz\u00e1mos sz\u00f6vets\u00e9get k\u00f6t\u00f6ttek, amelyek t\u00e1mogatj\u00e1k \u0151ket a glob\u00e1lis k\u00f6lt\u00f6z\u00e9si \u00e9s relok\u00e1ci\u00f3s szolg\u00e1ltat\u00e1sok ny\u00fajt\u00e1s\u00e1ban. Az IAM tagja 13 \u00e9ves szolg\u00e1lati id\u0151vel, \u00e9s a FIDI \u00e1ltal akkredit\u00e1ltak.<\/p>\n<p>A Move One k\u00f6lt\u00f6ztet\u00e9si szolg\u00e1ltat\u00e1sokat ny\u00fajt h\u00e1ztart\u00e1sok, v\u00e1llalkoz\u00e1sok \u00e9s alkalmazottak sz\u00e1m\u00e1ra, amelyek magukban foglalhatj\u00e1k h\u00e1zi\u00e1llatok \u00e9s j\u00e1rm\u0171vek sz\u00e1ll\u00edt\u00e1s\u00e1t is. Tapasztalt \u00e9s k\u00e9pzett csomagol\u00f3 szem\u00e9lyzetet biztos\u00edtanak, hogy megv\u00e9dj\u00e9k holmij\u00e1t a sz\u00e1ll\u00edt\u00e1s sor\u00e1n. K\u00f6lt\u00f6z\u00e9si szolg\u00e1ltat\u00e1saik magukban foglalj\u00e1k az enged\u00e9lyek \u00e9s v\u00edzumok beszerz\u00e9s\u00e9t, az otthon- \u00e9s iskolakeres\u00e9st, az ideiglenes sz\u00e1ll\u00e1st, a t\u00e1j\u00e9koz\u00f3d\u00e1st \u00e9s a beilleszked\u00e9s t\u00e1mogat\u00e1s\u00e1t.<\/p>\n<p>Weboldal: <a href=\"https:\/\/www.moveoneinc.com\/\" target=\"_blank\" rel=\"noopener\">https:\/\/www.moveoneinc.com\/<\/a><\/p>\n<h2><span class=\"ez-toc-section\" id=\"38_OCS_Relocations\"><\/span><strong>38. OCS \u00e1thelyez\u00e9sek<\/strong><span class=\"ez-toc-section-end\"><\/span><\/h2>\n<p><img loading=\"lazy\" decoding=\"async\" class=\"alignnone size-full wp-image-10165\" src=\"https:\/\/moverdb.com\/wp-content\/uploads\/OCS-Relocations-international-moving-company.png\" alt=\"OCS Relocations nemzetk\u00f6zi k\u00f6lt\u00f6ztet\u0151 c\u00e9g\" width=\"1440\" height=\"683\" data-wp-pid=\"10165\" srcset=\"https:\/\/moverdb.com\/wp-content\/uploads\/OCS-Relocations-international-moving-company.png 1440w, https:\/\/moverdb.com\/wp-content\/uploads\/OCS-Relocations-international-moving-company-300x142.png 300w, https:\/\/moverdb.com\/wp-content\/uploads\/OCS-Relocations-international-moving-company-1024x486.png 1024w, https:\/\/moverdb.com\/wp-content\/uploads\/OCS-Relocations-international-moving-company-18x9.png 18w, https:\/\/moverdb.com\/wp-content\/uploads\/OCS-Relocations-international-moving-company-600x285.png 600w\" sizes=\"auto, (max-width: 1440px) 100vw, 1440px\" \/><\/p>\n<ul>\n<li>Helyi \u00e1thelyez\u00e9sek<\/li>\n<li>Nemzetk\u00f6zi \u00e1thelyez\u00e9sek<\/li>\n<li>H\u00e1ztart\u00e1s \u00e1thelyez\u00e9se<\/li>\n<li>Szem\u00e9lyes k\u00f6lt\u00f6z\u00e9s koordin\u00e1tora<\/li>\n<li>H\u00e1zt\u00f3l-h\u00e1zig szolg\u00e1ltat\u00e1s<\/li>\n<li>Csomagol\u00e1si szolg\u00e1ltat\u00e1s<\/li>\n<li>Szem\u00e9lyre szabott csomagol\u00e1s<\/li>\n<li>Sz\u00e1ll\u00edt\u00e1si szab\u00e1lyok<\/li>\n<li>V\u00e1mkezel\u00e9s<\/li>\n<li>A legkorszer\u0171bb rakt\u00e1roz\u00e1si l\u00e9tes\u00edtm\u00e9nyek<\/li>\n<\/ul>\n<p>Az OCS Relocations egy 2020-ban alap\u00edtott, Dubaiban sz\u00e9khellyel rendelkez\u0151 k\u00f6lt\u00f6ztet\u0151 c\u00e9g. Vil\u00e1gszerte partnerek, c\u00e9l\u00e1llom\u00e1s-\u00fcgyn\u00f6k\u00f6k \u00e9s k\u00f6lt\u00f6ztet\u00e9si szakemberek h\u00e1l\u00f3zata t\u00e1mogatja \u0151ket a nemzetk\u00f6zi k\u00f6lt\u00f6z\u00e9sekben. Az IAM tagjak\u00e9nt h\u00e1rom\u00e9ves szolg\u00e1lati id\u0151vel rendelkeznek.<\/p>\n<p>Az OCS Relocations ingyenes, k\u00f6telezetts\u00e9g n\u00e9lk\u00fcli felm\u00e9r\u00e9st k\u00edn\u00e1l az \u00d6n k\u00f6lt\u00f6z\u00e9si ig\u00e9nyeinek felm\u00e9r\u00e9s\u00e9re \u00e9s \u00e1raj\u00e1nlat k\u00e9sz\u00edt\u00e9s\u00e9re. Szem\u00e9lyes k\u00f6lt\u00f6z\u00e9si koordin\u00e1tort jel\u00f6lnek ki, aki h\u00e1zt\u00f3l-h\u00e1zig fel\u00fcgyeli a k\u00f6lt\u00f6z\u00e9st, \u00e9s minden l\u00e9p\u00e9sen kereszt\u00fcl v\u00e9gigvezeti \u00d6nt. \u00d6sszecsomagolj\u00e1k a holmij\u00e1t, \u00e9s sz\u00fcks\u00e9g eset\u00e9n szem\u00e9lyre szabott csomagol\u00e1st \u00e9s kieg\u00e9sz\u00edt\u0151 csomagol\u00e1st alkalmaznak a t\u00e1rgyak v\u00e9delme \u00e9rdek\u00e9ben.<\/p>\n<p>Weboldal: <a href=\"http:\/\/www.ocsrelocations.com\" target=\"_blank\" rel=\"noopener\">http:\/\/www.ocsrelocations.com<\/a><\/p>\n<h2><span class=\"ez-toc-section\" id=\"39_On_The_Move\"><\/span><strong>39. Mozg\u00e1sban<\/strong><span class=\"ez-toc-section-end\"><\/span><\/h2>\n<p><img loading=\"lazy\" decoding=\"async\" class=\"alignnone size-full wp-image-10166\" src=\"https:\/\/moverdb.com\/wp-content\/uploads\/On-The-Move-international-moving-company.png\" alt=\"On The Move nemzetk\u00f6zi k\u00f6lt\u00f6ztet\u0151 c\u00e9g\" width=\"1440\" height=\"679\" data-wp-pid=\"10166\" srcset=\"https:\/\/moverdb.com\/wp-content\/uploads\/On-The-Move-international-moving-company.png 1440w, https:\/\/moverdb.com\/wp-content\/uploads\/On-The-Move-international-moving-company-300x141.png 300w, https:\/\/moverdb.com\/wp-content\/uploads\/On-The-Move-international-moving-company-1024x483.png 1024w, https:\/\/moverdb.com\/wp-content\/uploads\/On-The-Move-international-moving-company-18x8.png 18w, https:\/\/moverdb.com\/wp-content\/uploads\/On-The-Move-international-moving-company-600x283.png 600w\" sizes=\"auto, (max-width: 1440px) 100vw, 1440px\" \/><\/p>\n<ul>\n<li>Nemzeti l\u00e9p\u00e9sek<\/li>\n<li>Nemzetk\u00f6zi k\u00f6lt\u00f6z\u00e9sek<\/li>\n<li>H\u00e1ztart\u00e1si k\u00f6lt\u00f6z\u00e9sek<\/li>\n<li>Professzion\u00e1lis k\u00f6lt\u00f6z\u00e9si tan\u00e1csad\u00f3k<\/li>\n<li>Szem\u00e9lyre szabott szolg\u00e1ltat\u00e1s<\/li>\n<li>K\u00f6lt\u00f6z\u00e9s el\u0151tti felm\u00e9r\u00e9s<\/li>\n<li>Csomagol\u00e1si szolg\u00e1ltat\u00e1s<\/li>\n<li>Sz\u00e1ll\u00edt\u00e1si meg\u00e1llapod\u00e1sok<\/li>\n<li>H\u00e1zi\u00e1llat \u00e1thelyez\u00e9s<\/li>\n<li>Biztons\u00e1gos rakt\u00e1rhelyis\u00e9gek<\/li>\n<\/ul>\n<p>Az On The Move egy 10 \u00e9ve m\u0171k\u00f6d\u0151 k\u00f6lt\u00f6ztet\u0151 c\u00e9g, amelynek sz\u00e9khelye Dubajban van, de a c\u00e9g brit vezet\u00e9s\u0171. Az eg\u00e9sz vil\u00e1gon k\u00edn\u00e1lnak k\u00f6lt\u00f6ztet\u00e9si szolg\u00e1ltat\u00e1sokat, amit nemzetk\u00f6zi partners\u00e9gek tesznek lehet\u0151v\u00e9. Az IAM tagja.<\/p>\n<p>Az On The Move szem\u00e9lyre szabott k\u00f6lt\u00f6ztet\u00e9si szolg\u00e1ltat\u00e1st ny\u00fajt, amely egy k\u00f6lt\u00f6z\u00e9s el\u0151tti felm\u00e9r\u00e9ssel kezd\u0151dik, hogy felm\u00e9rje a helyi vagy nemzetk\u00f6zi k\u00f6lt\u00f6z\u00e9si ig\u00e9nyeit. Professzion\u00e1lis csomagol\u00e1si szolg\u00e1ltat\u00e1st ny\u00fajtanak k\u00e9pzett munkat\u00e1rsakkal, akik kiv\u00e1l\u00f3 min\u0151s\u00e9g\u0171 csomagol\u00f3anyagokat haszn\u00e1lnak. Tov\u00e1bbi szolg\u00e1ltat\u00e1sokat is k\u00edn\u00e1lnak, amelyek magukban foglalj\u00e1k a h\u00e1zi\u00e1llatok k\u00f6lt\u00f6ztet\u00e9s\u00e9t \u00e9s a biztons\u00e1gos t\u00e1rol\u00e1si lehet\u0151s\u00e9geket.<\/p>\n<p>Weboldal: <a href=\"http:\/\/www.onthemove.ae\" target=\"_blank\" rel=\"noopener\">http:\/\/www.onthemove.ae<\/a><\/p>\n<h2><span class=\"ez-toc-section\" id=\"40_Ozone_Cargo\"><\/span><strong>40. \u00d3zon Cargo<\/strong><span class=\"ez-toc-section-end\"><\/span><\/h2>\n<p><img loading=\"lazy\" decoding=\"async\" class=\"alignnone size-full wp-image-10168\" src=\"https:\/\/moverdb.com\/wp-content\/uploads\/Ozone-Cargo-international-moving-company.png\" alt=\"Ozone Cargo nemzetk\u00f6zi k\u00f6lt\u00f6ztet\u0151 c\u00e9g\" width=\"1440\" height=\"678\" data-wp-pid=\"10168\" srcset=\"https:\/\/moverdb.com\/wp-content\/uploads\/Ozone-Cargo-international-moving-company.png 1440w, https:\/\/moverdb.com\/wp-content\/uploads\/Ozone-Cargo-international-moving-company-300x141.png 300w, https:\/\/moverdb.com\/wp-content\/uploads\/Ozone-Cargo-international-moving-company-1024x482.png 1024w, https:\/\/moverdb.com\/wp-content\/uploads\/Ozone-Cargo-international-moving-company-18x8.png 18w, https:\/\/moverdb.com\/wp-content\/uploads\/Ozone-Cargo-international-moving-company-600x283.png 600w\" sizes=\"auto, (max-width: 1440px) 100vw, 1440px\" \/><\/p>\n<ul>\n<li>Nemzeti \u00e1thelyez\u00e9sek<\/li>\n<li>Nemzetk\u00f6zi \u00e1thelyez\u00e9sek<\/li>\n<li>H\u00e1ztart\u00e1s \u00e1thelyez\u00e9se<\/li>\n<li>Irodai k\u00f6lt\u00f6ztet\u00e9s<\/li>\n<li>H\u00e1zt\u00f3l-h\u00e1zig szolg\u00e1ltat\u00e1s<\/li>\n<li>Csomagol\u00e1si szolg\u00e1ltat\u00e1sok<\/li>\n<li>L\u00e9gi, tengeri \u00e9s sz\u00e1razf\u00f6ldi \u00e1rusz\u00e1ll\u00edt\u00e1s<\/li>\n<li>V\u00e1mkezel\u00e9s<\/li>\n<li>Aut\u00f3 \u00e1thelyez\u00e9s<\/li>\n<li>Rakt\u00e1roz\u00e1si lehet\u0151s\u00e9gek<\/li>\n<\/ul>\n<p>Az Ozone Cargo egy dubaji sz\u00e9khely\u0171 tehersz\u00e1ll\u00edt\u00e1si megold\u00e1sokkal \u00e9s k\u00f6lt\u00f6ztet\u00e9ssel foglalkoz\u00f3 v\u00e1llalat. Vil\u00e1gszerte vannak partnereik, akik seg\u00edtenek nekik a nemzetk\u00f6zi k\u00f6lt\u00f6ztet\u00e9si szolg\u00e1ltat\u00e1sok ny\u00fajt\u00e1s\u00e1ban. Az IAM k\u00e9t\u00e9ves tags\u00e1ggal rendelkez\u0151 tagja.<\/p>\n<p>Az Ozone Cargo h\u00e1zt\u00f3l-h\u00e1zig, h\u00e1zt\u00f3l-kik\u00f6t\u0151ig \u00e9s kik\u00f6t\u0151t\u0151l-kik\u00f6t\u0151ig k\u00f6lt\u00f6ztet\u00e9si szolg\u00e1ltat\u00e1sokat k\u00edn\u00e1l, \u00e9s teljes kont\u00e9nerrakom\u00e1nyok, kevesebb mint kont\u00e9nerrakom\u00e1nyok \u00e9s gy\u0171jt\u0151fuvaroz\u00e1si lehet\u0151s\u00e9gek k\u00f6z\u00fcl v\u00e1laszthat. Speci\u00e1lis csomagol\u00e1si \u00e9s l\u00e1d\u00e1z\u00e1si szolg\u00e1ltat\u00e1st ny\u00fajtanak, amely a sz\u00e1ll\u00edt\u00e1si m\u00f3dnak megfelel\u0151, kiv\u00e1l\u00f3 min\u0151s\u00e9g\u0171 csomagol\u00f3anyagokat haszn\u00e1l. Megszervezik a leggazdas\u00e1gosabb, az \u00d6n ig\u00e9nyeinek megfelel\u0151 sz\u00e1ll\u00edt\u00e1st, legyen az l\u00e9gi, tengeri vagy k\u00f6z\u00fati.<\/p>\n<p>Weboldal: <a href=\"http:\/\/www.ozonecargo.com\" target=\"_blank\" rel=\"noopener\">http:\/\/www.ozonecargo.com<\/a><\/p>\n<h2><span class=\"ez-toc-section\" id=\"41_Queens_Cargo_Packaging\"><\/span><strong>41. Queens Cargo Packaging<\/strong><span class=\"ez-toc-section-end\"><\/span><\/h2>\n<p><img loading=\"lazy\" decoding=\"async\" class=\"alignnone size-full wp-image-10171\" src=\"https:\/\/moverdb.com\/wp-content\/uploads\/Queens-Cargo-Packaging-international-moving-company.png\" alt=\"Queens Cargo Packaging nemzetk\u00f6zi k\u00f6lt\u00f6ztet\u0151 c\u00e9g\" width=\"1440\" height=\"681\" data-wp-pid=\"10171\" srcset=\"https:\/\/moverdb.com\/wp-content\/uploads\/Queens-Cargo-Packaging-international-moving-company.png 1440w, https:\/\/moverdb.com\/wp-content\/uploads\/Queens-Cargo-Packaging-international-moving-company-300x142.png 300w, https:\/\/moverdb.com\/wp-content\/uploads\/Queens-Cargo-Packaging-international-moving-company-1024x484.png 1024w, https:\/\/moverdb.com\/wp-content\/uploads\/Queens-Cargo-Packaging-international-moving-company-18x9.png 18w, https:\/\/moverdb.com\/wp-content\/uploads\/Queens-Cargo-Packaging-international-moving-company-600x284.png 600w\" sizes=\"auto, (max-width: 1440px) 100vw, 1440px\" \/><\/p>\n<ul>\n<li>Nemzeti \u00e1thelyez\u00e9sek<\/li>\n<li>Nemzetk\u00f6zi \u00e1thelyez\u00e9sek<\/li>\n<li>Lakoss\u00e1gi \u00e1thelyez\u00e9sek<\/li>\n<li>Irodai \u00e9s v\u00e1llalati k\u00f6lt\u00f6ztet\u00e9sek<\/li>\n<li>H\u00e1zt\u00f3l-h\u00e1zig szolg\u00e1ltat\u00e1s<\/li>\n<li>Csomagol\u00e1si szolg\u00e1ltat\u00e1sok<\/li>\n<li>L\u00e9gi, tengeri vagy sz\u00e1razf\u00f6ldi sz\u00e1ll\u00edt\u00e1s<\/li>\n<li>Dokumentumt\u00e1mogat\u00e1s<\/li>\n<li>Sz\u00e1ll\u00edt\u00e1si menedzsment<\/li>\n<li>R\u00f6vid \u00e9s hossz\u00fa t\u00e1v\u00fa t\u00e1rol\u00e1s<\/li>\n<\/ul>\n<p>A Queens Cargo Packaging egy dubaji sz\u00e9khely\u0171 csomagol\u00f3, sz\u00e1ll\u00edtm\u00e1nyoz\u00f3, k\u00f6lt\u00f6ztet\u0151 \u00e9s k\u00f6lt\u00f6ztet\u0151 c\u00e9g. Megb\u00edzhat\u00f3 \u00fcgyn\u00f6ks\u00e9gekkel m\u0171k\u00f6dnek egy\u00fctt vil\u00e1gszerte, hogy nemzetk\u00f6zi szolg\u00e1ltat\u00e1sokat ny\u00fajtsanak. Az IAM tagjak\u00e9nt 11 \u00e9ves szolg\u00e1lati id\u0151vel rendelkeznek.<\/p>\n<p>A Queens Cargo Packaging h\u00e1zt\u00f3l h\u00e1zig tart\u00f3 k\u00f6lt\u00f6ztet\u00e9si szolg\u00e1ltat\u00e1sokat k\u00edn\u00e1l lakoss\u00e1gi \u00e9s \u00fczleti \u00fcgyfelek sz\u00e1m\u00e1ra, ami a k\u00f6lt\u00f6z\u00e9s el\u0151tti felm\u00e9r\u00e9ssel kezd\u0151dik, hogy felm\u00e9rj\u00fck az \u00d6n ig\u00e9nyeit. Professzion\u00e1lis csomagol\u00f3kat biztos\u00edtanak, akik fadobozok, raklapok, v\u00e1kuumcsomagol\u00e1s \u00e9s az \u00e1ruk biztons\u00e1gos p\u00e1ntol\u00e1sa seg\u00edts\u00e9g\u00e9vel megv\u00e9dik a holmij\u00e1t. B\u00e1rhov\u00e1 elsz\u00e1ll\u00edtj\u00e1k a holmij\u00e1t, \u00e9s minden el\u0151k\u00e9sz\u00fcletet megtesznek, bele\u00e9rtve a l\u00e9gi, tengeri vagy sz\u00e1razf\u00f6ldi sz\u00e1ll\u00edt\u00e1st \u00e9s sz\u00fcks\u00e9g eset\u00e9n a rakt\u00e1roz\u00e1si lehet\u0151s\u00e9geket is.<\/p>\n<p>Weboldal: <a href=\"http:\/\/www.queenscargopack.com\" target=\"_blank\" rel=\"noopener\">http:\/\/www.queenscargopack.com<\/a><\/p>\n<h2><span class=\"ez-toc-section\" id=\"42_QuickServe_Relocations\"><\/span><strong>42. QuickServe \u00e1thelyez\u00e9sek<\/strong><span class=\"ez-toc-section-end\"><\/span><\/h2>\n<p><img loading=\"lazy\" decoding=\"async\" class=\"alignnone size-full wp-image-10172\" src=\"https:\/\/moverdb.com\/wp-content\/uploads\/QuickServe-Relocations-international-moving-company.png\" alt=\"QuickServe Relocations nemzetk\u00f6zi k\u00f6lt\u00f6ztet\u0151 c\u00e9g\" width=\"1440\" height=\"683\" data-wp-pid=\"10172\" srcset=\"https:\/\/moverdb.com\/wp-content\/uploads\/QuickServe-Relocations-international-moving-company.png 1440w, https:\/\/moverdb.com\/wp-content\/uploads\/QuickServe-Relocations-international-moving-company-300x142.png 300w, https:\/\/moverdb.com\/wp-content\/uploads\/QuickServe-Relocations-international-moving-company-1024x486.png 1024w, https:\/\/moverdb.com\/wp-content\/uploads\/QuickServe-Relocations-international-moving-company-18x9.png 18w, https:\/\/moverdb.com\/wp-content\/uploads\/QuickServe-Relocations-international-moving-company-600x285.png 600w\" sizes=\"auto, (max-width: 1440px) 100vw, 1440px\" \/><\/p>\n<ul>\n<li>Nemzeti l\u00e9p\u00e9sek<\/li>\n<li>Nemzetk\u00f6zi k\u00f6lt\u00f6z\u00e9sek<\/li>\n<li>H\u00e1ztart\u00e1si k\u00f6lt\u00f6z\u00e9sek<\/li>\n<li>Irodai k\u00f6lt\u00f6z\u00e9sek<\/li>\n<li>H\u00e1zt\u00f3l h\u00e1zig vagy kik\u00f6t\u0151ig tart\u00f3 szolg\u00e1ltat\u00e1s<\/li>\n<li>Csomagol\u00e1si szolg\u00e1ltat\u00e1s<\/li>\n<li>K\u00f6z\u00fati, tengeri \u00e9s l\u00e9gi sz\u00e1ll\u00edt\u00e1s<\/li>\n<li>V\u00e1mkezel\u00e9s<\/li>\n<li>Ezermester szolg\u00e1ltat\u00e1sok<\/li>\n<li>Rakt\u00e1roz\u00e1si lehet\u0151s\u00e9gek<\/li>\n<\/ul>\n<p>A QuickServe Relocations egy 2015-ben alap\u00edtott nemzetk\u00f6zi k\u00f6lt\u00f6ztet\u0151 c\u00e9g, amelynek sz\u00e9khelye Dubaiban tal\u00e1lhat\u00f3. Az IAM tagjak\u00e9nt nyolc\u00e9ves szolg\u00e1lati id\u0151vel rendelkeznek, ami hozz\u00e1f\u00e9r\u00e9st biztos\u00edt sz\u00e1mukra a k\u00f6lt\u00f6ztet\u0151\u00fcgyn\u00f6k\u00f6k nemzetk\u00f6zi h\u00e1l\u00f3zat\u00e1hoz.<\/p>\n<p>A QuickServe Relocations ingyenes felm\u00e9r\u00e9st \u00e9s \u00e1raj\u00e1nlatot k\u00edn\u00e1l a k\u00f6lt\u00f6z\u00e9sekhez, valamint egy dedik\u00e1lt k\u00f6lt\u00f6ztet\u0151 szak\u00e9rt\u0151t. H\u00e1zt\u00f3l-h\u00e1zig (teljes csomag), h\u00e1zt\u00f3l-kik\u00f6t\u0151ig vagy kik\u00f6t\u0151t\u0151l-h\u00e1zig szolg\u00e1ltat\u00e1sokat k\u00edn\u00e1lnak. Teljes csomagjuk tartalmazza a csomagol\u00e1st, a k\u00f6lt\u00f6ztet\u00e9st \u00e9s a meg\u00e9rkez\u00e9skor t\u00f6rt\u00e9n\u0151 kicsomagol\u00e1st. Magasan k\u00e9pzett szem\u00e9lyzet\u00fck v\u00e9di a t\u00e1rgyait \u00e9s elv\u00e9gzi a v\u00e1mkezel\u00e9st. Tov\u00e1bbi szolg\u00e1ltat\u00e1sokat k\u00edn\u00e1lnak, bele\u00e9rtve az ezermester-, takar\u00edt\u00e1si \u00e9s fest\u00e9si szolg\u00e1ltat\u00e1sokat, valamint a t\u00e1rol\u00e1si lehet\u0151s\u00e9geket.<\/p>\n<p>Weboldal: <a href=\"https:\/\/quickserverelo.com\/\" target=\"_blank\" rel=\"noopener\">https:\/\/quickserverelo.com\/<\/a><\/p>\n<h2><span class=\"ez-toc-section\" id=\"43_Sealine_Shipping_Removals\"><\/span><strong>43. Sealine Sz\u00e1ll\u00edt\u00e1s \u00e9s k\u00f6lt\u00f6ztet\u00e9s<\/strong><span class=\"ez-toc-section-end\"><\/span><\/h2>\n<p><img loading=\"lazy\" decoding=\"async\" class=\"alignnone size-full wp-image-10247\" src=\"https:\/\/moverdb.com\/wp-content\/uploads\/Sealine-Shipping-Removals-international-moving-company.png\" alt=\"Sealine Shipping &amp; Removals nemzetk\u00f6zi k\u00f6lt\u00f6ztet\u0151 c\u00e9g\" width=\"1440\" height=\"713\" data-wp-pid=\"10247\" srcset=\"https:\/\/moverdb.com\/wp-content\/uploads\/Sealine-Shipping-Removals-international-moving-company.png 1440w, https:\/\/moverdb.com\/wp-content\/uploads\/Sealine-Shipping-Removals-international-moving-company-300x149.png 300w, https:\/\/moverdb.com\/wp-content\/uploads\/Sealine-Shipping-Removals-international-moving-company-1024x507.png 1024w, https:\/\/moverdb.com\/wp-content\/uploads\/Sealine-Shipping-Removals-international-moving-company-18x9.png 18w, https:\/\/moverdb.com\/wp-content\/uploads\/Sealine-Shipping-Removals-international-moving-company-600x297.png 600w\" sizes=\"auto, (max-width: 1440px) 100vw, 1440px\" \/><\/p>\n<ul>\n<li>Nemzeti \u00e1thelyez\u00e9sek<\/li>\n<li>Nemzetk\u00f6zi \u00e1thelyez\u00e9sek<\/li>\n<li>Lakoss\u00e1gi \u00e1thelyez\u00e9sek<\/li>\n<li>Ipari \u00e1ttelep\u00edt\u00e9sek<\/li>\n<li>H\u00e1zt\u00f3l-h\u00e1zig szolg\u00e1ltat\u00e1s<\/li>\n<li>Csomagol\u00e1si szolg\u00e1ltat\u00e1s<\/li>\n<li>Tengeri \u00e9s l\u00e9gi sz\u00e1ll\u00edtm\u00e1nyok<\/li>\n<li>K\u00e9pz\u0151m\u0171v\u00e9szeti kezel\u00e9s<\/li>\n<li>J\u00e1rm\u0171sz\u00e1ll\u00edt\u00e1s<\/li>\n<li>Rakt\u00e1roz\u00e1si lehet\u0151s\u00e9gek<\/li>\n<\/ul>\n<p>A Sealine Shipping &amp; Removals egy 2004-ben alap\u00edtott, dubaji sz\u00e9khely\u0171 teherfuvaroz\u00e1si \u00e9s logisztikai v\u00e1llalat. Az IAM tagja 19 \u00e9ves szolg\u00e1lati id\u0151vel, ami lehet\u0151v\u00e9 teszi sz\u00e1mukra, hogy nemzetk\u00f6zi k\u00f6lt\u00f6ztet\u0151i h\u00e1l\u00f3zattal dolgozzanak egy\u00fctt.<\/p>\n<p>A Sealine Shipping &amp; Removals szem\u00e9lyre szabott k\u00f6lt\u00f6z\u00e9si \u00e9s k\u00f6lt\u00f6ztet\u00e9si szolg\u00e1ltat\u00e1sokat ny\u00fajt v\u00e1llalatok \u00e9s h\u00e1ztart\u00e1sok sz\u00e1m\u00e1ra. Teljes k\u00f6r\u0171 h\u00e1zt\u00f3l-h\u00e1zig szolg\u00e1ltat\u00e1st ny\u00fajtanak, amely mag\u00e1ban foglalja a kiv\u00e1l\u00f3 min\u0151s\u00e9g\u0171 csomagol\u00e1si szolg\u00e1ltat\u00e1st a t\u00e1rgyak v\u00e9delme \u00e9rdek\u00e9ben, valamint a t\u00f6r\u00e9keny t\u00e1rgyak sz\u00e1m\u00e1ra a f\u00e1b\u00f3l k\u00e9sz\u00fclt l\u00e1d\u00e1kat. Megszervezik a t\u00e1rgyak tengeri \u00e9s l\u00e9gi tehersz\u00e1ll\u00edt\u00e1s\u00e1t, amely mag\u00e1ban foglalhatja a k\u00e9pz\u0151m\u0171v\u00e9szeti \u00e9s j\u00e1rm\u0171sz\u00e1ll\u00edt\u00e1st is.<\/p>\n<p>Weboldal: <a href=\"http:\/\/www.sealineshipping.com\" target=\"_blank\" rel=\"noopener\">http:\/\/www.sealineshipping.com<\/a><\/p>\n<h2><span class=\"ez-toc-section\" id=\"44_Team_Mobility\"><\/span><strong>44. Csapat mobilit\u00e1s<\/strong><span class=\"ez-toc-section-end\"><\/span><\/h2>\n<p><img loading=\"lazy\" decoding=\"async\" class=\"alignnone size-full wp-image-10193\" src=\"https:\/\/moverdb.com\/wp-content\/uploads\/Team-Mobility-international-moving-company.png\" alt=\"Team Mobility nemzetk\u00f6zi k\u00f6lt\u00f6ztet\u0151 c\u00e9g\" width=\"1440\" height=\"683\" data-wp-pid=\"10193\" srcset=\"https:\/\/moverdb.com\/wp-content\/uploads\/Team-Mobility-international-moving-company.png 1440w, https:\/\/moverdb.com\/wp-content\/uploads\/Team-Mobility-international-moving-company-300x142.png 300w, https:\/\/moverdb.com\/wp-content\/uploads\/Team-Mobility-international-moving-company-1024x486.png 1024w, https:\/\/moverdb.com\/wp-content\/uploads\/Team-Mobility-international-moving-company-18x9.png 18w, https:\/\/moverdb.com\/wp-content\/uploads\/Team-Mobility-international-moving-company-600x285.png 600w\" sizes=\"auto, (max-width: 1440px) 100vw, 1440px\" \/><\/p>\n<ul>\n<li>Nemzeti l\u00e9p\u00e9sek<\/li>\n<li>Nemzetk\u00f6zi k\u00f6lt\u00f6z\u00e9sek<\/li>\n<li>H\u00e1ztart\u00e1s \u00e1thelyez\u00e9se<\/li>\n<li>Irod\u00e1k \u00e1thelyez\u00e9se<\/li>\n<li>H\u00e1zt\u00f3l-h\u00e1zig szolg\u00e1ltat\u00e1s<\/li>\n<li>Csomagol\u00e1si szolg\u00e1ltat\u00e1s<\/li>\n<li>Tengeri, l\u00e9gi \u00e9s teherg\u00e9pkocsi-sz\u00e1ll\u00edt\u00e1s<\/li>\n<li>H\u00e1zi\u00e1llat- \u00e9s g\u00e9pj\u00e1rm\u0171-\u00e1thelyez\u00e9sek<\/li>\n<li>Beilleszked\u00e9si szolg\u00e1ltat\u00e1sok<\/li>\n<li>Rakt\u00e1roz\u00e1si lehet\u0151s\u00e9gek<\/li>\n<\/ul>\n<p>A Team Mobility egy dubaji sz\u00e9khely\u0171 logisztikai \u00e9s k\u00f6lt\u00f6ztet\u00e9si v\u00e1llalat. Vil\u00e1gszerte kapcsolt \u00fcgyn\u00f6k\u00f6k \u00e9s szakemberek h\u00e1l\u00f3zat\u00e1val dolgoznak egy\u00fctt, hogy szolg\u00e1ltat\u00e1saikat nemzetk\u00f6zi szinten ny\u00fajts\u00e1k. Az IAM tagja, \u00e9s \u00f6t\u00e9ves szolg\u00e1lati id\u0151vel rendelkeznek.<\/p>\n<p>A Team Mobility v\u00e9gpontt\u00f3l v\u00e9gpontig terjed\u0151 sz\u00e1ll\u00edt\u00e1si megold\u00e1sokat k\u00edn\u00e1l, amelyek az \u00d6n ig\u00e9nyeihez igaz\u00edthat\u00f3k, \u00e9s k\u00fcl\u00f6n kapcsolattart\u00f3t biztos\u00edt az \u00d6n t\u00e1mogat\u00e1s\u00e1ra. Csomagol\u00e1si szolg\u00e1ltat\u00e1st ny\u00fajtanak az \u00d6n t\u00e1rgyainak biztons\u00e1gos sz\u00e1ll\u00edt\u00e1sa \u00e9rdek\u00e9ben a v\u00e1lasztott sz\u00e1ll\u00edt\u00e1si m\u00f3ddal, legyen az tengeri, l\u00e9gi vagy teheraut\u00f3. Tov\u00e1bbi k\u00f6lt\u00f6ztet\u00e9si szolg\u00e1ltat\u00e1sokat k\u00edn\u00e1lnak, bele\u00e9rtve a m\u0171t\u00e1rgykezel\u00e9st, a h\u00e1zi\u00e1llatok k\u00f6lt\u00f6ztet\u00e9s\u00e9t, az aut\u00f3sz\u00e1ll\u00edt\u00e1st, a t\u00e1rol\u00e1st \u00e9s a be\u00fczemel\u00e9si szolg\u00e1ltat\u00e1sokat.<\/p>\n<p>Weboldal: <a href=\"http:\/\/www.teammobilityshipping.com\" target=\"_blank\" rel=\"noopener\">http:\/\/www.teammobilityshipping.com<\/a><\/p>\n<h2><span class=\"ez-toc-section\" id=\"45_TransOn\"><\/span><strong>45. TransOn<\/strong><span class=\"ez-toc-section-end\"><\/span><\/h2>\n<p><img loading=\"lazy\" decoding=\"async\" class=\"alignnone size-full wp-image-10198\" src=\"https:\/\/moverdb.com\/wp-content\/uploads\/TransOn-international-moving-company.png\" alt=\"TransOn nemzetk\u00f6zi k\u00f6lt\u00f6ztet\u0151 c\u00e9g\" width=\"1440\" height=\"680\" data-wp-pid=\"10198\" srcset=\"https:\/\/moverdb.com\/wp-content\/uploads\/TransOn-international-moving-company.png 1440w, https:\/\/moverdb.com\/wp-content\/uploads\/TransOn-international-moving-company-300x142.png 300w, https:\/\/moverdb.com\/wp-content\/uploads\/TransOn-international-moving-company-1024x484.png 1024w, https:\/\/moverdb.com\/wp-content\/uploads\/TransOn-international-moving-company-18x9.png 18w, https:\/\/moverdb.com\/wp-content\/uploads\/TransOn-international-moving-company-600x283.png 600w\" sizes=\"auto, (max-width: 1440px) 100vw, 1440px\" \/><\/p>\n<ul>\n<li>Nemzeti \u00e1thelyez\u00e9sek<\/li>\n<li>Nemzetk\u00f6zi \u00e1thelyez\u00e9sek<\/li>\n<li>H\u00e1ztart\u00e1s \u00e1thelyez\u00e9se<\/li>\n<li>Irod\u00e1k \u00e9s gy\u00e1rak \u00e1thelyez\u00e9se<\/li>\n<li>H\u00e1zt\u00f3l-h\u00e1zig szolg\u00e1ltat\u00e1s<\/li>\n<li>Csomagol\u00e1si szolg\u00e1ltat\u00e1sok<\/li>\n<li>K\u00f6z\u00fati, l\u00e9gi \u00e9s tengeri sz\u00e1ll\u00edt\u00e1s<\/li>\n<li>H\u00e1zi\u00e1llat \u00e9s aut\u00f3 \u00e1thelyez\u00e9s<\/li>\n<li>Beilleszked\u00e9si szolg\u00e1ltat\u00e1sok<\/li>\n<li>Rakt\u00e1roz\u00e1si lehet\u0151s\u00e9gek<\/li>\n<\/ul>\n<p>A TransOn egy 2010-ben alakult, dubaji sz\u00e9khely\u0171 logisztikai megold\u00e1sszolg\u00e1ltat\u00f3. Nemzetk\u00f6zi k\u00f6lt\u00f6ztet\u0151 \u00e9s logisztikai v\u00e1llalatokkal dolgoznak egy\u00fctt, hogy szolg\u00e1ltat\u00e1saikat vil\u00e1gszerte ny\u00fajts\u00e1k. Az IAM tagjak\u00e9nt 13 \u00e9ves szolg\u00e1lati id\u0151vel rendelkeznek.<\/p>\n<p>A TransOn szem\u00e9lyre szabott, h\u00e1zt\u00f3l h\u00e1zig tart\u00f3 sz\u00e1ll\u00edt\u00e1si szolg\u00e1ltat\u00e1sokat k\u00edn\u00e1l az eg\u00e9sz vil\u00e1gon. Kik\u00e9pzett csomagol\u00f3ik vannak, akik speci\u00e1lis technik\u00e1kat alkalmaznak a t\u00e1rgyak sz\u00e1ll\u00edt\u00e1s k\u00f6zbeni v\u00e9delm\u00e9re, \u00e9s a t\u00f6r\u00e9keny t\u00e1rgyakra k\u00fcl\u00f6n gondot ford\u00edtanak, egyedi l\u00e1d\u00e1kat haszn\u00e1lva. Tov\u00e1bbi szolg\u00e1ltat\u00e1sokat k\u00edn\u00e1lnak, bele\u00e9rtve a h\u00e1zi\u00e1llatok \u00e9s aut\u00f3k \u00e1thelyez\u00e9s\u00e9t, a t\u00e1rol\u00e1st \u00e9s a beilleszked\u00e9si szolg\u00e1ltat\u00e1sokat, mint p\u00e9ld\u00e1ul a t\u00e1j\u00e9koz\u00f3d\u00e1st, a sz\u00e1ll\u00e1skeres\u00e9st, az iskolakeres\u00e9st, a k\u00f6zm\u0171vek be\u00e1ll\u00edt\u00e1s\u00e1t \u00e9s m\u00e9g sok m\u00e1st.<\/p>\n<p>Weboldal: <a href=\"http:\/\/www.transonmovers.com\" target=\"_blank\" rel=\"noopener\">http:\/\/www.transonmovers.com<\/a><\/p>\n<h2><span class=\"ez-toc-section\" id=\"46_Vega_Star_Shipping\"><\/span><strong>46. Vega Star Shipping<\/strong><span class=\"ez-toc-section-end\"><\/span><\/h2>\n<p><img loading=\"lazy\" decoding=\"async\" class=\"alignnone size-full wp-image-10205\" src=\"https:\/\/moverdb.com\/wp-content\/uploads\/Vega-Star-Shipping-international-moving-company.png\" alt=\"Vega Star Shipping nemzetk\u00f6zi k\u00f6lt\u00f6ztet\u0151 c\u00e9g\" width=\"1440\" height=\"680\" data-wp-pid=\"10205\" srcset=\"https:\/\/moverdb.com\/wp-content\/uploads\/Vega-Star-Shipping-international-moving-company.png 1440w, https:\/\/moverdb.com\/wp-content\/uploads\/Vega-Star-Shipping-international-moving-company-300x142.png 300w, https:\/\/moverdb.com\/wp-content\/uploads\/Vega-Star-Shipping-international-moving-company-1024x484.png 1024w, https:\/\/moverdb.com\/wp-content\/uploads\/Vega-Star-Shipping-international-moving-company-18x9.png 18w, https:\/\/moverdb.com\/wp-content\/uploads\/Vega-Star-Shipping-international-moving-company-600x283.png 600w\" sizes=\"auto, (max-width: 1440px) 100vw, 1440px\" \/><\/p>\n<ul>\n<li>Helyi k\u00f6zleked\u00e9s<\/li>\n<li>Nemzetk\u00f6zi sz\u00e1ll\u00edt\u00e1s<\/li>\n<li>H\u00e1ztart\u00e1si cikkek sz\u00e1ll\u00edt\u00e1sa<\/li>\n<li>Kereskedelmi sz\u00e1ll\u00edt\u00e1s<\/li>\n<li>Szem\u00e9lyre szabott szolg\u00e1ltat\u00e1s<\/li>\n<li>H\u00e1zt\u00f3l-h\u00e1zig szolg\u00e1ltat\u00e1s<\/li>\n<li>L\u00e9gi, tengeri \u00e9s k\u00f6z\u00fati sz\u00e1ll\u00edt\u00e1s<\/li>\n<li>Nyomon k\u00f6vet\u00e9si szolg\u00e1ltat\u00e1s<\/li>\n<li>V\u00e1mt\u00e1mogat\u00e1s<\/li>\n<li>Rakt\u00e1roz\u00e1si lehet\u0151s\u00e9gek<\/li>\n<\/ul>\n<p>A Vega Star Shipping egy dubaji sz\u00e9khely\u0171 haj\u00f3z\u00e1si \u00e9s logisztikai v\u00e1llalat. Gondosan kiv\u00e1lasztott szolg\u00e1ltat\u00f3kkal dolgoznak egy\u00fctt, hogy szolg\u00e1ltat\u00e1saikat a lehet\u0151 leggazdas\u00e1gosabban \u00e9s a vil\u00e1g minden t\u00e1j\u00e1ra eljuttass\u00e1k. Az IAM tagja.<\/p>\n<p>A Vega Star Shipping szem\u00e9lyre szabott sz\u00e1ll\u00edt\u00e1si szolg\u00e1ltat\u00e1st k\u00edn\u00e1l, amely helyi \u00e9s nemzetk\u00f6zi sz\u00e1ll\u00edt\u00e1si lehet\u0151s\u00e9geket k\u00edn\u00e1l. H\u00e1zhoz men\u0151 szolg\u00e1ltat\u00e1st ny\u00fajtanak minden t\u00edpus\u00fa rakom\u00e1ny sz\u00e1m\u00e1ra, f\u00fcggetlen\u00fcl a m\u00e9rett\u0151l \u00e9s az alakt\u00f3l, amely l\u00e9gi, tengeri vagy k\u00f6z\u00fati sz\u00e1ll\u00edt\u00e1ssal sz\u00e1ll\u00edthat\u00f3. Nyomon k\u00f6vet\u00e9si szolg\u00e1ltat\u00e1st ny\u00fajtanak, amely lehet\u0151v\u00e9 teszi sz\u00e1mukra, hogy nyomon k\u00f6vess\u00e9k az \u00f6sszes mozg\u00e1st, \u00e9s seg\u00edtenek a v\u00e1mkezel\u00e9sben.<\/p>\n<p>Weboldal: <a href=\"http:\/\/www.vegastarshipping.com\" target=\"_blank\" rel=\"noopener\">http:\/\/www.vegastarshipping.com<\/a><\/p>\n<h2><span class=\"ez-toc-section\" id=\"47_Zuhal_Pack_International\"><\/span><strong>47. Zuhal Pack International<\/strong><span class=\"ez-toc-section-end\"><\/span><\/h2>\n<p><img loading=\"lazy\" decoding=\"async\" class=\"alignnone size-full wp-image-10211\" src=\"https:\/\/moverdb.com\/wp-content\/uploads\/Zuhal-Pack-International-moving-company.png\" alt=\"Zuhal Pack Nemzetk\u00f6zi k\u00f6lt\u00f6ztet\u0151 c\u00e9g\" width=\"1440\" height=\"683\" data-wp-pid=\"10211\" srcset=\"https:\/\/moverdb.com\/wp-content\/uploads\/Zuhal-Pack-International-moving-company.png 1440w, https:\/\/moverdb.com\/wp-content\/uploads\/Zuhal-Pack-International-moving-company-300x142.png 300w, https:\/\/moverdb.com\/wp-content\/uploads\/Zuhal-Pack-International-moving-company-1024x486.png 1024w, https:\/\/moverdb.com\/wp-content\/uploads\/Zuhal-Pack-International-moving-company-18x9.png 18w, https:\/\/moverdb.com\/wp-content\/uploads\/Zuhal-Pack-International-moving-company-600x285.png 600w\" sizes=\"auto, (max-width: 1440px) 100vw, 1440px\" \/><\/p>\n<ul>\n<li>Helyi k\u00f6lt\u00f6z\u00e9sek<\/li>\n<li>Nemzetk\u00f6zi k\u00f6lt\u00f6z\u00e9sek<\/li>\n<li>H\u00e1ztart\u00e1si k\u00f6lt\u00f6z\u00e9sek<\/li>\n<li>Irodai k\u00f6lt\u00f6z\u00e9sek<\/li>\n<li>Szem\u00e9lyre szabott szolg\u00e1ltat\u00e1sok<\/li>\n<li>H\u00e1zt\u00f3l-h\u00e1zig szolg\u00e1ltat\u00e1s<\/li>\n<li>Csomagol\u00e1si szolg\u00e1ltat\u00e1s<\/li>\n<li>Sz\u00e1ll\u00edt\u00e1si meg\u00e1llapod\u00e1sok<\/li>\n<li>J\u00e1rm\u0171sz\u00e1ll\u00edt\u00e1s<\/li>\n<li>T\u00e1rol\u00e1si megold\u00e1sok<\/li>\n<\/ul>\n<p>A Zuhal Pack International egy 2002-ben alap\u00edtott k\u00f6lt\u00f6ztet\u0151 \u00e9s csomagol\u00f3 c\u00e9g, amelynek van egy irod\u00e1ja Dubaiban, valamint egy Doh\u00e1ban, Katarban. Megb\u00edzhat\u00f3 \u00e9s megb\u00edzhat\u00f3 partnerekkel dolgoznak szerte a vil\u00e1gon, akik nemzetk\u00f6zi k\u00f6lt\u00f6z\u00e9sekben seg\u00edtik \u0151ket. Tagjai az IAM-nek, 32 \u00e9ves szolg\u00e1lati id\u0151vel.<\/p>\n<p>A Zuhal Pack International az \u00d6n k\u00f6lts\u00e9gvet\u00e9s\u00e9nek \u00e9s ig\u00e9nyeinek megfelel\u0151, szem\u00e9lyre szabott megold\u00e1sokat \u00e9s csomagokat k\u00edn\u00e1l a h\u00e1zt\u00f3l h\u00e1zig tart\u00f3 k\u00f6lt\u00f6ztet\u00e9shez. Szakk\u00e9pzett csapatuk biztons\u00e1gosan becsomagolja holmij\u00e1t, kiv\u00e1l\u00f3 min\u0151s\u00e9g\u0171 csomagol\u00f3anyagokat haszn\u00e1lva, amelyek megfelelnek a nemzetk\u00f6zi csomagol\u00e1si szabv\u00e1nyoknak. \u00c9rkez\u00e9skor a b\u00fatorokat is sz\u00e9tszerelik \u00e9s \u00f6sszeszerelik.<\/p>\n<p>Weboldal: <a href=\"http:\/\/www.zuhalpackint.com\" target=\"_blank\" rel=\"noopener\">http:\/\/www.zuhalpackint.com<\/a><\/p>\n<h2><span class=\"ez-toc-section\" id=\"48_Tamam_Movers\"><\/span><strong>48. Tamam Movers<\/strong><span class=\"ez-toc-section-end\"><\/span><\/h2>\n<p><img loading=\"lazy\" decoding=\"async\" class=\"alignnone size-full wp-image-10191\" src=\"https:\/\/moverdb.com\/wp-content\/uploads\/Tamam-Movers-international-moving-company.png\" alt=\"Tamam Movers nemzetk\u00f6zi k\u00f6lt\u00f6ztet\u0151 c\u00e9g\" width=\"1440\" height=\"680\" data-wp-pid=\"10191\" srcset=\"https:\/\/moverdb.com\/wp-content\/uploads\/Tamam-Movers-international-moving-company.png 1440w, https:\/\/moverdb.com\/wp-content\/uploads\/Tamam-Movers-international-moving-company-300x142.png 300w, https:\/\/moverdb.com\/wp-content\/uploads\/Tamam-Movers-international-moving-company-1024x484.png 1024w, https:\/\/moverdb.com\/wp-content\/uploads\/Tamam-Movers-international-moving-company-18x9.png 18w, https:\/\/moverdb.com\/wp-content\/uploads\/Tamam-Movers-international-moving-company-600x283.png 600w\" sizes=\"auto, (max-width: 1440px) 100vw, 1440px\" \/><\/p>\n<ul>\n<li>Helyi \u00e9s orsz\u00e1gos k\u00f6lt\u00f6z\u00e9sek<\/li>\n<li>Nemzetk\u00f6zi \u00e1thelyez\u00e9sek<\/li>\n<li>H\u00e1ztart\u00e1s \u00e1thelyez\u00e9se<\/li>\n<li>Irod\u00e1k \u00e1thelyez\u00e9se<\/li>\n<li>H\u00e1zt\u00f3l h\u00e1zig vagy kik\u00f6t\u0151i szolg\u00e1ltat\u00e1s<\/li>\n<li>Csomagol\u00e1si szolg\u00e1ltat\u00e1s<\/li>\n<li>V\u00e1mkezel\u00e9s<\/li>\n<li>J\u00e1rm\u0171sz\u00e1ll\u00edt\u00e1s<\/li>\n<li>Ezermester szolg\u00e1ltat\u00e1sok<\/li>\n<li>Biztons\u00e1gos t\u00e1rol\u00e1s<\/li>\n<\/ul>\n<p>A Tamam Movers egy 2003-ban alap\u00edtott k\u00f6lt\u00f6ztet\u0151 \u00e9s k\u00f6lt\u00f6ztet\u0151 c\u00e9g, amelynek sz\u00e9khelye Sharjahban tal\u00e1lhat\u00f3. Az IAM tagja 20 \u00e9ves szolg\u00e1lati id\u0151vel, ami hozz\u00e1f\u00e9r\u00e9st biztos\u00edt sz\u00e1mukra a k\u00f6lt\u00f6ztet\u0151 \u00fcgyn\u00f6k\u00f6k vil\u00e1gm\u00e9ret\u0171 h\u00e1l\u00f3zat\u00e1hoz, hogy t\u00e1mogass\u00e1k \u0151ket.<\/p>\n<p>A Tamam Movers h\u00e1zt\u00f3l-h\u00e1zig vagy h\u00e1zt\u00f3l-kik\u00f6t\u0151ig k\u00f6lt\u00f6ztet\u00e9si szolg\u00e1ltat\u00e1sokat k\u00edn\u00e1l h\u00e1ztart\u00e1si \u00e9s irodai k\u00f6lt\u00f6z\u00e9sekhez, valamint j\u00e1rm\u0171vek sz\u00e1ll\u00edt\u00e1s\u00e1ra. Exportcsomagol\u00e1si szolg\u00e1ltat\u00e1st ny\u00fajtanak a t\u00e1rgyak sz\u00e1ll\u00edt\u00e1s k\u00f6zbeni v\u00e9delme \u00e9rdek\u00e9ben, bele\u00e9rtve a l\u00e1d\u00e1kba csomagol\u00e1st is. Megszervezik a t\u00e1rgyak sz\u00e1ll\u00edt\u00e1s\u00e1t, amely mag\u00e1ban foglalja a v\u00e1mkezel\u00e9seket is. Ezermester-szolg\u00e1ltat\u00e1sokat \u00e9s biztons\u00e1gos t\u00e1rol\u00e1si lehet\u0151s\u00e9geket is k\u00edn\u00e1lnak.<\/p>\n<p>Weboldal: <a href=\"http:\/\/www.tamammovers.com\" target=\"_blank\" rel=\"noopener\">http:\/\/www.tamammovers.com<\/a><\/p>\n<h2><span class=\"ez-toc-section\" id=\"Other_Useful_Guides_to_the_United_Arab_Emirates\"><\/span>Egy\u00e9b hasznos \u00fatmutat\u00f3k az Egyes\u00fclt Arab Em\u00edrs\u00e9gekr\u0151l<span class=\"ez-toc-section-end\"><\/span><\/h2>\n<ul>\n<li> <a href=\"https:\/\/moverdb.com\/hu\/koltozteto-cegek\/moving-companies-uae\/\">48 Legjobb nemzetk\u00f6zi k\u00f6lt\u00f6ztet\u0151 c\u00e9gek az Egyes\u00fclt Arab Em\u00edrs\u00e9gekben<\/a><\/li>\n<li> <a href=\"https:\/\/moverdb.com\/hu\/kontenerszallitas\/egyesult-arab-emirsegek\/\">2024 Tengeri tehersz\u00e1ll\u00edt\u00e1si kont\u00e9ner \u00e1rak az Egyes\u00fclt Arab Em\u00edrs\u00e9gekbe \u00e9s az Egyes\u00fclt Arab Em\u00edrs\u00e9gekb\u0151l<\/a><\/li>\n<li> <a href=\"https:\/\/moverdb.com\/hu\/moving-to-the-uae\/\">Az Egyes\u00fclt Arab Em\u00edrs\u00e9gekbe (UAE) k\u00f6lt\u00f6zik? 2024 Meg\u00e9lhet\u00e9si k\u00f6lts\u00e9gek \u00e9s k\u00f6lt\u00f6z\u00e9si tippek<\/a><\/li>\n<li> <a href=\"https:\/\/moverdb.com\/hu\/moving-to-the-uae\/best-places-to-live-uae\/\">12 legjobb hely az Egyes\u00fclt Arab Em\u00edrs\u00e9gekben \u00e9lni<\/a><\/li>\n<li> <a href=\"https:\/\/moverdb.com\/hu\/moving-to-the-uae\/living-in-the-uae\/\">21 titok az Egyes\u00fclt Arab Em\u00edrs\u00e9gekben \u00e9l\u00e9sr\u0151l, amit tudnod kell, miel\u0151tt elk\u00f6lt\u00f6z\u00f6l<\/a><\/li>\n<li> <a href=\"https:\/\/moverdb.com\/hu\/moving-to-the-uae\/moving-to-dubai-from-the-uk\/\">Dubaiba \u00e9s az Egyes\u00fclt Arab Em\u00edrs\u00e9gekbe k\u00f6lt\u00f6z\u00e9s az Egyes\u00fclt Kir\u00e1lys\u00e1gb\u00f3l<\/a><\/li>\n<li> <a href=\"https:\/\/moverdb.com\/hu\/koltozes-dubajba\/\">K\u00f6lt\u00f6z\u00e9s Dubaiba? 2023 \u00c9letk\u00f6lts\u00e9gek \u00e9s k\u00f6lt\u00f6z\u00e9si tippek<\/a><\/li>\n<li> <a href=\"https:\/\/moverdb.com\/hu\/koltozes-dubajba\/living-in-dubai\/\">21 titok a Dubaiban \u00e9l\u00e9sr\u0151l, amit a k\u00f6lt\u00f6z\u00e9s el\u0151tt tudni kell<\/a><\/li>\n<li> <a href=\"https:\/\/moverdb.com\/hu\/koltozes-abu-dzabiba\/\">Abu Dhabiba k\u00f6lt\u00f6zik? 2024 Lakhat\u00e1si k\u00f6lts\u00e9gek \u00e9s k\u00f6lt\u00f6z\u00e9si tippek<\/a><\/li>\n<li> <a href=\"https:\/\/moverdb.com\/hu\/kontenerszallitas\/to-dubai-from-the-united-states\/\">Kont\u00e9nersz\u00e1ll\u00edt\u00e1s Dubajba az Egyes\u00fclt \u00c1llamokb\u00f3l 2024 K\u00f6lts\u00e9gek<\/a><\/li>\n<li> <a href=\"https:\/\/moverdb.com\/hu\/moving-to-the-uae\/moving-to-dubai-from-the-us\/\">Dubajba \u00e9s az Egyes\u00fclt Arab Em\u00edrs\u00e9gekbe k\u00f6lt\u00f6z\u00e9s az Egyes\u00fclt \u00c1llamokb\u00f3l<\/a><\/li>\n<li> <a href=\"https:\/\/moverdb.com\/hu\/moving-to-the-uae\/moving-to-fujairah\/\">Fujairah-ba k\u00f6lt\u00f6zik? 2024 Lakhat\u00e1si k\u00f6lts\u00e9gek \u00e9s k\u00f6lt\u00f6z\u00e9si tippek<\/a><\/li>\n<li> <a href=\"https:\/\/moverdb.com\/hu\/moving-to-the-uae\/moving-to-umm-al-quwain\/\">Umm Al Quwainba k\u00f6lt\u00f6zik? 2024 Lakhat\u00e1si k\u00f6lts\u00e9gek \u00e9s k\u00f6lt\u00f6z\u00e9si tippek<\/a><\/li>\n<li> <a href=\"https:\/\/moverdb.com\/hu\/moving-to-the-uae\/moving-to-sharjah\/\">Sharjahba k\u00f6lt\u00f6zik? 2024 \u00c9letk\u00f6lts\u00e9gek \u00e9s k\u00f6lt\u00f6z\u00e9si tippek<\/a><\/li>\n<li> <a href=\"https:\/\/moverdb.com\/hu\/moving-to-the-uae\/moving-to-ras-al-khaimah\/\">Ras Al Khaimahba k\u00f6lt\u00f6zik? 2024 Lakhat\u00e1si k\u00f6lts\u00e9gek \u00e9s k\u00f6lt\u00f6z\u00e9si tippek<\/a><\/li>\n<\/ul>","protected":false},"excerpt":{"rendered":"<p>Moving can be complex and stressful so finding a moving company that you can rely on can help lighten the load. They can assist with planning, packing, transportation arrangements and customs if moving countries. Below we have compiled a list of the United Arab Emirates based removal companies that are members of the International Association [&hellip;]<\/p>\n","protected":false},"author":4,"featured_media":10076,"parent":190,"menu_order":0,"comment_status":"closed","ping_status":"closed","template":"","meta":{"_genesis_hide_title":false,"_genesis_hide_breadcrumbs":false,"_genesis_hide_singular_image":false,"_genesis_hide_footer_widgets":false,"_genesis_custom_body_class":"","_genesis_custom_post_class":"","_genesis_layout":"","footnotes":""},"class_list":{"0":"post-10246","1":"page","2":"type-page","3":"status-publish","4":"has-post-thumbnail","6":"entry"},"_links":{"self":[{"href":"https:\/\/moverdb.com\/hu\/wp-json\/wp\/v2\/pages\/10246","targetHints":{"allow":["GET"]}}],"collection":[{"href":"https:\/\/moverdb.com\/hu\/wp-json\/wp\/v2\/pages"}],"about":[{"href":"https:\/\/moverdb.com\/hu\/wp-json\/wp\/v2\/types\/page"}],"author":[{"embeddable":true,"href":"https:\/\/moverdb.com\/hu\/wp-json\/wp\/v2\/users\/4"}],"replies":[{"embeddable":true,"href":"https:\/\/moverdb.com\/hu\/wp-json\/wp\/v2\/comments?post=10246"}],"version-history":[{"count":9,"href":"https:\/\/moverdb.com\/hu\/wp-json\/wp\/v2\/pages\/10246\/revisions"}],"predecessor-version":[{"id":18217,"href":"https:\/\/moverdb.com\/hu\/wp-json\/wp\/v2\/pages\/10246\/revisions\/18217"}],"up":[{"embeddable":true,"href":"https:\/\/moverdb.com\/hu\/wp-json\/wp\/v2\/pages\/190"}],"wp:featuredmedia":[{"embeddable":true,"href":"https:\/\/moverdb.com\/hu\/wp-json\/wp\/v2\/media\/10076"}],"wp:attachment":[{"href":"https:\/\/moverdb.com\/hu\/wp-json\/wp\/v2\/media?parent=10246"}],"curies":[{"name":"wp","href":"https:\/\/api.w.org\/{rel}","templated":true}]}}