{"id":8920,"date":"2023-04-27T14:26:00","date_gmt":"2023-04-27T14:26:00","guid":{"rendered":"https:\/\/moverdb.com\/?page_id=8920"},"modified":"2026-01-08T15:23:05","modified_gmt":"2026-01-08T15:23:05","slug":"moving-companies-portugal","status":"publish","type":"page","link":"https:\/\/moverdb.com\/cs\/moving-companies\/moving-companies-portugal\/","title":{"rendered":"10 nejlep\u0161\u00edch mezin\u00e1rodn\u00edch st\u011bhovac\u00edch spole\u010dnost\u00ed v Portugalsku"},"content":{"rendered":"<p>Pl\u00e1nujete st\u011bhov\u00e1n\u00ed v r\u00e1mci zem\u011b, do zem\u011b nebo ze zem\u011b? <a href=\"https:\/\/moverdb.com\/cs\/moving-to-portugal\/\" data-internallinksmanager029f6b8e52c=\"316\" title=\"St\u011bhov\u00e1n\u00ed do Portugalska? 2026 N\u00e1klady na bydlen\u00ed a tipy na st\u011bhov\u00e1n\u00ed\">Portugalsko<\/a>? Pak byste mo\u017en\u00e1 m\u011bli vyu\u017e\u00edt slu\u017eeb advok\u00e1tn\u00ed kancel\u00e1\u0159e. <a href=\"https:\/\/moverdb.com\/cs\/moving-companies\/\" data-internallinksmanager029f6b8e52c=\"79\" title=\"Top 25 Mezin\u00e1rodn\u00ed st\u011bhovac\u00ed spole\u010dnosti Online\">st\u011bhovac\u00ed spole\u010dnost<\/a> kter\u00e1 v\u00e1m pom\u016f\u017ee zabalit, zajistit p\u0159epravu a vy\u0159\u00eddit pot\u0159ebn\u00e9 dokumenty v p\u0159\u00edpad\u011b st\u011bhov\u00e1n\u00ed. N\u00ed\u017ee jsme sestavili seznam firem, kter\u00e9 se nach\u00e1zej\u00ed v Portugalsku. <a href=\"https:\/\/moverdb.com\/cs\/international-removals\/\" data-internallinksmanager029f6b8e52c=\"27\" title=\"36 nejlep\u0161\u00edch mezin\u00e1rodn\u00edch st\u011bhovac\u00edch spole\u010dnost\u00ed ve Velk\u00e9 Brit\u00e1nii\">st\u011bhovac\u00ed firmy<\/a> kter\u00e9 jsou \u010dleny <a href=\"https:\/\/moverdb.com\/cs\/iam\/\" data-internallinksmanager029f6b8e52c=\"23\" title=\"Vysv\u011btlen\u00ed Mezin\u00e1rodn\u00ed asociace st\u011bhov\u00e1k\u016f (IAM)\">Mezin\u00e1rodn\u00ed asociace st\u011bhov\u00e1k\u016f<\/a> (IAM) a\/nebo <a href=\"https:\/\/moverdb.com\/cs\/fidi-faim\/\" data-internallinksmanager029f6b8e52c=\"16\" title=\"Vysv\u011btlen\u00ed FIDI a FAIM (FIDI Accredited International Mover)\">FIDI<\/a> Akreditovan\u00e9 mezin\u00e1rodn\u00ed st\u011bhov\u00e1n\u00ed (FAIM), kter\u00e9 by v\u00e1m mohlo pomoci se st\u011bhov\u00e1n\u00edm.<\/p>\n<div id=\"ez-toc-container\" class=\"ez-toc-v2_0_82_2 ez-toc-wrap-left counter-hierarchy ez-toc-counter ez-toc-transparent ez-toc-container-direction\">\n<div class=\"ez-toc-title-container\">\n<p class=\"ez-toc-title\" style=\"cursor:inherit\">Sekce<\/p>\n<span class=\"ez-toc-title-toggle\"><a href=\"#\" class=\"ez-toc-pull-right ez-toc-btn ez-toc-btn-xs ez-toc-btn-default ez-toc-toggle\" aria-label=\"P\u0159epnut\u00ed tabulky obsahu\"><span class=\"ez-toc-js-icon-con\"><span class=\"\"><span class=\"eztoc-hide\" style=\"display:none;\">P\u0159ep\u00edna\u010d<\/span><span class=\"ez-toc-icon-toggle-span\"><svg style=\"fill: #999;color:#999\" xmlns=\"http:\/\/www.w3.org\/2000\/svg\" class=\"list-377408\" width=\"20px\" height=\"20px\" viewbox=\"0 0 24 24\" fill=\"none\"><path d=\"M6 6H4v2h2V6zm14 0H8v2h12V6zM4 11h2v2H4v-2zm16 0H8v2h12v-2zM4 16h2v2H4v-2zm16 0H8v2h12v-2z\" fill=\"currentColor\"><\/path><\/svg><svg style=\"fill: #999;color:#999\" class=\"arrow-unsorted-368013\" xmlns=\"http:\/\/www.w3.org\/2000\/svg\" width=\"10px\" height=\"10px\" viewbox=\"0 0 24 24\" version=\"1.2\" baseprofile=\"tiny\"><path d=\"M18.2 9.3l-6.2-6.3-6.2 6.3c-.2.2-.3.4-.3.7s.1.5.3.7c.2.2.4.3.7.3h11c.3 0 .5-.1.7-.3.2-.2.3-.5.3-.7s-.1-.5-.3-.7zM5.8 14.7l6.2 6.3 6.2-6.3c.2-.2.3-.5.3-.7s-.1-.5-.3-.7c-.2-.2-.4-.3-.7-.3h-11c-.3 0-.5.1-.7.3-.2.2-.3.5-.3.7s.1.5.3.7z\"\/><\/svg><\/span><\/span><\/span><\/a><\/span><\/div>\n<nav><ul class='ez-toc-list ez-toc-list-level-1 eztoc-toggle-hide-by-default' ><li class='ez-toc-page-1 ez-toc-heading-level-2'><a class=\"ez-toc-link ez-toc-heading-1\" href=\"https:\/\/moverdb.com\/cs\/moving-companies\/moving-companies-portugal\/#1_cityMover\" >1. cityMover<\/a><\/li><li class='ez-toc-page-1 ez-toc-heading-level-2'><a class=\"ez-toc-link ez-toc-heading-2\" href=\"https:\/\/moverdb.com\/cs\/moving-companies\/moving-companies-portugal\/#2_DSV\" >2. DSV<\/a><\/li><li class='ez-toc-page-1 ez-toc-heading-level-2'><a class=\"ez-toc-link ez-toc-heading-3\" href=\"https:\/\/moverdb.com\/cs\/moving-companies\/moving-companies-portugal\/#3_Global_International_Relocation\" >3. Glob\u00e1ln\u00ed mezin\u00e1rodn\u00ed st\u011bhov\u00e1n\u00ed<\/a><\/li><li class='ez-toc-page-1 ez-toc-heading-level-2'><a class=\"ez-toc-link ez-toc-heading-4\" href=\"https:\/\/moverdb.com\/cs\/moving-companies\/moving-companies-portugal\/#4_Invictus_Relocation_Services\" >4. Invictus Relocation Services<\/a><\/li><li class='ez-toc-page-1 ez-toc-heading-level-2'><a class=\"ez-toc-link ez-toc-heading-5\" href=\"https:\/\/moverdb.com\/cs\/moving-companies\/moving-companies-portugal\/#5_Rangel_Logistics_Solutions\" >5. Rangel Logistics Solutions<\/a><\/li><li class='ez-toc-page-1 ez-toc-heading-level-2'><a class=\"ez-toc-link ez-toc-heading-6\" href=\"https:\/\/moverdb.com\/cs\/moving-companies\/moving-companies-portugal\/#6_Urbanos\" >6. Urbanos<\/a><\/li><li class='ez-toc-page-1 ez-toc-heading-level-2'><a class=\"ez-toc-link ez-toc-heading-7\" href=\"https:\/\/moverdb.com\/cs\/moving-companies\/moving-companies-portugal\/#7_Galamas\" >7. Galamas<\/a><\/li><li class='ez-toc-page-1 ez-toc-heading-level-2'><a class=\"ez-toc-link ez-toc-heading-8\" href=\"https:\/\/moverdb.com\/cs\/moving-companies\/moving-companies-portugal\/#8_Removals_to_Portugal\" >8. St\u011bhov\u00e1n\u00ed do Portugalska<\/a><\/li><li class='ez-toc-page-1 ez-toc-heading-level-2'><a class=\"ez-toc-link ez-toc-heading-9\" href=\"https:\/\/moverdb.com\/cs\/moving-companies\/moving-companies-portugal\/#9_Premier_International_Movers\" >9. Premier International Movers<\/a><\/li><li class='ez-toc-page-1 ez-toc-heading-level-2'><a class=\"ez-toc-link ez-toc-heading-10\" href=\"https:\/\/moverdb.com\/cs\/moving-companies\/moving-companies-portugal\/#10_Strong_Moving_International\" >10. Strong Moving International<\/a><\/li><li class='ez-toc-page-1 ez-toc-heading-level-2'><a class=\"ez-toc-link ez-toc-heading-11\" href=\"https:\/\/moverdb.com\/cs\/moving-companies\/moving-companies-portugal\/#Other_Useful_Guides_to_Portugal\" >Dal\u0161\u00ed u\u017eite\u010dn\u00ed pr\u016fvodci po Portugalsku<\/a><\/li><\/ul><\/nav><\/div>\n<h2><span class=\"ez-toc-section\" id=\"1_cityMover\"><\/span><strong>1. cityMover<\/strong><span class=\"ez-toc-section-end\"><\/span><\/h2>\n<p><img loading=\"lazy\" decoding=\"async\" class=\"alignnone size-full wp-image-8773\" src=\"https:\/\/moverdb.com\/wp-content\/uploads\/cityMover-international-moving-company-1.png\" alt=\"cityMover mezin\u00e1rodn\u00ed st\u011bhov\u00e1n\u00ed spole\u010dnost\" width=\"1440\" height=\"712\" data-wp-pid=\"8773\" srcset=\"https:\/\/moverdb.com\/wp-content\/uploads\/cityMover-international-moving-company-1.png 1440w, https:\/\/moverdb.com\/wp-content\/uploads\/cityMover-international-moving-company-1-300x148.png 300w, https:\/\/moverdb.com\/wp-content\/uploads\/cityMover-international-moving-company-1-1024x506.png 1024w, https:\/\/moverdb.com\/wp-content\/uploads\/cityMover-international-moving-company-1-18x9.png 18w, https:\/\/moverdb.com\/wp-content\/uploads\/cityMover-international-moving-company-1-600x297.png 600w\" sizes=\"auto, (max-width: 1440px) 100vw, 1440px\" \/><\/p>\n<ul>\n<li>St\u011bhov\u00e1n\u00ed na n\u00e1rodn\u00ed \u00farovni<\/li>\n<li>Mezin\u00e1rodn\u00ed p\u0159esuny<\/li>\n<li>St\u011bhov\u00e1n\u00ed dom\u00e1cnost\u00ed<\/li>\n<li>St\u011bhov\u00e1n\u00ed kancel\u00e1\u0159\u00ed<\/li>\n<li>Balic\u00ed slu\u017eba<\/li>\n<li>Pozemn\u00ed, leteck\u00e1 a n\u00e1mo\u0159n\u00ed doprava<\/li>\n<li>Celn\u00ed odbaven\u00ed<\/li>\n<li>Manipulace s um\u011bn\u00edm<\/li>\n<li>Poji\u0161t\u011bn\u00ed<\/li>\n<li>Skladovac\u00ed prostory<\/li>\n<\/ul>\n<p>CityMover je logistick\u00e1 spole\u010dnost zalo\u017een\u00e1 v roce 2009, kter\u00e1 nab\u00edz\u00ed st\u011bhov\u00e1n\u00ed, spedici a skladov\u00e1n\u00ed a s\u00eddl\u00ed v Lisabonu a Portu. Disponuje celosv\u011btovou s\u00edt\u00ed st\u011bhovac\u00edch agent\u016f, kter\u00e1 jim umo\u017e\u0148uje poskytovat slu\u017eby v mezin\u00e1rodn\u00edm m\u011b\u0159\u00edtku. Jsou \u010dlenem IAM se 14letou tradic\u00ed.<\/p>\n<p>Spole\u010dnost cityMover nab\u00edz\u00ed individu\u00e1ln\u00ed st\u011bhov\u00e1n\u00ed se slu\u017ebou od dve\u0159\u00ed ke dve\u0159\u00edm. Nab\u00edz\u00ed balic\u00ed slu\u017eby, p\u0159i nich\u017e se pou\u017e\u00edvaj\u00ed obalov\u00e9 materi\u00e1ly vhodn\u00e9 pro dan\u00e9 zbo\u017e\u00ed a podm\u00ednky, jako\u017e i krabice a vybaven\u00ed \u0161etrn\u00e9 k \u017eivotn\u00edmu prost\u0159ed\u00ed, v\u010detn\u011b opakovan\u011b pou\u017eiteln\u00fdch plastov\u00fdch n\u00e1dob. Nab\u00edzej\u00ed pozemn\u00ed, leteckou a n\u00e1mo\u0159n\u00ed p\u0159epravu, kter\u00e1 zahrnuje kompletn\u00ed kontejnery nebo sb\u011brnou slu\u017ebu, a tak\u00e9 celn\u00ed odbaven\u00ed.<\/p>\n<p>Webov\u00e9 str\u00e1nky: <a href=\"http:\/\/www.citymover.pt\" target=\"_blank\" rel=\"noopener\">http:\/\/www.citymover.pt<\/a><\/p>\n<h2><span class=\"ez-toc-section\" id=\"2_DSV\"><\/span><strong>2. DSV<\/strong><span class=\"ez-toc-section-end\"><\/span><\/h2>\n<p><img loading=\"lazy\" decoding=\"async\" class=\"alignnone size-full wp-image-8791\" src=\"https:\/\/moverdb.com\/wp-content\/uploads\/DSV-international-moving-company.png\" alt=\"DSV mezin\u00e1rodn\u00ed st\u011bhov\u00e1n\u00ed spole\u010dnost\" width=\"1440\" height=\"712\" data-wp-pid=\"8791\" srcset=\"https:\/\/moverdb.com\/wp-content\/uploads\/DSV-international-moving-company.png 1440w, https:\/\/moverdb.com\/wp-content\/uploads\/DSV-international-moving-company-300x148.png 300w, https:\/\/moverdb.com\/wp-content\/uploads\/DSV-international-moving-company-1024x506.png 1024w, https:\/\/moverdb.com\/wp-content\/uploads\/DSV-international-moving-company-18x9.png 18w, https:\/\/moverdb.com\/wp-content\/uploads\/DSV-international-moving-company-600x297.png 600w\" sizes=\"auto, (max-width: 1440px) 100vw, 1440px\" \/><\/p>\n<ul>\n<li>N\u00e1rodn\u00ed logistika<\/li>\n<li>Mezin\u00e1rodn\u00ed logistika<\/li>\n<li>Soukrom\u00fd n\u00e1klad<\/li>\n<li>Komer\u010dn\u00ed zat\u00ed\u017een\u00ed<\/li>\n<li>Silni\u010dn\u00ed, \u017eelezni\u010dn\u00ed, n\u00e1mo\u0159n\u00ed a leteck\u00e1 n\u00e1kladn\u00ed doprava<\/li>\n<li>V\u00fdb\u011br mo\u017enost\u00ed kontejner\u016f<\/li>\n<li>Celn\u00ed odbaven\u00ed<\/li>\n<li>Automobilov\u00e1 doprava<\/li>\n<li>Poji\u0161t\u011bn\u00ed n\u00e1kladu<\/li>\n<li>Skladovac\u00ed prostory<\/li>\n<\/ul>\n<p>Spole\u010dnost DSV je poskytovatelem \u0159e\u0161en\u00ed pro dodavatelsk\u00fd \u0159et\u011bzec, kter\u00fd byl zalo\u017een v roce 2006. <a href=\"https:\/\/moverdb.com\/cs\/moving-to-denmark\/\" data-internallinksmanager029f6b8e52c=\"335\" title=\"St\u011bhov\u00e1n\u00ed do D\u00e1nska? 2026 N\u00e1klady na bydlen\u00ed a tipy na st\u011bhov\u00e1n\u00ed\">D\u00e1nsko<\/a> v roce 1976 a m\u00e1 pobo\u010dky ve v\u00edce ne\u017e 80 zem\u00edch. Jejich portugalsk\u00e9 pobo\u010dky se nach\u00e1zej\u00ed v Lisabonu, Castanheira do Ribatejo, Matosinhos, Vilar do Pinheiro a Palmela. Jsou \u010dlenem IAM se 71letou tradic\u00ed.<\/p>\n<p>Spole\u010dnost DSV nab\u00edz\u00ed \u0159adu logistick\u00fdch \u0159e\u0161en\u00ed pro mal\u00e9 i velk\u00e9 n\u00e1klady v r\u00e1mci Portugalska, do Portugalska a z Portugalska. Poskytuje mo\u017enosti silni\u010dn\u00ed, \u017eelezni\u010dn\u00ed, leteck\u00e9 a n\u00e1mo\u0159n\u00ed p\u0159epravy, kter\u00e9 zahrnuj\u00ed v\u00fdb\u011br <a href=\"https:\/\/moverdb.com\/cs\/shipping-container-sizes-and-dimensions\/\" data-internallinksmanager029f6b8e52c=\"247\" title=\"Kone\u010dn\u00fd pr\u016fvodce velikostmi a rozm\u011bry p\u0159epravn\u00edch kontejner\u016f\">velikosti kontejner\u016f<\/a> nebo typy, pln\u00fd n\u00e1klad kontejner\u016f a men\u0161\u00ed ne\u017e kontejnerov\u00fd n\u00e1klad, mo\u017enosti kombinac\u00ed a skupinov\u00e9 p\u0159epravy.<\/p>\n<p>Webov\u00e9 str\u00e1nky: <a href=\"https:\/\/www.dsv.com\/\" target=\"_blank\" rel=\"noopener\">https:\/\/www.dsv.com\/<\/a><\/p>\n<h2><span class=\"ez-toc-section\" id=\"3_Global_International_Relocation\"><\/span><strong>3. Glob\u00e1ln\u00ed mezin\u00e1rodn\u00ed st\u011bhov\u00e1n\u00ed<\/strong><span class=\"ez-toc-section-end\"><\/span><\/h2>\n<p><img loading=\"lazy\" decoding=\"async\" class=\"alignnone size-full wp-image-8804\" src=\"https:\/\/moverdb.com\/wp-content\/uploads\/Global-International-Relocation-international-moving-company.png\" alt=\"Global International Relocation mezin\u00e1rodn\u00ed st\u011bhov\u00e1n\u00ed spole\u010dnost\" width=\"1440\" height=\"708\" data-wp-pid=\"8804\" srcset=\"https:\/\/moverdb.com\/wp-content\/uploads\/Global-International-Relocation-international-moving-company.png 1440w, https:\/\/moverdb.com\/wp-content\/uploads\/Global-International-Relocation-international-moving-company-300x148.png 300w, https:\/\/moverdb.com\/wp-content\/uploads\/Global-International-Relocation-international-moving-company-1024x503.png 1024w, https:\/\/moverdb.com\/wp-content\/uploads\/Global-International-Relocation-international-moving-company-18x9.png 18w, https:\/\/moverdb.com\/wp-content\/uploads\/Global-International-Relocation-international-moving-company-600x295.png 600w\" sizes=\"auto, (max-width: 1440px) 100vw, 1440px\" \/><\/p>\n<ul>\n<li>Mezin\u00e1rodn\u00ed p\u0159esuny<\/li>\n<li>St\u011bhov\u00e1n\u00ed do obytn\u00fdch prostor<\/li>\n<li>St\u011bhov\u00e1n\u00ed firem<\/li>\n<li>Balic\u00ed slu\u017eba<\/li>\n<li>Zaji\u0161t\u011bn\u00ed dopravy<\/li>\n<li>Celn\u00ed odbaven\u00ed<\/li>\n<li>Manipulace s um\u011bleck\u00fdmi d\u00edly<\/li>\n<li>P\u0159eprava dom\u00e1c\u00edch zv\u00ed\u0159at<\/li>\n<li>Poji\u0161t\u011bn\u00ed<\/li>\n<li>Skladovac\u00ed prostory<\/li>\n<\/ul>\n<p>Global International Relocation je spole\u010dnost zab\u00fdvaj\u00edc\u00ed se mezin\u00e1rodn\u00ed mobilitou, kter\u00e1 byla zalo\u017eena v roce 2008 a m\u00e1 pobo\u010dky v Lisabonu a Portu. Disponuje celosv\u011btovou s\u00edt\u00ed p\u0159edn\u00edch spole\u010dnost\u00ed, kter\u00e9 jim mohou pomoci s p\u0159est\u011bhov\u00e1n\u00edm a mezin\u00e1rodn\u00edm st\u011bhov\u00e1n\u00edm ve 186 zem\u00edch. Jsou \u010dlenem IAM s patn\u00e1ctiletou prax\u00ed a jsou akreditov\u00e1ni FIDI.<\/p>\n<p>Spole\u010dnost Global International Relocation nab\u00edz\u00ed individu\u00e1ln\u00ed slu\u017eby a specializovan\u00e9 balic\u00ed slu\u017eby. Pou\u017e\u00edv\u00e1 nejlep\u0161\u00ed obalov\u00e9 materi\u00e1ly v\u010detn\u011b vyztu\u017een\u00fdch kartonov\u00fdch krabic, sk\u0159\u00ed\u0148ov\u00fdch krabic, balic\u00edch f\u00f3li\u00ed, specializovan\u00fdch PVC p\u00e1sek a beden. Nab\u00edzej\u00ed dal\u0161\u00ed slu\u017eby v\u010detn\u011b pron\u00e1jmu n\u00e1bytku, \u00faklidu domu, oprav a instalace, p\u0159epravy dom\u00e1c\u00edch zv\u00ed\u0159at, skladov\u00e1n\u00ed a poji\u0161t\u011bn\u00ed.<\/p>\n<p>Webov\u00e9 str\u00e1nky: <a href=\"http:\/\/www.globalmobility.pt\" target=\"_blank\" rel=\"noopener\">http:\/\/www.globalmobility.pt<\/a><\/p>\n<h2><span class=\"ez-toc-section\" id=\"4_Invictus_Relocation_Services\"><\/span><strong>4. Invictus Relocation Services<\/strong><span class=\"ez-toc-section-end\"><\/span><\/h2>\n<p><img loading=\"lazy\" decoding=\"async\" class=\"alignnone size-full wp-image-8816\" src=\"https:\/\/moverdb.com\/wp-content\/uploads\/Invictus-Relocation-international-moving-company.png\" alt=\"Invictus Relocation mezin\u00e1rodn\u00ed st\u011bhov\u00e1n\u00ed spole\u010dnost\" width=\"1440\" height=\"709\" data-wp-pid=\"8816\" srcset=\"https:\/\/moverdb.com\/wp-content\/uploads\/Invictus-Relocation-international-moving-company.png 1440w, https:\/\/moverdb.com\/wp-content\/uploads\/Invictus-Relocation-international-moving-company-300x148.png 300w, https:\/\/moverdb.com\/wp-content\/uploads\/Invictus-Relocation-international-moving-company-1024x504.png 1024w, https:\/\/moverdb.com\/wp-content\/uploads\/Invictus-Relocation-international-moving-company-18x9.png 18w, https:\/\/moverdb.com\/wp-content\/uploads\/Invictus-Relocation-international-moving-company-600x295.png 600w\" sizes=\"auto, (max-width: 1440px) 100vw, 1440px\" \/><\/p>\n<ul>\n<li>St\u011bhov\u00e1n\u00ed na n\u00e1rodn\u00ed \u00farovni<\/li>\n<li>Mezin\u00e1rodn\u00ed p\u0159esuny<\/li>\n<li>St\u011bhov\u00e1n\u00ed dom\u00e1cnost\u00ed<\/li>\n<li>St\u011bhov\u00e1n\u00ed kancel\u00e1\u0159\u00ed<\/li>\n<li>St\u011bhovac\u00ed slu\u017eby<\/li>\n<li>Balic\u00ed slu\u017eba<\/li>\n<li>Leteck\u00e1, n\u00e1mo\u0159n\u00ed a silni\u010dn\u00ed doprava<\/li>\n<li>P\u0159eprava dom\u00e1c\u00edch zv\u00ed\u0159at<\/li>\n<li>P\u0159eprava um\u011bleck\u00fdch d\u011bl<\/li>\n<li>\u00dalo\u017ei\u0161t\u011b<\/li>\n<\/ul>\n<p>Invictus Relocation Services je st\u011bhovac\u00ed a reloka\u010dn\u00ed spole\u010dnost zalo\u017een\u00e1 v roce 2013 se s\u00eddlem v Lisabonu a pobo\u010dkami v Trajouce a Mozelos. Je \u010dlenem IAM s desetiletou prax\u00ed a m\u00e1 akreditaci FIDI, kter\u00e1 j\u00ed umo\u017e\u0148uje p\u0159\u00edstup do mezin\u00e1rodn\u00ed s\u00edt\u011b st\u011bhovac\u00edch agentur.<\/p>\n<p>Spole\u010dnost Invictus Relocation Services nab\u00edz\u00ed slu\u017eby na m\u00edru v\u010detn\u011b st\u011bhov\u00e1n\u00ed, p\u0159epravy dom\u00e1c\u00edch zv\u00ed\u0159at a um\u011bleck\u00fdch d\u011bl. Jejich balic\u00ed slu\u017eby pou\u017e\u00edvaj\u00ed vysoce kvalitn\u00ed obalov\u00fd materi\u00e1l, kter\u00fd nejl\u00e9pe odpov\u00edd\u00e1 dan\u00e9mu p\u0159edm\u011btu a zp\u016fsobu p\u0159epravy, aby bylo zbo\u017e\u00ed p\u0159i p\u0159eprav\u011b chr\u00e1n\u011bno. Jejich st\u011bhovac\u00ed slu\u017eby zahrnuj\u00ed vyhled\u00e1v\u00e1n\u00ed bydli\u0161t\u011b a \u0161koly, v\u00edza a imigraci, m\u00edstn\u00ed poradenstv\u00ed, zdravotn\u00ed p\u00e9\u010di a taxi slu\u017ebu.<\/p>\n<p>Webov\u00e9 str\u00e1nky: <a href=\"http:\/\/www.invictus-relocation.com\" target=\"_blank\" rel=\"noopener\">http:\/\/www.invictus-relocation.com<\/a><\/p>\n<h2><span class=\"ez-toc-section\" id=\"5_Rangel_Logistics_Solutions\"><\/span><strong>5. Rangel Logistics Solutions<\/strong><span class=\"ez-toc-section-end\"><\/span><\/h2>\n<p><img loading=\"lazy\" decoding=\"async\" class=\"alignnone size-full wp-image-8848\" src=\"https:\/\/moverdb.com\/wp-content\/uploads\/Rangel-Logistics-Solutions-international-moving-company.png\" alt=\"Rangel Logistics Solutions mezin\u00e1rodn\u00ed st\u011bhov\u00e1n\u00ed spole\u010dnost\" width=\"1440\" height=\"713\" data-wp-pid=\"8848\" srcset=\"https:\/\/moverdb.com\/wp-content\/uploads\/Rangel-Logistics-Solutions-international-moving-company.png 1440w, https:\/\/moverdb.com\/wp-content\/uploads\/Rangel-Logistics-Solutions-international-moving-company-300x149.png 300w, https:\/\/moverdb.com\/wp-content\/uploads\/Rangel-Logistics-Solutions-international-moving-company-1024x507.png 1024w, https:\/\/moverdb.com\/wp-content\/uploads\/Rangel-Logistics-Solutions-international-moving-company-18x9.png 18w, https:\/\/moverdb.com\/wp-content\/uploads\/Rangel-Logistics-Solutions-international-moving-company-600x297.png 600w\" sizes=\"auto, (max-width: 1440px) 100vw, 1440px\" \/><\/p>\n<ul>\n<li>St\u011bhov\u00e1n\u00ed na n\u00e1rodn\u00ed \u00farovni<\/li>\n<li>Mezin\u00e1rodn\u00ed p\u0159esuny<\/li>\n<li>St\u011bhov\u00e1n\u00ed dom\u00e1cnost\u00ed<\/li>\n<li>St\u011bhov\u00e1n\u00ed kancel\u00e1\u0159\u00ed a sklad\u016f<\/li>\n<li>\u0158e\u0161en\u00ed na m\u00edru<\/li>\n<li>Balic\u00ed slu\u017eby<\/li>\n<li>Pozemn\u00ed, n\u00e1mo\u0159n\u00ed a leteck\u00e1 doprava<\/li>\n<li>Celn\u00ed slu\u017eba<\/li>\n<li>Poji\u0161t\u011bn\u00ed<\/li>\n<li>Kr\u00e1tkodob\u00e9 a dlouhodob\u00e9 skladovac\u00ed prostory<\/li>\n<\/ul>\n<p>Rangel Logistics Solutions je dopravn\u00ed a logistick\u00e1 spole\u010dnost zalo\u017een\u00e1 v roce 1980, kter\u00e1 m\u00e1 pobo\u010dky v sedmi zem\u00edch v\u010detn\u011b Portugalska, kde m\u00e1 21 pobo\u010dek se s\u00eddlem v Maia. Prost\u0159ednictv\u00edm glob\u00e1ln\u00ed s\u00edt\u011b st\u011bhovac\u00edch partner\u016f zaji\u0161\u0165uje celosv\u011btov\u00e9 pokryt\u00ed 220 zem\u00ed. Je \u010dlenem IAM s 43letou tradic\u00ed.<\/p>\n<p>Spole\u010dnost Rangel Logistics Solutions nab\u00edz\u00ed komplexn\u00ed \u0159e\u0161en\u00ed pro st\u011bhov\u00e1n\u00ed od dve\u0159\u00ed ke dve\u0159\u00edm. Jejich st\u011bhovac\u00ed slu\u017eby zahrnuj\u00ed p\u0159epravu va\u0161eho zbo\u017e\u00ed a vy\u0159\u00edzen\u00ed celn\u00edho odbaven\u00ed. Zabal\u00ed va\u0161e v\u011bci, demontuj\u00ed a smontuj\u00ed n\u00e1bytek a po p\u0159\u00edjezdu vybal\u00ed. Nab\u00edzej\u00ed dal\u0161\u00ed slu\u017eby, mezi kter\u00e9 pat\u0159\u00ed slu\u017eby \u00fadr\u017eb\u00e1\u0159\u016f, pron\u00e1jem a poji\u0161t\u011bn\u00ed.<\/p>\n<p>Webov\u00e9 str\u00e1nky: <a href=\"http:\/\/www.rangel.com\" target=\"_blank\" rel=\"noopener\">http:\/\/www.rangel.com<\/a><\/p>\n<h2><span class=\"ez-toc-section\" id=\"6_Urbanos\"><\/span><strong>6. Urbanos<\/strong><span class=\"ez-toc-section-end\"><\/span><\/h2>\n<p><img loading=\"lazy\" decoding=\"async\" class=\"alignnone size-full wp-image-8921\" src=\"https:\/\/moverdb.com\/wp-content\/uploads\/Urbanos-international-moving-company.png\" alt=\"Urbanos mezin\u00e1rodn\u00ed st\u011bhov\u00e1n\u00ed spole\u010dnost\" width=\"1440\" height=\"684\" data-wp-pid=\"8921\" srcset=\"https:\/\/moverdb.com\/wp-content\/uploads\/Urbanos-international-moving-company.png 1440w, https:\/\/moverdb.com\/wp-content\/uploads\/Urbanos-international-moving-company-300x143.png 300w, https:\/\/moverdb.com\/wp-content\/uploads\/Urbanos-international-moving-company-1024x486.png 1024w, https:\/\/moverdb.com\/wp-content\/uploads\/Urbanos-international-moving-company-18x9.png 18w, https:\/\/moverdb.com\/wp-content\/uploads\/Urbanos-international-moving-company-600x285.png 600w\" sizes=\"auto, (max-width: 1440px) 100vw, 1440px\" \/><\/p>\n<ul>\n<li>St\u011bhov\u00e1n\u00ed na n\u00e1rodn\u00ed \u00farovni<\/li>\n<li>Mezin\u00e1rodn\u00ed p\u0159esuny<\/li>\n<li>St\u011bhov\u00e1n\u00ed dom\u00e1cnost\u00ed<\/li>\n<li>St\u011bhov\u00e1n\u00ed firem<\/li>\n<li>\u0158e\u0161en\u00ed na m\u00edru<\/li>\n<li>Volba \u00farovn\u011b slu\u017eeb<\/li>\n<li>Balic\u00ed slu\u017eba<\/li>\n<li>Celn\u00ed odbaven\u00ed<\/li>\n<li>Manipulace s v\u00fdtvarn\u00fdm um\u011bn\u00edm<\/li>\n<li>Skladovac\u00ed prostory<\/li>\n<\/ul>\n<p>Urbanos je integrovan\u00fd poskytovatel logistick\u00fdch slu\u017eeb, kter\u00fd nab\u00edz\u00ed st\u011bhov\u00e1n\u00ed. Byla zalo\u017eena v roce 1990 a s\u00eddl\u00ed v Lisabonu a ve Faru. Maj\u00ed s\u00ed\u0165 v\u00edce ne\u017e 500 spole\u010dnost\u00ed ve v\u00edce ne\u017e 100 zem\u00edch, kter\u00e9 jim pom\u00e1haj\u00ed p\u0159i realizaci mezin\u00e1rodn\u00edch st\u011bhov\u00e1n\u00ed, a jsou akreditov\u00e1ny FIDI.<\/p>\n<p>Spole\u010dnost Urbanos nab\u00edz\u00ed v\u00fdb\u011br z n\u011bkolika \u00farovn\u00ed slu\u017eeb, kter\u00e9 zahrnuj\u00ed st\u011bhov\u00e1n\u00ed sv\u00e9pomoc\u00ed pro ty, kte\u0159\u00ed si cht\u011bj\u00ed za\u0159\u00edzen\u00ed pronajmout, z\u00e1kaznickou \u00fapravu, kdy si m\u016f\u017eete sv\u00e9 v\u011bci zabalit sami, a kompletn\u00ed slu\u017eby na kl\u00ed\u010d. Zajist\u00ed bezpe\u010dnou p\u0159epravu va\u0161ich v\u011bc\u00ed na m\u00edsto ur\u010den\u00ed a pom\u016f\u017ee s celn\u00edm odbaven\u00edm.<\/p>\n<p>Webov\u00e9 str\u00e1nky: <a href=\"https:\/\/www.urbanos.com\/\" target=\"_blank\" rel=\"noopener\">https:\/\/www.urbanos.com\/<\/a><\/p>\n<h2><span class=\"ez-toc-section\" id=\"7_Galamas\"><\/span><strong>7. Galamas<\/strong><span class=\"ez-toc-section-end\"><\/span><\/h2>\n<p><img loading=\"lazy\" decoding=\"async\" class=\"alignnone size-full wp-image-8798\" src=\"https:\/\/moverdb.com\/wp-content\/uploads\/Galamas-international-moving-company.png\" alt=\"Galamas mezin\u00e1rodn\u00ed pohybuj\u00edc\u00ed se spole\u010dnost\" width=\"1440\" height=\"712\" data-wp-pid=\"8798\" srcset=\"https:\/\/moverdb.com\/wp-content\/uploads\/Galamas-international-moving-company.png 1440w, https:\/\/moverdb.com\/wp-content\/uploads\/Galamas-international-moving-company-300x148.png 300w, https:\/\/moverdb.com\/wp-content\/uploads\/Galamas-international-moving-company-1024x506.png 1024w, https:\/\/moverdb.com\/wp-content\/uploads\/Galamas-international-moving-company-18x9.png 18w, https:\/\/moverdb.com\/wp-content\/uploads\/Galamas-international-moving-company-600x297.png 600w\" sizes=\"auto, (max-width: 1440px) 100vw, 1440px\" \/><\/p>\n<ul>\n<li>St\u011bhov\u00e1n\u00ed na n\u00e1rodn\u00ed \u00farovni<\/li>\n<li>Mezin\u00e1rodn\u00ed p\u0159esuny<\/li>\n<li>St\u011bhov\u00e1n\u00ed dom\u00e1cnost\u00ed<\/li>\n<li>St\u011bhov\u00e1n\u00ed spole\u010dnosti<\/li>\n<li>Balic\u00ed slu\u017eby<\/li>\n<li>Pl\u00e1nov\u00e1n\u00ed nejvhodn\u011bj\u0161\u00edch tras<\/li>\n<li>Pozemn\u00ed, n\u00e1mo\u0159n\u00ed a leteck\u00e1 doprava<\/li>\n<li>Celn\u00ed odbaven\u00ed<\/li>\n<li>Poji\u0161t\u011bn\u00ed<\/li>\n<li>Skladovac\u00ed prostory<\/li>\n<\/ul>\n<p>Galamas je vnitrost\u00e1tn\u00ed a mezin\u00e1rodn\u00ed st\u011bhovac\u00ed spole\u010dnost, kter\u00e1 byla zalo\u017eena v roce 1934 v Lisabonu. P\u0159i poskytov\u00e1n\u00ed sv\u00fdch slu\u017eeb koordinuje mezin\u00e1rodn\u00ed st\u011bhov\u00e1n\u00ed p\u0159\u00edmo s agenty po cel\u00e9m sv\u011bt\u011b. Je \u010dlenem IAM s 89letou tradic\u00ed a je akreditov\u00e1na u FIDI.<\/p>\n<p>Galamas nab\u00edz\u00ed st\u011bhovac\u00ed slu\u017eby jednotlivc\u016fm, firm\u00e1m a instituc\u00edm v r\u00e1mci Portugalska, do Portugalska a z Portugalska. Posoud\u00ed va\u0161e pot\u0159eby a navrhne nejvhodn\u011bj\u0161\u00ed a nejvhodn\u011bj\u0161\u00ed trasu pro p\u0159epravu va\u0161ich v\u011bc\u00ed, a\u0165 u\u017e po zemi, po mo\u0159i nebo letecky. Poskytuj\u00ed balic\u00ed slu\u017eby pro ochranu va\u0161ich v\u011bc\u00ed p\u0159i p\u0159eprav\u011b a pomohou v\u00e1m s celn\u00edm odbaven\u00edm a poji\u0161t\u011bn\u00edm.<\/p>\n<p>Webov\u00e9 str\u00e1nky: <a href=\"http:\/\/www.galamas.pt\" target=\"_blank\" rel=\"noopener\">http:\/\/www.galamas.pt<\/a><\/p>\n<h2><span class=\"ez-toc-section\" id=\"8_Removals_to_Portugal\"><\/span><strong>8. St\u011bhov\u00e1n\u00ed do Portugalska<\/strong><span class=\"ez-toc-section-end\"><\/span><\/h2>\n<p><img loading=\"lazy\" decoding=\"async\" class=\"alignnone size-full wp-image-8849\" src=\"https:\/\/moverdb.com\/wp-content\/uploads\/Removals-to-Portugal-international-moving-company.png\" alt=\"St\u011bhov\u00e1n\u00ed do Portugalska mezin\u00e1rodn\u00ed st\u011bhovac\u00ed spole\u010dnost\" width=\"1440\" height=\"712\" data-wp-pid=\"8849\" srcset=\"https:\/\/moverdb.com\/wp-content\/uploads\/Removals-to-Portugal-international-moving-company.png 1440w, https:\/\/moverdb.com\/wp-content\/uploads\/Removals-to-Portugal-international-moving-company-300x148.png 300w, https:\/\/moverdb.com\/wp-content\/uploads\/Removals-to-Portugal-international-moving-company-1024x506.png 1024w, https:\/\/moverdb.com\/wp-content\/uploads\/Removals-to-Portugal-international-moving-company-18x9.png 18w, https:\/\/moverdb.com\/wp-content\/uploads\/Removals-to-Portugal-international-moving-company-600x297.png 600w\" sizes=\"auto, (max-width: 1440px) 100vw, 1440px\" \/><\/p>\n<ul>\n<li>St\u011bhov\u00e1n\u00ed na n\u00e1rodn\u00ed \u00farovni<\/li>\n<li>Mezin\u00e1rodn\u00ed p\u0159esuny<\/li>\n<li>St\u011bhov\u00e1n\u00ed dom\u00e1cnost\u00ed<\/li>\n<li>St\u011bhov\u00e1n\u00ed kancel\u00e1\u0159\u00ed, obchodn\u00edch prostor a firem<\/li>\n<li>Slu\u017eba od dve\u0159\u00ed ke dve\u0159\u00edm<\/li>\n<li>Mo\u017enosti balen\u00ed<\/li>\n<li>Kompletn\u00ed balic\u00ed slu\u017eby<\/li>\n<li>Mal\u00e9 a\u017e velk\u00e9 n\u00e1klady<\/li>\n<li>Zaji\u0161t\u011bn\u00ed dopravy<\/li>\n<li>Skladovac\u00ed prostory<\/li>\n<\/ul>\n<p>St\u011bhov\u00e1n\u00ed do Portugalska je st\u011bhovac\u00ed spole\u010dnost se s\u00eddlem v Lisabonu, kter\u00e1 m\u00e1 v\u00edce ne\u017e 20 let zku\u0161enost\u00ed. P\u0159i poskytov\u00e1n\u00ed sv\u00fdch slu\u017eeb na mezin\u00e1rodn\u00ed \u00farovni spolupracuje s partnery v oboru. Je \u010dlenem IAM s 31letou prax\u00ed.<\/p>\n<p>St\u011bhov\u00e1n\u00ed do Portugalska nab\u00edz\u00ed v\u00fdb\u011br balic\u00edch slu\u017eeb, kdy si m\u016f\u017eete n\u011bkter\u00e9 v\u011bci zabalit sami, nebo se rozhodnout pro kompletn\u00ed balic\u00ed slu\u017eby. Nab\u00edzej\u00ed st\u011bhov\u00e1n\u00ed od dve\u0159\u00ed ke dve\u0159\u00edm, a to od mal\u00fdch n\u00e1klad\u016f a\u017e po st\u011bhov\u00e1n\u00ed cel\u00fdch kancel\u00e1\u0159\u00ed. Nab\u00edzej\u00ed mo\u017enost \u010d\u00e1ste\u010dn\u00e9ho nebo \u00fapln\u00e9ho nalo\u017een\u00ed a sb\u011brn\u00e9 slu\u017eby. Disponuj\u00ed vozov\u00fdm parkem se satelitn\u00edm sledov\u00e1n\u00edm, kter\u00e9 umo\u017e\u0148uje sledovat pr\u016fb\u011bh st\u011bhov\u00e1n\u00ed.<\/p>\n<p>Webov\u00e9 str\u00e1nky: <a href=\"http:\/\/www.removalstoportugal.com\/\" target=\"_blank\" rel=\"noopener\">http:\/\/www.removalstoportugal.com\/<\/a><\/p>\n<h2><span class=\"ez-toc-section\" id=\"9_Premier_International_Movers\"><\/span><strong>9. Premier International Movers<\/strong><span class=\"ez-toc-section-end\"><\/span><\/h2>\n<p><img loading=\"lazy\" decoding=\"async\" class=\"alignnone size-full wp-image-8846\" src=\"https:\/\/moverdb.com\/wp-content\/uploads\/Premier-International-Movers-company.png\" alt=\"Premier International Movers spole\u010dnost\" width=\"1440\" height=\"710\" data-wp-pid=\"8846\" srcset=\"https:\/\/moverdb.com\/wp-content\/uploads\/Premier-International-Movers-company.png 1440w, https:\/\/moverdb.com\/wp-content\/uploads\/Premier-International-Movers-company-300x148.png 300w, https:\/\/moverdb.com\/wp-content\/uploads\/Premier-International-Movers-company-1024x505.png 1024w, https:\/\/moverdb.com\/wp-content\/uploads\/Premier-International-Movers-company-18x9.png 18w, https:\/\/moverdb.com\/wp-content\/uploads\/Premier-International-Movers-company-600x296.png 600w\" sizes=\"auto, (max-width: 1440px) 100vw, 1440px\" \/><\/p>\n<ul>\n<li>St\u011bhov\u00e1n\u00ed na n\u00e1rodn\u00ed \u00farovni<\/li>\n<li>Mezin\u00e1rodn\u00ed p\u0159esuny<\/li>\n<li>St\u011bhov\u00e1n\u00ed dom\u00e1cnost\u00ed<\/li>\n<li>St\u011bhov\u00e1n\u00ed firem<\/li>\n<li>St\u011bhovac\u00ed slu\u017eby<\/li>\n<li>Balic\u00ed materi\u00e1ly<\/li>\n<li>Zaji\u0161t\u011bn\u00ed dopravy<\/li>\n<li>Manipulace s um\u011bleck\u00fdmi d\u00edly<\/li>\n<li>P\u0159eprava zv\u00ed\u0159at<\/li>\n<li>Skladovac\u00ed prostory<\/li>\n<\/ul>\n<p>Premier International Movers je st\u011bhovac\u00ed a skladovac\u00ed spole\u010dnost se s\u00eddlem v Sint\u0159e. Disponuje celosv\u011btovou s\u00edt\u00ed st\u011bhovac\u00edch agent\u016f, kte\u0159\u00ed jim pom\u00e1haj\u00ed s realizac\u00ed st\u011bhov\u00e1n\u00ed na n\u00e1rodn\u00ed i mezin\u00e1rodn\u00ed \u00farovni. Jsou \u010dlenem IAM s dvacetiletou prax\u00ed a jsou akreditov\u00e1ni u FIDI.<\/p>\n<p>Spole\u010dnost Premier International Movers nab\u00edz\u00ed st\u011bhovac\u00ed slu\u017eby, kter\u00e9 v\u00e1m pomohou p\u0159i st\u011bhov\u00e1n\u00ed va\u0161eho domova nebo firmy t\u00edm, \u017ee v\u00e1m poskytnou balic\u00ed materi\u00e1ly a zajist\u00ed bezpe\u010dnou p\u0159epravu va\u0161ich v\u011bc\u00ed na m\u00edsto ur\u010den\u00ed. Jejich st\u011bhovac\u00ed slu\u017eby zahrnuj\u00ed vyhled\u00e1v\u00e1n\u00ed bydli\u0161t\u011b a \u0161kol, kulturn\u00ed pr\u016fvodce, pracovn\u00ed povolen\u00ed a pr\u00e1vn\u00edky. Nab\u00edzej\u00ed dal\u0161\u00ed slu\u017eby, kter\u00e9 zahrnuj\u00ed manipulaci s um\u011bleck\u00fdmi d\u00edly, p\u0159epravu zv\u00ed\u0159at a skladovac\u00ed prostory.<\/p>\n<p>Webov\u00e9 str\u00e1nky: <a href=\"http:\/\/www.premier-portugal.com\" target=\"_blank\" rel=\"noopener\">http:\/\/www.premier-portugal.com<\/a><\/p>\n<h2><span class=\"ez-toc-section\" id=\"10_Strong_Moving_International\"><\/span><strong>10. Strong Moving International<\/strong><span class=\"ez-toc-section-end\"><\/span><\/h2>\n<p><img loading=\"lazy\" decoding=\"async\" class=\"alignnone size-full wp-image-8860\" src=\"https:\/\/moverdb.com\/wp-content\/uploads\/Strong-Moving-International-moving-company.png\" alt=\"Siln\u00e9 st\u011bhov\u00e1n\u00ed Mezin\u00e1rodn\u00ed st\u011bhov\u00e1n\u00ed spole\u010dnost\" width=\"1440\" height=\"708\" data-wp-pid=\"8860\" srcset=\"https:\/\/moverdb.com\/wp-content\/uploads\/Strong-Moving-International-moving-company.png 1440w, https:\/\/moverdb.com\/wp-content\/uploads\/Strong-Moving-International-moving-company-300x148.png 300w, https:\/\/moverdb.com\/wp-content\/uploads\/Strong-Moving-International-moving-company-1024x503.png 1024w, https:\/\/moverdb.com\/wp-content\/uploads\/Strong-Moving-International-moving-company-18x9.png 18w, https:\/\/moverdb.com\/wp-content\/uploads\/Strong-Moving-International-moving-company-600x295.png 600w\" sizes=\"auto, (max-width: 1440px) 100vw, 1440px\" \/><\/p>\n<ul>\n<li>St\u011bhov\u00e1n\u00ed na n\u00e1rodn\u00ed \u00farovni<\/li>\n<li>Mezin\u00e1rodn\u00ed p\u0159esuny<\/li>\n<li>St\u011bhov\u00e1n\u00ed dom\u00e1cnost\u00ed<\/li>\n<li>Mezin\u00e1rodn\u00ed p\u0159esuny<\/li>\n<li>St\u011bhovac\u00ed slu\u017eby<\/li>\n<li>Slu\u017eba od dve\u0159\u00ed ke dve\u0159\u00edm<\/li>\n<li>Leteck\u00e1, n\u00e1mo\u0159n\u00ed a pozemn\u00ed doprava<\/li>\n<li>Manipulace s um\u011bleck\u00fdmi d\u00edly<\/li>\n<li>Dom\u00e1c\u00ed zv\u00ed\u0159ata a <a href=\"https:\/\/moverdb.com\/cs\/car-transport-shipping\/\" data-internallinksmanager029f6b8e52c=\"2\" title=\"2026 Mezin\u00e1rodn\u00ed p\u0159eprava automobil\u016f &amp; P\u0159eprava vozidel Citace\">p\u0159eprava automobil\u016f<\/a><\/li>\n<li>Skladovac\u00ed prostory<\/li>\n<\/ul>\n<p>Strong Moving International je st\u011bhovac\u00ed a p\u0159epravn\u00ed spole\u010dnost se s\u00eddlem v Sint\u0159e. Je \u010dlenem IAM se sedmiletou prax\u00ed, co\u017e j\u00ed umo\u017e\u0148uje p\u0159\u00edstup k mezin\u00e1rodn\u00ed s\u00edti st\u011bhovac\u00edch agent\u016f, kte\u0159\u00ed j\u00ed pom\u00e1haj\u00ed p\u0159i st\u011bhov\u00e1n\u00ed a p\u0159emis\u0165ov\u00e1n\u00ed mimo Portugalsko.<\/p>\n<p>Spole\u010dnost Strong Moving International nab\u00edz\u00ed individu\u00e1ln\u00ed slu\u017eby od dve\u0159\u00ed ke dve\u0159\u00edm, kter\u00e9 zahrnuj\u00ed specializovan\u00e9 obalov\u00e9 materi\u00e1ly v\u010detn\u011b kartonov\u00fdch krabic, d\u0159ev\u011bn\u00fdch beden a obal\u016f na ochranu va\u0161ich v\u011bc\u00ed. Nab\u00edz\u00ed i dal\u0161\u00ed slu\u017eby, jako je p\u0159eprava um\u011bleck\u00fdch d\u011bl, p\u0159eprava zv\u00ed\u0159at, p\u0159eprava automobil\u016f a st\u011bhov\u00e1n\u00ed klav\u00edr\u016f. Jejich slu\u017eby v oblasti st\u011bhov\u00e1n\u00ed zahrnuj\u00ed vyhled\u00e1v\u00e1n\u00ed bydli\u0161t\u011b a \u0161koly, v\u00edza a imigra\u010dn\u00ed povolen\u00ed.<\/p>\n<p>Webov\u00e9 str\u00e1nky: <a href=\"http:\/\/www.strongmovint.com\" target=\"_blank\" rel=\"noopener\">http:\/\/www.strongmovint.com<\/a><\/p>\n<h2><span class=\"ez-toc-section\" id=\"Other_Useful_Guides_to_Portugal\"><\/span>Dal\u0161\u00ed u\u017eite\u010dn\u00ed pr\u016fvodci po Portugalsku<span class=\"ez-toc-section-end\"><\/span><\/h2>\n<ul>\n<li> <a href=\"https:\/\/moverdb.com\/cs\/moving-to-portugal\/\">St\u011bhov\u00e1n\u00ed do Portugalska? 2026 N\u00e1klady na bydlen\u00ed a tipy na st\u011bhov\u00e1n\u00ed<\/a><\/li>\n<li> <a href=\"https:\/\/moverdb.com\/cs\/moving-to-portugal\/moving-to-portugal-from-the-uk\/\">St\u011bhov\u00e1n\u00ed do Portugalska ze Spojen\u00e9ho kr\u00e1lovstv\u00ed<\/a><\/li>\n<li> <a href=\"https:\/\/moverdb.com\/cs\/moving-to-portugal\/living-in-portugal\/\">21 tajemstv\u00ed o \u017eivot\u011b v Portugalsku, kter\u00e1 je t\u0159eba zn\u00e1t p\u0159ed st\u011bhov\u00e1n\u00edm<\/a><\/li>\n<li> <a href=\"https:\/\/moverdb.com\/cs\/moving-to-portugal\/best-places-to-live-portugal\/\">13 nejlep\u0161\u00edch m\u00edst k \u017eivotu v Portugalsku<\/a><\/li>\n<li> <a href=\"https:\/\/moverdb.com\/cs\/kontejnerova-preprava\/portugalsko\/\">2024 Sazby n\u00e1mo\u0159n\u00ed kontejnerov\u00e9 dopravy do a z Portugalska<\/a><\/li>\n<\/ul>","protected":false},"excerpt":{"rendered":"<p>Are you planning a move within, to or from Portugal? Then you might want to engage the services of a moving company which could help you pack, arrange transportation and the paperwork needed if moving countries. Below we have compiled a list of Portugal based removal companies that are members of the International Association of [&hellip;]<\/p>\n","protected":false},"author":4,"featured_media":0,"parent":190,"menu_order":0,"comment_status":"closed","ping_status":"closed","template":"","meta":{"_genesis_hide_title":false,"_genesis_hide_breadcrumbs":false,"_genesis_hide_singular_image":false,"_genesis_hide_footer_widgets":false,"_genesis_custom_body_class":"","_genesis_custom_post_class":"","_genesis_layout":"","footnotes":""},"class_list":{"0":"post-8920","1":"page","2":"type-page","3":"status-publish","5":"entry","6":"has-post-thumbnail"},"_links":{"self":[{"href":"https:\/\/moverdb.com\/cs\/wp-json\/wp\/v2\/pages\/8920","targetHints":{"allow":["GET"]}}],"collection":[{"href":"https:\/\/moverdb.com\/cs\/wp-json\/wp\/v2\/pages"}],"about":[{"href":"https:\/\/moverdb.com\/cs\/wp-json\/wp\/v2\/types\/page"}],"author":[{"embeddable":true,"href":"https:\/\/moverdb.com\/cs\/wp-json\/wp\/v2\/users\/4"}],"replies":[{"embeddable":true,"href":"https:\/\/moverdb.com\/cs\/wp-json\/wp\/v2\/comments?post=8920"}],"version-history":[{"count":3,"href":"https:\/\/moverdb.com\/cs\/wp-json\/wp\/v2\/pages\/8920\/revisions"}],"predecessor-version":[{"id":16332,"href":"https:\/\/moverdb.com\/cs\/wp-json\/wp\/v2\/pages\/8920\/revisions\/16332"}],"up":[{"embeddable":true,"href":"https:\/\/moverdb.com\/cs\/wp-json\/wp\/v2\/pages\/190"}],"wp:attachment":[{"href":"https:\/\/moverdb.com\/cs\/wp-json\/wp\/v2\/media?parent=8920"}],"curies":[{"name":"wp","href":"https:\/\/api.w.org\/{rel}","templated":true}]}}