{"id":8196,"date":"2023-03-06T21:51:28","date_gmt":"2023-03-06T21:51:28","guid":{"rendered":"https:\/\/moverdb.com\/?page_id=8196"},"modified":"2026-01-08T15:16:12","modified_gmt":"2026-01-08T15:16:12","slug":"living-in-spain","status":"publish","type":"page","link":"https:\/\/moverdb.com\/cs\/moving-to-spain\/living-in-spain\/","title":{"rendered":"21 tajemstv\u00ed o \u017eivot\u011b ve \u0160pan\u011blsku, kter\u00e1 je t\u0159eba zn\u00e1t p\u0159ed st\u011bhov\u00e1n\u00edm"},"content":{"rendered":"<p>Pokud pl\u00e1nujete <a href=\"https:\/\/moverdb.com\/cs\/moving-to-spain\/\" data-internallinksmanager029f6b8e52c=\"266\" title=\"St\u011bhov\u00e1n\u00ed do \u0160pan\u011blska? 2026 N\u00e1klady na bydlen\u00ed a tipy na st\u011bhov\u00e1n\u00ed\">st\u011bhov\u00e1n\u00ed do \u0160pan\u011blska<\/a>, je n\u011bkolik v\u011bc\u00ed, kter\u00e9 byste m\u011bli v\u011bd\u011bt o \u017eivot\u011b v t\u00e9to kr\u00e1sn\u00e9 zemi Evropsk\u00e9 unie. \u017divot v zahrani\u010d\u00ed je vzru\u0161uj\u00edc\u00ed dobrodru\u017estv\u00ed, ale jsou v\u011bci, kter\u00e9 byste m\u011bli v\u011bd\u011bt o \u0160pan\u011blech a jejich tradic\u00edch, a my v\u00e1m s t\u00edm pom\u016f\u017eeme.<\/p>\n<p><img loading=\"lazy\" decoding=\"async\" src=\"https:\/\/moverdb.com\/wp-content\/uploads\/Spain-header.jpg\" alt=\"\" width=\"1000\" height=\"450\" class=\"aligncenter size-full wp-image-8199\" data-wp-pid=\"8199\" srcset=\"https:\/\/moverdb.com\/wp-content\/uploads\/Spain-header.jpg 1000w, https:\/\/moverdb.com\/wp-content\/uploads\/Spain-header-300x135.jpg 300w, https:\/\/moverdb.com\/wp-content\/uploads\/Spain-header-18x8.jpg 18w, https:\/\/moverdb.com\/wp-content\/uploads\/Spain-header-600x270.jpg 600w\" sizes=\"auto, (max-width: 1000px) 100vw, 1000px\" \/><\/p>\n<div id=\"ez-toc-container\" class=\"ez-toc-v2_0_82_2 ez-toc-wrap-left counter-hierarchy ez-toc-counter ez-toc-transparent ez-toc-container-direction\">\n<div class=\"ez-toc-title-container\">\n<p class=\"ez-toc-title\" style=\"cursor:inherit\">Sekce<\/p>\n<span class=\"ez-toc-title-toggle\"><a href=\"#\" class=\"ez-toc-pull-right ez-toc-btn ez-toc-btn-xs ez-toc-btn-default ez-toc-toggle\" aria-label=\"P\u0159epnut\u00ed tabulky obsahu\"><span class=\"ez-toc-js-icon-con\"><span class=\"\"><span class=\"eztoc-hide\" style=\"display:none;\">P\u0159ep\u00edna\u010d<\/span><span class=\"ez-toc-icon-toggle-span\"><svg style=\"fill: #999;color:#999\" xmlns=\"http:\/\/www.w3.org\/2000\/svg\" class=\"list-377408\" width=\"20px\" height=\"20px\" viewbox=\"0 0 24 24\" fill=\"none\"><path d=\"M6 6H4v2h2V6zm14 0H8v2h12V6zM4 11h2v2H4v-2zm16 0H8v2h12v-2zM4 16h2v2H4v-2zm16 0H8v2h12v-2z\" fill=\"currentColor\"><\/path><\/svg><svg style=\"fill: #999;color:#999\" class=\"arrow-unsorted-368013\" xmlns=\"http:\/\/www.w3.org\/2000\/svg\" width=\"10px\" height=\"10px\" viewbox=\"0 0 24 24\" version=\"1.2\" baseprofile=\"tiny\"><path d=\"M18.2 9.3l-6.2-6.3-6.2 6.3c-.2.2-.3.4-.3.7s.1.5.3.7c.2.2.4.3.7.3h11c.3 0 .5-.1.7-.3.2-.2.3-.5.3-.7s-.1-.5-.3-.7zM5.8 14.7l6.2 6.3 6.2-6.3c.2-.2.3-.5.3-.7s-.1-.5-.3-.7c-.2-.2-.4-.3-.7-.3h-11c-.3 0-.5.1-.7.3-.2.2-.3.5-.3.7s.1.5.3.7z\"\/><\/svg><\/span><\/span><\/span><\/a><\/span><\/div>\n<nav><ul class='ez-toc-list ez-toc-list-level-1 eztoc-toggle-hide-by-default' ><li class='ez-toc-page-1 ez-toc-heading-level-2'><a class=\"ez-toc-link ez-toc-heading-1\" href=\"https:\/\/moverdb.com\/cs\/moving-to-spain\/living-in-spain\/#1_Accommodation_in_Spain\" >1. Ubytov\u00e1n\u00ed ve \u0160pan\u011blsku<\/a><\/li><li class='ez-toc-page-1 ez-toc-heading-level-2'><a class=\"ez-toc-link ez-toc-heading-2\" href=\"https:\/\/moverdb.com\/cs\/moving-to-spain\/living-in-spain\/#2_The_local_culture\" >2. M\u00edstn\u00ed kultura<\/a><\/li><li class='ez-toc-page-1 ez-toc-heading-level-2'><a class=\"ez-toc-link ez-toc-heading-3\" href=\"https:\/\/moverdb.com\/cs\/moving-to-spain\/living-in-spain\/#3_They_have_a_good_healthcare_system\" >3. Maj\u00ed dobr\u00fd syst\u00e9m zdravotn\u00ed p\u00e9\u010de<\/a><\/li><li class='ez-toc-page-1 ez-toc-heading-level-2'><a class=\"ez-toc-link ez-toc-heading-4\" href=\"https:\/\/moverdb.com\/cs\/moving-to-spain\/living-in-spain\/#4_The_cost_of_living_in_Spain\" >4. \u017divotn\u00ed n\u00e1klady ve \u0160pan\u011blsku<\/a><\/li><li class='ez-toc-page-1 ez-toc-heading-level-2'><a class=\"ez-toc-link ez-toc-heading-5\" href=\"https:\/\/moverdb.com\/cs\/moving-to-spain\/living-in-spain\/#5_The_incorrect_time_zone\" >5. Nespr\u00e1vn\u00e9 \u010dasov\u00e9 p\u00e1smo<\/a><\/li><li class='ez-toc-page-1 ez-toc-heading-level-2'><a class=\"ez-toc-link ez-toc-heading-6\" href=\"https:\/\/moverdb.com\/cs\/moving-to-spain\/living-in-spain\/#6_Mealtimes_are_really_late\" >6. \u010cas na j\u00eddlo je opravdu pozd\u011b<\/a><\/li><li class='ez-toc-page-1 ez-toc-heading-level-2'><a class=\"ez-toc-link ez-toc-heading-7\" href=\"https:\/\/moverdb.com\/cs\/moving-to-spain\/living-in-spain\/#7_Youll_have_to_learn_the_language\" >7. Mus\u00edte se nau\u010dit jazyk<\/a><\/li><li class='ez-toc-page-1 ez-toc-heading-level-2'><a class=\"ez-toc-link ez-toc-heading-8\" href=\"https:\/\/moverdb.com\/cs\/moving-to-spain\/living-in-spain\/#8_The_majority_of_the_Spanish_population_is_Catholic\" >8. V\u011bt\u0161ina \u0161pan\u011blsk\u00e9ho obyvatelstva je katolick\u00e9ho vyzn\u00e1n\u00ed<\/a><\/li><li class='ez-toc-page-1 ez-toc-heading-level-2'><a class=\"ez-toc-link ez-toc-heading-9\" href=\"https:\/\/moverdb.com\/cs\/moving-to-spain\/living-in-spain\/#9_There_are_lots_of_national_holidays\" >9. Existuje spousta st\u00e1tn\u00edch sv\u00e1tk\u016f<\/a><\/li><li class='ez-toc-page-1 ez-toc-heading-level-2'><a class=\"ez-toc-link ez-toc-heading-10\" href=\"https:\/\/moverdb.com\/cs\/moving-to-spain\/living-in-spain\/#10_The_Moors_left_a_mark_on_Spain\" >10. Maurov\u00e9 zanechali ve \u0160pan\u011blsku stopu<\/a><\/li><li class='ez-toc-page-1 ez-toc-heading-level-2'><a class=\"ez-toc-link ez-toc-heading-11\" href=\"https:\/\/moverdb.com\/cs\/moving-to-spain\/living-in-spain\/#11_They_have_a_king\" >11. Maj\u00ed kr\u00e1le<\/a><\/li><li class='ez-toc-page-1 ez-toc-heading-level-2'><a class=\"ez-toc-link ez-toc-heading-12\" href=\"https:\/\/moverdb.com\/cs\/moving-to-spain\/living-in-spain\/#12_Spain_is_known_for_its_red_wine_production\" >12. \u0160pan\u011blsko je zn\u00e1m\u00e9 svou produkc\u00ed \u010derven\u00e9ho v\u00edna<\/a><\/li><li class='ez-toc-page-1 ez-toc-heading-level-2'><a class=\"ez-toc-link ez-toc-heading-13\" href=\"https:\/\/moverdb.com\/cs\/moving-to-spain\/living-in-spain\/#13_The_Spanish_are_obsessed_with_jamon\" >13. \u0160pan\u011bl\u00e9 jsou posedl\u00ed jam\u00f3nem<\/a><\/li><li class='ez-toc-page-1 ez-toc-heading-level-2'><a class=\"ez-toc-link ez-toc-heading-14\" href=\"https:\/\/moverdb.com\/cs\/moving-to-spain\/living-in-spain\/#14_They_still_persist_with_bullfighting\" >14. St\u00e1le pokra\u010duj\u00ed v b\u00fd\u010d\u00edch z\u00e1pasech<\/a><\/li><li class='ez-toc-page-1 ez-toc-heading-level-2'><a class=\"ez-toc-link ez-toc-heading-15\" href=\"https:\/\/moverdb.com\/cs\/moving-to-spain\/living-in-spain\/#15_Football_is_almost_a_religion\" >15. Fotbal je t\u00e9m\u011b\u0159 n\u00e1bo\u017eenstv\u00ed<\/a><\/li><li class='ez-toc-page-1 ez-toc-heading-level-2'><a class=\"ez-toc-link ez-toc-heading-16\" href=\"https:\/\/moverdb.com\/cs\/moving-to-spain\/living-in-spain\/#16_Spain_has_a_wide_range_of_weather_conditions\" >16. \u0160pan\u011blsko m\u00e1 \u0161irokou \u0161k\u00e1lu pov\u011btrnostn\u00edch podm\u00ednek<\/a><\/li><li class='ez-toc-page-1 ez-toc-heading-level-2'><a class=\"ez-toc-link ez-toc-heading-17\" href=\"https:\/\/moverdb.com\/cs\/moving-to-spain\/living-in-spain\/#17_The_Spanish_love_oranges\" >17. \u0160pan\u011bl\u00e9 miluj\u00ed pomeran\u010de<\/a><\/li><li class='ez-toc-page-1 ez-toc-heading-level-2'><a class=\"ez-toc-link ez-toc-heading-18\" href=\"https:\/\/moverdb.com\/cs\/moving-to-spain\/living-in-spain\/#18_The_land_is_loaded_with_natural_wonders\" >18. Zem\u011b je pln\u00e1 p\u0159\u00edrodn\u00edch div\u016f<\/a><\/li><li class='ez-toc-page-1 ez-toc-heading-level-2'><a class=\"ez-toc-link ez-toc-heading-19\" href=\"https:\/\/moverdb.com\/cs\/moving-to-spain\/living-in-spain\/#19_Schooling_in_Spain\" >19. \u0160kolstv\u00ed ve \u0160pan\u011blsku<\/a><\/li><li class='ez-toc-page-1 ez-toc-heading-level-2'><a class=\"ez-toc-link ez-toc-heading-20\" href=\"https:\/\/moverdb.com\/cs\/moving-to-spain\/living-in-spain\/#20_Catalonias_bid_for_independence_from_Spain\" >20. \u017d\u00e1dost Katal\u00e1nska o nez\u00e1vislost na \u0160pan\u011blsku<\/a><\/li><li class='ez-toc-page-1 ez-toc-heading-level-2'><a class=\"ez-toc-link ez-toc-heading-21\" href=\"https:\/\/moverdb.com\/cs\/moving-to-spain\/living-in-spain\/#21_575_of_Spaniards_are_Catholic\" >21. 57,5% \u0160pan\u011bl\u016f jsou katol\u00edci<\/a><\/li><li class='ez-toc-page-1 ez-toc-heading-level-2'><a class=\"ez-toc-link ez-toc-heading-22\" href=\"https:\/\/moverdb.com\/cs\/moving-to-spain\/living-in-spain\/#FAQs\" >Nej\u010dast\u011bj\u0161\u00ed dotazy<\/a><ul class='ez-toc-list-level-3' ><li class='ez-toc-heading-level-3'><a class=\"ez-toc-link ez-toc-heading-23\" href=\"https:\/\/moverdb.com\/cs\/moving-to-spain\/living-in-spain\/#Can_you_move_to_Spain_without_a_job\" >M\u016f\u017eete se p\u0159est\u011bhovat do \u0160pan\u011blska bez pr\u00e1ce?<\/a><\/li><li class='ez-toc-page-1 ez-toc-heading-level-3'><a class=\"ez-toc-link ez-toc-heading-24\" href=\"https:\/\/moverdb.com\/cs\/moving-to-spain\/living-in-spain\/#Are_there_English-speaking_hospitals_in_Spain\" >Jsou ve \u0160pan\u011blsku anglicky mluv\u00edc\u00ed nemocnice?<\/a><\/li><li class='ez-toc-page-1 ez-toc-heading-level-3'><a class=\"ez-toc-link ez-toc-heading-25\" href=\"https:\/\/moverdb.com\/cs\/moving-to-spain\/living-in-spain\/#What_is_considered_rude_in_Spain\" >Co se ve \u0160pan\u011blsku pova\u017euje za neslu\u0161n\u00e9?<\/a><\/li><li class='ez-toc-page-1 ez-toc-heading-level-3'><a class=\"ez-toc-link ez-toc-heading-26\" href=\"https:\/\/moverdb.com\/cs\/moving-to-spain\/living-in-spain\/#Is_there_a_lot_of_crime_in_Spain\" >Je ve \u0160pan\u011blsku hodn\u011b kriminality?<\/a><\/li><\/ul><\/li><li class='ez-toc-page-1 ez-toc-heading-level-2'><a class=\"ez-toc-link ez-toc-heading-27\" href=\"https:\/\/moverdb.com\/cs\/moving-to-spain\/living-in-spain\/#Final_Thoughts\" >Z\u00e1v\u011bre\u010dn\u00e9 my\u0161lenky<\/a><\/li><li class='ez-toc-page-1 ez-toc-heading-level-2'><a class=\"ez-toc-link ez-toc-heading-28\" href=\"https:\/\/moverdb.com\/cs\/moving-to-spain\/living-in-spain\/#Other_Useful_Guides_to_Spain\" >Dal\u0161\u00ed u\u017eite\u010dn\u00e9 pr\u016fvodce \u0160pan\u011blskem<\/a><\/li><\/ul><\/nav><\/div>\n<h2><span class=\"ez-toc-section\" id=\"1_Accommodation_in_Spain\"><\/span>1. Ubytov\u00e1n\u00ed ve \u0160pan\u011blsku<span class=\"ez-toc-section-end\"><\/span><\/h2>\n<p>Navzdory ned\u00e1vn\u00fdm zahrani\u010dn\u00edm investic\u00edm na trhu s nemovitostmi najdete v cel\u00e9m \u0160pan\u011blsku cenov\u011b dostupn\u00e9 ubytov\u00e1n\u00ed, zejm\u00e9na pokud pl\u00e1nujete pron\u00e1jem.<\/p>\n<p>Doba pron\u00e1jmu se pohybuje od \u0161esti m\u011bs\u00edc\u016f do jednoho roku, co\u017e je ide\u00e1ln\u00ed volba, dokud je\u0161t\u011b pozn\u00e1v\u00e1te oblast.<\/p>\n<p>Pokud jde o ubytov\u00e1n\u00ed, m\u016f\u017eete si vybrat z mnoha mo\u017enost\u00ed - apartm\u00e1ny ve v\u00edcepatrov\u00fdch budov\u00e1ch, samostatn\u011b stoj\u00edc\u00ed domy, statky, chaty nebo dvojdomky. Bydlen\u00ed ve \u0160pan\u011blsku nab\u00edz\u00ed spoustu mo\u017enost\u00ed!<\/p>\n<p>Z\u00e1jemc\u016fm o koupi nemovitosti v t\u00e9to ciz\u00ed zemi doporu\u010dujeme vyu\u017e\u00edt pomoci pr\u00e1vn\u00edka a stavebn\u00edho znalce, abyste za sv\u00e9 pen\u00edze z\u00edskali tu nejlep\u0161\u00ed hodnotu.<\/p>\n<h2><span class=\"ez-toc-section\" id=\"2_The_local_culture\"><\/span>2. M\u00edstn\u00ed kultura<span class=\"ez-toc-section-end\"><\/span><\/h2>\n<p>\u0160pan\u011blsko je modern\u00ed zem\u011b, ale na rozd\u00edl od jin\u00fdch evropsk\u00fdch zem\u00ed se v n\u00ed projevuj\u00ed extr\u00e9mn\u00ed kulturn\u00ed a mravn\u00ed rozd\u00edly. M\u00edstn\u00ed z\u00e1kony se p\u0159i cestov\u00e1n\u00ed li\u0161\u00ed, co\u017e m\u016f\u017ee b\u00fdt trochu frustruj\u00edc\u00ed.<\/p>\n<p>Dochvilnost nen\u00ed v\u017edy d\u016fle\u017eit\u00e1 a \u0160pan\u011bl\u00e9 dok\u00e1\u017eou b\u00fdt neomalen\u00ed, ani\u017e by cht\u011bli b\u00fdt hrub\u00ed. Ve venkovsk\u00fdch oblastech se \u017eeny mohou setkat s catcallingem nebo s pohledy skupinek mu\u017e\u016f.<\/p>\n<p>V\u011bt\u0161ina \u0160pan\u011bl\u016f rozum\u00ed anglicky mluv\u00edc\u00edm expat\u016fm, ale budou se v\u00e1m v\u00edce v\u011bnovat, pokud budete mluvit \u0161pan\u011blsky - nebo se o to alespo\u0148 pokus\u00edte!<\/p>\n<h2><span class=\"ez-toc-section\" id=\"3_They_have_a_good_healthcare_system\"><\/span>3. Maj\u00ed dobr\u00fd syst\u00e9m zdravotn\u00ed p\u00e9\u010de<span class=\"ez-toc-section-end\"><\/span><\/h2>\n<p>\u0160pan\u011blsk\u00e1 zdravotn\u00ed p\u00e9\u010de je podobn\u00e1 NHS pro <a href=\"https:\/\/moverdb.com\/cs\/moving-to-the-uk\/\" data-internallinksmanager029f6b8e52c=\"93\" title=\"St\u011bhujete se do Spojen\u00e9ho kr\u00e1lovstv\u00ed? 2022 \u017divotn\u00ed n\u00e1klady a tipy na st\u011bhov\u00e1n\u00ed\">UK<\/a> ob\u010dany. Jde o tzv. <a href=\"https:\/\/www.sanidad.gob.es\/organizacion\/sns\/home.htm\" target=\"_blank\" rel=\"noopener noreferrer\">Sistema Nacional de Salud<\/a> (SNS) a je financov\u00e1n vl\u00e1dou. Je k dispozici v\u0161em \u0161pan\u011blsk\u00fdm ob\u010dan\u016fm i ob\u010dan\u016fm EU. Pokud jste cizinec \u017eij\u00edc\u00ed ve \u0160pan\u011blsku, m\u00e1te rovn\u011b\u017e p\u0159\u00edstup k SNS; pokud se v\u0161ak chcete vyhnout ve\u0159ejn\u00fdm nemocnic\u00edm, m\u016f\u017eete si zakoupit soukrom\u00e9 zdravotn\u00ed poji\u0161t\u011bn\u00ed.<\/p>\n<h2><span class=\"ez-toc-section\" id=\"4_The_cost_of_living_in_Spain\"><\/span>4. \u017divotn\u00ed n\u00e1klady ve \u0160pan\u011blsku<span class=\"ez-toc-section-end\"><\/span><\/h2>\n<p>\u017divotn\u00ed n\u00e1klady jsou ve srovn\u00e1n\u00ed se zbytkem Evropy relativn\u011b n\u00edzk\u00e9, ve velk\u00fdch m\u011bstech v\u0161ak mohou b\u00fdt pom\u011brn\u011b vysok\u00e9. Pokud jde o z\u00e1kladn\u00ed v\u00fddaje - j\u00eddlo, ubytov\u00e1n\u00ed a dopravu - budete platit m\u00e9n\u011b ne\u017e v jin\u00fdch z\u00e1padoevropsk\u00fdch zem\u00edch; va\u0161e mzdy ve \u0160pan\u011blsku v\u0161ak mohou b\u00fdt tak\u00e9 ni\u017e\u0161\u00ed.<\/p>\n<h2><span class=\"ez-toc-section\" id=\"5_The_incorrect_time_zone\"><\/span>5. Nespr\u00e1vn\u00e9 \u010dasov\u00e9 p\u00e1smo<span class=\"ez-toc-section-end\"><\/span><\/h2>\n<p>A\u010dkoli \u0160pan\u011blsko je <em>\u00fadajn\u011b<\/em> b\u00fdt ve stejn\u00e9m \u010dasov\u00e9m p\u00e1smu jako Spojen\u00e9 kr\u00e1lovstv\u00ed, je \u010dasov\u00e9 p\u00e1smo ve skute\u010dnosti GMT+1. Je to proto, \u017ee b\u011bhem druh\u00e9 sv\u011btov\u00e9 v\u00e1lky Francisco Franco - tehdej\u0161\u00ed \u0161pan\u011blsk\u00fd dikt\u00e1tor - rozhodl, \u017ee zem\u011b by m\u011bla p\u0159izp\u016fsobit sv\u00e9 \u010dasov\u00e9 p\u00e1smo nacistick\u00e9mu. <a href=\"https:\/\/moverdb.com\/cs\/moving-to-germany\/\" data-internallinksmanager029f6b8e52c=\"321\" title=\"St\u011bhov\u00e1n\u00ed do N\u011bmecka? 2026 N\u00e1klady na bydlen\u00ed a tipy na st\u011bhov\u00e1n\u00ed\">N\u011bmecko<\/a>. A z n\u011bjak\u00e9ho d\u016fvodu ji nikdy nep\u0159epnuli zp\u011bt na to, co by m\u011bla b\u00fdt.<\/p>\n<h2><span class=\"ez-toc-section\" id=\"6_Mealtimes_are_really_late\"><\/span>6. \u010cas na j\u00eddlo je opravdu pozd\u011b<span class=\"ez-toc-section-end\"><\/span><\/h2>\n<p><img loading=\"lazy\" decoding=\"async\" src=\"https:\/\/moverdb.com\/wp-content\/uploads\/spain-meal-times.jpg\" alt=\"\" width=\"1000\" height=\"563\" class=\"aligncenter size-full wp-image-8201\" data-wp-pid=\"8201\" srcset=\"https:\/\/moverdb.com\/wp-content\/uploads\/spain-meal-times.jpg 1000w, https:\/\/moverdb.com\/wp-content\/uploads\/spain-meal-times-300x169.jpg 300w, https:\/\/moverdb.com\/wp-content\/uploads\/spain-meal-times-18x10.jpg 18w, https:\/\/moverdb.com\/wp-content\/uploads\/spain-meal-times-600x338.jpg 600w\" sizes=\"auto, (max-width: 1000px) 100vw, 1000px\" \/><\/p>\n<p>Jednou z bizarn\u00edch v\u011bc\u00ed ve \u0161pan\u011blsk\u00e9 kultu\u0159e je extr\u00e9mn\u011b pozdn\u00ed doba j\u00eddla. Mo\u017en\u00e1 si mysl\u00edte, \u017ee j\u00edst ve\u010de\u0159i ve 20 hodin je pozd\u011b, ale \u0160pan\u011bl\u00e9 v\u00e1s p\u0159ekvap\u00ed t\u00edm, \u017ee v\u00e1s pozvou na ve\u010de\u0159i v 21 hodin. Je to proto, \u017ee ob\u011bd se pod\u00e1v\u00e1 a\u017e v 15 hodin!.<\/p>\n<p>Ob\u011bd tak\u00e9 nen\u00ed vtip - je to ud\u00e1lost. Ob\u011bdy z mikrovlnn\u00e9 trouby si m\u016f\u017eete odpustit, ve \u0160pan\u011blsku v\u00e1s \u010dek\u00e1 posezen\u00ed s p\u0159\u00e1teli, v\u00edno a hlubok\u00e1 konverzace.<\/p>\n<h2><span class=\"ez-toc-section\" id=\"7_Youll_have_to_learn_the_language\"><\/span>7. Mus\u00edte se nau\u010dit jazyk<span class=\"ez-toc-section-end\"><\/span><\/h2>\n<p>P\u0159esto\u017ee se ve \u0160pan\u011blsku b\u011b\u017en\u011b mluv\u00ed anglicky, je dobr\u00e9 se nau\u010dit m\u00edstn\u00ed jazyk. Znalost \u0161pan\u011bl\u0161tiny v\u00e1m usnadn\u00ed orientaci na silnic\u00edch, objedn\u00e1v\u00e1n\u00ed j\u00eddla i dotazov\u00e1n\u00ed se na cestu.<\/p>\n<p>V centru m\u011bsta si s nejv\u011bt\u0161\u00ed pravd\u011bpodobnost\u00ed vysta\u010d\u00edte s angli\u010dtinou, ale jakmile se vyd\u00e1te do venkovsk\u00fdch oblast\u00ed mimo m\u011bsta, budete se dorozum\u00edvat gestikulac\u00ed!<\/p>\n<h2><span class=\"ez-toc-section\" id=\"8_The_majority_of_the_Spanish_population_is_Catholic\"><\/span>8. V\u011bt\u0161ina \u0161pan\u011blsk\u00e9ho obyvatelstva je katolick\u00e9ho vyzn\u00e1n\u00ed<span class=\"ez-toc-section-end\"><\/span><\/h2>\n<p>Katolicismus je ve \u0160pan\u011blsku roz\u0161\u00ed\u0159en od roku 1469, kdy se kr\u00e1l Ferdinand II. o\u017eenil s kr\u00e1lovnou Isabelou. Tento p\u00e1r byl zn\u00e1m jako katoli\u010dt\u00ed panovn\u00edci a p\u0159ipisuje se jim sjednocen\u00ed \u0160pan\u011blska. A\u010dkoli p\u0159ed t\u00edmto sjednocen\u00edm ve \u0160pan\u011blsku existoval katolicismus, 750 let zde vl\u00e1dli Maurov\u00e9, kte\u0159\u00ed m\u011bli isl\u00e1msk\u00e9 ko\u0159eny.<\/p>\n<h2><span class=\"ez-toc-section\" id=\"9_There_are_lots_of_national_holidays\"><\/span>9. Existuje spousta st\u00e1tn\u00edch sv\u00e1tk\u016f<span class=\"ez-toc-section-end\"><\/span><\/h2>\n<p>\u0160pan\u011bl\u00e9 v\u011b\u0159\u00ed v rovnov\u00e1hu mezi pracovn\u00edm a soukrom\u00fdm \u017eivotem, co\u017e se projevuje i v po\u010dtu st\u00e1tn\u00edch sv\u00e1tk\u016f ve \u0160pan\u011blsku. A\u010dkoli je mnoho sv\u00e1tk\u016f zam\u011b\u0159eno na katolickou v\u00edru, volno vyu\u017e\u00edvaj\u00ed i nekatol\u00edci.<\/p>\n<p>Mezi jedine\u010dn\u00e9 \u0161pan\u011blsk\u00e9 sv\u00e1tky pat\u0159\u00ed T\u0159i kr\u00e1le, Nanebevzet\u00ed Panny Marie, Sv\u00e1tek v\u0161ech svat\u00fdch, Sv\u00e1tek pr\u00e1ce, Den \u00fastavy, Den neposkvrn\u011bn\u00e9ho po\u010det\u00ed Panny Marie a Hisp\u00e1nsk\u00fd den.<\/p>\n<h2><span class=\"ez-toc-section\" id=\"10_The_Moors_left_a_mark_on_Spain\"><\/span>10. Maurov\u00e9 zanechali ve \u0160pan\u011blsku stopu<span class=\"ez-toc-section-end\"><\/span><\/h2>\n<p>Jak ji\u017e bylo zm\u00edn\u011bno, \u0160pan\u011blsko bylo pod isl\u00e1mskou nadvl\u00e1dou stovky let p\u0159ed s\u0148atkem katolick\u00fdch panovn\u00edk\u016f.<\/p>\n<p>V roce 711 n. l. vtrhli do \u0160pan\u011blska ze severn\u00ed Afriky Maurov\u00e9, n\u00e1rokovali si Pyrenejsk\u00fd poloostrov a pojmenovali ho Andalus (co\u017e vysv\u011btluje existenci Andalusie v ji\u017en\u00edm \u0160pan\u011blsku). V n\u00e1sleduj\u00edc\u00edch 750 letech Maurov\u00e9 ovlivnili \u0161pan\u011blskou kulturu v cel\u00e9 zemi.<\/p>\n<p>Tradi\u010dn\u00ed \u0161pan\u011blsk\u00e1 j\u00eddla, jako je paella, r\u00fd\u017ee, alkohol a sma\u017een\u00e1 j\u00eddla, se na j\u00eddeln\u00ed\u010dku objevuj\u00ed d\u00edky Maur\u016fm. Maurov\u00e9 tak\u00e9 zavedli zavla\u017eov\u00e1n\u00ed, kter\u00e9 umo\u017enilo p\u011bstov\u00e1n\u00ed mnoha st\u0159edomo\u0159sk\u00fdch plodin, jako jsou olivy.<\/p>\n<h2><span class=\"ez-toc-section\" id=\"11_They_have_a_king\"><\/span>11. Maj\u00ed kr\u00e1le<span class=\"ez-toc-section-end\"><\/span><\/h2>\n<p>Hlavou st\u00e1tu je ve \u0160pan\u011blsku kr\u00e1l, nicm\u00e9n\u011b velkou rozhodovac\u00ed pravomoc m\u00e1 p\u0159edseda vl\u00e1dy. Panovn\u00edk, kr\u00e1l Felipe VI, byl korunov\u00e1n v roce 2014.<\/p>\n<p>Zaj\u00edmav\u00e9 je, \u017ee \u0161pan\u011blsk\u00e1 kr\u00e1lovsk\u00e1 rodina m\u011bla v letech 1931-1975 men\u0161\u00ed p\u0159est\u00e1vku. Kr\u00e1l Alfonso XIII. byl v roce 1931 sesazen a teprve po smrti dikt\u00e1tora gener\u00e1la Franca v roce 1975 byla monarchie obnovena.<\/p>\n<h2><span class=\"ez-toc-section\" id=\"12_Spain_is_known_for_its_red_wine_production\"><\/span>12. \u0160pan\u011blsko je zn\u00e1m\u00e9 svou produkc\u00ed \u010derven\u00e9ho v\u00edna<span class=\"ez-toc-section-end\"><\/span><\/h2>\n<p><img loading=\"lazy\" decoding=\"async\" src=\"https:\/\/moverdb.com\/wp-content\/uploads\/Spanish-red-wine.jpg\" alt=\"\" width=\"1000\" height=\"667\" class=\"aligncenter size-full wp-image-8202\" data-wp-pid=\"8202\" srcset=\"https:\/\/moverdb.com\/wp-content\/uploads\/Spanish-red-wine.jpg 1000w, https:\/\/moverdb.com\/wp-content\/uploads\/Spanish-red-wine-300x200.jpg 300w, https:\/\/moverdb.com\/wp-content\/uploads\/Spanish-red-wine-18x12.jpg 18w, https:\/\/moverdb.com\/wp-content\/uploads\/Spanish-red-wine-600x400.jpg 600w\" sizes=\"auto, (max-width: 1000px) 100vw, 1000px\" \/><\/p>\n<p>\u0160pan\u011blsko m\u00e1 rozs\u00e1hl\u00e9 plochy vinic, kter\u00e9 produkuj\u00ed \u0161pi\u010dkov\u00e9 v\u00edno, zejm\u00e9na \u010derven\u00e9. Nejzn\u00e1m\u011bj\u0161\u00edm \u0161pan\u011blsk\u00fdm exportn\u00edm v\u00ednem je La Rioja, kter\u00e1 se nach\u00e1z\u00ed v severn\u00edm \u0160pan\u011blsku, a d\u00e1le Ribera del Duera, Cava, Sherry a Jumilla. \u0160pan\u011blsko je ve skute\u010dnosti t\u0159et\u00edm nejv\u011bt\u0161\u00edm v\u00fdvozcem v\u00edna, hned po \u0160pan\u011blsku. <a href=\"https:\/\/moverdb.com\/cs\/moving-to-italy\/\" data-internallinksmanager029f6b8e52c=\"346\" title=\"St\u011bhov\u00e1n\u00ed do It\u00e1lie? 2026 N\u00e1klady na bydlen\u00ed a tipy na st\u011bhov\u00e1n\u00ed\">It\u00e1lie<\/a> a <a href=\"https:\/\/moverdb.com\/cs\/moving-to-france\/\" data-internallinksmanager029f6b8e52c=\"315\" title=\"St\u011bhov\u00e1n\u00ed do Francie? 2026 N\u00e1klady na bydlen\u00ed a tipy na st\u011bhov\u00e1n\u00ed\">Francie<\/a>.<\/p>\n<h2><span class=\"ez-toc-section\" id=\"13_The_Spanish_are_obsessed_with_jamon\"><\/span>13. \u0160pan\u011bl\u00e9 jsou posedl\u00ed jam\u00f3nem<span class=\"ez-toc-section-end\"><\/span><\/h2>\n<p><em>Jam\u00f3n<\/em> je podobn\u00e1 \u0161unce gammon - je to uzen\u00e1 \u0161unka, kter\u00e1 je obl\u00edben\u00e1 v cel\u00e9m \u0160pan\u011blsku. \u0160pan\u011bl\u00e9 se po dlouh\u00e1 l\u00e9ta neobt\u011b\u017eovali s tepelnou \u00fapravou vep\u0159ov\u00e9ho masa; jednodu\u0161e ho zasypali sol\u00ed a pov\u011bsili na sucho. Najdete zde <em>jam\u00f3n <\/em>bez ohledu na to, kde se ve \u0160pan\u011blsku usad\u00edte, a \u0161unka iberico z ibersk\u00e9ho prasete je obzvl\u00e1\u0161t\u011b obl\u00edben\u00e1 u \u0160pan\u011bl\u016f i cizinc\u016f.<\/p>\n<h2><span class=\"ez-toc-section\" id=\"14_They_still_persist_with_bullfighting\"><\/span>14. St\u00e1le pokra\u010duj\u00ed v b\u00fd\u010d\u00edch z\u00e1pasech<span class=\"ez-toc-section-end\"><\/span><\/h2>\n<p>Je smutn\u00e9, \u017ee b\u00fd\u010d\u00ed z\u00e1pasy se ve \u0160pan\u011blsku st\u00e1le provozuj\u00ed, p\u0159esto\u017ee si ob\u010dan\u00e9 st\u00e1le v\u00edce uv\u011bdomuj\u00ed krutost tohoto \"sportu\". B\u00fd\u010d\u00ed z\u00e1pasy za\u010d\u00ednaj\u00ed t\u00edm, \u017ee se b\u00fdk rozzu\u0159\u00ed a je t\u00fdr\u00e1n nebo mu\u010den. B\u00fdk je pot\u00e9 vypu\u0161t\u011bn do ar\u00e9ny, kde se ho b\u00fd\u010d\u00ed z\u00e1pasn\u00edk (matador) pokus\u00ed ukon\u010dit t\u00edm, \u017ee mu vraz\u00ed me\u010d do zad.<\/p>\n<p>Zd\u00e1 se, \u017ee n\u00e1v\u0161t\u011bvnost b\u00fd\u010d\u00edch z\u00e1pas\u016f kles\u00e1, ale bohu\u017eel st\u00e1le nebyly zak\u00e1z\u00e1ny.<\/p>\n<h2><span class=\"ez-toc-section\" id=\"15_Football_is_almost_a_religion\"><\/span>15. Fotbal je t\u00e9m\u011b\u0159 n\u00e1bo\u017eenstv\u00ed<span class=\"ez-toc-section-end\"><\/span><\/h2>\n<p><img loading=\"lazy\" decoding=\"async\" src=\"https:\/\/moverdb.com\/wp-content\/uploads\/Spain-football.jpg\" alt=\"\" width=\"1000\" height=\"667\" class=\"aligncenter size-full wp-image-8203\" data-wp-pid=\"8203\" srcset=\"https:\/\/moverdb.com\/wp-content\/uploads\/Spain-football.jpg 1000w, https:\/\/moverdb.com\/wp-content\/uploads\/Spain-football-300x200.jpg 300w, https:\/\/moverdb.com\/wp-content\/uploads\/Spain-football-18x12.jpg 18w, https:\/\/moverdb.com\/wp-content\/uploads\/Spain-football-600x400.jpg 600w\" sizes=\"auto, (max-width: 1000px) 100vw, 1000px\" \/><\/p>\n<p>\u0160pan\u011bl\u00e9 jsou skv\u011bl\u00ed <em>futbol<\/em> (fotbalov\u00fdch) fanou\u0161k\u016f a n\u00e1rodn\u00ed fotbalov\u00fd t\u00fdm byl v roce 2010 vyhl\u00e1\u0161en mistrem sv\u011bta.<\/p>\n<p>T\u00fdmy Real <a href=\"https:\/\/moverdb.com\/cs\/moving-to-spain\/moving-to-madrid\/\" data-internallinksmanager029f6b8e52c=\"413\" title=\"St\u011bhov\u00e1n\u00ed do Madridu? 2026 N\u00e1klady na bydlen\u00ed a tipy na st\u011bhov\u00e1n\u00ed\">Madrid<\/a> a <a href=\"https:\/\/moverdb.com\/cs\/moving-to-barcelona\/\" data-internallinksmanager029f6b8e52c=\"250\" title=\"St\u011bhov\u00e1n\u00ed do Barcelony? 2026 N\u00e1klady na bydlen\u00ed a tipy na st\u011bhov\u00e1n\u00ed\">Barcelona<\/a> FC m\u00e1 fanou\u0161ky po cel\u00e9m sv\u011bt\u011b a v pr\u016fb\u011bhu let vyhr\u00e1l mnoho evropsk\u00fdch poh\u00e1r\u016f.<\/p>\n<h2><span class=\"ez-toc-section\" id=\"16_Spain_has_a_wide_range_of_weather_conditions\"><\/span>16. \u0160pan\u011blsko m\u00e1 \u0161irokou \u0161k\u00e1lu pov\u011btrnostn\u00edch podm\u00ednek<span class=\"ez-toc-section-end\"><\/span><\/h2>\n<p>A\u010dkoli je \u0160pan\u011blsko pom\u011brn\u011b mal\u00e1 zem\u011b, ka\u017ed\u00fd obyvatel \u0160pan\u011blska v\u00e1m potvrd\u00ed, \u017ee po\u010das\u00ed v t\u00e9to zemi se velmi li\u0161\u00ed. M\u016f\u017eete o\u010dek\u00e1vat kr\u00e1sn\u00e1 tropick\u00e1 l\u00e9ta a m\u00edrn\u00e9 zimy, ale to bude zcela z\u00e1viset na tom, kde se ve \u0160pan\u011blsku rozhodnete usadit.<\/p>\n<p>V horsk\u00fdch oblastech Pyrenej\u00ed m\u016f\u017eete o\u010dek\u00e1vat chladn\u011bj\u0161\u00ed po\u010das\u00ed, zat\u00edmco na andalusk\u00e9 rovin\u011b panuje pou\u0161tn\u00ed horko. P\u0159ed st\u011bhov\u00e1n\u00edm do \u0160pan\u011blska si mus\u00edte ud\u011blat pr\u016fzkum, abyste se ujistili, \u017ee se usad\u00edte v oblasti s p\u0159\u00edzniv\u00fdm po\u010das\u00edm.<\/p>\n<h2><span class=\"ez-toc-section\" id=\"17_The_Spanish_love_oranges\"><\/span>17. \u0160pan\u011bl\u00e9 miluj\u00ed pomeran\u010de<span class=\"ez-toc-section-end\"><\/span><\/h2>\n<p>\u0160pan\u011blsko je zn\u00e1m\u00e9 v\u00fdvozem pomeran\u010d\u016f a tak\u00e9 jeho obyvatel\u00e9 si pochvaluj\u00ed jejich rozmanitost. Na v\u011bt\u0161in\u011b trh\u016f a v obchodech s potravinami najdete k prodeji pomeran\u010de od klementinek a\u017e po ho\u0159k\u00e9 krvav\u00e9 pomeran\u010de. Pomeran\u010dov\u00e9 h\u00e1je jsou tak\u00e9 skv\u011bl\u00fdm c\u00edlem dovolen\u00e9, zejm\u00e9na kdy\u017e kvetou.<\/p>\n<h2><span class=\"ez-toc-section\" id=\"18_The_land_is_loaded_with_natural_wonders\"><\/span>18. Zem\u011b je pln\u00e1 p\u0159\u00edrodn\u00edch div\u016f<span class=\"ez-toc-section-end\"><\/span><\/h2>\n<p>\u0160pan\u011blsko nab\u00edz\u00ed v\u00edc ne\u017e jen b\u00edl\u00e9 p\u00edse\u010dn\u00e9 pl\u00e1\u017ee a ru\u0161n\u00e1 m\u011bsta. Jakmile se vyd\u00e1te mimo obydlen\u00e9 oblasti, najdete n\u00e1dhernou p\u0159\u00edrodn\u00ed krajinu. N\u00e1rodn\u00ed parky, jako nap\u0159. <a href=\"https:\/\/www.turismoasturias.es\/en\/descubre\/naturaleza\/reservas-de-la-biosfera\/parque-natural-de-somiedo\" target=\"_blank\" rel=\"noopener noreferrer\">Somiedo<\/a> P\u0159\u00edrodn\u00ed park nebo <a href=\"https:\/\/www.degata.com\/en\/index.html\" target=\"_blank\" rel=\"noopener noreferrer\">Cabo de Gata-Nijar<\/a> P\u0159\u00edrodn\u00ed park nab\u00edz\u00ed kr\u00e1sn\u00e9 scen\u00e9rie s horsk\u00fdmi vrcholy nebo v\u00fdhledy na mo\u0159e pozorovan\u00e9 z vysok\u00fdch \u00fates\u016f.<\/p>\n<h2><span class=\"ez-toc-section\" id=\"19_Schooling_in_Spain\"><\/span>19. \u0160kolstv\u00ed ve \u0160pan\u011blsku<span class=\"ez-toc-section-end\"><\/span><\/h2>\n<p>V\u0161echny d\u011bti ve v\u011bku od 6 do 16 let mus\u00ed chodit do \u0161koly. Na v\u00fdb\u011br jsou r\u016fzn\u00e9 \u0161koly, v\u010detn\u011b st\u00e1tn\u00edch, polosoukrom\u00fdch, soukrom\u00fdch a mezin\u00e1rodn\u00edch.<\/p>\n<p>\u0160koln\u00ed rok za\u010d\u00edn\u00e1 v polovin\u011b srpna a kon\u010d\u00ed na konci \u010dervna. Letn\u00ed a zimn\u00ed pr\u00e1zdniny jsou od \u010dervna do \u010dervence a od prosince do ledna.<\/p>\n<p><strong>Ve\u0159ejn\u00e9 \u0161koly<\/strong><\/p>\n<p>D\u011bti ve v\u011bku od 3 do 18 let mohou nav\u0161t\u011bvovat st\u00e1tn\u00ed \u0161kolu zdarma. V\u00fduka prob\u00edh\u00e1 ve \u0161pan\u011bl\u0161tin\u011b a v\u0161echny u\u010debnice a mimo\u0161koln\u00ed aktivity se plat\u00ed.<\/p>\n<p><strong>Polosoukrom\u00e9 \u0161koly<\/strong><\/p>\n<p>Polosoukrom\u00e9 \u0161koly jsou dotov\u00e1ny st\u00e1tem a maj\u00ed ni\u017e\u0161\u00ed \u0161koln\u00e9 ne\u017e soukrom\u00e9 \u0161koly. V\u011bt\u0161ina v\u00fduky prob\u00edh\u00e1 ve \u0161pan\u011bl\u0161tin\u011b a \u0159\u00edd\u00ed se n\u00e1rodn\u00edmi u\u010debn\u00edmi osnovami. T\u0159\u00eddy b\u00fdvaj\u00ed men\u0161\u00ed ne\u017e ve st\u00e1tn\u00edch \u0161kol\u00e1ch.<\/p>\n<p><strong>Soukrom\u00e9 \u0161koly<\/strong><\/p>\n<p>Soukrom\u00e9 \u0161koly jsou v\u011bt\u0161inou zalo\u017eeny na n\u00e1bo\u017eenstv\u00ed, existuj\u00ed v\u0161ak i sekul\u00e1rn\u00ed \u0161koly. Tyto \u0161koly jsou dra\u017e\u0161\u00ed a nejpresti\u017en\u011bj\u0161\u00ed soukrom\u00e9 \u0161koly mohou st\u00e1t hodn\u011b pen\u011bz.<\/p>\n<p><strong>Mezin\u00e1rodn\u00ed \u0161koly<\/strong><\/p>\n<p>Ve v\u011bt\u0161in\u011b \u0161pan\u011blsk\u00fdch m\u011bst jsou mezin\u00e1rodn\u00ed \u0161koly, kter\u00e9 se \u0159\u00edd\u00ed britsk\u00fdmi nebo americk\u00fdmi u\u010debn\u00edmi osnovami. V\u00fduka prob\u00edh\u00e1 v angli\u010dtin\u011b, ale je t\u0159eba si uv\u011bdomit, \u017ee tyto \u0161koly jsou neuv\u011b\u0159iteln\u011b drah\u00e9 a je t\u011b\u017ek\u00e9 se do nich dostat kv\u016fli omezen\u00e9mu po\u010dtu m\u00edst.<\/p>\n<h2><span class=\"ez-toc-section\" id=\"20_Catalonias_bid_for_independence_from_Spain\"><\/span>20. \u017d\u00e1dost Katal\u00e1nska o nez\u00e1vislost na \u0160pan\u011blsku<span class=\"ez-toc-section-end\"><\/span><\/h2>\n<p>Katal\u00e1nsko, provincie, v n\u00ed\u017e se nach\u00e1z\u00ed Barcelona, si skute\u010dn\u011b p\u0159eje nez\u00e1vislost na zbytku \u0160pan\u011blska. Obyvatel\u00e9 Katal\u00e1nska se pova\u017euj\u00ed za Katal\u00e1nce, nikoliv za \u0160pan\u011bly, a v\u011bt\u0161inou mluv\u00ed katal\u00e1nsky. Na rozd\u00edl od \u0161pan\u011blsk\u00e9 vlajky je v cel\u00e9m Katal\u00e1nsku vyv\u011b\u0161ena katal\u00e1nsk\u00e1 vlajka.<\/p>\n<p>V roce 2017 se konalo referendum, v n\u011bm\u017e se 90% Katal\u00e1nc\u016f vyslovilo pro nez\u00e1vislost na \u0160pan\u011blsku; referendum v\u0161ak bylo ozna\u010deno za nez\u00e1konn\u00e9.<\/p>\n<h2><span class=\"ez-toc-section\" id=\"21_575_of_Spaniards_are_Catholic\"><\/span>21. <strong>57,5% \u0160pan\u011bl\u016f jsou katol\u00edci<\/strong><span class=\"ez-toc-section-end\"><\/span><\/h2>\n<p>\u0160pan\u011blsk\u00e1 \u00fastava umo\u017e\u0148uje svobodu vyzn\u00e1n\u00ed, nicm\u00e9n\u011b 57,51 % \u0160pan\u011bl\u016f je katol\u00edk\u016f. Z t\u011bchto katol\u00edk\u016f je 20% praktikuj\u00edc\u00edch katol\u00edk\u016f, co\u017e znamen\u00e1, \u017ee nav\u0161t\u011bvuj\u00ed kostel a aktivn\u011b praktikuj\u00ed svou v\u00edru. 38,1% \u0160pan\u011bl\u016f je bez vyzn\u00e1n\u00ed a 2,8% jsou nekatol\u00edci a vyzn\u00e1vaj\u00ed jin\u00e1 n\u00e1bo\u017eenstv\u00ed.<\/p>\n<p>&nbsp;<\/p>\n<h2><span class=\"ez-toc-section\" id=\"FAQs\"><\/span>Nej\u010dast\u011bj\u0161\u00ed dotazy<span class=\"ez-toc-section-end\"><\/span><\/h2>\n<h3><span class=\"ez-toc-section\" id=\"Can_you_move_to_Spain_without_a_job\"><\/span>M\u016f\u017eete se p\u0159est\u011bhovat do \u0160pan\u011blska bez pr\u00e1ce?<span class=\"ez-toc-section-end\"><\/span><\/h3>\n<p>To z\u00e1vis\u00ed na tom, zda jste ob\u010danem EU, nebo ne. Ob\u010dan\u00e9 EU se mohou do \u0160pan\u011blska p\u0159est\u011bhovat bez \u0161pan\u011blsk\u00e9ho v\u00edza; ob\u010dan\u00e9 zem\u00ed mimo EU v\u0161ak mus\u00ed m\u00edt bu\u010f pracovn\u00ed v\u00edzum, studentsk\u00e9 v\u00edzum, nelukrativn\u00ed v\u00edzum, nebo investi\u010dn\u00ed v\u00edzum.<\/p>\n<p>Dal\u0161\u00ed informace o st\u011bhov\u00e1n\u00ed do \u0160pan\u011blska a pot\u0159ebn\u00fdch v\u00edzech naleznete na str\u00e1nce <a href=\"https:\/\/www.immigrate-spain.com\/residency-in-spain\" target=\"_blank\" rel=\"noopener noreferrer\">zde<\/a>.<\/p>\n<h3><span class=\"ez-toc-section\" id=\"Are_there_English-speaking_hospitals_in_Spain\"><\/span>Jsou ve \u0160pan\u011blsku anglicky mluv\u00edc\u00ed nemocnice?<span class=\"ez-toc-section-end\"><\/span><\/h3>\n<p>Ano, ve \u0160pan\u011blsku existuj\u00ed mezin\u00e1rodn\u00ed nemocnice, kde se mluv\u00ed anglicky, nicm\u00e9n\u011b v\u011bt\u0161ina l\u00e9ka\u0159\u016f v nemocnic\u00edch ve m\u011bstech se domluv\u00ed anglicky. Zde je <a href=\"https:\/\/www.internationalinsurance.com\/hospitals\/spain\/\" target=\"_blank\" rel=\"noopener noreferrer\">seznam<\/a> mezin\u00e1rodn\u00edch nemocnic ve \u0160pan\u011blsku.<\/p>\n<h3><span class=\"ez-toc-section\" id=\"What_is_considered_rude_in_Spain\"><\/span>Co se ve \u0160pan\u011blsku pova\u017euje za neslu\u0161n\u00e9?<span class=\"ez-toc-section-end\"><\/span><\/h3>\n<p>P\u0159i n\u00e1v\u0161t\u011bv\u011b nebo st\u011bhov\u00e1n\u00ed do \u0160pan\u011blska je t\u0159eba m\u00edt na pam\u011bti n\u011bkolik z\u00e1kladn\u00edch pravidel:<\/p>\n<ul>\n<li><em>\u017d\u00e1dn\u00e9 sorby<\/em> - nehltejte n\u00e1poje ani pol\u00e9vku.<\/li>\n<li><em>\u017d\u00e1dn\u00e9 erukty<\/em> - nekrkejte, bylo by to pova\u017eov\u00e1no za neuv\u011b\u0159iteln\u011b neslu\u0161n\u00e9!<\/li>\n<li>Nepokou\u0161\u00ed se alespo\u0148 trochu mluvit \u0161pan\u011blsky.<\/li>\n<li>Ned\u00e1v\u00e1n\u00ed spropitn\u00e9ho poskytovatel\u016fm slu\u017eeb, jako jsou \u010d\u00ed\u0161n\u00edci nebo taxik\u00e1\u0159i.<\/li>\n<li>Mluv\u00ed nahlas.<\/li>\n<\/ul>\n<h3><span class=\"ez-toc-section\" id=\"Is_there_a_lot_of_crime_in_Spain\"><\/span>Je ve \u0160pan\u011blsku hodn\u011b kriminality?<span class=\"ez-toc-section-end\"><\/span><\/h3>\n<p>Podle statistik pat\u0159\u00ed \u0160pan\u011blsko k zem\u00edm s nejni\u017e\u0161\u00ed kriminalitou v Evrop\u011b. A\u010dkoli zde nen\u00ed mnoho n\u00e1siln\u00fdch trestn\u00fdch \u010din\u016f, \u0160pan\u011blsko je vstupn\u00ed branou pro velk\u00e9 mno\u017estv\u00ed drog do Evropy a m\u00e1 nejvy\u0161\u0161\u00ed po\u010det u\u017eivatel\u016f drog v Evrop\u011b.<\/p>\n<h2><span class=\"ez-toc-section\" id=\"Final_Thoughts\"><\/span>Z\u00e1v\u011bre\u010dn\u00e9 my\u0161lenky<span class=\"ez-toc-section-end\"><\/span><\/h2>\n<p>Douf\u00e1me, \u017ee v\u00e1s v\u00fd\u0161e uveden\u00e9 tipy p\u0159im\u011bly t\u011b\u0161it se na \u017eivot ve \u0160pan\u011blsku a usnadn\u00ed v\u00e1m p\u0159echod ke \u0161pan\u011blsk\u00e9 kultu\u0159e!<\/p>\n<p>\u0160pan\u011blsko je n\u00e1dhern\u00e1 zem\u011b na jihu Evropy, kter\u00e1 m\u00e1 co nab\u00eddnout, nap\u0159\u00edklad bezplatnou zdravotn\u00ed p\u00e9\u010di, bezplatn\u00e9 ve\u0159ejn\u00e9 \u0161kolstv\u00ed, vynikaj\u00edc\u00ed krajinu a vynikaj\u00edc\u00ed j\u00eddlo. Jakmile se p\u0159est\u011bhujete do \u0160pan\u011blska, m\u016f\u017eete o\u010dek\u00e1vat tepl\u00e9 po\u010das\u00ed, kr\u00e1sn\u00e9 pl\u00e1\u017ee a cenov\u011b dostupn\u00fd trh s bydlen\u00edm.<\/p>\n<p>Ujist\u011bte se, \u017ee jste se za\u010dali u\u010dit \u0161pan\u011blsky co nejd\u0159\u00edve, abyste si usnadnili p\u0159echod k \u017eivotu ve \u0160pan\u011blsku!<\/p>\n<h2><span class=\"ez-toc-section\" id=\"Other_Useful_Guides_to_Spain\"><\/span>Dal\u0161\u00ed u\u017eite\u010dn\u00e9 pr\u016fvodce \u0160pan\u011blskem<span class=\"ez-toc-section-end\"><\/span><\/h2>\n<ul>\n<li> <a href=\"https:\/\/moverdb.com\/cs\/stehovani-spolecnosti\/moving-companies-spain\/\">28 Nejlep\u0161\u00ed mezin\u00e1rodn\u00ed st\u011bhovac\u00ed spole\u010dnosti ve \u0160pan\u011blsku<\/a><\/li>\n<li> <a href=\"https:\/\/moverdb.com\/cs\/kontejnerova-preprava\/spanelsko\/\">2024 Sazby n\u00e1mo\u0159n\u00ed kontejnerov\u00e9 dopravy do a ze \u0160pan\u011blska<\/a><\/li>\n<li> <a href=\"https:\/\/moverdb.com\/cs\/best-international-money-transfer-services\/money-transfer-companies-spain\/\">10 nejlep\u0161\u00edch spole\u010dnost\u00ed pro p\u0159evod pen\u011bz ve \u0160pan\u011blsku<\/a><\/li>\n<li> <a href=\"https:\/\/moverdb.com\/cs\/moving-to-spain\/\">St\u011bhov\u00e1n\u00ed do \u0160pan\u011blska? 2024 N\u00e1klady na bydlen\u00ed a tipy na st\u011bhov\u00e1n\u00ed<\/a><\/li>\n<li> <a href=\"https:\/\/moverdb.com\/cs\/moving-to-spain\/best-places-to-live-spain\/\">13 nejlep\u0161\u00edch m\u00edst k \u017eivotu ve \u0160pan\u011blsku<\/a><\/li>\n<li> <a href=\"https:\/\/moverdb.com\/cs\/moving-to-spain\/moving-to-spain-from-the-us\/\">St\u011bhov\u00e1n\u00ed ze Spojen\u00fdch st\u00e1t\u016f do \u0160pan\u011blska<\/a><\/li>\n<li> <a href=\"https:\/\/moverdb.com\/cs\/moving-to-spain\/moving-to-madrid\/\">St\u011bhov\u00e1n\u00ed do Madridu? 2026 N\u00e1klady na bydlen\u00ed a tipy na st\u011bhov\u00e1n\u00ed<\/a><\/li>\n<li> <a href=\"https:\/\/moverdb.com\/cs\/moving-to-spain\/moving-to-palma\/\">St\u011bhov\u00e1n\u00ed do Palmy? 2024 N\u00e1klady na bydlen\u00ed a tipy na st\u011bhov\u00e1n\u00ed<\/a><\/li>\n<li> <a href=\"https:\/\/moverdb.com\/cs\/moving-to-spain\/moving-to-minorca\/\">St\u011bhov\u00e1n\u00ed na Minorku? 2024 N\u00e1klady na bydlen\u00ed a tipy na p\u0159est\u011bhov\u00e1n\u00ed<\/a><\/li>\n<li> <a href=\"https:\/\/moverdb.com\/cs\/moving-to-spain\/moving-to-ibiza\/\">St\u011bhujete se na Ibizu? 2024 N\u00e1klady na bydlen\u00ed a tipy na st\u011bhov\u00e1n\u00ed<\/a><\/li>\n<li> <a href=\"https:\/\/moverdb.com\/cs\/moving-to-spain\/moving-to-mallorca\/\">St\u011bhov\u00e1n\u00ed na Mallorku? 2024 N\u00e1klady na bydlen\u00ed a tipy na p\u0159est\u011bhov\u00e1n\u00ed<\/a><\/li>\n<li> <a href=\"https:\/\/moverdb.com\/cs\/moving-to-spain\/moving-to-valencia\/\">St\u011bhov\u00e1n\u00ed do Valencie? 2024 N\u00e1klady na bydlen\u00ed a tipy na st\u011bhov\u00e1n\u00ed<\/a><\/li>\n<li> <a href=\"https:\/\/moverdb.com\/cs\/moving-to-spain\/moving-to-las-palmas\/\">St\u011bhov\u00e1n\u00ed do Las Palmas? 2024 N\u00e1klady na bydlen\u00ed a tipy na st\u011bhov\u00e1n\u00ed<\/a><\/li>\n<li> <a href=\"https:\/\/moverdb.com\/cs\/moving-to-spain\/moving-to-malaga\/\">St\u011bhujete se do M\u00e1lagy? 2024 N\u00e1klady na bydlen\u00ed a tipy na st\u011bhov\u00e1n\u00ed<\/a><\/li>\n<li> <a href=\"https:\/\/moverdb.com\/cs\/moving-to-spain\/moving-to-sevilla\/\">St\u011bhov\u00e1n\u00ed do Sevilly? 2024 N\u00e1klady na bydlen\u00ed a tipy na st\u011bhov\u00e1n\u00ed<\/a><\/li>\n<li> <a href=\"https:\/\/moverdb.com\/cs\/moving-to-spain\/moving-to-zaragoza\/\">St\u011bhov\u00e1n\u00ed do Zaragozy? 2024 N\u00e1klady na bydlen\u00ed a tipy na st\u011bhov\u00e1n\u00ed<\/a><\/li>\n<\/ul>","protected":false},"excerpt":{"rendered":"<p>If you are planning on moving to Spain, there are some things you need to know about life in this beautiful country in the European Union. Living abroad is an exciting adventure, but there are some things you should know about the Spanish people and their traditions, and we are here to help. 1. Accommodation [&hellip;]<\/p>\n","protected":false},"author":1,"featured_media":8199,"parent":5758,"menu_order":0,"comment_status":"closed","ping_status":"closed","template":"","meta":{"_genesis_hide_title":false,"_genesis_hide_breadcrumbs":false,"_genesis_hide_singular_image":false,"_genesis_hide_footer_widgets":false,"_genesis_custom_body_class":"","_genesis_custom_post_class":"","_genesis_layout":"","footnotes":""},"class_list":{"0":"post-8196","1":"page","2":"type-page","3":"status-publish","4":"has-post-thumbnail","6":"entry"},"_links":{"self":[{"href":"https:\/\/moverdb.com\/cs\/wp-json\/wp\/v2\/pages\/8196","targetHints":{"allow":["GET"]}}],"collection":[{"href":"https:\/\/moverdb.com\/cs\/wp-json\/wp\/v2\/pages"}],"about":[{"href":"https:\/\/moverdb.com\/cs\/wp-json\/wp\/v2\/types\/page"}],"author":[{"embeddable":true,"href":"https:\/\/moverdb.com\/cs\/wp-json\/wp\/v2\/users\/1"}],"replies":[{"embeddable":true,"href":"https:\/\/moverdb.com\/cs\/wp-json\/wp\/v2\/comments?post=8196"}],"version-history":[{"count":16,"href":"https:\/\/moverdb.com\/cs\/wp-json\/wp\/v2\/pages\/8196\/revisions"}],"predecessor-version":[{"id":18144,"href":"https:\/\/moverdb.com\/cs\/wp-json\/wp\/v2\/pages\/8196\/revisions\/18144"}],"up":[{"embeddable":true,"href":"https:\/\/moverdb.com\/cs\/wp-json\/wp\/v2\/pages\/5758"}],"wp:featuredmedia":[{"embeddable":true,"href":"https:\/\/moverdb.com\/cs\/wp-json\/wp\/v2\/media\/8199"}],"wp:attachment":[{"href":"https:\/\/moverdb.com\/cs\/wp-json\/wp\/v2\/media?parent=8196"}],"curies":[{"name":"wp","href":"https:\/\/api.w.org\/{rel}","templated":true}]}}