{"id":6038,"date":"2023-02-01T13:41:44","date_gmt":"2023-02-01T13:41:44","guid":{"rendered":"https:\/\/moverdb.com\/?page_id=6038"},"modified":"2026-01-08T15:24:39","modified_gmt":"2026-01-08T15:24:39","slug":"stehovani-spolecnosti-ecuador","status":"publish","type":"page","link":"https:\/\/moverdb.com\/cs\/moving-companies\/moving-companies-ecuador\/","title":{"rendered":"4 Nejlep\u0161\u00ed mezin\u00e1rodn\u00ed st\u011bhovac\u00ed spole\u010dnosti v Ekv\u00e1doru"},"content":{"rendered":"<p>St\u011bhov\u00e1n\u00ed dom\u016f m\u016f\u017ee b\u00fdt stresuj\u00edc\u00ed, stejn\u011b jako st\u011bhov\u00e1n\u00ed firmy, a proto je t\u0159eba vyhledat podporu asistenta. <a href=\"https:\/\/moverdb.com\/cs\/moving-companies\/\" data-internallinksmanager029f6b8e52c=\"79\" title=\"Top 25 Mezin\u00e1rodn\u00ed st\u011bhovac\u00ed spole\u010dnosti Online\">st\u011bhovac\u00ed spole\u010dnost<\/a> by mohla pomoci uleh\u010dit a sn\u00ed\u017eit z\u00e1t\u011b\u017e spojenou se st\u011bhov\u00e1n\u00edm. N\u00ed\u017ee jsme sestavili seznam Ekv\u00e1doru <a href=\"https:\/\/moverdb.com\/cs\/international-removals\/\" data-internallinksmanager029f6b8e52c=\"27\" title=\"36 nejlep\u0161\u00edch mezin\u00e1rodn\u00edch st\u011bhovac\u00edch spole\u010dnost\u00ed ve Velk\u00e9 Brit\u00e1nii\">st\u011bhovac\u00ed firmy<\/a> kter\u00e9 jsou \u010dleny <a href=\"https:\/\/moverdb.com\/cs\/iam\/\" data-internallinksmanager029f6b8e52c=\"23\" title=\"Vysv\u011btlen\u00ed Mezin\u00e1rodn\u00ed asociace st\u011bhov\u00e1k\u016f (IAM)\">Mezin\u00e1rodn\u00ed asociace st\u011bhov\u00e1k\u016f<\/a> (IAM) a\/nebo <a href=\"https:\/\/moverdb.com\/cs\/fidi-faim\/\" data-internallinksmanager029f6b8e52c=\"16\" title=\"Vysv\u011btlen\u00ed FIDI a FAIM (FIDI Accredited International Mover)\">FIDI<\/a> Akreditovan\u00fd mezin\u00e1rodn\u00ed st\u011bhov\u00e1k (FAIM), kter\u00fd by v\u00e1m mohl poskytnout podporu.<\/p>\n<div id=\"ez-toc-container\" class=\"ez-toc-v2_0_82_2 ez-toc-wrap-left counter-hierarchy ez-toc-counter ez-toc-transparent ez-toc-container-direction\">\n<div class=\"ez-toc-title-container\">\n<p class=\"ez-toc-title\" style=\"cursor:inherit\">Sekce<\/p>\n<span class=\"ez-toc-title-toggle\"><a href=\"#\" class=\"ez-toc-pull-right ez-toc-btn ez-toc-btn-xs ez-toc-btn-default ez-toc-toggle\" aria-label=\"P\u0159epnut\u00ed tabulky obsahu\"><span class=\"ez-toc-js-icon-con\"><span class=\"\"><span class=\"eztoc-hide\" style=\"display:none;\">P\u0159ep\u00edna\u010d<\/span><span class=\"ez-toc-icon-toggle-span\"><svg style=\"fill: #999;color:#999\" xmlns=\"http:\/\/www.w3.org\/2000\/svg\" class=\"list-377408\" width=\"20px\" height=\"20px\" viewbox=\"0 0 24 24\" fill=\"none\"><path d=\"M6 6H4v2h2V6zm14 0H8v2h12V6zM4 11h2v2H4v-2zm16 0H8v2h12v-2zM4 16h2v2H4v-2zm16 0H8v2h12v-2z\" fill=\"currentColor\"><\/path><\/svg><svg style=\"fill: #999;color:#999\" class=\"arrow-unsorted-368013\" xmlns=\"http:\/\/www.w3.org\/2000\/svg\" width=\"10px\" height=\"10px\" viewbox=\"0 0 24 24\" version=\"1.2\" baseprofile=\"tiny\"><path d=\"M18.2 9.3l-6.2-6.3-6.2 6.3c-.2.2-.3.4-.3.7s.1.5.3.7c.2.2.4.3.7.3h11c.3 0 .5-.1.7-.3.2-.2.3-.5.3-.7s-.1-.5-.3-.7zM5.8 14.7l6.2 6.3 6.2-6.3c.2-.2.3-.5.3-.7s-.1-.5-.3-.7c-.2-.2-.4-.3-.7-.3h-11c-.3 0-.5.1-.7.3-.2.2-.3.5-.3.7s.1.5.3.7z\"\/><\/svg><\/span><\/span><\/span><\/a><\/span><\/div>\n<nav><ul class='ez-toc-list ez-toc-list-level-1 eztoc-toggle-hide-by-default' ><li class='ez-toc-page-1 ez-toc-heading-level-2'><a class=\"ez-toc-link ez-toc-heading-1\" href=\"https:\/\/moverdb.com\/cs\/moving-companies\/moving-companies-ecuador\/#1_Sandhill_Ecuador\" >1. P\u00edse\u010dn\u00fd kopec Ekv\u00e1dor<\/a><\/li><li class='ez-toc-page-1 ez-toc-heading-level-2'><a class=\"ez-toc-link ez-toc-heading-2\" href=\"https:\/\/moverdb.com\/cs\/moving-companies\/moving-companies-ecuador\/#2_INSA_Moving\" >2. INSA Moving<\/a><\/li><li class='ez-toc-page-1 ez-toc-heading-level-2'><a class=\"ez-toc-link ez-toc-heading-3\" href=\"https:\/\/moverdb.com\/cs\/moving-companies\/moving-companies-ecuador\/#3_Premium_Logistics\" >3. Pr\u00e9miov\u00e1 logistika<\/a><\/li><li class='ez-toc-page-1 ez-toc-heading-level-2'><a class=\"ez-toc-link ez-toc-heading-4\" href=\"https:\/\/moverdb.com\/cs\/moving-companies\/moving-companies-ecuador\/#4_Global_Transport\" >4. Glob\u00e1ln\u00ed doprava<\/a><\/li><\/ul><\/nav><\/div>\n<h2><span class=\"ez-toc-section\" id=\"1_Sandhill_Ecuador\"><\/span><strong>1. P\u00edse\u010dn\u00fd kopec Ekv\u00e1dor<\/strong><span class=\"ez-toc-section-end\"><\/span><\/h2>\n<p><img loading=\"lazy\" decoding=\"async\" class=\"alignnone size-full wp-image-5998\" src=\"https:\/\/moverdb.com\/wp-content\/uploads\/Sandhill-Ecuador-international-moving-company.png\" alt=\"Sandhill Ekv\u00e1dor mezin\u00e1rodn\u00ed pohybuj\u00edc\u00ed se spole\u010dnost\" width=\"1440\" height=\"680\" data-wp-pid=\"5998\" srcset=\"https:\/\/moverdb.com\/wp-content\/uploads\/Sandhill-Ecuador-international-moving-company.png 1440w, https:\/\/moverdb.com\/wp-content\/uploads\/Sandhill-Ecuador-international-moving-company-300x142.png 300w, https:\/\/moverdb.com\/wp-content\/uploads\/Sandhill-Ecuador-international-moving-company-1024x484.png 1024w, https:\/\/moverdb.com\/wp-content\/uploads\/Sandhill-Ecuador-international-moving-company-18x9.png 18w, https:\/\/moverdb.com\/wp-content\/uploads\/Sandhill-Ecuador-international-moving-company-600x283.png 600w\" sizes=\"auto, (max-width: 1440px) 100vw, 1440px\" \/><\/p>\n<ul>\n<li>St\u011bhov\u00e1n\u00ed na n\u00e1rodn\u00ed \u00farovni<\/li>\n<li>Mezin\u00e1rodn\u00ed p\u0159esuny<\/li>\n<li>St\u011bhov\u00e1n\u00ed do obytn\u00fdch prostor<\/li>\n<li>St\u011bhov\u00e1n\u00ed firem<\/li>\n<li>Individu\u00e1ln\u00ed slu\u017eby<\/li>\n<li>Balen\u00ed mezin\u00e1rodn\u00ed t\u0159\u00eddy<\/li>\n<li>Ujedn\u00e1n\u00ed o p\u0159eprav\u011b<\/li>\n<li>Celn\u00ed odbaven\u00ed<\/li>\n<li>Poji\u0161t\u011bn\u00ed<\/li>\n<li>Skladovac\u00ed prostory<\/li>\n<\/ul>\n<p>Sandhill Ecuador je logistick\u00e1 a st\u011bhovac\u00ed spole\u010dnost se s\u00eddlem v Quitu, kter\u00e1 m\u00e1 v\u00edce ne\u017e 60 let zku\u0161enost\u00ed se st\u011bhov\u00e1n\u00edm. Disponuje celosv\u011btovou s\u00edt\u00ed st\u011bhovac\u00edch partner\u016f, kte\u0159\u00ed v\u00e1m pomohou p\u0159est\u011bhovat se kamkoli na sv\u011bt\u011b. Jsou \u010dlenem IAM s dvouletou p\u016fsobnost\u00ed.<\/p>\n<p>Sandhill Ekv\u00e1dor poskytuje individu\u00e1ln\u00ed st\u011bhovac\u00ed slu\u017eby na jednom m\u00edst\u011b. Poskytuje virtu\u00e1ln\u00ed nebo osobn\u00ed prohl\u00eddku, p\u0159i kter\u00e9 posoud\u00ed va\u0161e po\u017eadavky na st\u011bhov\u00e1n\u00ed a vypracuje cenovou nab\u00eddku. Bude v\u00e1m p\u0159id\u011blen vedouc\u00ed st\u011bhov\u00e1n\u00ed, kter\u00fd v\u00e1m bude pom\u00e1hat po celou dobu va\u0161\u00ed cesty a bude \u0159\u00eddit balen\u00ed, zaji\u0161\u0165ovat p\u0159epravu, celn\u00ed odbaven\u00ed, nab\u00edzet poji\u0161t\u011bn\u00ed a poskytovat podporu ohledn\u011b va\u0161\u00ed c\u00edlov\u00e9 destinace v\u010detn\u011b pr\u016fvodc\u016f a vyhled\u00e1v\u00e1n\u00ed \u0161kol.<\/p>\n<p>Webov\u00e9 str\u00e1nky: <a href=\"http:\/\/www.sandhillrelo.com\" target=\"_blank\" rel=\"noopener\">http:\/\/www.sandhillrelo.com<\/a><\/p>\n<h2><span class=\"ez-toc-section\" id=\"2_INSA_Moving\"><\/span><strong>2. INSA Moving<\/strong><span class=\"ez-toc-section-end\"><\/span><\/h2>\n<p><img loading=\"lazy\" decoding=\"async\" class=\"alignnone size-full wp-image-5957\" src=\"https:\/\/moverdb.com\/wp-content\/uploads\/INSA-Moving-international-moving-company.png\" alt=\"INSA Moving mezin\u00e1rodn\u00ed st\u011bhov\u00e1n\u00ed spole\u010dnost\" width=\"1440\" height=\"664\" data-wp-pid=\"5957\" srcset=\"https:\/\/moverdb.com\/wp-content\/uploads\/INSA-Moving-international-moving-company.png 1440w, https:\/\/moverdb.com\/wp-content\/uploads\/INSA-Moving-international-moving-company-300x138.png 300w, https:\/\/moverdb.com\/wp-content\/uploads\/INSA-Moving-international-moving-company-1024x472.png 1024w, https:\/\/moverdb.com\/wp-content\/uploads\/INSA-Moving-international-moving-company-18x8.png 18w, https:\/\/moverdb.com\/wp-content\/uploads\/INSA-Moving-international-moving-company-600x277.png 600w\" sizes=\"auto, (max-width: 1440px) 100vw, 1440px\" \/><\/p>\n<ul>\n<li>M\u00edstn\u00ed a vnitrost\u00e1tn\u00ed p\u0159esuny<\/li>\n<li>Mezin\u00e1rodn\u00ed p\u0159esuny<\/li>\n<li>St\u011bhovac\u00ed slu\u017eby<\/li>\n<li>St\u011bhov\u00e1n\u00ed dom\u00e1cnost\u00ed<\/li>\n<li>St\u011bhov\u00e1n\u00ed firem<\/li>\n<li>Slu\u017eba od dve\u0159\u00ed ke dve\u0159\u00edm<\/li>\n<li>Balic\u00ed slu\u017eby<\/li>\n<li>Imigra\u010dn\u00ed slu\u017eby<\/li>\n<li>P\u0159eprava dom\u00e1c\u00edch zv\u00ed\u0159at<\/li>\n<li>\u0158e\u0161en\u00ed pro ukl\u00e1d\u00e1n\u00ed dat<\/li>\n<\/ul>\n<p>INSA Moving je zaveden\u00e1 st\u011bhovac\u00ed, logistick\u00e1 a n\u00e1kladn\u00ed spole\u010dnost se s\u00eddlem v Quitu, kter\u00e1 nab\u00edz\u00ed st\u011bhovac\u00ed a reloka\u010dn\u00ed slu\u017eby. Nab\u00edz\u00ed m\u00edstn\u00ed, vnitrost\u00e1tn\u00ed a mezin\u00e1rodn\u00ed st\u011bhov\u00e1n\u00ed pro dom\u00e1cnosti i firmy. Je \u010dlenem IAM s 65letou tradic\u00ed a je akreditov\u00e1na u FIDI.<\/p>\n<p>Spole\u010dnost INSA Moving nab\u00edz\u00ed st\u011bhov\u00e1n\u00ed a st\u011bhovac\u00ed slu\u017eby od dve\u0159\u00ed ke dve\u0159\u00edm, kter\u00e9 zahrnuj\u00ed bezpe\u010dn\u00e9 zabalen\u00ed va\u0161ich v\u011bc\u00ed, jejich p\u0159epravu na m\u00edsto ur\u010den\u00ed a vybalen\u00ed. Jejich st\u011bhovac\u00ed slu\u017eby zahrnuj\u00ed tak\u00e9 podporu p\u0159i hled\u00e1n\u00ed nemovitosti a \u0161kol, informa\u010dn\u00ed pr\u016fvodce o c\u00edlov\u00e9 destinaci, pomoc s \u00fadr\u017ebou domu, p\u0159epravu dom\u00e1c\u00edch zv\u00ed\u0159at, imigra\u010dn\u00ed slu\u017eby a poji\u0161t\u011bn\u00ed.<\/p>\n<p>Webov\u00e9 str\u00e1nky: <a href=\"http:\/\/www.insa.com.ec\" target=\"_blank\" rel=\"noopener\">http:\/\/www.insa.com.ec<\/a><\/p>\n<h2><span class=\"ez-toc-section\" id=\"3_Premium_Logistics\"><\/span><strong>3. Pr\u00e9miov\u00e1 logistika<\/strong><span class=\"ez-toc-section-end\"><\/span><\/h2>\n<p><img loading=\"lazy\" decoding=\"async\" class=\"alignnone size-full wp-image-5994\" src=\"https:\/\/moverdb.com\/wp-content\/uploads\/Premium-Logistics-international-moving-company.png\" alt=\"Premium Logistics mezin\u00e1rodn\u00ed st\u011bhov\u00e1n\u00ed spole\u010dnost\" width=\"1440\" height=\"679\" data-wp-pid=\"5994\" srcset=\"https:\/\/moverdb.com\/wp-content\/uploads\/Premium-Logistics-international-moving-company.png 1440w, https:\/\/moverdb.com\/wp-content\/uploads\/Premium-Logistics-international-moving-company-300x141.png 300w, https:\/\/moverdb.com\/wp-content\/uploads\/Premium-Logistics-international-moving-company-1024x483.png 1024w, https:\/\/moverdb.com\/wp-content\/uploads\/Premium-Logistics-international-moving-company-18x8.png 18w, https:\/\/moverdb.com\/wp-content\/uploads\/Premium-Logistics-international-moving-company-600x283.png 600w\" sizes=\"auto, (max-width: 1440px) 100vw, 1440px\" \/><\/p>\n<ul>\n<li>M\u00edstn\u00ed a vnitrost\u00e1tn\u00ed p\u0159esuny<\/li>\n<li>Mezin\u00e1rodn\u00ed p\u0159esuny<\/li>\n<li>St\u011bhov\u00e1n\u00ed do obytn\u00fdch prostor<\/li>\n<li>St\u011bhov\u00e1n\u00ed firem<\/li>\n<li>Slu\u017eba od dve\u0159\u00ed ke dve\u0159\u00edm<\/li>\n<li>Balic\u00ed slu\u017eba<\/li>\n<li>Odborn\u011b vy\u0161kolen\u00fd person\u00e1l<\/li>\n<li>Celn\u00ed poradenstv\u00ed<\/li>\n<li>Poji\u0161t\u011bn\u00ed v\u0161ech rizik<\/li>\n<li>Zabezpe\u010den\u00e9 skladovac\u00ed prostory<\/li>\n<\/ul>\n<p>Premium Logistics je specializovan\u00e1 st\u011bhovac\u00ed a skladovac\u00ed spole\u010dnost, kter\u00e1 byla zalo\u017eena v roce 1998 v Quitu s m\u00edstn\u00ed, n\u00e1rodn\u00ed a mezin\u00e1rodn\u00ed p\u016fsobnost\u00ed. Zaji\u0161\u0165uje st\u011bhov\u00e1n\u00ed dom\u00e1cnost\u00ed a firem do Ekv\u00e1doru a zp\u011bt. Je \u010dlenem IAM s 23letou tradic\u00ed.<\/p>\n<p>Premium Logistics nab\u00edz\u00ed st\u011bhovac\u00ed slu\u017eby od dve\u0159\u00ed ke dve\u0159\u00edm, kter\u00e9 mohou zahrnovat pr\u016fzkum pro posouzen\u00ed va\u0161ich po\u017eadavk\u016f. Poskytuje vy\u0161kolen\u00fd person\u00e1l, kter\u00fd pe\u010dliv\u011b zabal\u00ed a zpracuje va\u0161e v\u011bci a n\u00e1bytek. Poskytuj\u00ed poradenstv\u00ed p\u0159i celn\u00edm \u0159\u00edzen\u00ed a nab\u00edzej\u00ed mo\u017enosti poji\u0161t\u011bn\u00ed. Poskytuj\u00ed tak\u00e9 bezpe\u010dn\u00e9 skladovac\u00ed prostory ve sv\u00e9m skladu v Quitu.<\/p>\n<p>Webov\u00e9 str\u00e1nky: <a href=\"http:\/\/www.premiumlogistics.com.ec\" target=\"_blank\" rel=\"noopener\">http:\/\/www.premiumlogistics.com.ec<\/a><\/p>\n<h2><span class=\"ez-toc-section\" id=\"4_Global_Transport\"><\/span><strong>4. Glob\u00e1ln\u00ed doprava<\/strong><span class=\"ez-toc-section-end\"><\/span><\/h2>\n<p><img loading=\"lazy\" decoding=\"async\" class=\"alignnone size-full wp-image-5951\" src=\"https:\/\/moverdb.com\/wp-content\/uploads\/Global-Transport-international-moving-company.png\" alt=\"Global Transport mezin\u00e1rodn\u00ed st\u011bhov\u00e1n\u00ed spole\u010dnost\" width=\"1440\" height=\"665\" data-wp-pid=\"5951\" srcset=\"https:\/\/moverdb.com\/wp-content\/uploads\/Global-Transport-international-moving-company.png 1440w, https:\/\/moverdb.com\/wp-content\/uploads\/Global-Transport-international-moving-company-300x139.png 300w, https:\/\/moverdb.com\/wp-content\/uploads\/Global-Transport-international-moving-company-1024x473.png 1024w, https:\/\/moverdb.com\/wp-content\/uploads\/Global-Transport-international-moving-company-18x8.png 18w, https:\/\/moverdb.com\/wp-content\/uploads\/Global-Transport-international-moving-company-600x277.png 600w\" sizes=\"auto, (max-width: 1440px) 100vw, 1440px\" \/><\/p>\n<ul>\n<li>St\u011bhov\u00e1n\u00ed na n\u00e1rodn\u00ed \u00farovni<\/li>\n<li>Mezin\u00e1rodn\u00ed p\u0159esuny<\/li>\n<li>St\u011bhov\u00e1n\u00ed dom\u00e1cnost\u00ed<\/li>\n<li>St\u011bhov\u00e1n\u00ed kancel\u00e1\u0159\u00ed<\/li>\n<li>Door-to-door nebo door-to-<a href=\"https:\/\/moverdb.com\/cs\/top-49-container-ports\/\" data-internallinksmanager029f6b8e52c=\"80\" title=\"49 nejv\u011bt\u0161\u00edch a nejru\u0161n\u011bj\u0161\u00edch kontejnerov\u00fdch p\u0159\u00edstav\u016f v roce 2025\">p\u0159\u00edstav<\/a> slu\u017eba<\/li>\n<li>Balic\u00ed slu\u017eby<\/li>\n<li>Zaji\u0161t\u011bn\u00ed dopravy<\/li>\n<li>Celn\u00ed \u0159\u00edzen\u00ed<\/li>\n<li>Vybalov\u00e1n\u00ed a odstra\u0148ov\u00e1n\u00ed odpadu<\/li>\n<li>Zabezpe\u010den\u00e9 skladovac\u00ed prostory<\/li>\n<\/ul>\n<p>Global Transport je mezin\u00e1rodn\u00ed st\u011bhovac\u00ed spole\u010dnost zalo\u017een\u00e1 v roce 1971 se s\u00eddlem v Quitu. Nab\u00edz\u00ed vnitrost\u00e1tn\u00ed a mezin\u00e1rodn\u00ed st\u011bhovac\u00ed slu\u017eby a tak\u00e9 specializovan\u00e9 st\u011bhovac\u00ed slu\u017eby pro um\u011bleck\u00e1 d\u00edla. Je \u010dlenem IAM s 51letou tradic\u00ed a disponuje s\u00edt\u00ed mezin\u00e1rodn\u00edch agent\u016f, kte\u0159\u00ed podporuj\u00ed st\u011bhov\u00e1n\u00ed kamkoli.<\/p>\n<p>Spole\u010dnost Global Transport v\u00e1s osobn\u011b nav\u0161t\u00edv\u00ed a posoud\u00ed pot\u0159eby va\u0161eho st\u011bhov\u00e1n\u00ed, aby mohla za\u0159\u00eddit balen\u00ed a p\u0159epravu va\u0161ich v\u011bc\u00ed na m\u00edsto ur\u010den\u00ed. Va\u0161e v\u011bci bezpe\u010dn\u011b zabal\u00ed do materi\u00e1l\u016f a krabic, kter\u00e9 je ochr\u00e1n\u00ed. Na m\u00edst\u011b ur\u010den\u00ed v\u011bci vybal\u00ed a odvezou odpad z balen\u00ed.<\/p>\n<p>Webov\u00e9 str\u00e1nky: <a href=\"http:\/\/www.globaltransportecuador.com\" target=\"_blank\" rel=\"noopener\">http:\/\/www.globaltransportecuador.com<\/a><\/p>","protected":false},"excerpt":{"rendered":"<p>Moving home can be a stressful time, as can moving your business, so seeking out the support of a moving company could help ease the burden and lighten the load of moving. Below we have compiled a list of Ecuador removal companies that are members of the International Association of Movers (IAM) and\/or FIDI Accredited [&hellip;]<\/p>\n","protected":false},"author":4,"featured_media":0,"parent":190,"menu_order":0,"comment_status":"closed","ping_status":"closed","template":"","meta":{"_genesis_hide_title":false,"_genesis_hide_breadcrumbs":false,"_genesis_hide_singular_image":false,"_genesis_hide_footer_widgets":false,"_genesis_custom_body_class":"","_genesis_custom_post_class":"","_genesis_layout":"","footnotes":""},"class_list":{"0":"post-6038","1":"page","2":"type-page","3":"status-publish","5":"entry","6":"has-post-thumbnail"},"_links":{"self":[{"href":"https:\/\/moverdb.com\/cs\/wp-json\/wp\/v2\/pages\/6038","targetHints":{"allow":["GET"]}}],"collection":[{"href":"https:\/\/moverdb.com\/cs\/wp-json\/wp\/v2\/pages"}],"about":[{"href":"https:\/\/moverdb.com\/cs\/wp-json\/wp\/v2\/types\/page"}],"author":[{"embeddable":true,"href":"https:\/\/moverdb.com\/cs\/wp-json\/wp\/v2\/users\/4"}],"replies":[{"embeddable":true,"href":"https:\/\/moverdb.com\/cs\/wp-json\/wp\/v2\/comments?post=6038"}],"version-history":[{"count":1,"href":"https:\/\/moverdb.com\/cs\/wp-json\/wp\/v2\/pages\/6038\/revisions"}],"predecessor-version":[{"id":6039,"href":"https:\/\/moverdb.com\/cs\/wp-json\/wp\/v2\/pages\/6038\/revisions\/6039"}],"up":[{"embeddable":true,"href":"https:\/\/moverdb.com\/cs\/wp-json\/wp\/v2\/pages\/190"}],"wp:attachment":[{"href":"https:\/\/moverdb.com\/cs\/wp-json\/wp\/v2\/media?parent=6038"}],"curies":[{"name":"wp","href":"https:\/\/api.w.org\/{rel}","templated":true}]}}