{"id":5527,"date":"2023-02-01T13:45:10","date_gmt":"2023-02-01T13:45:10","guid":{"rendered":"https:\/\/moverdb.com\/?page_id=5527"},"modified":"2026-01-08T15:29:15","modified_gmt":"2026-01-08T15:29:15","slug":"chile-stehovaci-spolecnosti","status":"publish","type":"page","link":"https:\/\/moverdb.com\/cs\/moving-companies\/chile-moving-companies\/","title":{"rendered":"6 Nejlep\u0161\u00ed mezin\u00e1rodn\u00ed st\u011bhovac\u00ed spole\u010dnosti v Chile"},"content":{"rendered":"<p>St\u011bhov\u00e1n\u00ed m\u016f\u017ee b\u00fdt n\u00e1ro\u010dn\u00e9 a stresuj\u00edc\u00ed, zejm\u00e9na pokud se st\u011bhujete na del\u0161\u00ed vzd\u00e1lenost nebo do jin\u00e9 zem\u011b. V tomto p\u0159\u00edpad\u011b je <a href=\"https:\/\/moverdb.com\/cs\/moving-companies\/\" data-internallinksmanager029f6b8e52c=\"79\" title=\"Top 25 Mezin\u00e1rodn\u00ed st\u011bhovac\u00ed spole\u010dnosti Online\">st\u011bhovac\u00ed spole\u010dnost<\/a> v\u00e1m m\u016f\u017ee pomoci sn\u00ed\u017eit stres t\u00edm, \u017ee v\u00e1s zbav\u00ed \u010d\u00e1sti pracovn\u00ed z\u00e1t\u011b\u017ee. N\u00ed\u017ee jsme pro v\u00e1s p\u0159ipravili seznam chilsk\u00fdch <a href=\"https:\/\/moverdb.com\/cs\/international-removals\/\" data-internallinksmanager029f6b8e52c=\"27\" title=\"36 nejlep\u0161\u00edch mezin\u00e1rodn\u00edch st\u011bhovac\u00edch spole\u010dnost\u00ed ve Velk\u00e9 Brit\u00e1nii\">st\u011bhovac\u00ed firmy<\/a> kter\u00e9 jsou \u010dleny <a href=\"https:\/\/moverdb.com\/cs\/iam\/\" data-internallinksmanager029f6b8e52c=\"23\" title=\"Vysv\u011btlen\u00ed Mezin\u00e1rodn\u00ed asociace st\u011bhov\u00e1k\u016f (IAM)\">Mezin\u00e1rodn\u00ed asociace st\u011bhov\u00e1k\u016f<\/a> (IAM) a\/nebo <a href=\"https:\/\/moverdb.com\/cs\/fidi-faim\/\" data-internallinksmanager029f6b8e52c=\"16\" title=\"Vysv\u011btlen\u00ed FIDI a FAIM (FIDI Accredited International Mover)\">FIDI<\/a> Akreditovan\u00e9 mezin\u00e1rodn\u00ed st\u011bhov\u00e1n\u00ed (FAIM), kter\u00e9 by v\u00e1m mohlo pomoci se st\u011bhov\u00e1n\u00edm.<\/p>\n<div id=\"ez-toc-container\" class=\"ez-toc-v2_0_82_2 ez-toc-wrap-left counter-hierarchy ez-toc-counter ez-toc-transparent ez-toc-container-direction\">\n<div class=\"ez-toc-title-container\">\n<p class=\"ez-toc-title\" style=\"cursor:inherit\">Sekce<\/p>\n<span class=\"ez-toc-title-toggle\"><a href=\"#\" class=\"ez-toc-pull-right ez-toc-btn ez-toc-btn-xs ez-toc-btn-default ez-toc-toggle\" aria-label=\"P\u0159epnut\u00ed tabulky obsahu\"><span class=\"ez-toc-js-icon-con\"><span class=\"\"><span class=\"eztoc-hide\" style=\"display:none;\">P\u0159ep\u00edna\u010d<\/span><span class=\"ez-toc-icon-toggle-span\"><svg style=\"fill: #999;color:#999\" xmlns=\"http:\/\/www.w3.org\/2000\/svg\" class=\"list-377408\" width=\"20px\" height=\"20px\" viewbox=\"0 0 24 24\" fill=\"none\"><path d=\"M6 6H4v2h2V6zm14 0H8v2h12V6zM4 11h2v2H4v-2zm16 0H8v2h12v-2zM4 16h2v2H4v-2zm16 0H8v2h12v-2z\" fill=\"currentColor\"><\/path><\/svg><svg style=\"fill: #999;color:#999\" class=\"arrow-unsorted-368013\" xmlns=\"http:\/\/www.w3.org\/2000\/svg\" width=\"10px\" height=\"10px\" viewbox=\"0 0 24 24\" version=\"1.2\" baseprofile=\"tiny\"><path d=\"M18.2 9.3l-6.2-6.3-6.2 6.3c-.2.2-.3.4-.3.7s.1.5.3.7c.2.2.4.3.7.3h11c.3 0 .5-.1.7-.3.2-.2.3-.5.3-.7s-.1-.5-.3-.7zM5.8 14.7l6.2 6.3 6.2-6.3c.2-.2.3-.5.3-.7s-.1-.5-.3-.7c-.2-.2-.4-.3-.7-.3h-11c-.3 0-.5.1-.7.3-.2.2-.3.5-.3.7s.1.5.3.7z\"\/><\/svg><\/span><\/span><\/span><\/a><\/span><\/div>\n<nav><ul class='ez-toc-list ez-toc-list-level-1 eztoc-toggle-hide-by-default' ><li class='ez-toc-page-1 ez-toc-heading-level-2'><a class=\"ez-toc-link ez-toc-heading-1\" href=\"https:\/\/moverdb.com\/cs\/moving-companies\/chile-moving-companies\/#1_Unipack\" >1. Unipack<\/a><\/li><li class='ez-toc-page-1 ez-toc-heading-level-2'><a class=\"ez-toc-link ez-toc-heading-2\" href=\"https:\/\/moverdb.com\/cs\/moving-companies\/chile-moving-companies\/#2_Atlas_International_Movers\" >2. Atlas International Movers<\/a><\/li><li class='ez-toc-page-1 ez-toc-heading-level-2'><a class=\"ez-toc-link ez-toc-heading-3\" href=\"https:\/\/moverdb.com\/cs\/moving-companies\/chile-moving-companies\/#3_Decapack\" >3. Rozbalen\u00ed<\/a><\/li><li class='ez-toc-page-1 ez-toc-heading-level-2'><a class=\"ez-toc-link ez-toc-heading-4\" href=\"https:\/\/moverdb.com\/cs\/moving-companies\/chile-moving-companies\/#4_Global_Alliance_International\" >4. Global Alliance International<\/a><\/li><li class='ez-toc-page-1 ez-toc-heading-level-2'><a class=\"ez-toc-link ez-toc-heading-5\" href=\"https:\/\/moverdb.com\/cs\/moving-companies\/chile-moving-companies\/#5_REMSSA\" >5. REMSSA<\/a><\/li><li class='ez-toc-page-1 ez-toc-heading-level-2'><a class=\"ez-toc-link ez-toc-heading-6\" href=\"https:\/\/moverdb.com\/cs\/moving-companies\/chile-moving-companies\/#6_Ward_Van_Lines\" >6. Ward Van Lines<\/a><\/li><li class='ez-toc-page-1 ez-toc-heading-level-2'><a class=\"ez-toc-link ez-toc-heading-7\" href=\"https:\/\/moverdb.com\/cs\/moving-companies\/chile-moving-companies\/#Other_Useful_Guides_to_Chile\" >Dal\u0161\u00ed u\u017eite\u010dn\u00ed pr\u016fvodci po Chile<\/a><\/li><\/ul><\/nav><\/div>\n<h2><span class=\"ez-toc-section\" id=\"1_Unipack\"><\/span><strong>1. Unipack<\/strong><span class=\"ez-toc-section-end\"><\/span><\/h2>\n<p><img loading=\"lazy\" decoding=\"async\" class=\"alignnone size-full wp-image-5496\" src=\"https:\/\/moverdb.com\/wp-content\/uploads\/Unipack-international-moving-company.png\" alt=\"Unipack mezin\u00e1rodn\u00ed st\u011bhov\u00e1n\u00ed spole\u010dnost\" width=\"1440\" height=\"683\" data-wp-pid=\"5496\" srcset=\"https:\/\/moverdb.com\/wp-content\/uploads\/Unipack-international-moving-company.png 1440w, https:\/\/moverdb.com\/wp-content\/uploads\/Unipack-international-moving-company-300x142.png 300w, https:\/\/moverdb.com\/wp-content\/uploads\/Unipack-international-moving-company-1024x486.png 1024w, https:\/\/moverdb.com\/wp-content\/uploads\/Unipack-international-moving-company-18x9.png 18w, https:\/\/moverdb.com\/wp-content\/uploads\/Unipack-international-moving-company-600x285.png 600w\" sizes=\"auto, (max-width: 1440px) 100vw, 1440px\" \/><\/p>\n<ul>\n<li>St\u011bhov\u00e1n\u00ed na n\u00e1rodn\u00ed \u00farovni<\/li>\n<li>Mezin\u00e1rodn\u00ed p\u0159esuny<\/li>\n<li>St\u011bhov\u00e1n\u00ed dom\u00e1cnost\u00ed<\/li>\n<li>Inspekce v dom\u00e1cnosti<\/li>\n<li>Balen\u00ed a vybalov\u00e1n\u00ed<\/li>\n<li>Demont\u00e1\u017e a mont\u00e1\u017e n\u00e1bytku<\/li>\n<li>Pozemn\u00ed, n\u00e1mo\u0159n\u00ed a leteck\u00e1 doprava<\/li>\n<li>Podpora dokumentace<\/li>\n<li>P\u0159eprava dom\u00e1c\u00edch zv\u00ed\u0159at<\/li>\n<li>Kr\u00e1tkodob\u00e9 a\u017e dlouhodob\u00e9 skladov\u00e1n\u00ed<\/li>\n<\/ul>\n<p>Unipack je vnitrost\u00e1tn\u00ed a mezin\u00e1rodn\u00ed st\u011bhovac\u00ed slu\u017eba, kter\u00e1 byla zalo\u017eena v roce 1993 v Santiagu. M\u00e1 s\u00ed\u0165 agent\u016f po cel\u00e9m sv\u011bt\u011b, kte\u0159\u00ed jim pom\u00e1haj\u00ed s mezin\u00e1rodn\u00edm st\u011bhov\u00e1n\u00edm na p\u011bti kontinentech. Jsou \u010dlenem IAM s 29letou tradic\u00ed a jsou akreditov\u00e1ni FIDI.<\/p>\n<p>Spole\u010dnost Unipack pou\u017e\u00edv\u00e1 nejmodern\u011bj\u0161\u00ed balic\u00ed a p\u0159epravn\u00ed techniky a materi\u00e1ly, aby sv\u00fdm klient\u016fm zajistila bezpe\u010dn\u00e9 st\u011bhov\u00e1n\u00ed. Jejich proces za\u010d\u00edn\u00e1 dom\u00e1c\u00ed prohl\u00eddkou a projedn\u00e1n\u00edm dokument\u016f. Zabal\u00ed, demontuj\u00ed v\u00e1\u0161 n\u00e1bytek a zajist\u00ed p\u0159epravu po silnici, letecky i po mo\u0159i, pot\u00e9 v\u00e1\u0161 n\u00e1bytek na m\u00edst\u011b ur\u010den\u00ed vybal\u00ed a smontuje. Pomohou v\u00e1m s dokumentac\u00ed v\u010detn\u011b celn\u00edho odbaven\u00ed.<\/p>\n<p>Webov\u00e9 str\u00e1nky: <a href=\"http:\/\/www.unipack.cl\" target=\"_blank\" rel=\"noopener\">http:\/\/www.unipack.cl<\/a><\/p>\n<h2><span class=\"ez-toc-section\" id=\"2_Atlas_International_Movers\"><\/span><strong>2. Atlas International Movers<\/strong><span class=\"ez-toc-section-end\"><\/span><\/h2>\n<p><img loading=\"lazy\" decoding=\"async\" class=\"alignnone size-full wp-image-5415\" src=\"https:\/\/moverdb.com\/wp-content\/uploads\/Atlas-International-Movers-moving-company.png\" alt=\"Atlas International Movers st\u011bhov\u00e1n\u00ed spole\u010dnost\" width=\"1440\" height=\"682\" data-wp-pid=\"5415\" srcset=\"https:\/\/moverdb.com\/wp-content\/uploads\/Atlas-International-Movers-moving-company.png 1440w, https:\/\/moverdb.com\/wp-content\/uploads\/Atlas-International-Movers-moving-company-300x142.png 300w, https:\/\/moverdb.com\/wp-content\/uploads\/Atlas-International-Movers-moving-company-1024x485.png 1024w, https:\/\/moverdb.com\/wp-content\/uploads\/Atlas-International-Movers-moving-company-18x9.png 18w, https:\/\/moverdb.com\/wp-content\/uploads\/Atlas-International-Movers-moving-company-600x284.png 600w\" sizes=\"auto, (max-width: 1440px) 100vw, 1440px\" \/><\/p>\n<ul>\n<li>St\u011bhov\u00e1n\u00ed na n\u00e1rodn\u00ed \u00farovni<\/li>\n<li>Mezin\u00e1rodn\u00ed p\u0159esuny<\/li>\n<li>St\u011bhov\u00e1n\u00ed dom\u00e1cnost\u00ed<\/li>\n<li>St\u011bhov\u00e1n\u00ed kancel\u00e1\u0159\u00ed<\/li>\n<li>Slu\u017eba od dve\u0159\u00ed ke dve\u0159\u00edm<\/li>\n<li>Vysoce kvalitn\u00ed balic\u00ed slu\u017eby<\/li>\n<li>Pozemn\u00ed, n\u00e1mo\u0159n\u00ed a leteck\u00e1 n\u00e1kladn\u00ed doprava<\/li>\n<li>P\u0159eprava um\u011bleck\u00fdch d\u011bl<\/li>\n<li>P\u0159eprava autem<\/li>\n<li>Kr\u00e1tkodob\u00e9 a\u017e dlouhodob\u00e9 skladovac\u00ed prostory<\/li>\n<\/ul>\n<p>Spole\u010dnost Atlas International Movers m\u00e1 v\u00edce ne\u017e 25 let zku\u0161enost\u00ed se st\u011bhov\u00e1n\u00edm dom\u00e1cnost\u00ed a kancel\u00e1\u0159\u00ed v oblasti. <a href=\"https:\/\/moverdb.com\/cs\/moving-to-chile\/\" data-internallinksmanager029f6b8e52c=\"426\" title=\"St\u011bhov\u00e1n\u00ed do Chile? 2026 N\u00e1klady na bydlen\u00ed a tipy na st\u011bhov\u00e1n\u00ed\">Chile<\/a> a do Chile nebo z Chile. Spolupracuj\u00ed se s\u00edt\u00ed spolehliv\u00fdch st\u011bhovac\u00edch agent\u016f po cel\u00e9m sv\u011bt\u011b, kte\u0159\u00ed zaji\u0161\u0165uj\u00ed mezin\u00e1rodn\u00ed st\u011bhov\u00e1n\u00ed. Jsou \u010dlenem IAM s 16letou tradic\u00ed.<\/p>\n<p>Spole\u010dnost Atlas International Movers zajist\u00ed n\u00e1v\u0161t\u011bvu u v\u00e1s doma, aby posoudila va\u0161e po\u017eadavky, a provede v\u00e1s cel\u00fdm procesem a dokumentac\u00ed. Zajist\u00ed vy\u0161kolen\u00fd person\u00e1l, kter\u00fd va\u0161e v\u011bci zabal\u00ed na vysok\u00e9 \u00farovni, aby je ochr\u00e1nil b\u011bhem p\u0159epravy po zemi, po mo\u0159i nebo letecky. Pomohou v\u00e1m s celn\u00ed dokumentac\u00ed p\u0159i dovozu a v\u00fdvozu.<\/p>\n<p>Webov\u00e9 str\u00e1nky: <a href=\"http:\/\/www.atlasinternationalchile.cl\" target=\"_blank\" rel=\"noopener\">http:\/\/www.atlasinternationalchile.cl<\/a><\/p>\n<h2><span class=\"ez-toc-section\" id=\"3_Decapack\"><\/span><strong>3. Rozbalen\u00ed<\/strong><span class=\"ez-toc-section-end\"><\/span><\/h2>\n<p><img loading=\"lazy\" decoding=\"async\" class=\"alignnone size-full wp-image-5430\" src=\"https:\/\/moverdb.com\/wp-content\/uploads\/Decapack-international-moving-company.png\" alt=\"Decapack mezin\u00e1rodn\u00ed st\u011bhov\u00e1n\u00ed spole\u010dnost\" width=\"1440\" height=\"680\" data-wp-pid=\"5430\" srcset=\"https:\/\/moverdb.com\/wp-content\/uploads\/Decapack-international-moving-company.png 1440w, https:\/\/moverdb.com\/wp-content\/uploads\/Decapack-international-moving-company-300x142.png 300w, https:\/\/moverdb.com\/wp-content\/uploads\/Decapack-international-moving-company-1024x484.png 1024w, https:\/\/moverdb.com\/wp-content\/uploads\/Decapack-international-moving-company-18x9.png 18w, https:\/\/moverdb.com\/wp-content\/uploads\/Decapack-international-moving-company-600x283.png 600w\" sizes=\"auto, (max-width: 1440px) 100vw, 1440px\" \/><\/p>\n<ul>\n<li>St\u011bhov\u00e1n\u00ed na n\u00e1rodn\u00ed \u00farovni<\/li>\n<li>Mezin\u00e1rodn\u00ed p\u0159esuny<\/li>\n<li>St\u011bhov\u00e1n\u00ed do obytn\u00fdch prostor<\/li>\n<li>St\u011bhov\u00e1n\u00ed kancel\u00e1\u0159\u00ed<\/li>\n<li>St\u011bhovac\u00ed slu\u017eby<\/li>\n<li>Slu\u017eba od dve\u0159\u00ed ke dve\u0159\u00edm<\/li>\n<li>Balic\u00ed slu\u017eba<\/li>\n<li>Poji\u0161t\u011bn\u00ed<\/li>\n<li>Specializovan\u00fd servis pro um\u011bleck\u00e1 d\u00edla<\/li>\n<li>Kr\u00e1tkodob\u00e9 a\u017e dlouhodob\u00e9 skladov\u00e1n\u00ed<\/li>\n<\/ul>\n<p>Decapack je spole\u010dnost pro emigranty a mezin\u00e1rodn\u00ed st\u011bhov\u00e1n\u00ed se s\u00eddlem v Santiagu, kter\u00e1 byla zalo\u017eena v roce 1942. M\u00e1 zastoupen\u00ed v San Antoniu a Valparaisu. <a href=\"https:\/\/moverdb.com\/cs\/top-49-container-ports\/\" data-internallinksmanager029f6b8e52c=\"80\" title=\"49 nejv\u011bt\u0161\u00edch a nejru\u0161n\u011bj\u0161\u00edch kontejnerov\u00fdch p\u0159\u00edstav\u016f v roce 2025\">porty<\/a> a mezin\u00e1rodn\u00ed leti\u0161t\u011b Santiago. Je \u010dlenem IAM s 52letou tradic\u00ed a je akreditov\u00e1na u FIDI.<\/p>\n<p>Spole\u010dnost Decapack poskytuje slu\u017eby od dve\u0159\u00ed ke dve\u0159\u00edm, kter\u00e9 za\u010d\u00ednaj\u00ed domluven\u00edm osobn\u00ed nebo virtu\u00e1ln\u00ed n\u00e1v\u0161t\u011bvy za \u00fa\u010delem posouzen\u00ed va\u0161ich pot\u0159eb. Poskytne v\u00e1m individu\u00e1ln\u00ed poradenstv\u00ed od ur\u010den\u00e9ho koordin\u00e1tora, kter\u00fd v\u00e1m pom\u016f\u017ee s vy\u0159\u00edzen\u00edm dokument\u016f a dokumentace. Poskytuj\u00ed balic\u00ed slu\u017eby pro ochranu va\u0161ich v\u011bc\u00ed a poji\u0161t\u011bn\u00ed pro p\u0159\u00edpad neo\u010dek\u00e1van\u00fdch ud\u00e1lost\u00ed.<\/p>\n<p>Webov\u00e9 str\u00e1nky: <a href=\"http:\/\/www.decapack.com\" target=\"_blank\" rel=\"noopener\">http:\/\/www.decapack.com<\/a><\/p>\n<h2><span class=\"ez-toc-section\" id=\"4_Global_Alliance_International\"><\/span><strong>4. Global Alliance International<\/strong><span class=\"ez-toc-section-end\"><\/span><\/h2>\n<p><img loading=\"lazy\" decoding=\"async\" class=\"alignnone size-full wp-image-5441\" src=\"https:\/\/moverdb.com\/wp-content\/uploads\/Global-Alliance-International-moving-company.png\" alt=\"Global Alliance Mezin\u00e1rodn\u00ed st\u011bhov\u00e1n\u00ed spole\u010dnost\" width=\"1440\" height=\"677\" data-wp-pid=\"5441\" srcset=\"https:\/\/moverdb.com\/wp-content\/uploads\/Global-Alliance-International-moving-company.png 1440w, https:\/\/moverdb.com\/wp-content\/uploads\/Global-Alliance-International-moving-company-300x141.png 300w, https:\/\/moverdb.com\/wp-content\/uploads\/Global-Alliance-International-moving-company-1024x481.png 1024w, https:\/\/moverdb.com\/wp-content\/uploads\/Global-Alliance-International-moving-company-18x8.png 18w, https:\/\/moverdb.com\/wp-content\/uploads\/Global-Alliance-International-moving-company-600x282.png 600w\" sizes=\"auto, (max-width: 1440px) 100vw, 1440px\" \/><\/p>\n<ul>\n<li>St\u011bhov\u00e1n\u00ed na n\u00e1rodn\u00ed \u00farovni<\/li>\n<li>Mezin\u00e1rodn\u00ed p\u0159esuny<\/li>\n<li>St\u011bhov\u00e1n\u00ed do obytn\u00fdch prostor<\/li>\n<li>St\u011bhov\u00e1n\u00ed firem<\/li>\n<li>Vysoce vy\u0161kolen\u00fd person\u00e1l<\/li>\n<li>Kompletn\u00ed balic\u00ed slu\u017eby<\/li>\n<li>Pozemn\u00ed, n\u00e1mo\u0159n\u00ed a leteck\u00e1 doprava<\/li>\n<li>Celn\u00ed podpora<\/li>\n<li>P\u0159eprava dom\u00e1c\u00edch zv\u00ed\u0159at<\/li>\n<li>\u0158e\u0161en\u00ed pro do\u010dasn\u00e9 a trval\u00e9 skladov\u00e1n\u00ed<\/li>\n<\/ul>\n<p>Global Alliance International je chilsk\u00e1 st\u011bhovac\u00ed spole\u010dnost, kter\u00e1 byla zalo\u017eena v roce 1995 a je dce\u0159inou spole\u010dnost\u00ed Express Movers Transportes. P\u0159i realizaci mezin\u00e1rodn\u00edch st\u011bhov\u00e1n\u00ed spolupracuje se st\u011bhovac\u00edmi agenty v m\u00edst\u011b ur\u010den\u00ed. Je \u010dlenem IAM s 16letou tradic\u00ed.<\/p>\n<p>Spole\u010dnost Global Alliance International zajist\u00ed t\u00fdm bal\u00edc\u00edch pracovn\u00edk\u016f, kte\u0159\u00ed rozeberou a zabal\u00ed v\u0161echny va\u0161e v\u011bci s pou\u017eit\u00edm nejvhodn\u011bj\u0161\u00edch balic\u00edch materi\u00e1l\u016f na jejich ochranu a specializovan\u00fdch krabic. Zajist\u00ed tak\u00e9 invent\u00e1\u0159, ozna\u010den\u00e9 krabice a kontejnery pro p\u0159epravu po zemi, vzduchem nebo po mo\u0159i a podporu p\u0159i vy\u0159izov\u00e1n\u00ed celn\u00ed dokumentace. Nab\u00edzej\u00ed tak\u00e9 \u0159e\u0161en\u00ed pro do\u010dasn\u00e9 i trval\u00e9 uskladn\u011bn\u00ed.<\/p>\n<p>Webov\u00e9 str\u00e1nky: <a href=\"http:\/\/www.globalalliancechile.com\" target=\"_blank\" rel=\"noopener\">http:\/\/www.globalalliancechile.com<\/a><\/p>\n<h2><span class=\"ez-toc-section\" id=\"5_REMSSA\"><\/span><strong>5. REMSSA<\/strong><span class=\"ez-toc-section-end\"><\/span><\/h2>\n<p><img loading=\"lazy\" decoding=\"async\" class=\"alignnone size-full wp-image-5482\" src=\"https:\/\/moverdb.com\/wp-content\/uploads\/REMSSA-international-moving-company.png\" alt=\"REMSSA mezin\u00e1rodn\u00ed st\u011bhov\u00e1n\u00ed spole\u010dnost\" width=\"1440\" height=\"683\" data-wp-pid=\"5482\" srcset=\"https:\/\/moverdb.com\/wp-content\/uploads\/REMSSA-international-moving-company.png 1440w, https:\/\/moverdb.com\/wp-content\/uploads\/REMSSA-international-moving-company-300x142.png 300w, https:\/\/moverdb.com\/wp-content\/uploads\/REMSSA-international-moving-company-1024x486.png 1024w, https:\/\/moverdb.com\/wp-content\/uploads\/REMSSA-international-moving-company-18x9.png 18w, https:\/\/moverdb.com\/wp-content\/uploads\/REMSSA-international-moving-company-600x285.png 600w\" sizes=\"auto, (max-width: 1440px) 100vw, 1440px\" \/><\/p>\n<ul>\n<li>St\u011bhov\u00e1n\u00ed na n\u00e1rodn\u00ed \u00farovni<\/li>\n<li>Mezin\u00e1rodn\u00ed p\u0159esuny<\/li>\n<li>St\u011bhov\u00e1n\u00ed do obytn\u00fdch prostor<\/li>\n<li>St\u011bhov\u00e1n\u00ed kancel\u00e1\u0159\u00ed<\/li>\n<li>P\u0159em\u00edst\u011bn\u00ed<\/li>\n<li>Slu\u017eba od dve\u0159\u00ed ke dve\u0159\u00edm<\/li>\n<li>Balic\u00ed slu\u017eba<\/li>\n<li>P\u0159eprava um\u011bleck\u00fdch d\u011bl<\/li>\n<li>P\u0159eprava dom\u00e1c\u00edch zv\u00ed\u0159at<\/li>\n<li>Zabezpe\u010den\u00e9 skladovac\u00ed prostory<\/li>\n<\/ul>\n<p>REMSSA je st\u011bhovac\u00ed spole\u010dnost se s\u00eddlem v Santiagu, kter\u00e1 byla zalo\u017eena v roce 2000 a m\u00e1 pobo\u010dky na leti\u0161t\u00edch a v p\u0159\u00edstavech po cel\u00e9m Chile. Nab\u00edz\u00ed vnitrost\u00e1tn\u00ed a mezin\u00e1rodn\u00ed st\u011bhovac\u00ed slu\u017eby pro dom\u00e1cnosti i firemn\u00ed klientelu. Je \u010dlenem IAM s 22letou tradic\u00ed.<\/p>\n<p>Spole\u010dnost REMSSA nab\u00edz\u00ed individu\u00e1ln\u00ed st\u011bhovac\u00ed slu\u017eby, kter\u00e9 zajist\u00ed doru\u010den\u00ed va\u0161eho st\u011bhov\u00e1n\u00ed nebo p\u0159em\u00edst\u011bn\u00ed od dve\u0159\u00ed ke dve\u0159\u00edm. Poskytuje balic\u00ed, nakl\u00e1dac\u00ed a vybalovac\u00ed slu\u017eby s pr\u016fmyslov\u00fdm balen\u00edm n\u00e1kladu, kter\u00e9 jej chr\u00e1n\u00ed p\u0159i p\u0159eprav\u011b. Poskytuj\u00ed tak\u00e9 specializovan\u00e9 slu\u017eby imigra\u010dn\u00ed podpory, p\u0159epravy um\u011bleck\u00fdch d\u011bl, p\u0159epravy dom\u00e1c\u00edch mazl\u00ed\u010dk\u016f a v p\u0159\u00edpad\u011b pot\u0159eby i bezpe\u010dn\u00e9 skladovac\u00ed prostory.<\/p>\n<p>Webov\u00e9 str\u00e1nky: <a href=\"http:\/\/www.remssa.cl\" target=\"_blank\" rel=\"noopener\">http:\/\/www.remssa.cl<\/a><\/p>\n<h2><span class=\"ez-toc-section\" id=\"6_Ward_Van_Lines\"><\/span><strong>6. Ward Van Lines<\/strong><span class=\"ez-toc-section-end\"><\/span><\/h2>\n<p><img loading=\"lazy\" decoding=\"async\" class=\"alignnone size-full wp-image-5499\" src=\"https:\/\/moverdb.com\/wp-content\/uploads\/Ward-Van-Lines-international-moving-company.png\" alt=\"Ward Van Lines mezin\u00e1rodn\u00ed pohybuj\u00edc\u00ed se spole\u010dnost\" width=\"1440\" height=\"680\" data-wp-pid=\"5499\" srcset=\"https:\/\/moverdb.com\/wp-content\/uploads\/Ward-Van-Lines-international-moving-company.png 1440w, https:\/\/moverdb.com\/wp-content\/uploads\/Ward-Van-Lines-international-moving-company-300x142.png 300w, https:\/\/moverdb.com\/wp-content\/uploads\/Ward-Van-Lines-international-moving-company-1024x484.png 1024w, https:\/\/moverdb.com\/wp-content\/uploads\/Ward-Van-Lines-international-moving-company-18x9.png 18w, https:\/\/moverdb.com\/wp-content\/uploads\/Ward-Van-Lines-international-moving-company-600x283.png 600w\" sizes=\"auto, (max-width: 1440px) 100vw, 1440px\" \/><\/p>\n<ul>\n<li>St\u011bhov\u00e1n\u00ed na n\u00e1rodn\u00ed \u00farovni<\/li>\n<li>Mezin\u00e1rodn\u00ed p\u0159esuny<\/li>\n<li>Individu\u00e1ln\u00ed slu\u017eby<\/li>\n<li>Balic\u00ed slu\u017eby s pou\u017eit\u00edm prvot\u0159\u00eddn\u00edch materi\u00e1l\u016f<\/li>\n<li>Demont\u00e1\u017e a mont\u00e1\u017e n\u00e1bytku<\/li>\n<li>Ozna\u010dov\u00e1n\u00ed polo\u017eek pro neust\u00e1l\u00e9 sledov\u00e1n\u00ed<\/li>\n<li>Sledov\u00e1n\u00ed pohybu pomoc\u00ed GPS<\/li>\n<li>V\u00fdvozn\u00ed dokumentace v\u010detn\u011b celn\u00edho odbaven\u00ed<\/li>\n<li>Poji\u0161t\u011bn\u00ed<\/li>\n<li>Zabezpe\u010den\u00e9 skladovac\u00ed prostory<\/li>\n<\/ul>\n<p>Spole\u010dnost Ward Van Lines je mezin\u00e1rodn\u00ed a n\u00e1rodn\u00ed st\u011bhovac\u00ed spole\u010dnost, kter\u00e1 byla zalo\u017eena v roce 1969. Jej\u00ed \u00fast\u0159ed\u00ed se nach\u00e1z\u00ed v Santiagu a pobo\u010dky m\u00e1 v nejd\u016fle\u017eit\u011bj\u0161\u00edch p\u0159\u00edstavech v\u010detn\u011b Valparaisa a San Antonia. Je \u010dlenem IAM s 53letou tradic\u00ed a m\u00e1 akreditaci FIDI.<\/p>\n<p>Spole\u010dnost Ward Van Lines nab\u00edz\u00ed individu\u00e1ln\u00ed slu\u017eby \"od dve\u0159\u00ed ke dve\u0159\u00edm\", p\u0159i kter\u00fdch pou\u017e\u00edv\u00e1 prvot\u0159\u00eddn\u00ed materi\u00e1ly pro bezpe\u010dn\u00e9 zabalen\u00ed va\u0161ich v\u011bc\u00ed a d\u0159ev\u011bn\u00e9 krabice pro k\u0159ehk\u00e9 p\u0159edm\u011bty. Vypracuje soupis a ozna\u010d\u00ed v\u0161echny va\u0161e v\u011bci jedine\u010dn\u00fdmi \u010d\u00e1rov\u00fdmi k\u00f3dy, abyste je mohli identifikovat. Jejich n\u00e1kladn\u00ed vozy jsou vybaveny syst\u00e9mem GPS, kter\u00fd v\u00e1m umo\u017en\u00ed sledovat va\u0161e v\u011bci 24 hodin denn\u011b, 7 dn\u00ed v t\u00fddnu.<\/p>\n<p>Webov\u00e9 str\u00e1nky: <a href=\"http:\/\/www.wardvanlines.com\" target=\"_blank\" rel=\"noopener\">http:\/\/www.wardvanlines.com<\/a><\/p>\n<h2><span class=\"ez-toc-section\" id=\"Other_Useful_Guides_to_Chile\"><\/span>Dal\u0161\u00ed u\u017eite\u010dn\u00ed pr\u016fvodci po Chile<span class=\"ez-toc-section-end\"><\/span><\/h2>\n<ul>\n<li> <a href=\"https:\/\/moverdb.com\/cs\/kontejnerova-preprava\/chile\/\">2024 Sazby n\u00e1mo\u0159n\u00ed kontejnerov\u00e9 dopravy do a z Chile<\/a><\/li>\n<li> <a href=\"https:\/\/moverdb.com\/cs\/moving-to-chile\/\">St\u011bhov\u00e1n\u00ed do Chile? 2026 N\u00e1klady na bydlen\u00ed a tipy na st\u011bhov\u00e1n\u00ed<\/a><\/li>\n<li> <a href=\"https:\/\/moverdb.com\/cs\/moving-to-chile\/best-places-to-live-chile\/\">12 nejlep\u0161\u00edch m\u00edst k \u017eivotu v Chile<\/a><\/li>\n<\/ul>","protected":false},"excerpt":{"rendered":"<p>Moving can be a busy and stressful time especially in you are moving long distance or to another country. This is where a moving company can help reduce your stress by taking away some of the workload. Below we have compiled a list of Chilean removal companies that are members of the International Association of [&hellip;]<\/p>\n","protected":false},"author":4,"featured_media":0,"parent":190,"menu_order":0,"comment_status":"closed","ping_status":"closed","template":"","meta":{"_genesis_hide_title":false,"_genesis_hide_breadcrumbs":false,"_genesis_hide_singular_image":false,"_genesis_hide_footer_widgets":false,"_genesis_custom_body_class":"","_genesis_custom_post_class":"","_genesis_layout":"","footnotes":""},"class_list":{"0":"post-5527","1":"page","2":"type-page","3":"status-publish","5":"entry","6":"has-post-thumbnail"},"_links":{"self":[{"href":"https:\/\/moverdb.com\/cs\/wp-json\/wp\/v2\/pages\/5527","targetHints":{"allow":["GET"]}}],"collection":[{"href":"https:\/\/moverdb.com\/cs\/wp-json\/wp\/v2\/pages"}],"about":[{"href":"https:\/\/moverdb.com\/cs\/wp-json\/wp\/v2\/types\/page"}],"author":[{"embeddable":true,"href":"https:\/\/moverdb.com\/cs\/wp-json\/wp\/v2\/users\/4"}],"replies":[{"embeddable":true,"href":"https:\/\/moverdb.com\/cs\/wp-json\/wp\/v2\/comments?post=5527"}],"version-history":[{"count":4,"href":"https:\/\/moverdb.com\/cs\/wp-json\/wp\/v2\/pages\/5527\/revisions"}],"predecessor-version":[{"id":16390,"href":"https:\/\/moverdb.com\/cs\/wp-json\/wp\/v2\/pages\/5527\/revisions\/16390"}],"up":[{"embeddable":true,"href":"https:\/\/moverdb.com\/cs\/wp-json\/wp\/v2\/pages\/190"}],"wp:attachment":[{"href":"https:\/\/moverdb.com\/cs\/wp-json\/wp\/v2\/media?parent=5527"}],"curies":[{"name":"wp","href":"https:\/\/api.w.org\/{rel}","templated":true}]}}