{"id":5233,"date":"2022-10-24T11:50:38","date_gmt":"2022-10-24T11:50:38","guid":{"rendered":"https:\/\/moverdb.com\/?page_id=5233"},"modified":"2026-01-08T15:23:28","modified_gmt":"2026-01-08T15:23:28","slug":"belgie-2","status":"publish","type":"page","link":"https:\/\/moverdb.com\/cs\/moving-companies\/belgium-moving-companies\/","title":{"rendered":"16 Nejlep\u0161\u00ed mezin\u00e1rodn\u00ed st\u011bhovac\u00ed spole\u010dnosti v Belgii"},"content":{"rendered":"<p>St\u011bhov\u00e1n\u00ed dom\u016f nebo st\u011bhov\u00e1n\u00ed firmy m\u016f\u017ee b\u00fdt n\u00e1ro\u010dn\u00e9 a mezin\u00e1rodn\u00ed st\u011bhov\u00e1n\u00ed m\u016f\u017ee b\u00fdt slo\u017eit\u00e9, tak\u017ee v\u00e1m st\u011bhovac\u00ed firma m\u016f\u017ee uleh\u010dit pr\u00e1ci. Abychom v\u00e1m pomohli, vytvo\u0159ili jsme seznam <a href=\"https:\/\/moverdb.com\/cs\/moving-to-belgium\/\" data-internallinksmanager029f6b8e52c=\"323\" title=\"St\u011bhov\u00e1n\u00ed do Belgie? 2026 N\u00e1klady na bydlen\u00ed a tipy na st\u011bhov\u00e1n\u00ed\">Belgie<\/a> na adrese <a href=\"https:\/\/moverdb.com\/cs\/international-removals\/\" data-internallinksmanager029f6b8e52c=\"27\" title=\"36 nejlep\u0161\u00edch mezin\u00e1rodn\u00edch st\u011bhovac\u00edch spole\u010dnost\u00ed ve Velk\u00e9 Brit\u00e1nii\">st\u011bhovac\u00ed firmy<\/a> kter\u00e9 jsou \u010dleny <a href=\"https:\/\/moverdb.com\/cs\/iam\/\" data-internallinksmanager029f6b8e52c=\"23\" title=\"Vysv\u011btlen\u00ed Mezin\u00e1rodn\u00ed asociace st\u011bhov\u00e1k\u016f (IAM)\">Mezin\u00e1rodn\u00ed asociace st\u011bhov\u00e1k\u016f<\/a> (IAM) a\/nebo <a href=\"https:\/\/moverdb.com\/cs\/fidi-faim\/\" data-internallinksmanager029f6b8e52c=\"16\" title=\"Vysv\u011btlen\u00ed FIDI a FAIM (FIDI Accredited International Mover)\">FIDI<\/a> Akreditovan\u00e9 mezin\u00e1rodn\u00ed st\u011bhov\u00e1n\u00ed (FAIM).<\/p>\n<div id=\"ez-toc-container\" class=\"ez-toc-v2_0_82_2 ez-toc-wrap-left counter-hierarchy ez-toc-counter ez-toc-transparent ez-toc-container-direction\">\n<div class=\"ez-toc-title-container\">\n<p class=\"ez-toc-title\" style=\"cursor:inherit\">Sekce<\/p>\n<span class=\"ez-toc-title-toggle\"><a href=\"#\" class=\"ez-toc-pull-right ez-toc-btn ez-toc-btn-xs ez-toc-btn-default ez-toc-toggle\" aria-label=\"P\u0159epnut\u00ed tabulky obsahu\"><span class=\"ez-toc-js-icon-con\"><span class=\"\"><span class=\"eztoc-hide\" style=\"display:none;\">P\u0159ep\u00edna\u010d<\/span><span class=\"ez-toc-icon-toggle-span\"><svg style=\"fill: #999;color:#999\" xmlns=\"http:\/\/www.w3.org\/2000\/svg\" class=\"list-377408\" width=\"20px\" height=\"20px\" viewbox=\"0 0 24 24\" fill=\"none\"><path d=\"M6 6H4v2h2V6zm14 0H8v2h12V6zM4 11h2v2H4v-2zm16 0H8v2h12v-2zM4 16h2v2H4v-2zm16 0H8v2h12v-2z\" fill=\"currentColor\"><\/path><\/svg><svg style=\"fill: #999;color:#999\" class=\"arrow-unsorted-368013\" xmlns=\"http:\/\/www.w3.org\/2000\/svg\" width=\"10px\" height=\"10px\" viewbox=\"0 0 24 24\" version=\"1.2\" baseprofile=\"tiny\"><path d=\"M18.2 9.3l-6.2-6.3-6.2 6.3c-.2.2-.3.4-.3.7s.1.5.3.7c.2.2.4.3.7.3h11c.3 0 .5-.1.7-.3.2-.2.3-.5.3-.7s-.1-.5-.3-.7zM5.8 14.7l6.2 6.3 6.2-6.3c.2-.2.3-.5.3-.7s-.1-.5-.3-.7c-.2-.2-.4-.3-.7-.3h-11c-.3 0-.5.1-.7.3-.2.2-.3.5-.3.7s.1.5.3.7z\"\/><\/svg><\/span><\/span><\/span><\/a><\/span><\/div>\n<nav><ul class='ez-toc-list ez-toc-list-level-1 eztoc-toggle-hide-by-default' ><li class='ez-toc-page-1 ez-toc-heading-level-2'><a class=\"ez-toc-link ez-toc-heading-1\" href=\"https:\/\/moverdb.com\/cs\/moving-companies\/belgium-moving-companies\/#1_Erdo_Relocation\" >1. P\u0159em\u00edst\u011bn\u00ed Erdo<\/a><\/li><li class='ez-toc-page-1 ez-toc-heading-level-2'><a class=\"ez-toc-link ez-toc-heading-2\" href=\"https:\/\/moverdb.com\/cs\/moving-companies\/belgium-moving-companies\/#2_Gosselin\" >2. Gosselin<\/a><\/li><li class='ez-toc-page-1 ez-toc-heading-level-2'><a class=\"ez-toc-link ez-toc-heading-3\" href=\"https:\/\/moverdb.com\/cs\/moving-companies\/belgium-moving-companies\/#3_International_Freight_Forwarding_Services\" >3. Slu\u017eby mezin\u00e1rodn\u00edho zas\u00edlatelstv\u00ed<\/a><\/li><li class='ez-toc-page-1 ez-toc-heading-level-2'><a class=\"ez-toc-link ez-toc-heading-4\" href=\"https:\/\/moverdb.com\/cs\/moving-companies\/belgium-moving-companies\/#4_Compas_International_Movers\" >4. Compas International Movers<\/a><\/li><li class='ez-toc-page-1 ez-toc-heading-level-2'><a class=\"ez-toc-link ez-toc-heading-5\" href=\"https:\/\/moverdb.com\/cs\/moving-companies\/belgium-moving-companies\/#5_Potiez-Deman\" >5. Potiez-Deman<\/a><\/li><li class='ez-toc-page-1 ez-toc-heading-level-2'><a class=\"ez-toc-link ez-toc-heading-6\" href=\"https:\/\/moverdb.com\/cs\/moving-companies\/belgium-moving-companies\/#6_Transworld_International\" >6. Transworld International<\/a><\/li><li class='ez-toc-page-1 ez-toc-heading-level-2'><a class=\"ez-toc-link ez-toc-heading-7\" href=\"https:\/\/moverdb.com\/cs\/moving-companies\/belgium-moving-companies\/#7_Putters_International\" >7. Putters International<\/a><\/li><li class='ez-toc-page-1 ez-toc-heading-level-2'><a class=\"ez-toc-link ez-toc-heading-8\" href=\"https:\/\/moverdb.com\/cs\/moving-companies\/belgium-moving-companies\/#8_Tele_Trans\" >8. Tele Trans<\/a><\/li><li class='ez-toc-page-1 ez-toc-heading-level-2'><a class=\"ez-toc-link ez-toc-heading-9\" href=\"https:\/\/moverdb.com\/cs\/moving-companies\/belgium-moving-companies\/#9_Santa_Fe_Relocation\" >9. P\u0159em\u00edst\u011bn\u00ed Santa Fe<\/a><\/li><li class='ez-toc-page-1 ez-toc-heading-level-2'><a class=\"ez-toc-link ez-toc-heading-10\" href=\"https:\/\/moverdb.com\/cs\/moving-companies\/belgium-moving-companies\/#10_Lion_Movers\" >10. Lion Movers<\/a><\/li><li class='ez-toc-page-1 ez-toc-heading-level-2'><a class=\"ez-toc-link ez-toc-heading-11\" href=\"https:\/\/moverdb.com\/cs\/moving-companies\/belgium-moving-companies\/#11_Gorgan_Mobility\" >11. Gorgan Mobilita<\/a><\/li><li class='ez-toc-page-1 ez-toc-heading-level-2'><a class=\"ez-toc-link ez-toc-heading-12\" href=\"https:\/\/moverdb.com\/cs\/moving-companies\/belgium-moving-companies\/#12_AGS_Worldwide_Movers\" >12. AGS Worldwide Movers<\/a><\/li><li class='ez-toc-page-1 ez-toc-heading-level-2'><a class=\"ez-toc-link ez-toc-heading-13\" href=\"https:\/\/moverdb.com\/cs\/moving-companies\/belgium-moving-companies\/#13_Ets_Guy_Magermans\" >13. Ets Guy Magermans<\/a><\/li><li class='ez-toc-page-1 ez-toc-heading-level-2'><a class=\"ez-toc-link ez-toc-heading-14\" href=\"https:\/\/moverdb.com\/cs\/moving-companies\/belgium-moving-companies\/#14_Mory_Co\" >14. Mory &amp; Co<\/a><\/li><li class='ez-toc-page-1 ez-toc-heading-level-2'><a class=\"ez-toc-link ez-toc-heading-15\" href=\"https:\/\/moverdb.com\/cs\/moving-companies\/belgium-moving-companies\/#15_Maison_Genne\" >15. Maison Genne<\/a><\/li><li class='ez-toc-page-1 ez-toc-heading-level-2'><a class=\"ez-toc-link ez-toc-heading-16\" href=\"https:\/\/moverdb.com\/cs\/moving-companies\/belgium-moving-companies\/#16_Servaes_Services\" >16. Slu\u017eby spole\u010dnosti Servaes<\/a><\/li><li class='ez-toc-page-1 ez-toc-heading-level-2'><a class=\"ez-toc-link ez-toc-heading-17\" href=\"https:\/\/moverdb.com\/cs\/moving-companies\/belgium-moving-companies\/#Other_Useful_Guides_to_Belgium\" >Dal\u0161\u00ed u\u017eite\u010dn\u00ed pr\u016fvodci po Belgii<\/a><\/li><\/ul><\/nav><\/div>\n<h2><span class=\"ez-toc-section\" id=\"1_Erdo_Relocation\"><\/span><strong>1. P\u0159em\u00edst\u011bn\u00ed Erdo<\/strong><span class=\"ez-toc-section-end\"><\/span><\/h2>\n<p><em><img loading=\"lazy\" decoding=\"async\" class=\"alignnone size-full wp-image-5163\" src=\"https:\/\/moverdb.com\/wp-content\/uploads\/ERDO-Relocation-international-moving-company.png\" alt=\"ERDO Relocation mezin\u00e1rodn\u00ed st\u011bhov\u00e1n\u00ed spole\u010dnost\" width=\"1440\" height=\"677\" data-wp-pid=\"5163\" srcset=\"https:\/\/moverdb.com\/wp-content\/uploads\/ERDO-Relocation-international-moving-company.png 1440w, https:\/\/moverdb.com\/wp-content\/uploads\/ERDO-Relocation-international-moving-company-300x141.png 300w, https:\/\/moverdb.com\/wp-content\/uploads\/ERDO-Relocation-international-moving-company-1024x481.png 1024w, https:\/\/moverdb.com\/wp-content\/uploads\/ERDO-Relocation-international-moving-company-18x8.png 18w, https:\/\/moverdb.com\/wp-content\/uploads\/ERDO-Relocation-international-moving-company-600x282.png 600w\" sizes=\"auto, (max-width: 1440px) 100vw, 1440px\" \/><\/em><\/p>\n<ul>\n<li>Mezin\u00e1rodn\u00ed st\u011bhov\u00e1n\u00ed<\/li>\n<li>Slu\u017eby st\u011bhov\u00e1n\u00ed obytn\u00fdch budov<\/li>\n<li>Nab\u00eddka pro expaty, diplomaty a soukrom\u00e9 osoby<\/li>\n<li>Osobn\u00ed poradce<\/li>\n<li>Balen\u00ed a inventarizace v\u011bc\u00ed<\/li>\n<li>Vybalov\u00e1n\u00ed a mont\u00e1\u017e<\/li>\n<li>Silni\u010dn\u00ed, n\u00e1mo\u0159n\u00ed a leteck\u00e1 n\u00e1kladn\u00ed doprava<\/li>\n<li>Celn\u00ed asistence<\/li>\n<li>V\u00fdtvarn\u00e9 um\u011bn\u00ed<\/li>\n<li><a href=\"https:\/\/moverdb.com\/cs\/car-transport-shipping\/\" data-internallinksmanager029f6b8e52c=\"2\" title=\"2026 Mezin\u00e1rodn\u00ed p\u0159eprava automobil\u016f &amp; P\u0159eprava vozidel Citace\">P\u0159eprava automobil\u016f<\/a><\/li>\n<\/ul>\n<p>Erdo Relocation je antverpsk\u00e1 reloka\u010dn\u00ed spole\u010dnost zalo\u017een\u00e1 v roce 2009, kter\u00e1 je \u010dlenem IAM ji\u017e 13 let. Disponuje s\u00edt\u00ed v\u00edce ne\u017e 2 000 agent\u016f po cel\u00e9m sv\u011bt\u011b, kte\u0159\u00ed poskytuj\u00ed mezin\u00e1rodn\u00ed st\u011bhovac\u00ed slu\u017eby. Jejich reloka\u010dn\u00ed slu\u017eby jsou ur\u010deny pro soukrom\u00e9 osoby, expaty a diplomaty, kte\u0159\u00ed se st\u011bhuj\u00ed do zahrani\u010d\u00ed.<\/p>\n<p>Erdo Relocation v\u00e1m poskytne osobn\u00edho poradce, kter\u00fd v\u00e1m pom\u016f\u017ee s pl\u00e1nov\u00e1n\u00edm st\u011bhov\u00e1n\u00ed v\u010detn\u011b v\u00fdb\u011bru dopravy (silni\u010dn\u00ed, n\u00e1mo\u0159n\u00ed nebo leteck\u00e9) a celn\u00ed asistence. Poskytuj\u00ed balic\u00ed slu\u017eby, kter\u00e9 zahrnuj\u00ed soupis pro sledov\u00e1n\u00ed va\u0161ich v\u011bc\u00ed, \u0159\u00edzen\u00ed p\u0159epravy, vybalov\u00e1n\u00ed a mont\u00e1\u017e. Nab\u00edzej\u00ed tak\u00e9 specializovan\u00e9 slu\u017eby pro p\u0159epravu v\u00fdtvarn\u00e9ho um\u011bn\u00ed a p\u0159epravu automobil\u016f.<\/p>\n<p>Webov\u00e9 str\u00e1nky: <a href=\"http:\/\/www.erdo-relocation.com\" target=\"_blank\" rel=\"noopener\">http:\/\/www.erdo-relocation.com<\/a><\/p>\n<h2><span class=\"ez-toc-section\" id=\"2_Gosselin\"><\/span><strong>2. Gosselin<\/strong><span class=\"ez-toc-section-end\"><\/span><\/h2>\n<p><em><img loading=\"lazy\" decoding=\"async\" class=\"alignnone size-full wp-image-5171\" src=\"https:\/\/moverdb.com\/wp-content\/uploads\/Gosselin-Belgium-international-moving-company.png\" alt=\"Gosselin Belgie mezin\u00e1rodn\u00ed st\u011bhov\u00e1n\u00ed spole\u010dnost\" width=\"1440\" height=\"683\" data-wp-pid=\"5171\" srcset=\"https:\/\/moverdb.com\/wp-content\/uploads\/Gosselin-Belgium-international-moving-company.png 1440w, https:\/\/moverdb.com\/wp-content\/uploads\/Gosselin-Belgium-international-moving-company-300x142.png 300w, https:\/\/moverdb.com\/wp-content\/uploads\/Gosselin-Belgium-international-moving-company-1024x486.png 1024w, https:\/\/moverdb.com\/wp-content\/uploads\/Gosselin-Belgium-international-moving-company-18x9.png 18w, https:\/\/moverdb.com\/wp-content\/uploads\/Gosselin-Belgium-international-moving-company-600x285.png 600w\" sizes=\"auto, (max-width: 1440px) 100vw, 1440px\" \/><\/em><\/p>\n<ul>\n<li>St\u011bhov\u00e1n\u00ed na n\u00e1rodn\u00ed \u00farovni<\/li>\n<li>Mezin\u00e1rodn\u00ed p\u0159esuny<\/li>\n<li>St\u011bhov\u00e1n\u00ed obytn\u00fdch budov<\/li>\n<li>St\u011bhov\u00e1n\u00ed kancel\u00e1\u0159\u00ed a velvyslanectv\u00ed<\/li>\n<li>vy\u0161kolen\u00ed st\u011bhov\u00e1ci, kte\u0159\u00ed zabal\u00ed a vybal\u00ed va\u0161e v\u011bci.<\/li>\n<li>Vysoce kvalitn\u00ed standardy<\/li>\n<li>V\u00fdtvarn\u00e9 um\u011bn\u00ed a staro\u017eitnosti<\/li>\n<li>P\u0159em\u00edst\u011bn\u00ed dom\u00e1c\u00edho mazl\u00ed\u010dka<\/li>\n<li>P\u0159eprava vozidel<\/li>\n<li>Skladovac\u00ed prostory<\/li>\n<\/ul>\n<p>Gosselin je st\u011bhovac\u00ed a logistick\u00e1 spole\u010dnost zalo\u017een\u00e1 v roce 1930 v Antverp\u00e1ch, kter\u00e1 se rozrostla v mezin\u00e1rodn\u00ed skupinu Gosselin Group. Poskytuje st\u011bhovac\u00ed slu\u017eby do, z a uvnit\u0159 Evropy a mezin\u00e1rodn\u00ed slu\u017eby ze 34 zem\u00ed. Jsou \u010dleny IAM s 27letou tradic\u00ed a pro sv\u00e9 slu\u017eby jsou rovn\u011b\u017e akreditov\u00e1ni FIDI.<\/p>\n<p>Spole\u010dnost Gosselin poskytuje st\u011bhovac\u00ed slu\u017eby pro v\u0161echny velikosti st\u011bhov\u00e1n\u00ed obytn\u00fdch prostor, kancel\u00e1\u0159\u00ed a velvyslanectv\u00ed. Poskytuje vy\u0161kolen\u00e9 st\u011bhov\u00e1ky, kte\u0159\u00ed v\u00e1m pomohou se st\u011bhov\u00e1n\u00edm a zajist\u00ed bezpe\u010dn\u00e9 zabalen\u00ed a vybalen\u00ed va\u0161ich v\u011bc\u00ed. Nab\u00edz\u00ed tak\u00e9 specializovan\u00e9 slu\u017eby pro v\u00fdtvarn\u00e9 um\u011bn\u00ed a staro\u017eitnosti, st\u011bhov\u00e1n\u00ed dom\u00e1c\u00edch zv\u00ed\u0159at, p\u0159epravu vozidel a skladov\u00e1n\u00ed.<\/p>\n<p>Webov\u00e9 str\u00e1nky: <a href=\"https:\/\/gosselin-moving.com\/en\" target=\"_blank\" rel=\"noopener\">https:\/\/gosselin-moving.com\/en<\/a><\/p>\n<h2><span class=\"ez-toc-section\" id=\"3_International_Freight_Forwarding_Services\"><\/span><strong>3. Slu\u017eby mezin\u00e1rodn\u00edho zas\u00edlatelstv\u00ed<\/strong><span class=\"ez-toc-section-end\"><\/span><\/h2>\n<p>&nbsp;<img loading=\"lazy\" decoding=\"async\" class=\"alignnone size-full wp-image-5234\" src=\"https:\/\/moverdb.com\/wp-content\/uploads\/International-Freight-Forwarding-Services-international-moving-company.png\" alt=\"Mezin\u00e1rodn\u00ed spedi\u010dn\u00ed slu\u017eby mezin\u00e1rodn\u00ed st\u011bhov\u00e1n\u00ed spole\u010dnost\" width=\"1440\" height=\"654\" data-wp-pid=\"5234\" srcset=\"https:\/\/moverdb.com\/wp-content\/uploads\/International-Freight-Forwarding-Services-international-moving-company.png 1440w, https:\/\/moverdb.com\/wp-content\/uploads\/International-Freight-Forwarding-Services-international-moving-company-300x136.png 300w, https:\/\/moverdb.com\/wp-content\/uploads\/International-Freight-Forwarding-Services-international-moving-company-1024x465.png 1024w, https:\/\/moverdb.com\/wp-content\/uploads\/International-Freight-Forwarding-Services-international-moving-company-18x8.png 18w, https:\/\/moverdb.com\/wp-content\/uploads\/International-Freight-Forwarding-Services-international-moving-company-600x273.png 600w\" sizes=\"auto, (max-width: 1440px) 100vw, 1440px\" \/><\/p>\n<ul>\n<li>Specialista na spedici<\/li>\n<li>Nejedn\u00e1 se o kompletn\u00ed st\u011bhovac\u00ed slu\u017ebu<\/li>\n<li>P\u0159eprava p\u0159i st\u011bhov\u00e1n\u00ed dom\u00e1cnost\u00ed<\/li>\n<li>P\u0159eprava spole\u010dnosti<\/li>\n<li>Celn\u00ed odbaven\u00ed<\/li>\n<li>\u0158\u00edzen\u00e1 p\u0159epravn\u00ed slu\u017eba<\/li>\n<li><a href=\"https:\/\/moverdb.com\/cs\/container-shipping\/\" data-internallinksmanager029f6b8e52c=\"3\" title=\"Graf sazeb mezin\u00e1rodn\u00ed kontejnerov\u00e9 dopravy: Duben 2026\">Kontejnerov\u00e1 doprava<\/a> - pln\u00fd a m\u00e9n\u011b ne\u017e pln\u00fd<\/li>\n<li>P\u0159eprava projektu<\/li>\n<li>Kr\u00e1tkodob\u00e9 a\u017e dlouhodob\u00e9 skladov\u00e1n\u00ed<\/li>\n<li>\u010clen IAM<\/li>\n<\/ul>\n<p>International Freight Forwarding Services (IFFS) je logistick\u00e1 spole\u010dnost, kter\u00e1 se zab\u00fdv\u00e1 p\u0159epravou zbo\u017e\u00ed. S\u00eddl\u00ed v Antverp\u00e1ch, byla zalo\u017eena v roce 1995 a je \u010dlenem IAM. Neposkytuj\u00ed kompletn\u00ed st\u011bhovac\u00ed slu\u017eby, ale \u0159\u00edd\u00ed logistiku st\u011bhov\u00e1n\u00ed va\u0161ich dom\u00e1c\u00edch pot\u0159eb, p\u0159epravn\u00edch kontejner\u016f nebo projektov\u00fdch n\u00e1klad\u016f.<\/p>\n<p>Mezin\u00e1rodn\u00ed spedi\u010dn\u00ed slu\u017eby poskytuj\u00ed \u0159\u00edzen\u00e9 p\u0159epravn\u00ed slu\u017eby s celosv\u011btov\u00fdm zas\u00edl\u00e1n\u00edm celokontejnerov\u00fdch n\u00e1klad\u016f, m\u00e9n\u011b ne\u017e celokontejnerov\u00fdch n\u00e1klad\u016f, n\u00e1klad\u016f, bal\u00edkov\u00fdch z\u00e1silek a projektov\u00fdch z\u00e1silek na jednom m\u00edst\u011b. Zaji\u0161\u0165uje celn\u00ed odbaven\u00ed a kr\u00e1tkodob\u00e9 i dlouhodob\u00e9 skladov\u00e1n\u00ed. Nab\u00edzej\u00ed tak\u00e9 za\u0159\u00edzen\u00ed pro kamionovou p\u0159epravu.<\/p>\n<p>Webov\u00e9 str\u00e1nky: <a href=\"http:\/\/www.iffs.be\" target=\"_blank\" rel=\"noopener\">http:\/\/www.iffs.be<\/a><\/p>\n<h2><span class=\"ez-toc-section\" id=\"4_Compas_International_Movers\"><\/span><strong>4. Compas International Movers<\/strong><span class=\"ez-toc-section-end\"><\/span><\/h2>\n<p>&nbsp;<img loading=\"lazy\" decoding=\"async\" class=\"alignnone size-full wp-image-5235\" src=\"https:\/\/moverdb.com\/wp-content\/uploads\/Compas-International-Movers-international-moving-company.png\" alt=\"\" width=\"1440\" height=\"681\" data-wp-pid=\"5235\" srcset=\"https:\/\/moverdb.com\/wp-content\/uploads\/Compas-International-Movers-international-moving-company.png 1440w, https:\/\/moverdb.com\/wp-content\/uploads\/Compas-International-Movers-international-moving-company-300x142.png 300w, https:\/\/moverdb.com\/wp-content\/uploads\/Compas-International-Movers-international-moving-company-1024x484.png 1024w, https:\/\/moverdb.com\/wp-content\/uploads\/Compas-International-Movers-international-moving-company-18x9.png 18w, https:\/\/moverdb.com\/wp-content\/uploads\/Compas-International-Movers-international-moving-company-600x284.png 600w\" sizes=\"auto, (max-width: 1440px) 100vw, 1440px\" \/><\/p>\n<ul>\n<li>Mezin\u00e1rodn\u00ed st\u011bhovac\u00ed slu\u017eby<\/li>\n<li>St\u011bhov\u00e1n\u00ed dom\u016f a slu\u017eby pro diplomaty a expaty<\/li>\n<li>St\u011bhovac\u00ed slu\u017eby spole\u010dnosti<\/li>\n<li>Individu\u00e1ln\u00ed slu\u017eby<\/li>\n<li>Silni\u010dn\u00ed, n\u00e1mo\u0159n\u00ed a leteck\u00e1 n\u00e1kladn\u00ed doprava<\/li>\n<li>Balic\u00ed slu\u017eba<\/li>\n<li>Odstran\u011bn\u00ed um\u011bn\u00ed<\/li>\n<li>Slu\u017eba st\u011bhov\u00e1n\u00ed dom\u00e1c\u00edch mazl\u00ed\u010dk\u016f<\/li>\n<li>Pou\u017e\u00edv\u00e1 nejnov\u011bj\u0161\u00ed digit\u00e1ln\u00ed n\u00e1stroje a \u0159e\u0161en\u00ed<\/li>\n<li>\u0158e\u0161en\u00ed pro kr\u00e1tkodob\u00e9 a\u017e dlouhodob\u00e9 skladov\u00e1n\u00ed<\/li>\n<\/ul>\n<p>Compas International Movers je <a href=\"https:\/\/moverdb.com\/cs\/moving-companies\/\" data-internallinksmanager029f6b8e52c=\"79\" title=\"Top 25 Mezin\u00e1rodn\u00ed st\u011bhovac\u00ed spole\u010dnosti Online\">mezin\u00e1rodn\u00ed st\u011bhovac\u00ed spole\u010dnost<\/a> se s\u00eddlem v Bruselu. Je \u010dlenem IAM s 28letou tradic\u00ed a je akreditov\u00e1na FIDI. Specializuj\u00ed se pouze na nab\u00eddku mezin\u00e1rodn\u00edch st\u011bhov\u00e1n\u00ed pro dom\u00e1cnosti a diplomatick\u00e9 osoby. Nab\u00edzej\u00ed st\u011bhovac\u00ed slu\u017eby v Evrop\u011b i na mezin\u00e1rodn\u00ed \u00farovni pro dom\u00e1cnosti, diplomaty, expaty a firmy.<\/p>\n<p>Spole\u010dnost Compas International Movers nab\u00edz\u00ed individu\u00e1ln\u00ed slu\u017eby pro st\u011bhuj\u00edc\u00ed se osoby, kter\u00e9 mohou zahrnovat poradenstv\u00ed v oblasti dopravy, \u0161kol, poji\u0161t\u011bn\u00ed a dal\u0161\u00ed. Nab\u00edz\u00ed kompletn\u00ed slu\u017eby, kter\u00e9 zahrnuj\u00ed pl\u00e1nov\u00e1n\u00ed, balen\u00ed, mo\u017enosti dopravy (silni\u010dn\u00ed, n\u00e1mo\u0159n\u00ed a leteck\u00e9), st\u011bhov\u00e1n\u00ed dom\u00e1c\u00edch zv\u00ed\u0159at, p\u0159epravu vozidel, poji\u0161t\u011bn\u00ed a skladov\u00e1n\u00ed.<\/p>\n<p>Webov\u00e9 str\u00e1nky: <a href=\"https:\/\/www.compasim.be\" target=\"_blank\" rel=\"noopener\">https:\/\/www.compasim.be<\/a><\/p>\n<h2><span class=\"ez-toc-section\" id=\"5_Potiez-Deman\"><\/span><strong>5. Potiez-Deman<\/strong><span class=\"ez-toc-section-end\"><\/span><\/h2>\n<p><em><img loading=\"lazy\" decoding=\"async\" class=\"alignnone size-full wp-image-5194\" src=\"https:\/\/moverdb.com\/wp-content\/uploads\/Potiez-Deman-international-moving-company-1.png\" alt=\"Potiez-Deman mezin\u00e1rodn\u00ed st\u011bhov\u00e1n\u00ed spole\u010dnost\" width=\"1440\" height=\"683\" data-wp-pid=\"5194\" srcset=\"https:\/\/moverdb.com\/wp-content\/uploads\/Potiez-Deman-international-moving-company-1.png 1440w, https:\/\/moverdb.com\/wp-content\/uploads\/Potiez-Deman-international-moving-company-1-300x142.png 300w, https:\/\/moverdb.com\/wp-content\/uploads\/Potiez-Deman-international-moving-company-1-1024x486.png 1024w, https:\/\/moverdb.com\/wp-content\/uploads\/Potiez-Deman-international-moving-company-1-18x9.png 18w, https:\/\/moverdb.com\/wp-content\/uploads\/Potiez-Deman-international-moving-company-1-600x285.png 600w\" sizes=\"auto, (max-width: 1440px) 100vw, 1440px\" \/><\/em><\/p>\n<ul>\n<li>St\u011bhov\u00e1n\u00ed na n\u00e1rodn\u00ed \u00farovni<\/li>\n<li>Mezin\u00e1rodn\u00ed st\u011bhov\u00e1n\u00ed<\/li>\n<li>St\u011bhov\u00e1n\u00ed do obytn\u00fdch prostor<\/li>\n<li>Obchodn\u00ed kroky<\/li>\n<li>Silni\u010dn\u00ed, n\u00e1mo\u0159n\u00ed a leteck\u00e1 doprava<\/li>\n<li>Balic\u00ed slu\u017eby<\/li>\n<li>Celn\u00ed odbaven\u00ed<\/li>\n<li>Seskupen\u00ed dod\u00e1vek<\/li>\n<li>Poji\u0161t\u011bn\u00ed<\/li>\n<li>Kr\u00e1tkodob\u00e9 a\u017e dlouhodob\u00e9 skladovac\u00ed prostory<\/li>\n<\/ul>\n<p>Potiez-Deman je bruselsk\u00e1 st\u011bhovac\u00ed slu\u017eba, kter\u00e1 ji\u017e v\u00edce ne\u017e 35 let pom\u00e1h\u00e1 jednotlivc\u016fm i firm\u00e1m p\u0159i st\u011bhov\u00e1n\u00ed v Belgii i v zahrani\u010d\u00ed. Je \u010dlenem IAM s 36letou prax\u00ed. P\u0159i poskytov\u00e1n\u00ed sv\u00fdch slu\u017eeb v zahrani\u010d\u00ed spolupracuj\u00ed s mezin\u00e1rodn\u00edmi zprost\u0159edkovateli a udr\u017euj\u00ed kontakt pro spr\u00e1vu va\u0161\u00ed z\u00e1silky.<\/p>\n<p>Spole\u010dnost Potiez-Deman nab\u00edz\u00ed slu\u017eby \u0161it\u00e9 na m\u00edru, kter\u00e9 pom\u00e1haj\u00ed p\u0159i p\u0159\u00edprav\u011b na st\u011bhov\u00e1n\u00ed a sni\u017euj\u00ed stres. Nab\u00edz\u00ed balic\u00ed slu\u017eby, kter\u00e9 zajist\u00ed ochranu va\u0161ich v\u011bc\u00ed p\u0159i p\u0159eprav\u011b po silnici, po mo\u0159i, letecky nebo kombinovan\u011b. Zajist\u00ed p\u0159epravu, celn\u00ed odbaven\u00ed a poji\u0161t\u011bn\u00ed.<\/p>\n<p>Webov\u00e9 str\u00e1nky: <a href=\"http:\/\/www.potiez-deman.be\" target=\"_blank\" rel=\"noopener\">http:\/\/www.potiez-deman.be<\/a><\/p>\n<h2><span class=\"ez-toc-section\" id=\"6_Transworld_International\"><\/span><strong>6. Transworld International<\/strong><span class=\"ez-toc-section-end\"><\/span><\/h2>\n<p><em><img loading=\"lazy\" decoding=\"async\" class=\"alignnone size-full wp-image-5212\" src=\"https:\/\/moverdb.com\/wp-content\/uploads\/Transworld-Internatioanl-moving-company.png\" alt=\"Transworld Internatioanl st\u011bhov\u00e1n\u00ed spole\u010dnost\" width=\"1440\" height=\"879\" data-wp-pid=\"5212\" srcset=\"https:\/\/moverdb.com\/wp-content\/uploads\/Transworld-Internatioanl-moving-company.png 1440w, https:\/\/moverdb.com\/wp-content\/uploads\/Transworld-Internatioanl-moving-company-300x183.png 300w, https:\/\/moverdb.com\/wp-content\/uploads\/Transworld-Internatioanl-moving-company-1024x625.png 1024w, https:\/\/moverdb.com\/wp-content\/uploads\/Transworld-Internatioanl-moving-company-18x12.png 18w, https:\/\/moverdb.com\/wp-content\/uploads\/Transworld-Internatioanl-moving-company-600x366.png 600w\" sizes=\"auto, (max-width: 1440px) 100vw, 1440px\" \/><\/em><\/p>\n<ul>\n<li>St\u011bhov\u00e1n\u00ed na n\u00e1rodn\u00ed \u00farovni<\/li>\n<li>Mezin\u00e1rodn\u00ed p\u0159esuny<\/li>\n<li>St\u011bhovac\u00ed slu\u017eby<\/li>\n<li>St\u011bhov\u00e1n\u00ed do obytn\u00fdch prostor<\/li>\n<li>Podnikatelsk\u00e9 a organiza\u010dn\u00ed kroky<\/li>\n<li>P\u0159\u00edstup na m\u00edru<\/li>\n<li>Silnice, mo\u0159e a vzduch<\/li>\n<li>P\u0159eprava vozidel<\/li>\n<li>P\u0159eprava dom\u00e1c\u00edch zv\u00ed\u0159at<\/li>\n<li>Kr\u00e1tkodob\u00e9 a\u017e dlouhodob\u00e9 skladovac\u00ed prostory<\/li>\n<\/ul>\n<p>Transworld International je mezin\u00e1rodn\u00ed st\u011bhovac\u00ed slu\u017eba se s\u00eddlem v Bruselu, kter\u00e1 poskytuje sv\u00e9 slu\u017eby ji\u017e 45 let. Je \u010dlenem IAM a m\u00e1 akreditaci FIDI. Poskytuje st\u011bhovac\u00ed, reloka\u010dn\u00ed a skladovac\u00ed slu\u017eby jednotlivc\u016fm, rodin\u00e1m, podnik\u016fm a organizac\u00edm.<\/p>\n<p>Transworld International nab\u00edz\u00ed osobn\u00ed a flexibiln\u00ed p\u0159\u00edstup k va\u0161emu st\u011bhov\u00e1n\u00ed s jedin\u00fdm kontaktn\u00edm m\u00edstem. Nab\u00edz\u00ed kompletn\u00ed st\u011bhovac\u00ed slu\u017eby a st\u011bhov\u00e1n\u00ed, kter\u00e9 zahrnuj\u00ed balen\u00ed, demont\u00e1\u017e n\u00e1bytku, p\u0159epravu, celn\u00ed odbaven\u00ed, op\u011btovnou mont\u00e1\u017e n\u00e1bytku, vybalen\u00ed a odvoz obalov\u00fdch materi\u00e1l\u016f. Nab\u00edzej\u00ed tak\u00e9 specializovan\u00e9 slu\u017eby pro um\u011bleck\u00e9 p\u0159edm\u011bty, velk\u00e9 p\u0159edm\u011bty, vozidla a dom\u00e1c\u00ed zv\u00ed\u0159ata a tak\u00e9 skladovac\u00ed prostory.<\/p>\n<p>Webov\u00e9 str\u00e1nky: <a href=\"http:\/\/www.transworld.be\" target=\"_blank\" rel=\"noopener\">http:\/\/www.transworld.be<\/a><\/p>\n<h2><span class=\"ez-toc-section\" id=\"7_Putters_International\"><\/span><strong>7. Putters International<\/strong><span class=\"ez-toc-section-end\"><\/span><\/h2>\n<p><em><img loading=\"lazy\" decoding=\"async\" class=\"alignnone size-full wp-image-5196\" src=\"https:\/\/moverdb.com\/wp-content\/uploads\/Putters-international-moving-company-1.png\" alt=\"Putters mezin\u00e1rodn\u00ed pohybuj\u00edc\u00ed se spole\u010dnost\" width=\"1440\" height=\"682\" data-wp-pid=\"5196\" srcset=\"https:\/\/moverdb.com\/wp-content\/uploads\/Putters-international-moving-company-1.png 1440w, https:\/\/moverdb.com\/wp-content\/uploads\/Putters-international-moving-company-1-300x142.png 300w, https:\/\/moverdb.com\/wp-content\/uploads\/Putters-international-moving-company-1-1024x485.png 1024w, https:\/\/moverdb.com\/wp-content\/uploads\/Putters-international-moving-company-1-18x9.png 18w, https:\/\/moverdb.com\/wp-content\/uploads\/Putters-international-moving-company-1-600x284.png 600w\" sizes=\"auto, (max-width: 1440px) 100vw, 1440px\" \/><\/em><\/p>\n<ul>\n<li>St\u011bhov\u00e1n\u00ed na n\u00e1rodn\u00ed \u00farovni<\/li>\n<li>Mezin\u00e1rodn\u00ed p\u0159esuny<\/li>\n<li>Soukrom\u00e9 a diplomatick\u00e9 kroky<\/li>\n<li>St\u011bhov\u00e1n\u00ed firem<\/li>\n<li>Balic\u00ed slu\u017eby<\/li>\n<li>Celn\u00ed odbaven\u00ed<\/li>\n<li>Jednotn\u00e9 kontaktn\u00ed m\u00edsto<\/li>\n<li>Poji\u0161t\u011bn\u00ed<\/li>\n<li>P\u0159em\u00edst\u011bn\u00ed dom\u00e1c\u00edho mazl\u00ed\u010dka<\/li>\n<li>Skladovac\u00ed prostory<\/li>\n<\/ul>\n<p>Spole\u010dnost Putters International byla zalo\u017eena v roce 1923 v Bruselu a poskytuje vnitrost\u00e1tn\u00ed a mezin\u00e1rodn\u00ed st\u011bhovac\u00ed slu\u017eby. Je \u010dlenem IAM s 99 lety \u010dinnosti a je akreditov\u00e1na FIDI. Jsou sou\u010d\u00e1st\u00ed <a href=\"https:\/\/moverdb.com\/cs\/harmony-relocation-network\/\" data-internallinksmanager029f6b8e52c=\"20\" title=\"Vysv\u011btlen\u00ed s\u00edt\u011b Harmony Relocation Network (HRN)\">Harmony Relocation Network<\/a> kter\u00e1 poskytuje slu\u017eby mezin\u00e1rodn\u00edho st\u011bhov\u00e1n\u00ed s vyu\u017eit\u00edm nejmodern\u011bj\u0161\u00edch technologi\u00ed a kvalitn\u00edch syst\u00e9m\u016f pro \u0159\u00edzen\u00ed va\u0161eho st\u011bhov\u00e1n\u00ed.<\/p>\n<p>Putters International nab\u00edz\u00ed individu\u00e1ln\u00ed slu\u017eby soukrom\u00fdm, diplomatick\u00fdm a firemn\u00edm klient\u016fm, kter\u00fdm poskytuje jedin\u00e9 kontaktn\u00ed m\u00edsto. Pom\u00e1h\u00e1 se v\u0161emi aspekty st\u011bhov\u00e1n\u00ed v\u010detn\u011b pr\u016fzkumu, zaji\u0161t\u011bn\u00ed p\u0159epravy, balen\u00ed, celn\u00edho odbaven\u00ed a vybalen\u00ed. Poskytuj\u00ed \u0159adu dopl\u0148kov\u00fdch slu\u017eeb, kter\u00e9 zahrnuj\u00ed poji\u0161t\u011bn\u00ed st\u011bhov\u00e1n\u00ed, slu\u017eby \u00fadr\u017eb\u00e1\u0159\u016f, st\u011bhov\u00e1n\u00ed dom\u00e1c\u00edch zv\u00ed\u0159at a skladovac\u00ed prostory.<\/p>\n<p>Webov\u00e9 str\u00e1nky: <a href=\"http:\/\/www.putters.be\" target=\"_blank\" rel=\"noopener\">http:\/\/www.putters.be<\/a><\/p>\n<h2><span class=\"ez-toc-section\" id=\"8_Tele_Trans\"><\/span><strong>8. Tele Trans<\/strong><span class=\"ez-toc-section-end\"><\/span><\/h2>\n<p><em><img loading=\"lazy\" decoding=\"async\" class=\"alignnone size-full wp-image-5209\" src=\"https:\/\/moverdb.com\/wp-content\/uploads\/Tele-Trans-international-moving-company.png\" alt=\"Tele Trans mezin\u00e1rodn\u00ed st\u011bhov\u00e1n\u00ed spole\u010dnost\" width=\"1440\" height=\"623\" data-wp-pid=\"5209\" srcset=\"https:\/\/moverdb.com\/wp-content\/uploads\/Tele-Trans-international-moving-company.png 1440w, https:\/\/moverdb.com\/wp-content\/uploads\/Tele-Trans-international-moving-company-300x130.png 300w, https:\/\/moverdb.com\/wp-content\/uploads\/Tele-Trans-international-moving-company-1024x443.png 1024w, https:\/\/moverdb.com\/wp-content\/uploads\/Tele-Trans-international-moving-company-18x8.png 18w, https:\/\/moverdb.com\/wp-content\/uploads\/Tele-Trans-international-moving-company-600x260.png 600w\" sizes=\"auto, (max-width: 1440px) 100vw, 1440px\" \/><\/em><\/p>\n<ul>\n<li>N\u00e1rodn\u00ed st\u011bhovac\u00ed slu\u017eby<\/li>\n<li>Mezin\u00e1rodn\u00ed st\u011bhov\u00e1n\u00ed<\/li>\n<li>St\u011bhov\u00e1n\u00ed dom\u00e1cnost\u00ed<\/li>\n<li>Firemn\u00ed a obchodn\u00ed prostory<\/li>\n<li>Podpora p\u0159i odjezdu a p\u0159\u00edjezdu<\/li>\n<li>Podpora doma a ve \u0161kole<\/li>\n<li>P\u0159eprava um\u011bleck\u00fdch d\u011bl<\/li>\n<li>P\u0159em\u00edst\u011bn\u00ed dom\u00e1c\u00edho mazl\u00ed\u010dka<\/li>\n<li>P\u0159eprava vozidel<\/li>\n<li>\u0158e\u0161en\u00ed pro ukl\u00e1d\u00e1n\u00ed dat<\/li>\n<\/ul>\n<p>Tele Trans je bruselsk\u00e1 st\u011bhovac\u00ed spole\u010dnost, kter\u00e1 byla zalo\u017eena v roce 1979 a poskytuje vnitrost\u00e1tn\u00ed a mezin\u00e1rodn\u00ed st\u011bhovac\u00ed slu\u017eby pro dom\u00e1cnosti a obchodn\u00ed prostory, kter\u00e1 m\u00e1 tak\u00e9 kancel\u00e1\u0159e v \u010cesk\u00e9 republice. <a href=\"https:\/\/moverdb.com\/cs\/moving-to-greece\/\" data-internallinksmanager029f6b8e52c=\"353\" title=\"St\u011bhov\u00e1n\u00ed do \u0158ecka? 2026 N\u00e1klady na bydlen\u00ed a tipy na st\u011bhov\u00e1n\u00ed\">\u0158ecko<\/a>. Jsou \u010dlenem IAM s dev\u00edtiletou prax\u00ed.<\/p>\n<p>Spole\u010dnost Tele Trans poskytuje \u0159adu st\u011bhovac\u00edch slu\u017eeb, kter\u00e9 zahrnuj\u00ed pomoc p\u0159ed odjezdem a po p\u0159\u00edjezdu, v\u010detn\u011b pomoci s hled\u00e1n\u00edm domova a \u0161kol. Dok\u00e1\u017ee p\u0159epravit r\u016fzn\u00e9 zbo\u017e\u00ed v\u010detn\u011b specializovan\u00fdch p\u0159edm\u011bt\u016f, v\u010detn\u011b um\u011bleck\u00fdch d\u011bl, dom\u00e1c\u00edch zv\u00ed\u0159at a vozidel. Mohou tak\u00e9 poskytnout slu\u017eby \u00fadr\u017eb\u00e1\u0159\u016f a \u00fadr\u017eb\u00e1\u0159\u016f a tak\u00e9 skladovac\u00ed prostory.<\/p>\n<p>Webov\u00e9 str\u00e1nky: <a href=\"http:\/\/www.teletranseu.com\" target=\"_blank\" rel=\"noopener\">http:\/\/www.teletranseu.com<\/a><\/p>\n<h2><span class=\"ez-toc-section\" id=\"9_Santa_Fe_Relocation\"><\/span><strong>9. P\u0159em\u00edst\u011bn\u00ed Santa Fe<\/strong><span class=\"ez-toc-section-end\"><\/span><\/h2>\n<p><em><img loading=\"lazy\" decoding=\"async\" class=\"alignnone size-full wp-image-5201\" src=\"https:\/\/moverdb.com\/wp-content\/uploads\/Sante-Fe-Relocation-Belgium-international-moving-company-1.png\" alt=\"Sante Fe P\u0159em\u00edst\u011bn\u00ed Belgie mezin\u00e1rodn\u00ed st\u011bhov\u00e1n\u00ed spole\u010dnost\" width=\"1440\" height=\"685\" data-wp-pid=\"5201\" srcset=\"https:\/\/moverdb.com\/wp-content\/uploads\/Sante-Fe-Relocation-Belgium-international-moving-company-1.png 1440w, https:\/\/moverdb.com\/wp-content\/uploads\/Sante-Fe-Relocation-Belgium-international-moving-company-1-300x143.png 300w, https:\/\/moverdb.com\/wp-content\/uploads\/Sante-Fe-Relocation-Belgium-international-moving-company-1-1024x487.png 1024w, https:\/\/moverdb.com\/wp-content\/uploads\/Sante-Fe-Relocation-Belgium-international-moving-company-1-18x9.png 18w, https:\/\/moverdb.com\/wp-content\/uploads\/Sante-Fe-Relocation-Belgium-international-moving-company-1-600x285.png 600w\" sizes=\"auto, (max-width: 1440px) 100vw, 1440px\" \/><\/em><\/p>\n<ul>\n<li>M\u00edstn\u00ed a n\u00e1rodn\u00ed st\u011bhovac\u00ed slu\u017eby<\/li>\n<li>Mezin\u00e1rodn\u00ed st\u011bhov\u00e1n\u00ed<\/li>\n<li>St\u011bhov\u00e1n\u00ed dom\u00e1cnost\u00ed<\/li>\n<li>St\u011bhov\u00e1n\u00ed firem<\/li>\n<li>Podpora poradce pro st\u011bhov\u00e1n\u00ed<\/li>\n<li>St\u011bhovac\u00ed slu\u017eby<\/li>\n<li>Specializovan\u00e9 balic\u00ed a vybalovac\u00ed slu\u017eby<\/li>\n<li>K\u0159ehk\u00e9 zach\u00e1zen\u00ed se staro\u017eitnostmi a sklem<\/li>\n<li>V\u00edzov\u00e9 a imigra\u010dn\u00ed slu\u017eby<\/li>\n<li>Kr\u00e1tkodob\u00e9 a\u017e dlouhodob\u00e9 skladovac\u00ed prostory<\/li>\n<\/ul>\n<p>Sante Fe Relocation je bruselsk\u00e1 st\u011bhovac\u00ed spole\u010dnost, kter\u00e1 byla otev\u0159ena v roce 1969 s c\u00edlem pom\u00e1hat lidem, kte\u0159\u00ed se st\u011bhuj\u00ed v Belgii a po cel\u00e9m sv\u011bt\u011b. Jej\u00ed kancel\u00e1\u0159e jsou rozm\u00edst\u011bny po cel\u00e9m sv\u011bt\u011b ve 38 zem\u00edch. Jsou \u010dleny IAM s 53letou tradic\u00ed a jsou akreditov\u00e1ni FIDI.<\/p>\n<p>Spole\u010dnost Santa Fe Relocation nab\u00edz\u00ed kompletn\u00ed slu\u017eby, kter\u00e9 v\u00e1m poskytnou poradce pro st\u011bhov\u00e1n\u00ed, kter\u00fd v\u00e1m pom\u016f\u017ee s odborn\u00fdmi balic\u00edmi a vybalovac\u00edmi slu\u017ebami. Nab\u00edz\u00ed st\u011bhovac\u00ed slu\u017eby, kter\u00e9 zahrnuj\u00ed pomoc p\u0159i vy\u0159izov\u00e1n\u00ed slo\u017eit\u00fdch formul\u00e1\u0159\u016f a dokument\u016f pro imigra\u010dn\u00ed a celn\u00ed odbaven\u00ed. Nab\u00edzej\u00ed kr\u00e1tkodob\u00e9 i dlouhodob\u00e9 skladovac\u00ed prostory na bezpe\u010dn\u00fdch m\u00edstech.<\/p>\n<p>Webov\u00e9 str\u00e1nky: <a href=\"https:\/\/www.santaferelo.com\/en\/contact\/our-offices\/belgium-brussels\/\" target=\"_blank\" rel=\"noopener\">https:\/\/www.santaferelo.com\/en\/contact\/our-offices\/belgium-brussels\/<\/a><\/p>\n<h2><span class=\"ez-toc-section\" id=\"10_Lion_Movers\"><\/span><strong>10. Lion Movers<\/strong><span class=\"ez-toc-section-end\"><\/span><\/h2>\n<p><em><img loading=\"lazy\" decoding=\"async\" class=\"alignnone size-full wp-image-5183\" src=\"https:\/\/moverdb.com\/wp-content\/uploads\/Lion-Movers-international-moving-company.png\" alt=\"Lion Movers mezin\u00e1rodn\u00ed pohybuj\u00edc\u00ed se spole\u010dnost\" width=\"1440\" height=\"684\" data-wp-pid=\"5183\" srcset=\"https:\/\/moverdb.com\/wp-content\/uploads\/Lion-Movers-international-moving-company.png 1440w, https:\/\/moverdb.com\/wp-content\/uploads\/Lion-Movers-international-moving-company-300x143.png 300w, https:\/\/moverdb.com\/wp-content\/uploads\/Lion-Movers-international-moving-company-1024x486.png 1024w, https:\/\/moverdb.com\/wp-content\/uploads\/Lion-Movers-international-moving-company-18x9.png 18w, https:\/\/moverdb.com\/wp-content\/uploads\/Lion-Movers-international-moving-company-600x285.png 600w\" sizes=\"auto, (max-width: 1440px) 100vw, 1440px\" \/><\/em><\/p>\n<ul>\n<li>St\u011bhov\u00e1n\u00ed na n\u00e1rodn\u00ed \u00farovni<\/li>\n<li>Mezin\u00e1rodn\u00ed p\u0159esuny<\/li>\n<li>St\u011bhov\u00e1n\u00ed od vlastn\u00edch prac\u00ed a\u017e po kompletn\u00ed slu\u017eby<\/li>\n<li>St\u011bhov\u00e1n\u00ed do obytn\u00fdch prostor<\/li>\n<li>St\u011bhov\u00e1n\u00ed kancel\u00e1\u0159\u00ed<\/li>\n<li>Silni\u010dn\u00ed, n\u00e1mo\u0159n\u00ed a leteck\u00e1 doprava<\/li>\n<li>Krabice a balen\u00ed<\/li>\n<li>Um\u011bleck\u00e1 doprava<\/li>\n<li>P\u0159em\u00edst\u011bn\u00ed dom\u00e1c\u00edho mazl\u00ed\u010dka<\/li>\n<li>Skladovac\u00ed prostory<\/li>\n<\/ul>\n<p>Lion Movers je st\u011bhovac\u00ed, st\u011bhovac\u00ed a skladovac\u00ed spole\u010dnost se s\u00eddlem v Elewitu s t\u00e9m\u011b\u0159 25 lety zku\u0161enost\u00ed a je \u010dlenem IAM. Zaji\u0161\u0165uje vnitrost\u00e1tn\u00ed a mezin\u00e1rodn\u00ed st\u011bhov\u00e1n\u00ed a st\u011bhov\u00e1n\u00ed byt\u016f a kancel\u00e1\u0159\u00ed, kde si m\u016f\u017eete ud\u011blat tolik nebo jen tolik, kolik chcete, proto\u017ee nab\u00edz\u00ed mo\u017enosti st\u011bhov\u00e1n\u00ed od typu \"ud\u011blej si s\u00e1m\" a\u017e po kompletn\u00ed slu\u017eby.<\/p>\n<p>Spole\u010dnost Lion Movers nab\u00edz\u00ed celou \u0159adu st\u011bhovac\u00edch slu\u017eeb od mal\u00fdch z\u00e1silek, p\u0159es pomoc s d\u011bdictv\u00edm, p\u0159epravu um\u011bleck\u00fdch d\u011bl, st\u011bhov\u00e1n\u00ed dom\u00e1c\u00edch zv\u00ed\u0159at a\u017e po uskladn\u011bn\u00ed va\u0161ich v\u011bc\u00ed. Nab\u00edz\u00ed \u0159adu krabic a balic\u00edch materi\u00e1l\u016f vhodn\u00fdch pro r\u016fzn\u00e9 p\u0159edm\u011bty a jejich ochranu p\u0159i p\u0159eprav\u011b po silnici, po mo\u0159i nebo letecky.<\/p>\n<p>Webov\u00e9 str\u00e1nky: <a href=\"http:\/\/www.lionmovers.be\" target=\"_blank\" rel=\"noopener\">http:\/\/www.lionmovers.be<\/a><\/p>\n<h2><span class=\"ez-toc-section\" id=\"11_Gorgan_Mobility\"><\/span><strong>11. Gorgan Mobilita<\/strong><span class=\"ez-toc-section-end\"><\/span><\/h2>\n<p><em><img loading=\"lazy\" decoding=\"async\" class=\"alignnone size-full wp-image-5169\" src=\"https:\/\/moverdb.com\/wp-content\/uploads\/Gorgan-Mobility-international-moving-company.png\" alt=\"Gorgan Mobility mezin\u00e1rodn\u00ed st\u011bhov\u00e1n\u00ed spole\u010dnost\" width=\"1440\" height=\"677\" data-wp-pid=\"5169\" srcset=\"https:\/\/moverdb.com\/wp-content\/uploads\/Gorgan-Mobility-international-moving-company.png 1440w, https:\/\/moverdb.com\/wp-content\/uploads\/Gorgan-Mobility-international-moving-company-300x141.png 300w, https:\/\/moverdb.com\/wp-content\/uploads\/Gorgan-Mobility-international-moving-company-1024x481.png 1024w, https:\/\/moverdb.com\/wp-content\/uploads\/Gorgan-Mobility-international-moving-company-18x8.png 18w, https:\/\/moverdb.com\/wp-content\/uploads\/Gorgan-Mobility-international-moving-company-600x282.png 600w\" sizes=\"auto, (max-width: 1440px) 100vw, 1440px\" \/><\/em><\/p>\n<ul>\n<li>Mezin\u00e1rodn\u00ed st\u011bhov\u00e1n\u00ed<\/li>\n<li>St\u011bhov\u00e1n\u00ed do obytn\u00fdch prostor<\/li>\n<li>Nab\u00edz\u00ed v\u00fdb\u011br pohybliv\u00fdch bal\u00ed\u010dk\u016f<\/li>\n<li>Specialista na st\u011bhov\u00e1n\u00ed<\/li>\n<li>Balen\u00ed a vybalov\u00e1n\u00ed<\/li>\n<li>Digit\u00e1ln\u00ed invent\u00e1\u0159<\/li>\n<li>Demont\u00e1\u017e a mont\u00e1\u017e<\/li>\n<li>N\u00e1bytkov\u00fd \u017eeb\u0159\u00edkov\u00fd v\u00fdtah<\/li>\n<li>Poji\u0161t\u011bn\u00ed<\/li>\n<li>Zabezpe\u010den\u00e9 skladovac\u00ed prostory<\/li>\n<\/ul>\n<p>Gorgan Mobility je rodinn\u00e1 st\u011bhovac\u00ed spole\u010dnost se s\u00eddlem ve Vl\u00e1msk\u00e9m Brabantsku, kter\u00e1 vznikla v roce 2016. Je \u010dlenem IAM s \u0161estiletou prax\u00ed. Nab\u00edzej\u00ed v\u00fdb\u011br pl\u00e1n\u016f s rostouc\u00ed \u00farovn\u00ed funkc\u00ed.<\/p>\n<p>Spole\u010dnost Gorgan Mobility nab\u00edz\u00ed specialistu na st\u011bhov\u00e1n\u00ed, kter\u00fd posoud\u00ed va\u0161e pot\u0159eby a vytvo\u0159\u00ed n\u00e1vrh st\u011bhov\u00e1n\u00ed na m\u00edru. Poskytuj\u00ed balic\u00ed slu\u017eby s kvalitn\u00edmi balic\u00edmi materi\u00e1ly dopln\u011bn\u00e9 digit\u00e1ln\u00edm soupisem, demont\u00e1\u017e n\u00e1bytku a mont\u00e1\u017e a vybalen\u00ed. Zaji\u0161\u0165uj\u00ed tak\u00e9 poji\u0161t\u011bn\u00ed a pro n\u00e1ro\u010dn\u00e9 st\u011bhov\u00e1n\u00ed maj\u00ed k dispozici n\u00e1bytkov\u00fd \u017eeb\u0159\u00edkov\u00fd v\u00fdtah. Mohou tak\u00e9 poskytnout zabezpe\u010den\u00e9 skladov\u00e1n\u00ed v trezorech ve sv\u00e9m skladu.<\/p>\n<p>Webov\u00e9 str\u00e1nky: <a href=\"https:\/\/www.gorganmobility.co\" target=\"_blank\" rel=\"noopener\">https:\/\/www.gorganmobility.co<\/a><\/p>\n<h2><span class=\"ez-toc-section\" id=\"12_AGS_Worldwide_Movers\"><\/span><strong>12. AGS Worldwide Movers<\/strong><span class=\"ez-toc-section-end\"><\/span><\/h2>\n<p><em><img loading=\"lazy\" decoding=\"async\" class=\"alignnone size-full wp-image-5137\" src=\"https:\/\/moverdb.com\/wp-content\/uploads\/AGS-Wroldwide-Movers-international-moving-company.png\" alt=\"AGS Wroldwide Movers mezin\u00e1rodn\u00ed st\u011bhov\u00e1n\u00ed spole\u010dnost\" width=\"1440\" height=\"680\" data-wp-pid=\"5137\" srcset=\"https:\/\/moverdb.com\/wp-content\/uploads\/AGS-Wroldwide-Movers-international-moving-company.png 1440w, https:\/\/moverdb.com\/wp-content\/uploads\/AGS-Wroldwide-Movers-international-moving-company-300x142.png 300w, https:\/\/moverdb.com\/wp-content\/uploads\/AGS-Wroldwide-Movers-international-moving-company-1024x484.png 1024w, https:\/\/moverdb.com\/wp-content\/uploads\/AGS-Wroldwide-Movers-international-moving-company-18x9.png 18w, https:\/\/moverdb.com\/wp-content\/uploads\/AGS-Wroldwide-Movers-international-moving-company-600x283.png 600w\" sizes=\"auto, (max-width: 1440px) 100vw, 1440px\" \/><\/em><\/p>\n<ul>\n<li>St\u011bhov\u00e1n\u00ed na n\u00e1rodn\u00ed \u00farovni<\/li>\n<li>Mezin\u00e1rodn\u00ed st\u011bhov\u00e1n\u00ed<\/li>\n<li>St\u011bhov\u00e1n\u00ed kancel\u00e1\u0159\u00ed<\/li>\n<li>St\u011bhov\u00e1n\u00ed dom\u00e1cnost\u00ed<\/li>\n<li>Slu\u017eby na m\u00edru<\/li>\n<li>Jednotn\u00e9 kontaktn\u00ed m\u00edsto<\/li>\n<li>Balic\u00ed slu\u017eby<\/li>\n<li>Demont\u00e1\u017e a mont\u00e1\u017e n\u00e1bytku a za\u0159\u00edzen\u00ed<\/li>\n<li>P\u0159eprava vozidel<\/li>\n<li>Zabezpe\u010den\u00e9 skladovac\u00ed prostory<\/li>\n<\/ul>\n<p>Spole\u010dnost AGS Worldwide Movers byla zalo\u017eena v roce 1974 v Kampenhoutu a nab\u00edz\u00ed mezin\u00e1rodn\u00ed st\u011bhov\u00e1n\u00ed, st\u011bhov\u00e1n\u00ed a spr\u00e1vu z\u00e1znam\u016f po cel\u00e9m sv\u011bt\u011b. Jsou sou\u010d\u00e1st\u00ed celosv\u011btov\u00e9 s\u00edt\u011b st\u011bhovac\u00edch spole\u010dnost\u00ed, kter\u00e1 zaji\u0161\u0165uje mezin\u00e1rodn\u00ed pokryt\u00ed. Jsou \u010dleny IAM a jsou akreditov\u00e1ni FIDI.<\/p>\n<p>Spole\u010dnost AGS Worldwide Movers nab\u00edz\u00ed st\u011bhovac\u00ed slu\u017eby \u0161it\u00e9 na m\u00edru, aby zajistila hladk\u00fd pr\u016fb\u011bh st\u011bhov\u00e1n\u00ed va\u0161\u00ed dom\u00e1cnosti nebo firmy. K ochran\u011b va\u0161ich v\u011bc\u00ed pou\u017e\u00edvaj\u00ed inovativn\u00ed balic\u00ed materi\u00e1ly a pe\u010dliv\u00e9 techniky nakl\u00e1d\u00e1n\u00ed. Provedou demont\u00e1\u017e a mont\u00e1\u017e n\u00e1bytku, instalaci za\u0159\u00edzen\u00ed, st\u011bhov\u00e1n\u00ed velk\u00fdch p\u0159edm\u011bt\u016f, poji\u0161t\u011bn\u00ed v\u0161ech rizik a nab\u00edzej\u00ed tak\u00e9 bezpe\u010dn\u00e9 kr\u00e1tkodob\u00e9 i dlouhodob\u00e9 skladovac\u00ed prostory.<\/p>\n<p>Webov\u00e9 str\u00e1nky: <a href=\"https:\/\/www.agsmovers.com\/\" target=\"_blank\" rel=\"noopener\">https:\/\/www.agsmovers.com\/<\/a><\/p>\n<h2><span class=\"ez-toc-section\" id=\"13_Ets_Guy_Magermans\"><\/span><strong>13. Ets Guy Magermans<\/strong><span class=\"ez-toc-section-end\"><\/span><\/h2>\n<p><em><img loading=\"lazy\" decoding=\"async\" class=\"alignnone size-full wp-image-5164\" src=\"https:\/\/moverdb.com\/wp-content\/uploads\/Ets-Guy-magermans-international-moving-company.png\" alt=\"Ets Guy magermans mezin\u00e1rodn\u00ed pohybuj\u00edc\u00ed se spole\u010dnost\" width=\"1440\" height=\"673\" data-wp-pid=\"5164\" srcset=\"https:\/\/moverdb.com\/wp-content\/uploads\/Ets-Guy-magermans-international-moving-company.png 1440w, https:\/\/moverdb.com\/wp-content\/uploads\/Ets-Guy-magermans-international-moving-company-300x140.png 300w, https:\/\/moverdb.com\/wp-content\/uploads\/Ets-Guy-magermans-international-moving-company-1024x479.png 1024w, https:\/\/moverdb.com\/wp-content\/uploads\/Ets-Guy-magermans-international-moving-company-18x8.png 18w, https:\/\/moverdb.com\/wp-content\/uploads\/Ets-Guy-magermans-international-moving-company-600x280.png 600w\" sizes=\"auto, (max-width: 1440px) 100vw, 1440px\" \/><\/em><\/p>\n<ul>\n<li>N\u00e1rodn\u00ed p\u0159esun<\/li>\n<li>Mezin\u00e1rodn\u00ed st\u011bhov\u00e1n\u00ed<\/li>\n<li>St\u011bhov\u00e1n\u00ed do obytn\u00fdch prostor<\/li>\n<li>St\u011bhov\u00e1n\u00ed spole\u010dnosti<\/li>\n<li>Individu\u00e1ln\u00ed slu\u017eby<\/li>\n<li>Demont\u00e1\u017e a mont\u00e1\u017e n\u00e1bytku<\/li>\n<li>Balen\u00ed a vybalov\u00e1n\u00ed<\/li>\n<li>Specializovan\u00fd servis pro um\u011bleck\u00e1 d\u00edla, trezory a klav\u00edry<\/li>\n<li>R\u016fznorod\u00e1 nab\u00eddka p\u0159epravn\u00edch vozidel<\/li>\n<li>Zabezpe\u010den\u00e9 skladovac\u00ed prostory<\/li>\n<\/ul>\n<p>Ets Guy Magermans je st\u011bhovac\u00ed spole\u010dnost Marche En Famenne, kter\u00e1 nab\u00edz\u00ed tak\u00e9 p\u0159epravn\u00ed slu\u017eby a skladov\u00e1n\u00ed n\u00e1bytku a funguje ji\u017e 75 let. Je \u010dlenem IAM s 54letou prax\u00ed. Nab\u00edzej\u00ed vnitrost\u00e1tn\u00ed a mezin\u00e1rodn\u00ed st\u011bhov\u00e1n\u00ed a st\u011bhovac\u00ed slu\u017eby pro reziden\u010dn\u00ed i komer\u010dn\u00ed klientelu.<\/p>\n<p>Ets Guy Magermans nab\u00edz\u00ed individu\u00e1ln\u00ed st\u011bhovac\u00ed slu\u017eby, kter\u00e9 zahrnuj\u00ed demont\u00e1\u017e n\u00e1bytku, bezpe\u010dn\u00e9 zabalen\u00ed v\u011bc\u00ed, op\u011btovn\u00e9 sestaven\u00ed n\u00e1bytku a vybalen\u00ed. Poskytuj\u00ed specializovan\u00e9 slu\u017eby pro cenn\u00e9 p\u0159edm\u011bty v\u010detn\u011b um\u011bleck\u00fdch d\u011bl, trezor\u016f a klav\u00edr\u016f. Disponuj\u00ed vozov\u00fdm parkem s r\u016fznorod\u00fdm zbo\u017e\u00edm, kter\u00fd uspokoj\u00ed v\u011bt\u0161inu pot\u0159eb, a zabezpe\u010den\u00fdmi skladovac\u00edmi prostory.<\/p>\n<p>Webov\u00e9 str\u00e1nky: <a href=\"http:\/\/www.magermans-demenagement.be\" target=\"_blank\" rel=\"noopener\">http:\/\/www.magermans-demenagement.be<\/a><strong>&nbsp;<\/strong><\/p>\n<h2><span class=\"ez-toc-section\" id=\"14_Mory_Co\"><\/span><strong>14. Mory &amp; Co<\/strong><span class=\"ez-toc-section-end\"><\/span><\/h2>\n<p><em><img loading=\"lazy\" decoding=\"async\" class=\"alignnone size-full wp-image-5187\" src=\"https:\/\/moverdb.com\/wp-content\/uploads\/Mory-Co-international-moving-company.png\" alt=\"Mory &amp; Co mezin\u00e1rodn\u00ed st\u011bhov\u00e1n\u00ed spole\u010dnost\" width=\"1440\" height=\"682\" data-wp-pid=\"5187\" srcset=\"https:\/\/moverdb.com\/wp-content\/uploads\/Mory-Co-international-moving-company.png 1440w, https:\/\/moverdb.com\/wp-content\/uploads\/Mory-Co-international-moving-company-300x142.png 300w, https:\/\/moverdb.com\/wp-content\/uploads\/Mory-Co-international-moving-company-1024x485.png 1024w, https:\/\/moverdb.com\/wp-content\/uploads\/Mory-Co-international-moving-company-18x9.png 18w, https:\/\/moverdb.com\/wp-content\/uploads\/Mory-Co-international-moving-company-600x284.png 600w\" sizes=\"auto, (max-width: 1440px) 100vw, 1440px\" \/><\/em><\/p>\n<ul>\n<li>St\u011bhov\u00e1n\u00ed na n\u00e1rodn\u00ed \u00farovni<\/li>\n<li>Mezin\u00e1rodn\u00ed p\u0159esuny<\/li>\n<li>Individu\u00e1ln\u00ed st\u011bhov\u00e1n\u00ed dom\u016f<\/li>\n<li>Profesn\u00ed\/obchodn\u00ed p\u0159esuny<\/li>\n<li>Slu\u017eby na m\u00edru<\/li>\n<li>Silni\u010dn\u00ed, n\u00e1mo\u0159n\u00ed a leteck\u00e1 doprava<\/li>\n<li>Bezpe\u010dn\u00e9 st\u011bhov\u00e1n\u00ed<\/li>\n<li>P\u0159eprava dom\u00e1c\u00edch zv\u00ed\u0159at<\/li>\n<li>P\u0159eprava vozidel<\/li>\n<li>Zabezpe\u010den\u00e9 skladovac\u00ed prostory<\/li>\n<\/ul>\n<p>Mory &amp; Co je vnitrost\u00e1tn\u00ed a mezin\u00e1rodn\u00ed st\u011bhovac\u00ed slu\u017eba, kter\u00e1 byla zalo\u017eena v roce 1968 v Neufvilles. Je \u010dlenem IAM s 54letou tradic\u00ed. Zaji\u0161\u0165uj\u00ed individu\u00e1ln\u00ed st\u011bhov\u00e1n\u00ed dom\u00e1cnost\u00ed v\u010detn\u011b soukrom\u00fdch dom\u016f, diplomat\u016f a st\u00e1tn\u00edch \u00fa\u0159edn\u00edk\u016f a profesion\u00e1ln\u00edch klient\u016f, kte\u0159\u00ed cht\u011bj\u00ed p\u0159est\u011bhovat sv\u00e9 podniky nebo za\u0159\u00edzen\u00ed. Sv\u00fdm klient\u016fm poskytuj\u00ed slu\u017eby \u0161it\u00e9 na m\u00edru jejich po\u017eadavk\u016fm na st\u011bhov\u00e1n\u00ed.<\/p>\n<p>Spole\u010dnost Mory &amp; Co poskytuje bezpe\u010dn\u00e9 st\u011bhovac\u00ed slu\u017eby s mo\u017enost\u00ed v\u00fdb\u011bru silni\u010dn\u00ed, n\u00e1mo\u0159n\u00ed a leteck\u00e9 p\u0159epravy a nab\u00edz\u00ed tak\u00e9 kr\u00e1tkodob\u00e9 i dlouhodob\u00e9 skladovac\u00ed prostory. Nab\u00edz\u00ed tak\u00e9 dal\u0161\u00ed specializovan\u00e9 st\u011bhovac\u00ed slu\u017eby pro st\u011bhov\u00e1n\u00ed dom\u00e1c\u00edch zv\u00ed\u0159at a vozidel.<\/p>\n<p>Webov\u00e9 str\u00e1nky: <a href=\"http:\/\/www.morymoving.com\" target=\"_blank\" rel=\"noopener\">http:\/\/www.morymoving.com<\/a><\/p>\n<h2><span class=\"ez-toc-section\" id=\"15_Maison_Genne\"><\/span><strong>15. Maison Genne<\/strong><span class=\"ez-toc-section-end\"><\/span><\/h2>\n<p><em><img loading=\"lazy\" decoding=\"async\" class=\"alignnone size-full wp-image-5184\" src=\"https:\/\/moverdb.com\/wp-content\/uploads\/Maison-Genne-international-moving-company.png\" alt=\"Maison Genne mezin\u00e1rodn\u00ed st\u011bhov\u00e1n\u00ed spole\u010dnost\" width=\"1440\" height=\"665\" data-wp-pid=\"5184\" srcset=\"https:\/\/moverdb.com\/wp-content\/uploads\/Maison-Genne-international-moving-company.png 1440w, https:\/\/moverdb.com\/wp-content\/uploads\/Maison-Genne-international-moving-company-300x139.png 300w, https:\/\/moverdb.com\/wp-content\/uploads\/Maison-Genne-international-moving-company-1024x473.png 1024w, https:\/\/moverdb.com\/wp-content\/uploads\/Maison-Genne-international-moving-company-18x8.png 18w, https:\/\/moverdb.com\/wp-content\/uploads\/Maison-Genne-international-moving-company-600x277.png 600w\" sizes=\"auto, (max-width: 1440px) 100vw, 1440px\" \/><\/em><\/p>\n<ul>\n<li>St\u011bhov\u00e1n\u00ed na n\u00e1rodn\u00ed \u00farovni<\/li>\n<li>Evropsk\u00e9 a celosv\u011btov\u00e9 p\u0159esuny<\/li>\n<li>Pr\u016fmyslov\u00e9 st\u011bhov\u00e1n\u00ed pro tov\u00e1rny a kancel\u00e1\u0159e<\/li>\n<li>St\u011bhov\u00e1n\u00ed do obytn\u00fdch prostor<\/li>\n<li>Individu\u00e1ln\u00ed slu\u017eby<\/li>\n<li>Balic\u00ed slu\u017eby<\/li>\n<li>Demont\u00e1\u017e a mont\u00e1\u017e n\u00e1bytku<\/li>\n<li>\u00daklidov\u00e9 slu\u017eby<\/li>\n<li>St\u011bhov\u00e1n\u00ed automobil\u016f<\/li>\n<li>\u0158e\u0161en\u00ed pro ukl\u00e1d\u00e1n\u00ed dat<\/li>\n<\/ul>\n<p>Maison Genne je mezin\u00e1rodn\u00ed st\u011bhovac\u00ed spole\u010dnost se s\u00eddlem v Rixensartu, kter\u00e1 m\u00e1 des\u00edtky let zku\u0161enost\u00ed se st\u011bhov\u00e1n\u00edm na n\u00e1rodn\u00ed i mezin\u00e1rodn\u00ed \u00farovni. Je \u010dlenem IAM s 53 lety slu\u017eby a ro\u010dn\u011b provede v\u00edce ne\u017e 1 800 st\u011bhov\u00e1n\u00ed. P\u0159i poskytov\u00e1n\u00ed sv\u00fdch mezin\u00e1rodn\u00edch slu\u017eeb spolupracuj\u00ed s kvalitn\u00edmi st\u011bhovac\u00edmi partnery po cel\u00e9m sv\u011bt\u011b.<\/p>\n<p>Maison Genne nab\u00edz\u00ed profesion\u00e1ln\u00ed st\u011bhovac\u00ed slu\u017eby, kter\u00e9 vyu\u017e\u00edvaj\u00ed nejmodern\u011bj\u0161\u00ed logistiku pro st\u011bhov\u00e1n\u00ed dom\u00e1cnost\u00ed a podnik\u016f v\u010detn\u011b tov\u00e1ren a kancel\u00e1\u0159\u00ed. Zjednodu\u0161uje st\u011bhov\u00e1n\u00ed a zbavuje v\u00e1s starost\u00ed. Nab\u00edzej\u00ed dal\u0161\u00ed slu\u017eby, kter\u00e9 zahrnuj\u00ed st\u011bhov\u00e1n\u00ed automobil\u016f, \u00faklid po st\u011bhov\u00e1n\u00ed, odvoz obalov\u00fdch krabic a uskladn\u011bn\u00ed n\u00e1bytku.<\/p>\n<p>Webov\u00e9 str\u00e1nky: <a href=\"https:\/\/www.genne.com\" target=\"_blank\" rel=\"noopener\">https:\/\/www.genne.com<\/a><\/p>\n<h2><span class=\"ez-toc-section\" id=\"16_Servaes_Services\"><\/span><strong>16. Slu\u017eby spole\u010dnosti Servaes<\/strong><span class=\"ez-toc-section-end\"><\/span><\/h2>\n<p><em><img loading=\"lazy\" decoding=\"async\" class=\"alignnone size-full wp-image-5203\" src=\"https:\/\/moverdb.com\/wp-content\/uploads\/Servaes-Services-international-moving-company.png\" alt=\"Servaes Services mezin\u00e1rodn\u00ed st\u011bhov\u00e1n\u00ed spole\u010dnost\" width=\"1440\" height=\"683\" data-wp-pid=\"5203\" srcset=\"https:\/\/moverdb.com\/wp-content\/uploads\/Servaes-Services-international-moving-company.png 1440w, https:\/\/moverdb.com\/wp-content\/uploads\/Servaes-Services-international-moving-company-300x142.png 300w, https:\/\/moverdb.com\/wp-content\/uploads\/Servaes-Services-international-moving-company-1024x486.png 1024w, https:\/\/moverdb.com\/wp-content\/uploads\/Servaes-Services-international-moving-company-18x9.png 18w, https:\/\/moverdb.com\/wp-content\/uploads\/Servaes-Services-international-moving-company-600x285.png 600w\" sizes=\"auto, (max-width: 1440px) 100vw, 1440px\" \/><\/em><\/p>\n<ul>\n<li>St\u011bhov\u00e1n\u00ed na n\u00e1rodn\u00ed \u00farovni<\/li>\n<li>Mezin\u00e1rodn\u00ed p\u0159esuny<\/li>\n<li>St\u011bhov\u00e1n\u00ed dom\u016f<\/li>\n<li>St\u011bhov\u00e1n\u00ed kancel\u00e1\u0159\u00ed<\/li>\n<li>Slu\u017eby na m\u00edru<\/li>\n<li>Osobn\u00ed vedouc\u00ed projektu<\/li>\n<li>Balic\u00ed slu\u017eby<\/li>\n<li>Mont\u00e1\u017e a demont\u00e1\u017e kancel\u00e1\u0159sk\u00e9ho n\u00e1bytku<\/li>\n<li>Celn\u00ed odbaven\u00ed<\/li>\n<li>\u0158e\u0161en\u00ed pro kr\u00e1tkodob\u00e9 a\u017e dlouhodob\u00e9 skladov\u00e1n\u00ed<\/li>\n<\/ul>\n<p>Servaes Services je st\u011bhovac\u00ed spole\u010dnost se s\u00eddlem ve Vilvoorde, kter\u00e1 p\u016fsob\u00ed ji\u017e v\u00edce ne\u017e 60 let a poskytuje st\u011bhovac\u00ed slu\u017eby v Belgii i po cel\u00e9m sv\u011bt\u011b. Spolupracuje se s\u00edt\u00ed <a href=\"https:\/\/moverdb.com\/cs\/euromovers\/\" data-internallinksmanager029f6b8e52c=\"12\" title=\"Vysv\u011btlen\u00ed partnerstv\u00ed evropsk\u00fdch p\u0159epravc\u016f (EUROMOVERS International)\">Euromovers<\/a> pom\u00e1hat lidem p\u0159i st\u011bhov\u00e1n\u00ed dom\u016f nebo do firmy kdekoli na sv\u011bt\u011b. Jsou \u010dleny IAM se 75letou tradic\u00ed.<\/p>\n<p>Spole\u010dnost Servaes Services nab\u00edz\u00ed slu\u017eby na m\u00edru s osobn\u00edm vedouc\u00edm projektu, kter\u00fd v\u00e1m pom\u016f\u017ee od pr\u016fzkumu a\u017e po slu\u017eby po st\u011bhov\u00e1n\u00ed. Nab\u00edz\u00ed balic\u00ed slu\u017eby, mont\u00e1\u017e a demont\u00e1\u017e n\u00e1bytku, celn\u00ed odbaven\u00ed a dokonce i \u00faklidov\u00e9 slu\u017eby. Nab\u00edzej\u00ed tak\u00e9 kr\u00e1tkodob\u00e1 i dlouhodob\u00e1 \u0159e\u0161en\u00ed skladov\u00e1n\u00ed v kontejnerech nebo vyt\u00e1p\u011bn\u00fdch a zabezpe\u010den\u00fdch skladech.<\/p>\n<p>Webov\u00e9 str\u00e1nky: <a href=\"http:\/\/www.servaesservices.be\" target=\"_blank\" rel=\"noopener\">http:\/\/www.servaesservices.be<\/a><\/p>\n<h2><span class=\"ez-toc-section\" id=\"Other_Useful_Guides_to_Belgium\"><\/span>Dal\u0161\u00ed u\u017eite\u010dn\u00ed pr\u016fvodci po Belgii<span class=\"ez-toc-section-end\"><\/span><\/h2>\n<ul>\n<li> <a href=\"https:\/\/moverdb.com\/cs\/kontejnerova-preprava\/belgie\/\">2024 Sazby n\u00e1mo\u0159n\u00ed kontejnerov\u00e9 dopravy do Belgie a z Belgie<\/a><\/li>\n<li> <a href=\"https:\/\/moverdb.com\/cs\/moving-to-belgium\/\">St\u011bhov\u00e1n\u00ed do Belgie? 2026 N\u00e1klady na bydlen\u00ed a tipy na st\u011bhov\u00e1n\u00ed<\/a><\/li>\n<li> <a href=\"https:\/\/moverdb.com\/cs\/moving-to-belgium\/best-places-to-live-belgium\/\">12 nejlep\u0161\u00edch m\u00edst k \u017eivotu v Belgii<\/a><\/li>\n<li> <a href=\"https:\/\/moverdb.com\/cs\/moving-to-belgium\/living-in-belgium\/\">21 tajemstv\u00ed o \u017eivot\u011b v Belgii, kter\u00e1 je t\u0159eba zn\u00e1t p\u0159ed st\u011bhov\u00e1n\u00edm<\/a><\/li>\n<\/ul>","protected":false},"excerpt":{"rendered":"<p>Moving home or relocating your business can be a busy time and moving internationally can be complex so employing a removal company to assist you can lighten the load. To help we have created a list of Belgium based removal companies that are members of the International Association of Movers (IAM) and\/or FIDI Accredited International [&hellip;]<\/p>\n","protected":false},"author":4,"featured_media":0,"parent":190,"menu_order":0,"comment_status":"closed","ping_status":"closed","template":"","meta":{"_genesis_hide_title":false,"_genesis_hide_breadcrumbs":false,"_genesis_hide_singular_image":false,"_genesis_hide_footer_widgets":false,"_genesis_custom_body_class":"","_genesis_custom_post_class":"","_genesis_layout":"","footnotes":""},"class_list":{"0":"post-5233","1":"page","2":"type-page","3":"status-publish","5":"entry","6":"has-post-thumbnail"},"_links":{"self":[{"href":"https:\/\/moverdb.com\/cs\/wp-json\/wp\/v2\/pages\/5233","targetHints":{"allow":["GET"]}}],"collection":[{"href":"https:\/\/moverdb.com\/cs\/wp-json\/wp\/v2\/pages"}],"about":[{"href":"https:\/\/moverdb.com\/cs\/wp-json\/wp\/v2\/types\/page"}],"author":[{"embeddable":true,"href":"https:\/\/moverdb.com\/cs\/wp-json\/wp\/v2\/users\/4"}],"replies":[{"embeddable":true,"href":"https:\/\/moverdb.com\/cs\/wp-json\/wp\/v2\/comments?post=5233"}],"version-history":[{"count":3,"href":"https:\/\/moverdb.com\/cs\/wp-json\/wp\/v2\/pages\/5233\/revisions"}],"predecessor-version":[{"id":17093,"href":"https:\/\/moverdb.com\/cs\/wp-json\/wp\/v2\/pages\/5233\/revisions\/17093"}],"up":[{"embeddable":true,"href":"https:\/\/moverdb.com\/cs\/wp-json\/wp\/v2\/pages\/190"}],"wp:attachment":[{"href":"https:\/\/moverdb.com\/cs\/wp-json\/wp\/v2\/media?parent=5233"}],"curies":[{"name":"wp","href":"https:\/\/api.w.org\/{rel}","templated":true}]}}