{"id":16459,"date":"2024-06-27T20:17:24","date_gmt":"2024-06-27T20:17:24","guid":{"rendered":"https:\/\/moverdb.com\/?page_id=16459"},"modified":"2026-01-08T15:05:48","modified_gmt":"2026-01-08T15:05:48","slug":"moving-to-germany-from-qatar","status":"publish","type":"page","link":"https:\/\/moverdb.com\/cs\/moving-to-germany\/moving-to-germany-from-qatar\/","title":{"rendered":"St\u011bhov\u00e1n\u00ed z Kataru do N\u011bmecka"},"content":{"rendered":"<p><img loading=\"lazy\" decoding=\"async\" class=\"alignnone size-full wp-image-16090\" src=\"https:\/\/moverdb.com\/wp-content\/uploads\/moving-to-germany-from-qatar-1.jpg\" alt=\"\" width=\"1000\" height=\"648\" srcset=\"https:\/\/moverdb.com\/wp-content\/uploads\/moving-to-germany-from-qatar-1.jpg 1000w, https:\/\/moverdb.com\/wp-content\/uploads\/moving-to-germany-from-qatar-1-300x194.jpg 300w, https:\/\/moverdb.com\/wp-content\/uploads\/moving-to-germany-from-qatar-1-18x12.jpg 18w\" sizes=\"auto, (max-width: 1000px) 100vw, 1000px\" \/><span style=\"font-weight: 400;\">Pokud zva\u017eujete st\u011bhov\u00e1n\u00ed z <a href=\"https:\/\/moverdb.com\/cs\/moving-to-qatar\/\" data-internallinksmanager029f6b8e52c=\"334\" title=\"St\u011bhov\u00e1n\u00ed do Kataru? 2026 N\u00e1klady na bydlen\u00ed a tipy na st\u011bhov\u00e1n\u00ed\">Katar<\/a> na <a href=\"https:\/\/moverdb.com\/cs\/moving-to-germany\/\" data-internallinksmanager029f6b8e52c=\"321\" title=\"St\u011bhov\u00e1n\u00ed do N\u011bmecka? 2026 N\u00e1klady na bydlen\u00ed a tipy na st\u011bhov\u00e1n\u00ed\">N\u011bmecko<\/a>, v tomto pr\u016fvodci se dozv\u00edte v\u0161e, co pot\u0159ebujete v\u011bd\u011bt - od v\u00edzov\u00fdch po\u017eadavk\u016f p\u0159es rozd\u00edly v \u017eivotn\u00edch n\u00e1kladech, tipy pro zdravotn\u00ed p\u00e9\u010di a\u017e po pravidla pro st\u011bhov\u00e1n\u00ed s dom\u00e1c\u00edmi mazl\u00ed\u010dky - a pom\u016f\u017ee v\u00e1m to. <\/span><span style=\"font-weight: 400;\">c\u00edtit se siln\u011bj\u0161\u00ed, a\u017e p\u0159ijde \u010das na velk\u00fd krok.<\/span><\/p>\n<p><b>Rychl\u00e1 fakta o N\u011bmecku:<\/b><\/p>\n<ol>\n<li style=\"font-weight: 400;\" aria-level=\"1\"><b>Obyvatelstvo: <\/b><span style=\"font-weight: 400;\">83,264 milionu (odhad na rok 2024)<\/span><\/li>\n<li style=\"font-weight: 400;\" aria-level=\"1\"><b>\u00da\u0159edn\u00ed jazyk:<\/b><span style=\"font-weight: 400;\"> N\u011bm\u010dina (<\/span><i><span style=\"font-weight: 400;\">de facto<\/span><\/i><span style=\"font-weight: 400;\">), p\u0159i\u010dem\u017e pro 95% obyvatel zem\u011b je n\u011bm\u010dina mate\u0159sk\u00fdm jazykem.<\/span><\/li>\n<li style=\"font-weight: 400;\" aria-level=\"1\"><b>HDP na obyvatele:<\/b><span style=\"font-weight: 400;\"> $51,203 USD (odhad na rok 2021)<\/span><\/li>\n<li style=\"font-weight: 400;\" aria-level=\"1\"><b>N\u00e1hodn\u00fd fakt<\/b><span style=\"font-weight: 400;\">: Slavn\u00e1 n\u011bmeck\u00e1 d\u00e1lnice Autobahn je zn\u00e1m\u00e1 t\u00edm, \u017ee na jej\u00edch \u00fasec\u00edch nen\u00ed omezena rychlost, a \u0159idi\u010di tak mohou jezdit velmi vysokou rychlost\u00ed.<\/span><\/li>\n<li style=\"font-weight: 400;\" aria-level=\"1\"><b>M\u011bna: <\/b><span style=\"font-weight: 400;\">Euro (\u20ac). V polovin\u011b roku 2024 bude 1 GBP = 1,15 \u20ac, $1 = 0,92 \u20ac, $1 CAD = 0,67 \u20ac, $1 AUD = 0,60 \u20ac. <\/span><\/li>\n<\/ol>\n<div id=\"ez-toc-container\" class=\"ez-toc-v2_0_82_2 ez-toc-wrap-left counter-hierarchy ez-toc-counter ez-toc-transparent ez-toc-container-direction\">\n<div class=\"ez-toc-title-container\">\n<p class=\"ez-toc-title\" style=\"cursor:inherit\">Sekce<\/p>\n<span class=\"ez-toc-title-toggle\"><a href=\"#\" class=\"ez-toc-pull-right ez-toc-btn ez-toc-btn-xs ez-toc-btn-default ez-toc-toggle\" aria-label=\"P\u0159epnut\u00ed tabulky obsahu\"><span class=\"ez-toc-js-icon-con\"><span class=\"\"><span class=\"eztoc-hide\" style=\"display:none;\">P\u0159ep\u00edna\u010d<\/span><span class=\"ez-toc-icon-toggle-span\"><svg style=\"fill: #999;color:#999\" xmlns=\"http:\/\/www.w3.org\/2000\/svg\" class=\"list-377408\" width=\"20px\" height=\"20px\" viewbox=\"0 0 24 24\" fill=\"none\"><path d=\"M6 6H4v2h2V6zm14 0H8v2h12V6zM4 11h2v2H4v-2zm16 0H8v2h12v-2zM4 16h2v2H4v-2zm16 0H8v2h12v-2z\" fill=\"currentColor\"><\/path><\/svg><svg style=\"fill: #999;color:#999\" class=\"arrow-unsorted-368013\" xmlns=\"http:\/\/www.w3.org\/2000\/svg\" width=\"10px\" height=\"10px\" viewbox=\"0 0 24 24\" version=\"1.2\" baseprofile=\"tiny\"><path d=\"M18.2 9.3l-6.2-6.3-6.2 6.3c-.2.2-.3.4-.3.7s.1.5.3.7c.2.2.4.3.7.3h11c.3 0 .5-.1.7-.3.2-.2.3-.5.3-.7s-.1-.5-.3-.7zM5.8 14.7l6.2 6.3 6.2-6.3c.2-.2.3-.5.3-.7s-.1-.5-.3-.7c-.2-.2-.4-.3-.7-.3h-11c-.3 0-.5.1-.7.3-.2.2-.3.5-.3.7s.1.5.3.7z\"\/><\/svg><\/span><\/span><\/span><\/a><\/span><\/div>\n<nav><ul class='ez-toc-list ez-toc-list-level-1 eztoc-toggle-hide-by-default' ><li class='ez-toc-page-1 ez-toc-heading-level-2'><a class=\"ez-toc-link ez-toc-heading-1\" href=\"https:\/\/moverdb.com\/cs\/moving-to-germany\/moving-to-germany-from-qatar\/#1_Moving_Costs_to_Germany_from_Qatar\" >1. N\u00e1klady na st\u011bhov\u00e1n\u00ed do N\u011bmecka z Kataru<\/a><\/li><li class='ez-toc-page-1 ez-toc-heading-level-2'><a class=\"ez-toc-link ez-toc-heading-2\" href=\"https:\/\/moverdb.com\/cs\/moving-to-germany\/moving-to-germany-from-qatar\/#2_How_Long_Does_It_Take_To_Move_to_Germany_from_Qatar\" >2. Jak dlouho trv\u00e1 st\u011bhov\u00e1n\u00ed z Kataru do N\u011bmecka?<\/a><\/li><li class='ez-toc-page-1 ez-toc-heading-level-2'><a class=\"ez-toc-link ez-toc-heading-3\" href=\"https:\/\/moverdb.com\/cs\/moving-to-germany\/moving-to-germany-from-qatar\/#3_Moving_Restrictions_to_Germany_from_Qatar\" >3. Omezen\u00ed st\u011bhov\u00e1n\u00ed z Kataru do N\u011bmecka<\/a><\/li><li class='ez-toc-page-1 ez-toc-heading-level-2'><a class=\"ez-toc-link ez-toc-heading-4\" href=\"https:\/\/moverdb.com\/cs\/moving-to-germany\/moving-to-germany-from-qatar\/#4_Visa_Requirements_to_Germany_from_Qatar\" >4. V\u00edzov\u00e9 po\u017eadavky do N\u011bmecka z Kataru<\/a><\/li><li class='ez-toc-page-1 ez-toc-heading-level-2'><a class=\"ez-toc-link ez-toc-heading-5\" href=\"https:\/\/moverdb.com\/cs\/moving-to-germany\/moving-to-germany-from-qatar\/#5_Cost_of_Living_Differences_in_Germany\" >5. Rozd\u00edly v \u017eivotn\u00edch n\u00e1kladech v N\u011bmecku<\/a><\/li><li class='ez-toc-page-1 ez-toc-heading-level-2'><a class=\"ez-toc-link ez-toc-heading-6\" href=\"https:\/\/moverdb.com\/cs\/moving-to-germany\/moving-to-germany-from-qatar\/#6_Tax_Treaties_in_Germany\" >6. Da\u0148ov\u00e9 smlouvy v N\u011bmecku<\/a><\/li><li class='ez-toc-page-1 ez-toc-heading-level-2'><a class=\"ez-toc-link ez-toc-heading-7\" href=\"https:\/\/moverdb.com\/cs\/moving-to-germany\/moving-to-germany-from-qatar\/#7_Working_Rules_in_Germany\" >7. Pracovn\u00ed \u0159\u00e1d v N\u011bmecku<\/a><\/li><li class='ez-toc-page-1 ez-toc-heading-level-2'><a class=\"ez-toc-link ez-toc-heading-8\" href=\"https:\/\/moverdb.com\/cs\/moving-to-germany\/moving-to-germany-from-qatar\/#8_Healthcare_in_Germany\" >8. Zdravotn\u00ed p\u00e9\u010de v N\u011bmecku<\/a><\/li><li class='ez-toc-page-1 ez-toc-heading-level-2'><a class=\"ez-toc-link ez-toc-heading-9\" href=\"https:\/\/moverdb.com\/cs\/moving-to-germany\/moving-to-germany-from-qatar\/#9_Rules_Around_Moving_With_Pets_in_Germany\" >9. Pravidla pro st\u011bhov\u00e1n\u00ed s dom\u00e1c\u00edmi zv\u00ed\u0159aty v N\u011bmecku<\/a><\/li><li class='ez-toc-page-1 ez-toc-heading-level-2'><a class=\"ez-toc-link ez-toc-heading-10\" href=\"https:\/\/moverdb.com\/cs\/moving-to-germany\/moving-to-germany-from-qatar\/#10_Similar_Cities\" >10. Podobn\u00e1 m\u011bsta<\/a><\/li><li class='ez-toc-page-1 ez-toc-heading-level-2'><a class=\"ez-toc-link ez-toc-heading-11\" href=\"https:\/\/moverdb.com\/cs\/moving-to-germany\/moving-to-germany-from-qatar\/#11_Pros_and_Cons_of_Moving_to_Germany_from_Qatar\" >11. V\u00fdhody a nev\u00fdhody st\u011bhov\u00e1n\u00ed z Kataru do N\u011bmecka<\/a><\/li><li class='ez-toc-page-1 ez-toc-heading-level-2'><a class=\"ez-toc-link ez-toc-heading-12\" href=\"https:\/\/moverdb.com\/cs\/moving-to-germany\/moving-to-germany-from-qatar\/#Other_Useful_Guides_to_Germany\" >Dal\u0161\u00ed u\u017eite\u010dn\u00ed pr\u016fvodci po N\u011bmecku<\/a><\/li><\/ul><\/nav><\/div>\n<h2><span class=\"ez-toc-section\" id=\"1_Moving_Costs_to_Germany_from_Qatar\"><\/span><b>1. N\u00e1klady na st\u011bhov\u00e1n\u00ed do N\u011bmecka z Kataru<\/b><span class=\"ez-toc-section-end\"><\/span><\/h2>\n<p>V n\u00ed\u017ee uveden\u00e9 tabulce jsou uvedeny odhadovan\u00e9 n\u00e1klady na pron\u00e1jem 20- nebo 40stop\u00e9ho kontejneru z Kataru a jeho p\u0159epravu do r\u016fzn\u00fdch m\u011bst v N\u011bmecku:<\/p>\n\n<table id=\"tablepress-520\" class=\"tablepress tablepress-id-520\">\n<thead>\n<tr class=\"row-1\">\n\t<th class=\"column-1\">C\u00edlov\u00e9 m\u011bsto<\/th><th class=\"column-2\">20FT<\/th><th class=\"column-3\">40FT<\/th>\n<\/tr>\n<\/thead>\n<tbody class=\"row-striping row-hover\">\n<tr class=\"row-2\">\n\t<td class=\"column-1\">Berl\u00edn<\/td><td class=\"column-2\">$2,150 - $2,400<\/td><td class=\"column-3\">$3,700 - $4,000<\/td>\n<\/tr>\n<tr class=\"row-3\">\n\t<td class=\"column-1\">Kol\u00edn nad R\u00fdnem<\/td><td class=\"column-2\">$2,250 - $2,500<\/td><td class=\"column-3\">$3,800 - $4,100<\/td>\n<\/tr>\n<tr class=\"row-4\">\n\t<td class=\"column-1\">Frankfurt<\/td><td class=\"column-2\">$2,350 - $2,600<\/td><td class=\"column-3\">$3,900 - $4,200<\/td>\n<\/tr>\n<tr class=\"row-5\">\n\t<td class=\"column-1\">Hamburk<\/td><td class=\"column-2\">$2,100 - $2,350<\/td><td class=\"column-3\">$3,600 - $3,900<\/td>\n<\/tr>\n<tr class=\"row-6\">\n\t<td class=\"column-1\">Mnichov<\/td><td class=\"column-2\">$2,400 - $2,700<\/td><td class=\"column-3\">$4,000 - $4,300<\/td>\n<\/tr>\n<\/tbody>\n<\/table>\n<!-- #tablepress-520 from cache -->\n<ul>\n<li>V\u0161echny \u00fadaje jsou v USD;<\/li>\n<li>V\u00fd\u0161e uveden\u00e9 sazby jsou pouze odhadovan\u00e9 a od doby aktualizace tohoto \u010dl\u00e1nku (\u010derven 2024) se mohou zm\u011bnit. Vych\u00e1zej\u00ed z nejni\u017e\u0161\u00ed odhadovan\u00e9 sazby bu\u010f z <a href=\"https:\/\/www.freightos.com\/\" target=\"_blank\" rel=\"noreferrer noopener\">Freightos<\/a>, <a href=\"https:\/\/www.icontainers.com\/\" target=\"_blank\" rel=\"noreferrer noopener\">iContainers<\/a>, nebo <a href=\"https:\/\/www.searates.com\/\" target=\"_blank\" rel=\"noreferrer noopener\">SeaRates<\/a>;<\/li>\n<li>Chcete-li z\u00edskat p\u0159esn\u011bj\u0161\u00ed p\u0159edstavu o n\u00e1kladech, pou\u017eijte pros\u00edm formul\u00e1\u0159 nab\u00eddky v horn\u00ed \u010d\u00e1sti t\u00e9to str\u00e1nky;<\/li>\n<li>Pod\u00edvejte se tak\u00e9 na na\u0161eho pr\u016fvodce <a href=\"https:\/\/moverdb.com\/cs\/kontejnerova-preprava\/\" target=\"_blank\" rel=\"noreferrer noopener\">mezin\u00e1rodn\u00ed kontejnerov\u00e1 doprava<\/a>.<\/li>\n<\/ul>\n<h2><span class=\"ez-toc-section\" id=\"2_How_Long_Does_It_Take_To_Move_to_Germany_from_Qatar\"><\/span><b>2. Jak dlouho trv\u00e1 st\u011bhov\u00e1n\u00ed z Kataru do N\u011bmecka?<\/b><b><\/b><span class=\"ez-toc-section-end\"><\/span><\/h2>\n<p><span style=\"font-weight: 400;\">Pod\u00edvejme se na p\u0159\u00edklady \u010das\u016f a n\u00e1klad\u016f na cestu z Dauh\u00e1 na hlavn\u00ed n\u011bmeck\u00e9 leti\u0161t\u011b ve Frankfurtu nad Mohanem a do Berl\u00edna a Mnichova.<\/span><\/p>\n<ul>\n<li style=\"font-weight: 400;\" aria-level=\"1\"><span style=\"font-weight: 400;\"><strong>Z Dauh\u00e1 do Frankfurtu<\/strong> - 6 hodin, 25 minut - <\/span><span style=\"font-weight: 400;\">\u00a0\u20ac597<\/span><\/li>\n<li style=\"font-weight: 400;\" aria-level=\"1\"><span style=\"font-weight: 400;\"><strong>Z Dauh\u00e1 do Berl\u00edna<\/strong> - 6 hodin -<\/span><span style=\"font-weight: 400;\"> \u20ac645<\/span><\/li>\n<li style=\"font-weight: 400;\" aria-level=\"1\"><span style=\"font-weight: 400;\"><strong>Z Dauh\u00e1 do Mnichova<\/strong> - 6 hodin - <\/span><span style=\"font-weight: 400;\">\u00a0\u20ac587<\/span><span style=\"font-weight: 400;\"><br \/>\n<\/span><\/li>\n<\/ul>\n<p><span style=\"font-weight: 400;\">Tato doba zahrnuje pouze dobu letu, tak\u017ee je t\u0159eba p\u0159ipo\u010d\u00edtat dal\u0161\u00ed \u010das na cestu z termin\u00e1lu do c\u00edlov\u00e9 destinace.<\/span><b><\/b><\/p>\n<h2><span class=\"ez-toc-section\" id=\"3_Moving_Restrictions_to_Germany_from_Qatar\"><\/span><b>3. Omezen\u00ed st\u011bhov\u00e1n\u00ed z Kataru do N\u011bmecka<\/b><span class=\"ez-toc-section-end\"><\/span><\/h2>\n<p><span style=\"font-weight: 400;\">St\u011bhov\u00e1n\u00ed z jedn\u00e9 zem\u011b do jin\u00e9 s sebou nese r\u016fzn\u00e1 omezen\u00ed - p\u0159edev\u0161\u00edm v\u00edzovou povinnost, kter\u00e9 se budeme v\u011bnovat v n\u00e1sleduj\u00edc\u00ed \u010d\u00e1sti.\u00a0<\/span><\/p>\n<p><span style=\"font-weight: 400;\">P\u0159ed cestou se mus\u00edte ujistit, \u017ee m\u00e1te uzav\u0159en\u00e9 zdravotn\u00ed poji\u0161t\u011bn\u00ed, abyste byli kryti v p\u0159\u00edpad\u011b l\u00e9ka\u0159sk\u00e9 pohotovosti. Pokud v N\u011bmecku nastupujete do zam\u011bstn\u00e1n\u00ed, m\u016f\u017ee v\u00e1s zam\u011bstnavatel p\u0159ihl\u00e1sit ke zdravotn\u00edmu poji\u0161t\u011bn\u00ed, ale je d\u016fle\u017eit\u00e9 m\u00edt osobn\u00ed poji\u0161t\u011bn\u00ed pro p\u0159\u00edpad, \u017ee by tomu tak nebylo. P\u0159ed cestou si mus\u00edte vy\u0159e\u0161it ubytov\u00e1n\u00ed b\u011bhem pobytu v N\u011bmecku, kter\u00e9 uvedete do \u017e\u00e1dosti o povolen\u00ed k pobytu.<\/span><\/p>\n<p><span style=\"font-weight: 400;\">Ti, kte\u0159\u00ed cht\u011bj\u00ed cestovat s dom\u00e1c\u00edmi mazl\u00ed\u010dky p\u0159es hranice, se mus\u00ed ujistit, \u017ee jejich ko\u010dka nebo pes jsou dostate\u010dn\u011b o\u010dkovan\u00ed a ozna\u010deni mikro\u010dipem, o \u010dem\u017e se podrobn\u011bji zm\u00edn\u00edme v dal\u0161\u00edch kapitol\u00e1ch. P\u0159ed p\u0159\u00edjezdem na leti\u0161t\u011b je rozumn\u00e9 zkontrolovat v\u0161echny p\u0159edm\u011bty, kter\u00e9 budete p\u0159ev\u00e1\u017eet p\u0159es hranice, abyste se ujistili, \u017ee jsou v N\u011bmecku leg\u00e1ln\u00ed - nap\u0159\u00edklad n\u011bkter\u00e9 specifick\u00e9 l\u00e9ky.<\/span><\/p>\n<p><span style=\"font-weight: 400;\">V dob\u011b psan\u00ed tohoto \u010dl\u00e1nku neplat\u00ed mezi N\u011bmeckem a Katarem \u017e\u00e1dn\u00e1 omezen\u00ed COVID-19, ale m\u011bli byste si to v dob\u011b cesty ov\u011b\u0159it, abyste m\u011bli co nejaktu\u00e1ln\u011bj\u0161\u00ed informace.<\/span><\/p>\n<h2><span class=\"ez-toc-section\" id=\"4_Visa_Requirements_to_Germany_from_Qatar\"><\/span>4. V\u00edza<b> Po\u017eadavky na N\u011bmecko z Kataru<\/b><span class=\"ez-toc-section-end\"><\/span><\/h2>\n<p><span style=\"font-weight: 400;\">Pokud se chyst\u00e1te do N\u011bmecka na t\u0159i m\u011bs\u00edce nebo d\u00e9le, pot\u0159ebujete krom\u011b platn\u00e9ho cestovn\u00edho pasu tak\u00e9 v\u00edzum, kter\u00e9 v\u00e1m umo\u017en\u00ed vstup do zem\u011b. Pro ty, kte\u0159\u00ed cht\u011bj\u00ed nav\u0161t\u00edvit N\u011bmecko na kr\u00e1tkou dobu - t\u0159i m\u011bs\u00edce nebo m\u00e9n\u011b - v\u00edzum nen\u00ed nutn\u00e9.<\/span><\/p>\n<p><span style=\"font-weight: 400;\">K dispozici jsou r\u016fzn\u00e9 typy v\u00edz:<\/span><\/p>\n<ul>\n<li style=\"font-weight: 400;\" aria-level=\"1\"><span style=\"font-weight: 400;\"><strong>Turistick\u00e1 a n\u00e1v\u0161t\u011bvnick\u00e1 v\u00edza<\/strong> - pro jednotlivce, kte\u0159\u00ed cht\u011bj\u00ed nav\u0161t\u00edvit volno\u010dasov\u00e9 aktivity.<\/span><\/li>\n<li style=\"font-weight: 400;\" aria-level=\"1\"><span style=\"font-weight: 400;\"><strong>V\u00edzum pro uchaze\u010de o zam\u011bstn\u00e1n\u00ed<\/strong> - pro z\u00e1jemce o zam\u011bstn\u00e1n\u00ed v N\u011bmecku<\/span><\/li>\n<li style=\"font-weight: 400;\" aria-level=\"1\"><span style=\"font-weight: 400;\"><strong>Pracovn\u00ed v\u00edzum<\/strong> - pro zam\u011bstnan\u00e9 v N\u011bmecku<\/span><\/li>\n<li style=\"font-weight: 400;\" aria-level=\"1\"><span style=\"font-weight: 400;\"><strong>Obchodn\u00ed v\u00edzum<\/strong> - pro fyzick\u00e9 osoby, kter\u00e9 cht\u011bj\u00ed v N\u011bmecku pob\u00fdvat d\u00e9le ne\u017e 90 dn\u00ed, ale celkov\u011b m\u00e9n\u011b ne\u017e 6 m\u011bs\u00edc\u016f, a to v r\u00e1mci sv\u00e9 podnikatelsk\u00e9 \u010dinnosti.<\/span><\/li>\n<\/ul>\n<p><span style=\"font-weight: 400;\">K z\u00edsk\u00e1n\u00ed v\u00edza je t\u0159eba:<\/span><\/p>\n<ul>\n<li style=\"font-weight: 400;\" aria-level=\"1\"><span style=\"font-weight: 400;\">Vypl\u0148te formul\u00e1\u0159 \u017e\u00e1dosti o v\u00edzum, kter\u00e9 po\u017eadujete.<\/span><\/li>\n<li style=\"font-weight: 400;\" aria-level=\"1\"><span style=\"font-weight: 400;\">Ujist\u011bte se, \u017ee v\u00e1\u0161 cestovn\u00ed pas je platn\u00fd v dob\u011b cesty a je\u0161t\u011b nejm\u00e9n\u011b t\u0159i m\u011bs\u00edce po ukon\u010den\u00ed pobytu v N\u011bmecku.<\/span><\/li>\n<li style=\"font-weight: 400;\" aria-level=\"1\"><span style=\"font-weight: 400;\">Pro \u00fa\u010dely dokumentace si p\u0159ipravte fotografii pasov\u00e9 velikosti.<\/span><\/li>\n<li style=\"font-weight: 400;\" aria-level=\"1\"><span style=\"font-weight: 400;\">M\u00edt doklad o zdravotn\u00edm poji\u0161t\u011bn\u00ed<\/span><\/li>\n<li style=\"font-weight: 400;\" aria-level=\"1\"><span style=\"font-weight: 400;\">Uve\u010fte pl\u00e1n cesty v\u010detn\u011b pl\u00e1novan\u00e9ho m\u00edsta ubytov\u00e1n\u00ed.<\/span><\/li>\n<li style=\"font-weight: 400;\" aria-level=\"1\"><span style=\"font-weight: 400;\">p\u0159edlo\u017ete doklad o sv\u00fdch finan\u010dn\u00edch prost\u0159edc\u00edch, abyste se mohli po dobu pobytu zajistit.<\/span><\/li>\n<\/ul>\n<p><span style=\"font-weight: 400;\">Obvykle to trv\u00e1 10 a\u017e 15 pracovn\u00edch dn\u016f, ale je lep\u0161\u00ed si p\u0159ed pl\u00e1novanou cestou nechat v\u00edce \u010dasu, abyste m\u011bli jistotu, \u017ee v\u0161e bude vy\u0159\u00edzeno v\u010das.<\/span><\/p>\n<p><span style=\"font-weight: 400;\">Ve v\u0161ech p\u0159\u00edpadech se mus\u00edte obr\u00e1tit na v\u00edzov\u00e9ho specialistu, kter\u00fd v\u00e1m porad\u00ed s va\u0161\u00ed situac\u00ed, a v\u017edy se informovat o nejnov\u011bj\u0161\u00edch zm\u011bn\u00e1ch v pravidlech.<\/span><b><\/b><\/p>\n<h2><span class=\"ez-toc-section\" id=\"5_Cost_of_Living_Differences_in_Germany\"><\/span><b>5. Rozd\u00edly v \u017eivotn\u00edch n\u00e1kladech v N\u011bmecku<\/b><span class=\"ez-toc-section-end\"><\/span><\/h2>\n<p><b><img loading=\"lazy\" decoding=\"async\" class=\"alignnone size-full wp-image-16091\" src=\"https:\/\/moverdb.com\/wp-content\/uploads\/moving-to-germany-from-qatar-2.jpg\" alt=\"\" width=\"1000\" height=\"667\" srcset=\"https:\/\/moverdb.com\/wp-content\/uploads\/moving-to-germany-from-qatar-2.jpg 1000w, https:\/\/moverdb.com\/wp-content\/uploads\/moving-to-germany-from-qatar-2-300x200.jpg 300w, https:\/\/moverdb.com\/wp-content\/uploads\/moving-to-germany-from-qatar-2-18x12.jpg 18w\" sizes=\"auto, (max-width: 1000px) 100vw, 1000px\" \/><\/b><span style=\"font-weight: 400;\">Tento \u010dl\u00e1nek se sice t\u00fdk\u00e1 N\u011bmecka jako celku, ale ceny dom\u016f se v jednotliv\u00fdch oblastech li\u0161\u00ed, nicm\u00e9n\u011b n\u00ed\u017ee uveden\u00e9 \u00fadaje v\u00e1m napov\u00ed, co a za jakou cenu je k dispozici.<\/span><\/p>\n<p><span style=\"font-weight: 400;\">Obecn\u011b lze \u0159\u00edci, \u017ee \u017eivotn\u00ed n\u00e1klady v Berl\u00edn\u011b jsou podle odhad\u016f o 25,51 USD5T vy\u0161\u0161\u00ed ne\u017e v Kataru, zat\u00edmco n\u00e1jemn\u00e9 je p\u0159ibli\u017en\u011b o 11,31 USD5T ni\u017e\u0161\u00ed.<\/span><\/p>\n<p><b>M\u011bs\u00ed\u010dn\u00ed ceny pron\u00e1jmu v N\u011bmecko:<\/b><\/p>\n<ul>\n<li style=\"font-weight: 400;\" aria-level=\"1\"><span style=\"font-weight: 400;\">Byt s 1 lo\u017enic\u00ed v centru m\u011bsta:<\/span> <span style=\"font-weight: 400;\">\u20ac1,270+<\/span><\/li>\n<li style=\"font-weight: 400;\" aria-level=\"1\"><span style=\"font-weight: 400;\">Byt s 1 lo\u017enic\u00ed mimo centrum m\u011bsta: <\/span><span style=\"font-weight: 400;\">\u20ac910+<\/span><\/li>\n<li style=\"font-weight: 400;\" aria-level=\"1\"><span style=\"font-weight: 400;\">Byt se 3 lo\u017enicemi v centru m\u011bsta: <\/span><span style=\"font-weight: 400;\">\u20ac2,375+<\/span><\/li>\n<li style=\"font-weight: 400;\" aria-level=\"1\"><span style=\"font-weight: 400;\">Byt se 3 lo\u017enicemi mimo centrum m\u011bsta: <\/span><span style=\"font-weight: 400;\">\u20ac1,780+<\/span><\/li>\n<\/ul>\n<p><b>N\u00e1kupn\u00ed ceny dom\u016f v N\u011bmecku:<\/b><\/p>\n<ul>\n<li style=\"font-weight: 400;\" aria-level=\"1\"><span style=\"font-weight: 400;\">Cena za metr \u010dtvere\u010dn\u00ed ke koupi v centru m\u011bsta: <\/span><span style=\"font-weight: 400;\">\u20ac7,950+<\/span><\/li>\n<li style=\"font-weight: 400;\" aria-level=\"1\"><span style=\"font-weight: 400;\">Cena za metr \u010dtvere\u010dn\u00ed (10,7 \u010dtvere\u010dn\u00edch stop) p\u0159i koupi mimo m\u011bsto: <\/span><span style=\"font-weight: 400;\">\u20ac5,850+<\/span><\/li>\n<\/ul>\n<p><b><i>Zdroj: <\/i><\/b><a href=\"https:\/\/www.numbeo.com\/cost-of-living\/compare_cities.jsp?country1=Qatar&amp;country2=Germany&amp;city1=Doha&amp;city2=Berlin&amp;tracking=getDispatchComparison\" target=\"_blank\" rel=\"noopener\"><i><span style=\"font-weight: 400;\">Numbeo<\/span><\/i><\/a><\/p>\n<h2><span class=\"ez-toc-section\" id=\"6_Tax_Treaties_in_Germany\"><\/span><b>6. Da\u0148ov\u00e9 smlouvy v N\u011bmecku<\/b><b><\/b><span class=\"ez-toc-section-end\"><\/span><\/h2>\n<p><span style=\"font-weight: 400;\">Katar a N\u011bmecko nemaj\u00ed uzav\u0159enou smlouvu o zamezen\u00ed dvoj\u00edho zdan\u011bn\u00ed. Hlavn\u00ed rozd\u00edl mezi jejich p\u0159\u00edstupy ke zdan\u011bn\u00ed spo\u010d\u00edv\u00e1 v tom, \u017ee Katar nem\u00e1 da\u0148 z p\u0159\u00edjmu, zat\u00edmco N\u011bmecko ano.<\/span><span style=\"font-weight: 400;\"><br \/>\n<\/span><\/p>\n<p><span style=\"font-weight: 400;\">V dob\u011b psan\u00ed tohoto \u010dl\u00e1nku platily v N\u011bmecku tyto sazby dan\u011b z p\u0159\u00edjmu fyzick\u00fdch osob:<\/span><\/p>\n<ul>\n<li style=\"font-weight: 400;\" aria-level=\"1\"><span style=\"font-weight: 400;\">0% na p\u0159\u00edjmy do <\/span><span style=\"font-weight: 400;\">\u20ac9,744<\/span><\/li>\n<li style=\"font-weight: 400;\" aria-level=\"1\"><span style=\"font-weight: 400;\">14% a\u017e 42% p\u0159i p\u0159\u00edjmu od 9 745 EUR do 57 918 EUR.<\/span><\/li>\n<li style=\"font-weight: 400;\" aria-level=\"1\"><span style=\"font-weight: 400;\">42% p\u0159i p\u0159\u00edjmu od 57 919 EUR do 274 612 EUR.<\/span><\/li>\n<li style=\"font-weight: 400;\" aria-level=\"1\"><span style=\"font-weight: 400;\">45% p\u0159i p\u0159\u00edjmu nad 274 613 EUR<\/span><\/li>\n<\/ul>\n<p><span style=\"font-weight: 400;\">Uv\u011bdomte si, \u017ee podm\u00ednky se mohou m\u011bnit, a proto je nejlep\u0161\u00ed sledovat v\u0161echny relevantn\u00ed zm\u011bny, kter\u00e9 mohou m\u00edt vliv na v\u00e1s a v\u00e1\u0161 p\u0159\u00edjem v N\u011bmecku.<\/span><\/p>\n<p><span style=\"font-weight: 400;\">Pokud jste po\u017e\u00e1dali o povolen\u00ed k pobytu v N\u011bmecku, mohou se va\u0161e da\u0148ov\u00e9 povinnosti li\u0161it, a proto je d\u016fle\u017eit\u00e9 po\u017e\u00e1dat o pomoc finan\u010dn\u00edho odborn\u00edka, abyste se ujistili, \u017ee dodr\u017eujete spr\u00e1vn\u00e9 pokyny.<\/span><b><\/b><\/p>\n<h2><span class=\"ez-toc-section\" id=\"7_Working_Rules_in_Germany\"><\/span><b>7. Pracovn\u00ed \u0159\u00e1d v N\u011bmecku<\/b><span class=\"ez-toc-section-end\"><\/span><\/h2>\n<p><span style=\"font-weight: 400;\">P\u0159ed n\u00e1stupem do nov\u00e9ho zam\u011bstn\u00e1n\u00ed v N\u011bmecku mus\u00edte m\u00edt p\u0159edem vy\u0159\u00edzen\u00e9 v\u0161echny dokumenty, abyste si zajistili hladk\u00fd p\u0159echod. K tomu pat\u0159\u00ed i to, \u017ee si p\u0159ed cestou vy\u0159\u00edd\u00edte pracovn\u00ed v\u00edzum.<\/span><\/p>\n<p><span style=\"font-weight: 400;\">Pokud m\u00e1te nab\u00eddku zam\u011bstn\u00e1n\u00ed od n\u011bmeck\u00e9ho zam\u011bstnavatele, je pravd\u011bpodobn\u00e9, \u017ee tento proces zah\u00e1j\u00ed zam\u011bstnavatel za v\u00e1s - je v\u0161ak rozumn\u00e9 se o tom ujistit a nep\u0159edpokl\u00e1dat to, proto\u017ee to m\u016f\u017ee v\u00e9st ke zpo\u017ed\u011bn\u00ed vy\u0159\u00edzen\u00ed \u017e\u00e1dosti nebo v n\u011bkter\u00fdch p\u0159\u00edpadech k odep\u0159en\u00ed vstupu.<\/span><\/p>\n<p><span style=\"font-weight: 400;\">Nab\u00eddky pr\u00e1ce mohou b\u00fdt ud\u011bleny osob\u00e1m s n\u00e1sleduj\u00edc\u00edmi dovednostmi:<\/span><\/p>\n<ul>\n<li style=\"font-weight: 400;\" aria-level=\"1\"><span style=\"font-weight: 400;\">V\u00fdzkumn\u00ed pracovn\u00edci se \"zvl\u00e1\u0161tn\u00edmi technick\u00fdmi znalostmi<\/span><\/li>\n<li style=\"font-weight: 400;\" aria-level=\"1\"><span style=\"font-weight: 400;\">V\u011bdci v konkr\u00e9tn\u00edch oborech<\/span><\/li>\n<li style=\"font-weight: 400;\" aria-level=\"1\"><span style=\"font-weight: 400;\">Mana\u017ee\u0159i nebo specialist\u00e9 v podnikov\u00fdch oblastech<\/span><\/li>\n<li style=\"font-weight: 400;\" aria-level=\"1\"><span style=\"font-weight: 400;\">U\u010ditel\u00e9<\/span><\/li>\n<\/ul>\n<p><span style=\"font-weight: 400;\">Standardn\u00ed doba platnosti n\u011bmeck\u00e9ho pracovn\u00edho v\u00edza je jeden rok, ale v p\u0159\u00edpad\u011b del\u0161\u00ed pracovn\u00ed st\u00e1\u017ee ji lze prodlou\u017eit.\u00a0<\/span><\/p>\n<p><span style=\"font-weight: 400;\">M\u016f\u017eete tak\u00e9 po\u017e\u00e1dat o modrou kartu EU, kter\u00e1 bude platn\u00e1 po dobu trv\u00e1n\u00ed va\u0161\u00ed pracovn\u00ed smlouvy a m\u016f\u017ee b\u00fdt prodlou\u017eena a\u017e na \u010dty\u0159i roky. Pro jej\u00ed z\u00edsk\u00e1n\u00ed v\u0161ak plat\u00ed pon\u011bkud odli\u0161n\u00e9 podm\u00ednky:<\/span><\/p>\n<ul>\n<li style=\"font-weight: 400;\" aria-level=\"1\"><span style=\"font-weight: 400;\">P\u0159ed pod\u00e1n\u00edm \u017e\u00e1dosti o modrou kartu EU mus\u00edte nejprve z\u00edskat z\u00e1vaznou nab\u00eddku zam\u011bstn\u00e1n\u00ed od n\u011bmeck\u00e9ho zam\u011bstnavatele, nebo<\/span><\/li>\n<li style=\"font-weight: 400;\" aria-level=\"1\"><span style=\"font-weight: 400;\">Mus\u00edte m\u00edt n\u011bmeck\u00fd diplom nebo akademick\u00fd titul, kter\u00fd je v N\u011bmecku \"uzn\u00e1v\u00e1n\".<\/span><\/li>\n<li style=\"font-weight: 400;\" aria-level=\"1\"><span style=\"font-weight: 400;\">O\u010dek\u00e1v\u00e1 se, \u017ee v\u00e1\u0161 plat dos\u00e1hne nebo p\u0159ekro\u010d\u00ed hrubou odm\u011bnu ve v\u00fd\u0161i 56 400 EUR.<\/span><\/li>\n<\/ul>\n<p><span style=\"font-weight: 400;\">Pokud jste si je\u0161t\u011b nezajistili pr\u00e1ci, ale chcete se na n\u011bmeck\u00e9m trhu uplatnit, m\u016f\u017eete po\u017e\u00e1dat o v\u00edzum pro uchaze\u010de o zam\u011bstn\u00e1n\u00ed, kter\u00e9 v\u00e1m umo\u017en\u00ed str\u00e1vit v zemi \u0161est m\u011bs\u00edc\u016f hled\u00e1n\u00edm pr\u00e1ce.<\/span><\/p>\n<p><span style=\"font-weight: 400;\">A\u0165 u\u017e je va\u0161e pracovn\u00ed situace jak\u00e1koli, je d\u016fle\u017eit\u00e9, abyste si p\u0159ed vstupem do zem\u011b vy\u0159\u00eddili v\u00edzum, a zajistili si tak hladk\u00fd p\u0159echod. D\u016fle\u017eit\u00e9 je tak\u00e9 sezn\u00e1mit se s dan\u011bmi a v\u0161emi v\u00fdhodn\u00fdmi programy, jako je nap\u0159\u00edklad zdravotn\u00ed p\u00e9\u010de, abyste m\u011bli p\u0159ehled o sv\u00fdch pr\u00e1vech.<\/span><b><\/b><\/p>\n<h2><span class=\"ez-toc-section\" id=\"8_Healthcare_in_Germany\"><\/span><b>8. Zdravotn\u00ed p\u00e9\u010de v N\u011bmecku<\/b><b><\/b><span class=\"ez-toc-section-end\"><\/span><\/h2>\n<p><span style=\"font-weight: 400;\">Zdravotn\u00ed poji\u0161t\u011bn\u00ed je v N\u011bmecku povinn\u00e9. V z\u00e1vislosti na v\u00fd\u0161i p\u0159\u00edjmu si m\u016f\u017eete vybrat mezi povinn\u00fdm ve\u0159ejn\u00fdm zdravotn\u00edm poji\u0161t\u011bn\u00edm a soukrom\u00fdm zdravotn\u00edm poji\u0161t\u011bn\u00edm.<\/span><\/p>\n<p><span style=\"font-weight: 400;\">Ti, kte\u0159\u00ed maj\u00ed pracovn\u00ed nab\u00eddku od n\u011bmeck\u00e9ho zam\u011bstnavatele, pravd\u011bpodobn\u011b z\u00edskaj\u00ed ve\u0159ejn\u00e9 zdravotn\u00ed poji\u0161t\u011bn\u00ed jako sou\u010d\u00e1st pracovn\u00edho bal\u00ed\u010dku. To v\u00e1m bude poskytnuto jako p\u0159\u00edsp\u011bvek na mzdu, kter\u00fd v sou\u010dasn\u00e9 dob\u011b \u010din\u00ed 14,6% z va\u0161\u00ed hrub\u00e9 mzdy (to se v\u0161ak m\u016f\u017ee zm\u011bnit).<\/span><\/p>\n<p><span style=\"font-weight: 400;\">D\u00e1le si m\u016f\u017eete zvolit \u00farazov\u00e9 poji\u0161t\u011bn\u00ed, kter\u00e9 se vztahuje na \u00farazy v pr\u00e1ci nebo na cest\u011b na pracovi\u0161t\u011b \u010di z n\u011bj, nebo poji\u0161t\u011bn\u00ed dlouhodob\u00e9 p\u00e9\u010de, kter\u00e9 se vztahuje na p\u0159\u00edpady, kdy \u010dlov\u011bk nen\u00ed schopen \"norm\u00e1ln\u011b\" fungovat v r\u00e1mci sv\u00e9ho b\u011b\u017en\u00e9ho denn\u00edho re\u017eimu.\u00a0<\/span><\/p>\n<p><span style=\"font-weight: 400;\">P\u0159ed cestou do N\u011bmecka si mus\u00edte p\u0159edem sjednat zdravotn\u00ed poji\u0161t\u011bn\u00ed, abyste m\u011bli jistotu, \u017ee budete kryti pro p\u0159\u00edpad \u00farazu nebo zran\u011bn\u00ed. M\u011bli byste se tak\u00e9 poradit se sv\u00fdm budouc\u00edm zam\u011bstnavatelem, abyste p\u0159\u00edpadn\u011b pochopili, co je a nen\u00ed zahrnuto v pl\u00e1nu.\u00a0<\/span><b><\/b><\/p>\n<h2><span class=\"ez-toc-section\" id=\"9_Rules_Around_Moving_With_Pets_in_Germany\"><\/span><b>9. Pravidla pro st\u011bhov\u00e1n\u00ed s dom\u00e1c\u00edmi zv\u00ed\u0159aty v N\u011bmecku<\/b><b><\/b><span class=\"ez-toc-section-end\"><\/span><\/h2>\n<p><span style=\"font-weight: 400;\">St\u011bhov\u00e1n\u00ed zahrnuje spoustu krabic s v\u011bcmi - ale m\u016f\u017ee zahrnovat i n\u011bkter\u00e9 obzvl\u00e1\u0161t\u011b d\u016fle\u017eit\u00e9 chlupat\u00e9 p\u0159\u00e1tele! Pokud se pot\u0159ebujete p\u0159est\u011bhovat do N\u011bmecka s dom\u00e1c\u00edm mazl\u00ed\u010dkem v n\u00e1ru\u010d\u00ed, tady je to, co byste m\u011bli v\u011bd\u011bt.<\/span><\/p>\n<p><span style=\"font-weight: 400;\">Pokud si chcete do N\u011bmecka z Kataru p\u0159iv\u00e9zt psa nebo ko\u010dku, mus\u00edte se ujistit, \u017ee va\u0161e zv\u00ed\u0159e:<\/span><\/p>\n<ul>\n<li style=\"font-weight: 400;\" aria-level=\"1\"><span style=\"font-weight: 400;\">p\u0159ed o\u010dkov\u00e1n\u00edm proti vzteklin\u011b je opat\u0159en mikro\u010dipem.<\/span><\/li>\n<li style=\"font-weight: 400;\" aria-level=\"1\"><span style=\"font-weight: 400;\">m\u00e1 o\u010dkov\u00e1n\u00ed proti vzteklin\u011b - bu\u010f z\u00e1kladn\u00ed, nebo posilovac\u00ed - podle toho, kdy bylo va\u0161e zv\u00ed\u0159e p\u016fvodn\u011b o\u010dkov\u00e1no - nejm\u00e9n\u011b 21 dn\u00ed p\u0159ed vstupem do N\u011bmecka.<\/span><\/li>\n<li style=\"font-weight: 400;\" aria-level=\"1\"><span style=\"font-weight: 400;\">Pokud s sebou berete psa, mus\u00ed m\u00edt v pase zv\u00ed\u0159ete v z\u00e1jmov\u00e9m chovu zaps\u00e1no o\u0161et\u0159en\u00ed proti tasemnici.<\/span><\/li>\n<\/ul>\n<p><span style=\"font-weight: 400;\">P\u0159i vstupu do zem\u011b obvykle neb\u00fdv\u00e1 stanovena \u017e\u00e1dn\u00e1 karant\u00e9na, ale je lep\u0161\u00ed si tyto informace zjistit p\u0159\u00edpad od p\u0159\u00edpadu, proto\u017ee pokyny se mohou zna\u010dn\u011b li\u0161it. M\u016f\u017eete se pod\u00edvat na <\/span><a href=\"https:\/\/uae.diplo.de\/ae-en\/ueber-uns\/generalkonsulat1\" target=\"_blank\" rel=\"noopener\"><span style=\"font-weight: 400;\">N\u011bmeck\u00e9 velvyslanectv\u00ed<\/span><\/a><span style=\"font-weight: 400;\"> nejlep\u0161\u00ed dokumentaci k tomuto t\u00e9matu.\u00a0<\/span><\/p>\n<p><span style=\"font-weight: 400;\">N\u011bkter\u00e1 plemena ps\u016f nemaj\u00ed do N\u011bmecka povolen vstup. Pat\u0159\u00ed mezi n\u011b:<\/span><span style=\"font-weight: 400;\"><br \/>\n<\/span><\/p>\n<ul>\n<li style=\"font-weight: 400;\" aria-level=\"1\"><span style=\"font-weight: 400;\">Bullteri\u00e9\u0159i<\/span><\/li>\n<li style=\"font-weight: 400;\" aria-level=\"1\"><span style=\"font-weight: 400;\">Pitbulteri\u00e9\u0159i<\/span><\/li>\n<li style=\"font-weight: 400;\" aria-level=\"1\"><span style=\"font-weight: 400;\">Staford\u0161\u00edr\u0161t\u00ed bulteri\u00e9\u0159i<\/span><\/li>\n<li style=\"font-weight: 400;\" aria-level=\"1\"><span style=\"font-weight: 400;\">Ameri\u010dt\u00ed staford\u0161\u00edr\u0161t\u00ed bulteri\u00e9\u0159i<\/span><\/li>\n<li style=\"font-weight: 400;\" aria-level=\"1\"><span style=\"font-weight: 400;\">K\u0159\u00ed\u017eenci v\u00fd\u0161e uveden\u00fdch plemen<\/span><\/li>\n<\/ul>\n<p><span style=\"font-weight: 400;\">V dob\u011b psan\u00ed tohoto \u010dl\u00e1nku N\u011bmecko <\/span><a href=\"https:\/\/www.expatica.com\/de\/living\/family\/moving-to-germany-with-pets-100907\/\" target=\"_blank\" rel=\"noopener\"><span style=\"font-weight: 400;\">neumo\u017e\u0148uje<\/span><\/a><span style=\"font-weight: 400;\"> dovoz v\u00edce ne\u017e p\u011bti ps\u016f, ko\u010dek nebo fretek v z\u00e1jmov\u00e9m chovu pro nekomer\u010dn\u00ed \u00fa\u010dely.<\/span><span style=\"font-weight: 400;\"><br \/>\n<\/span><\/p>\n<h2><span class=\"ez-toc-section\" id=\"10_Similar_Cities\"><\/span><b>10. Podobn\u00e1 m\u011bsta<\/b><span class=\"ez-toc-section-end\"><\/span><\/h2>\n<p><b><img loading=\"lazy\" decoding=\"async\" class=\"alignnone size-full wp-image-16092\" src=\"https:\/\/moverdb.com\/wp-content\/uploads\/moving-to-germany-from-qatar-3.jpg\" alt=\"\" width=\"1000\" height=\"667\" srcset=\"https:\/\/moverdb.com\/wp-content\/uploads\/moving-to-germany-from-qatar-3.jpg 1000w, https:\/\/moverdb.com\/wp-content\/uploads\/moving-to-germany-from-qatar-3-300x200.jpg 300w, https:\/\/moverdb.com\/wp-content\/uploads\/moving-to-germany-from-qatar-3-18x12.jpg 18w\" sizes=\"auto, (max-width: 1000px) 100vw, 1000px\" \/><\/b><span style=\"font-weight: 400;\">A\u010dkoli mezi N\u011bmeckem a Katarem existuj\u00ed v\u00fdrazn\u00e9 rozd\u00edly, mezi katarsk\u00fdm hlavn\u00edm m\u011bstem Dauh\u00e1 a n\u011bmeck\u00fdm Frankfurtem lze naj\u00edt ur\u010dit\u00e9 podobnosti.<\/span><\/p>\n<p><span style=\"font-weight: 400;\">Ob\u011b m\u011bsta jsou v\u00fdznamn\u00fdmi ekonomick\u00fdmi centry s podobnou modern\u00ed architekturou a mrakodrapy. Ob\u011b m\u011bsta maj\u00ed podobnou infrastrukturu - ob\u011b jsou dob\u0159e rozvinut\u00e1, p\u0159i\u010dem\u017e mezin\u00e1rodn\u00ed leti\u0161t\u011b Hamad v Dauh\u00e1 funguje jako p\u0159edn\u00ed mezin\u00e1rodn\u00ed uzel oproti jednomu z nejru\u0161n\u011bj\u0161\u00edch leti\u0161\u0165 na sv\u011bt\u011b, leti\u0161ti ve Frankfurtu.<\/span><\/p>\n<p><span style=\"font-weight: 400;\">V obou m\u011bstech jsou kulturn\u00ed rozd\u00edly, ale ob\u011b m\u011bsta jsou rozmanit\u00e1, \u017eij\u00ed v nich m\u00edstn\u00ed obyvatel\u00e9, turist\u00e9 i cizinci.<\/span><b><\/b><\/p>\n<h2><span class=\"ez-toc-section\" id=\"11_Pros_and_Cons_of_Moving_to_Germany_from_Qatar\"><\/span><b>11. V\u00fdhody a nev\u00fdhody st\u011bhov\u00e1n\u00ed z Kataru do N\u011bmecka<\/b><span class=\"ez-toc-section-end\"><\/span><\/h2>\n<p><span style=\"font-weight: 400;\">Mo\u017en\u00e1 se st\u011bhujete kv\u016fli nov\u00e9 pracovn\u00ed p\u0159\u00edle\u017eitosti nebo jen chcete vyzkou\u0161et \u00fapln\u011b jinou zemi a klima - a\u0165 u\u017e je v\u00e1\u0161 d\u016fvod k p\u0159est\u011bhov\u00e1n\u00ed z Kataru do N\u011bmecka jak\u00fdkoli, pod\u00edvejme se na n\u011bkter\u00e9 hlavn\u00ed v\u00fdhody a nev\u00fdhody spojen\u00e9 se st\u011bhov\u00e1n\u00edm.<\/span><\/p>\n\n<table id=\"tablepress-481\" class=\"tablepress tablepress-id-481\">\n<thead>\n<tr class=\"row-1\">\n\t<th class=\"column-1\">V\u00ddHODY ST\u011aHOV\u00c1N\u00cd Z KATARU DO N\u011aMECKA<\/th><th class=\"column-2\">NEV\u00ddHODY ST\u011aHOV\u00c1N\u00cd Z KATARU DO N\u011aMECKA<\/th>\n<\/tr>\n<\/thead>\n<tbody class=\"row-striping row-hover\">\n<tr class=\"row-2\">\n\t<td class=\"column-1\">Vysok\u00e1 kvalita \u017eivota: N\u011bmecko se d\u00edky sv\u00e9 ekonomice, syst\u00e9mu zdravotn\u00ed p\u00e9\u010de a infrastruktu\u0159e \u0159ad\u00ed na vysok\u00e9 p\u0159\u00ed\u010dky v kategori\u00edch \"kvalita \u017eivota\".<\/td><td class=\"column-2\">\u017divotn\u00ed n\u00e1klady: \u017divotn\u00ed n\u00e1klady jsou v N\u011bmecku v\u00fdrazn\u011b vy\u0161\u0161\u00ed, zejm\u00e9na v hlavn\u00edm m\u011bst\u011b.<\/td>\n<\/tr>\n<tr class=\"row-3\">\n\t<td class=\"column-1\">Kvalitn\u00ed vzd\u011bl\u00e1v\u00e1n\u00ed: N\u011bmecko m\u00e1 prvot\u0159\u00eddn\u00ed vzd\u011bl\u00e1vac\u00ed syst\u00e9m s bezplatn\u00fdmi nebo levn\u00fdmi univerzitn\u00edmi kurzy pro m\u00edstn\u00ed i zahrani\u010dn\u00ed studenty.<\/td><td class=\"column-2\">Zm\u011bny po\u010das\u00ed: Podneb\u00ed v N\u011bmecku je m\u00edrn\u00e9, co\u017e je v\u00fdrazn\u00fd rozd\u00edl oproti hork\u00e9mu pou\u0161tn\u00edmu klimatu v Kataru.<\/td>\n<\/tr>\n<tr class=\"row-4\">\n\t<td class=\"column-1\">Bohat\u00e1 kultura: N\u011bmecko m\u00e1 bohat\u00e9 kulturn\u00ed d\u011bdictv\u00ed.<\/td><td class=\"column-2\">Jazykov\u00e1 bari\u00e9ra: N\u011bm\u010dina je \u00fa\u0159edn\u00edm jazykem N\u011bmecka a pro n\u011bkter\u00e9 m\u016f\u017ee p\u0159edstavovat p\u0159ek\u00e1\u017eku. <\/td>\n<\/tr>\n<\/tbody>\n<\/table>\n<!-- #tablepress-481 from cache -->\n<p><span style=\"font-weight: 400;\">A\u0165 u\u017e se rozhodnete jakkoli, mus\u00edte zn\u00e1t pr\u00e1vn\u00ed faktory ovliv\u0148uj\u00edc\u00ed va\u0161e st\u011bhov\u00e1n\u00ed. Ve\u0161ker\u00e9 informace, kter\u00e9 pot\u0159ebujete, z\u00edsk\u00e1te u advok\u00e1ta. <\/span><a href=\"https:\/\/doha.diplo.de\/qa-en\" target=\"_blank\" rel=\"noopener\"><span style=\"font-weight: 400;\">N\u011bmeck\u00e9 velvyslanectv\u00ed v Kataru<\/span><\/a><span style=\"font-weight: 400;\">.<\/span><\/p>\n<h2><span class=\"ez-toc-section\" id=\"Other_Useful_Guides_to_Germany\"><\/span>Dal\u0161\u00ed u\u017eite\u010dn\u00ed pr\u016fvodci po N\u011bmecku<span class=\"ez-toc-section-end\"><\/span><\/h2>\n<ul>\n<li> <a href=\"https:\/\/moverdb.com\/cs\/kontejnerova-preprava\/nemecko\/\">2026 Sazby n\u00e1mo\u0159n\u00ed kontejnerov\u00e9 dopravy do a z N\u011bmecka<\/a><\/li>\n<li> <a href=\"https:\/\/moverdb.com\/cs\/stehovani-spolecnosti\/stehovani-firem-nemecko\/\">52 Nejlep\u0161\u00ed mezin\u00e1rodn\u00ed st\u011bhovac\u00ed spole\u010dnosti v N\u011bmecku<\/a><\/li>\n<li> <a href=\"https:\/\/moverdb.com\/cs\/best-international-money-transfer-services\/money-transfer-companies-germany\/\">10 nejlep\u0161\u00edch spole\u010dnost\u00ed pro p\u0159evod pen\u011bz v N\u011bmecku<\/a><\/li>\n<li> <a href=\"https:\/\/moverdb.com\/cs\/moving-to-germany\/\">St\u011bhov\u00e1n\u00ed do N\u011bmecka? 2026 N\u00e1klady na bydlen\u00ed a tipy na st\u011bhov\u00e1n\u00ed<\/a><\/li>\n<li> <a href=\"https:\/\/moverdb.com\/cs\/moving-to-germany\/moving-to-germany-from-the-us\/\">St\u011bhov\u00e1n\u00ed ze Spojen\u00fdch st\u00e1t\u016f do N\u011bmecka<\/a><\/li>\n<li> <a href=\"https:\/\/moverdb.com\/cs\/moving-to-germany\/moving-to-germany-from-bahrain\/\">St\u011bhov\u00e1n\u00ed do N\u011bmecka z Bahrajnu<\/a><\/li>\n<li> <a href=\"https:\/\/moverdb.com\/cs\/moving-to-germany\/living-in-germany\/\">21 tajemstv\u00ed o \u017eivot\u011b v N\u011bmecku, kter\u00e1 je t\u0159eba zn\u00e1t p\u0159ed p\u0159est\u011bhov\u00e1n\u00edm<\/a><\/li>\n<li> <a href=\"https:\/\/moverdb.com\/cs\/moving-to-germany\/moving-to-germany-from-the-uae\/\">St\u011bhov\u00e1n\u00ed do N\u011bmecka z Dubaje a SAE<\/a><\/li>\n<li> <a href=\"https:\/\/moverdb.com\/cs\/moving-to-germany\/best-places-to-live-germany\/\">13 nejlep\u0161\u00edch m\u00edst k \u017eivotu v N\u011bmecku<\/a><\/li>\n<\/ul>","protected":false},"excerpt":{"rendered":"<p>If you are considering moving from Qatar to Germany, this guide will tell you everything you need to know\u2014from visa requirements to cost of living differences, healthcare top tips to rules about moving country with your pets\u2014helping you feel empowered when the time comes to make the big move. Quick Germany Facts: Population: 83.264 million [&hellip;]<\/p>\n","protected":false},"author":5,"featured_media":0,"parent":4777,"menu_order":0,"comment_status":"closed","ping_status":"closed","template":"","meta":{"_genesis_hide_title":false,"_genesis_hide_breadcrumbs":false,"_genesis_hide_singular_image":false,"_genesis_hide_footer_widgets":false,"_genesis_custom_body_class":"","_genesis_custom_post_class":"","_genesis_layout":"","footnotes":""},"class_list":{"0":"post-16459","1":"page","2":"type-page","3":"status-publish","5":"entry","6":"has-post-thumbnail"},"_links":{"self":[{"href":"https:\/\/moverdb.com\/cs\/wp-json\/wp\/v2\/pages\/16459","targetHints":{"allow":["GET"]}}],"collection":[{"href":"https:\/\/moverdb.com\/cs\/wp-json\/wp\/v2\/pages"}],"about":[{"href":"https:\/\/moverdb.com\/cs\/wp-json\/wp\/v2\/types\/page"}],"author":[{"embeddable":true,"href":"https:\/\/moverdb.com\/cs\/wp-json\/wp\/v2\/users\/5"}],"replies":[{"embeddable":true,"href":"https:\/\/moverdb.com\/cs\/wp-json\/wp\/v2\/comments?post=16459"}],"version-history":[{"count":4,"href":"https:\/\/moverdb.com\/cs\/wp-json\/wp\/v2\/pages\/16459\/revisions"}],"predecessor-version":[{"id":17359,"href":"https:\/\/moverdb.com\/cs\/wp-json\/wp\/v2\/pages\/16459\/revisions\/17359"}],"up":[{"embeddable":true,"href":"https:\/\/moverdb.com\/cs\/wp-json\/wp\/v2\/pages\/4777"}],"wp:attachment":[{"href":"https:\/\/moverdb.com\/cs\/wp-json\/wp\/v2\/media?parent=16459"}],"curies":[{"name":"wp","href":"https:\/\/api.w.org\/{rel}","templated":true}]}}